{"id":156,"date":"2024-06-23T23:19:20","date_gmt":"2024-06-23T23:19:20","guid":{"rendered":"https:\/\/ilomas.org.ar\/codililz\/?page_id=156"},"modified":"2024-07-31T18:43:47","modified_gmt":"2024-07-31T15:43:47","slug":"documentos-y-magisterio-de-la-iglesia-sobre-la-liturgia-musica-y-arte-sacro","status":"publish","type":"page","link":"https:\/\/ilomas.org.ar\/codililz\/documentos-y-magisterio-de-la-iglesia-sobre-la-liturgia-musica-y-arte-sacro\/","title":{"rendered":"Documentos y Magisterio de la Iglesia sobre la Liturgia, Musica y arte sacro"},"content":{"rendered":"\t\t<div data-elementor-type=\"wp-page\" data-elementor-id=\"156\" class=\"elementor elementor-156\">\n\t\t\t\t<div class=\"elementor-element elementor-element-42969f5 e-flex e-con-boxed e-con e-parent\" data-id=\"42969f5\" data-element_type=\"container\" data-e-type=\"container\" data-settings=\"{&quot;background_background&quot;:&quot;classic&quot;}\">\n\t\t\t\t\t<div class=\"e-con-inner\">\n\t\t<div class=\"elementor-element elementor-element-6991da6 e-con-full e-flex e-con e-child\" data-id=\"6991da6\" data-element_type=\"container\" data-e-type=\"container\">\n\t\t\t\t<div class=\"elementor-element elementor-element-2b1cdcc elementor-widget__width-initial elementor-invisible elementor-widget elementor-widget-heading\" data-id=\"2b1cdcc\" data-element_type=\"widget\" data-e-type=\"widget\" data-settings=\"{&quot;_animation&quot;:&quot;fadeIn&quot;,&quot;_animation_delay&quot;:&quot;200&quot;}\" data-widget_type=\"heading.default\">\n\t\t\t\t<div class=\"elementor-widget-container\">\n\t\t\t\t\t<h1 class=\"elementor-heading-title elementor-size-default\">Documentos y Magisterio de la Iglesia sobre la Liturgia, Musica y arte sacro<\/h1>\t\t\t\t<\/div>\n\t\t\t\t<\/div>\n\t\t\t\t<\/div>\n\t\t<div class=\"elementor-element elementor-element-f95100c e-con-full e-flex e-con e-child\" data-id=\"f95100c\" data-element_type=\"container\" data-e-type=\"container\">\n\t\t\t\t<div class=\"elementor-element elementor-element-6fc1a07 elementor-widget elementor-widget-heading\" data-id=\"6fc1a07\" data-element_type=\"widget\" data-e-type=\"widget\" data-widget_type=\"heading.default\">\n\t\t\t\t<div class=\"elementor-widget-container\">\n\t\t\t\t\t<h2 class=\"elementor-heading-title elementor-size-default\">Mosaico Domo de la Catedral de Messina Sicilia<\/h2>\t\t\t\t<\/div>\n\t\t\t\t<\/div>\n\t\t\t\t<\/div>\n\t\t\t\t\t<\/div>\n\t\t\t\t<\/div>\n\t\t<div class=\"elementor-element elementor-element-f9132e1 e-flex e-con-boxed e-con e-parent\" data-id=\"f9132e1\" data-element_type=\"container\" data-e-type=\"container\" data-settings=\"{&quot;background_background&quot;:&quot;classic&quot;}\">\n\t\t\t\t\t<div class=\"e-con-inner\">\n\t\t<div class=\"elementor-element elementor-element-22f4040 e-con-full e-flex e-con e-child\" data-id=\"22f4040\" data-element_type=\"container\" data-e-type=\"container\">\n\t\t<div class=\"elementor-element elementor-element-93ee0c9 e-con-full e-flex elementor-invisible e-con e-child\" data-id=\"93ee0c9\" data-element_type=\"container\" data-e-type=\"container\" data-settings=\"{&quot;animation&quot;:&quot;fadeInUp&quot;,&quot;animation_delay&quot;:&quot;200&quot;}\">\n\t\t\t\t<div class=\"elementor-element elementor-element-9ef6e45 elementor-widget elementor-widget-heading\" data-id=\"9ef6e45\" data-element_type=\"widget\" data-e-type=\"widget\" data-widget_type=\"heading.default\">\n\t\t\t\t<div class=\"elementor-widget-container\">\n\t\t\t\t\t<h4 class=\"elementor-heading-title elementor-size-default\">Documentos y Magisterio de la Iglesia sobre la Liturgia, Musica y arte sacro<\/h4>\t\t\t\t<\/div>\n\t\t\t\t<\/div>\n\t\t\t\t<div class=\"elementor-element elementor-element-7072d4f elementor-widget elementor-widget-heading\" data-id=\"7072d4f\" data-element_type=\"widget\" data-e-type=\"widget\" data-widget_type=\"heading.default\">\n\t\t\t\t<div class=\"elementor-widget-container\">\n\t\t\t\t\t<p class=\"elementor-heading-title elementor-size-default\">En esta secci\u00f3n, encontrar\u00e1 una colecci\u00f3n exhaustiva de documentos y ense\u00f1anzas del Magisterio de la Iglesia relacionados con la liturgia, la m\u00fasica y el arte sacro. Estos recursos han sido cuidadosamente seleccionados para proporcionar una comprensi\u00f3n profunda y enriquecedora del patrimonio lit\u00fargico y art\u00edstico de la Iglesia Cat\u00f3lica. Desde enc\u00edclicas y cartas apost\u00f3licas hasta directrices lit\u00fargicas y estudios teol\u00f3gicos, estos textos ofrecen una gu\u00eda valiosa para fieles, te\u00f3logos, m\u00fasicos y artistas interesados en la riqueza espiritual y cultural que la Iglesia promueve a trav\u00e9s de sus celebraciones y expresiones art\u00edsticas. Descargue y explore estos documentos para fortalecer su conocimiento y apreciaci\u00f3n de la tradici\u00f3n sagrada de nuestra fe.<\/p>\t\t\t\t<\/div>\n\t\t\t\t<\/div>\n\t\t\t\t<div class=\"elementor-element elementor-element-cfe3a2a elementor-widget elementor-widget-shortcode\" data-id=\"cfe3a2a\" data-element_type=\"widget\" data-e-type=\"widget\" id=\"documentosMagisterio\" data-widget_type=\"shortcode.default\">\n\t\t\t\t<div class=\"elementor-widget-container\">\n\t\t\t\t\t\t\t<div class=\"elementor-shortcode\"><div class=\"shared-files-embed-69f5923de136d shared-files-main-container\" data-elem-class=\"shared-files-embed-69f5923de136d\" data-search-type=\"0\" data-post-id=\"156\"><div id=\"shared-files-default\" class=\"shared-files-container shared-files-type-basic shared-files-2-cards-on-the-same-row\"><div class=\"shared-files-search\"><div class=\"shared-files-search-form-container\"><form class=\"shared-files-ajax-form\" onsubmit=\"return false;\" data-elem-class=\"shared-files-embed-69f5923de136d\"><div class=\"shared-files-search-input-container\"><input type=\"text\" class=\"shared-files-search-files-input shared-files-search-files\" placeholder=\"Buscar Archivos...\" value=\"\" title=\"Search files\" aria-label=\"Search files\" data-elem-class=\"shared-files-embed-69f5923de136d\" \/><\/div><div class=\"shared-files-tag-select-container\"><select  name='sf_tag' id='sf_tag' class='shared-files-tag-select select_v2'>\n\t<option value='' selected='selected'>Elige etiqueta<\/option>\n\t<option class=\"level-0\" value=\"comision-de-liturgia\">Comisi\u00f3n de Liturgia<\/option>\n\t<option class=\"level-0\" value=\"comision-de-musica\">Comisi\u00f3n de M\u00fasica<\/option>\n\t<option class=\"level-0\" value=\"comision-de-arte-sacro\">Comisi\u00f3n de Arte Sacro<\/option>\n\t<option class=\"level-0\" value=\"subsidio\">Subsidio<\/option>\n<\/select>\n<\/div><\/form><\/div><div class=\"shared-files-files-found\"><\/div><span class=\"shared-files-one-file-found\">archivo encontrado.<\/span><span class=\"shared-files-more-than-one-file-found\">archivos encontrados.<\/span><ul class=\"shared-files-main-file-list shared-files-ajax-list\"><li class=\"shared-files-card-370\"><div class=\"shared-files-main-elements\"><div class=\"shared-files-main-elements-left\" style=\"background-image: url(https:\/\/ilomas.org.ar\/codililz\/wp-content\/uploads\/2024\/07\/file-word_9254692.svg);\"><\/div><div class=\"shared-files-main-elements-right\"><a class=\"shared-files-file-title\"  data-file-type=\"\"  data-file-url=\"\/codililz\/shared-files\/370\/?Carta-Apostolica-DIES-DOMINE.doc\"  data-external-url=\"\"  data-image-url=\"https:\/\/ilomas.org.ar\/codililz\/wp-content\/uploads\/2024\/06\/juan-pablo-ii.png\" href=\"\/codililz\/shared-files\/370\/?Carta-Apostolica-DIES-DOMINE.doc\" target=\"_blank\">Carta Apostolica DIES DOMINE<\/a><span class=\"shared-file-size\">200.00 KB<\/span><a href=\"https:\/\/view.officeapps.live.com\/op\/view.aspx?src=https%3A%2F%2Filomas.org.ar%2Fcodililz%2Fshared-files%2F370%2F%3FCarta-Apostolica-DIES-DOMINE.doc\" target=\"_blank\" class=\"shared-files-preview-button\">Vista Previa<\/a><span class=\"shared-file-date\">June 28, 2024<\/span><div class=\"shared-files-download-counter\"><span>Descargas 398<\/span><\/div><div class=\"shared-file-description-container\">La Carta Apost\u00f3lica \"Dies Domini\" es un documento escrito por el Papa Juan Pablo II y publicado el 31 de mayo de 1998. En este documento, el Papa aborda la importancia del domingo como el \"d\u00eda del Se\u00f1or\" para los cristianos.<\/div><div class=\"shared-files-download-button-container\"><a href=\"\/codililz\/shared-files\/370\/?Carta-Apostolica-DIES-DOMINE.doc&download=1\" class=\"shared-files-download-button\"  >Descargar<\/a><\/div><div class=\"shared-files-edit-actions\"><\/div><\/div><div class=\"shared-files-main-elements-featured-image\"><img decoding=\"async\" width=\"150\" height=\"150\" src=\"https:\/\/ilomas.org.ar\/codililz\/wp-content\/uploads\/2024\/06\/juan-pablo-ii-150x150.png\" class=\"attachment-thumbnail size-thumbnail wp-post-image\" alt=\"\" srcset=\"https:\/\/ilomas.org.ar\/codililz\/wp-content\/uploads\/2024\/06\/juan-pablo-ii-150x150.png 150w, https:\/\/ilomas.org.ar\/codililz\/wp-content\/uploads\/2024\/06\/juan-pablo-ii-300x300.png 300w, https:\/\/ilomas.org.ar\/codililz\/wp-content\/uploads\/2024\/06\/juan-pablo-ii-100x100.png 100w, https:\/\/ilomas.org.ar\/codililz\/wp-content\/uploads\/2024\/06\/juan-pablo-ii.png 350w\" sizes=\"(max-width: 150px) 100vw, 150px\" \/><\/div><\/div><\/li><li class=\"shared-files-card-375\"><div class=\"shared-files-main-elements\"><div class=\"shared-files-main-elements-left\" style=\"background-image: url(https:\/\/ilomas.org.ar\/codililz\/wp-content\/uploads\/2024\/07\/file-word_9254692.svg);\"><\/div><div class=\"shared-files-main-elements-right\"><a class=\"shared-files-file-title\"  data-file-type=\"\"  data-file-url=\"\/codililz\/shared-files\/375\/?Carta-Apostolica-Vicesimus-Quintus-Annus.doc\"  data-external-url=\"\"  data-image-url=\"https:\/\/ilomas.org.ar\/codililz\/wp-content\/uploads\/2024\/06\/juan-pablo-ii.png\" href=\"\/codililz\/shared-files\/375\/?Carta-Apostolica-Vicesimus-Quintus-Annus.doc\" target=\"_blank\">Carta Apostolica Vicesimus Quintus Annus<\/a><span class=\"shared-file-size\">75.00 KB<\/span><a href=\"https:\/\/view.officeapps.live.com\/op\/view.aspx?src=https%3A%2F%2Filomas.org.ar%2Fcodililz%2Fshared-files%2F375%2F%3FCarta-Apostolica-Vicesimus-Quintus-Annus.doc\" target=\"_blank\" class=\"shared-files-preview-button\">Vista Previa<\/a><span class=\"shared-file-date\">June 28, 2024<\/span><div class=\"shared-files-download-counter\"><span>Descargas 358<\/span><\/div><div class=\"shared-files-tags-container\"><span>Comisi\u00f3n de Liturgia<\/span><\/div><div class=\"shared-file-description-container\">La Carta Apost\u00f3lica \"Vicesimus Quintus Annus\" es un documento escrito por el Papa Juan Pablo II y publicado el 4 de diciembre de 1988, con motivo del 25\u00ba aniversario de la Constituci\u00f3n Sacrosanctum Concilium sobre la sagrada liturgia del Concilio Vaticano II. En esta carta, el Papa Juan Pablo II reflexiona sobre los logros, desaf\u00edos y el estado actual de la reforma lit\u00fargica iniciada por el Concilio Vaticano II.<\/div><div class=\"shared-files-download-button-container\"><a href=\"\/codililz\/shared-files\/375\/?Carta-Apostolica-Vicesimus-Quintus-Annus.doc&download=1\" class=\"shared-files-download-button\"  >Descargar<\/a><\/div><div class=\"shared-files-edit-actions\"><\/div><\/div><div class=\"shared-files-main-elements-featured-image\"><img decoding=\"async\" width=\"150\" height=\"150\" src=\"https:\/\/ilomas.org.ar\/codililz\/wp-content\/uploads\/2024\/06\/juan-pablo-ii-150x150.png\" class=\"attachment-thumbnail size-thumbnail wp-post-image\" alt=\"\" srcset=\"https:\/\/ilomas.org.ar\/codililz\/wp-content\/uploads\/2024\/06\/juan-pablo-ii-150x150.png 150w, https:\/\/ilomas.org.ar\/codililz\/wp-content\/uploads\/2024\/06\/juan-pablo-ii-300x300.png 300w, https:\/\/ilomas.org.ar\/codililz\/wp-content\/uploads\/2024\/06\/juan-pablo-ii-100x100.png 100w, https:\/\/ilomas.org.ar\/codililz\/wp-content\/uploads\/2024\/06\/juan-pablo-ii.png 350w\" sizes=\"(max-width: 150px) 100vw, 150px\" \/><\/div><\/div><\/li><li class=\"shared-files-card-422\"><div class=\"shared-files-main-elements\"><div class=\"shared-files-main-elements-left\" style=\"background-image: url(https:\/\/ilomas.org.ar\/codililz\/wp-content\/uploads\/2024\/07\/file-word_9254692.svg);\"><\/div><div class=\"shared-files-main-elements-right\"><a class=\"shared-files-file-title\"  data-file-type=\"\"  data-file-url=\"\/codililz\/shared-files\/422\/?Carta-Apostolica-Ministeria-Quaedam.doc\"  data-external-url=\"\"  data-image-url=\"https:\/\/ilomas.org.ar\/codililz\/wp-content\/uploads\/2024\/07\/paolo-VI.png\" href=\"\/codililz\/shared-files\/422\/?Carta-Apostolica-Ministeria-Quaedam.doc\" target=\"_blank\">Carta Apostolica Ministeria Quaedam<\/a><span class=\"shared-file-size\">34.00 KB<\/span><a href=\"https:\/\/view.officeapps.live.com\/op\/view.aspx?src=https%3A%2F%2Filomas.org.ar%2Fcodililz%2Fshared-files%2F422%2F%3FCarta-Apostolica-Ministeria-Quaedam.doc\" target=\"_blank\" class=\"shared-files-preview-button\">Vista Previa<\/a><span class=\"shared-file-date\">June 29, 2024<\/span><div class=\"shared-files-download-counter\"><span>Descargas 472<\/span><\/div><div class=\"shared-file-description-container\">La Carta Apost\u00f3lica \"Ministeria Quaedam\" es un documento emitido por el Papa Pablo VI el 15 de agosto de 1972. Este documento trata sobre la revisi\u00f3n de los ministerios menores en la Iglesia Cat\u00f3lica, una reforma que se hizo en el contexto de los cambios lit\u00fargicos y pastorales impulsados por el Concilio Vaticano II. <\/div><div class=\"shared-files-download-button-container\"><a href=\"\/codililz\/shared-files\/422\/?Carta-Apostolica-Ministeria-Quaedam.doc&download=1\" class=\"shared-files-download-button\"  >Descargar<\/a><\/div><div class=\"shared-files-edit-actions\"><\/div><\/div><div class=\"shared-files-main-elements-featured-image\"><img decoding=\"async\" width=\"150\" height=\"150\" src=\"https:\/\/ilomas.org.ar\/codililz\/wp-content\/uploads\/2024\/07\/paolo-VI-150x150.png\" class=\"attachment-thumbnail size-thumbnail wp-post-image\" alt=\"\" srcset=\"https:\/\/ilomas.org.ar\/codililz\/wp-content\/uploads\/2024\/07\/paolo-VI-150x150.png 150w, https:\/\/ilomas.org.ar\/codililz\/wp-content\/uploads\/2024\/07\/paolo-VI-300x300.png 300w, https:\/\/ilomas.org.ar\/codililz\/wp-content\/uploads\/2024\/07\/paolo-VI-100x100.png 100w, https:\/\/ilomas.org.ar\/codililz\/wp-content\/uploads\/2024\/07\/paolo-VI.png 350w\" sizes=\"(max-width: 150px) 100vw, 150px\" \/><\/div><\/div><\/li><li class=\"shared-files-card-426\"><div class=\"shared-files-main-elements\"><div class=\"shared-files-main-elements-left\" style=\"background-image: url(https:\/\/ilomas.org.ar\/codililz\/wp-content\/uploads\/2024\/07\/file-word_9254692.svg);\"><\/div><div class=\"shared-files-main-elements-right\"><a class=\"shared-files-file-title\"  data-file-type=\"\"  data-file-url=\"\/codililz\/shared-files\/426\/?Carta-Apostolica-VICESIMUS-QUINTUS-ANNUS1.doc\"  data-external-url=\"\"  data-image-url=\"https:\/\/ilomas.org.ar\/codililz\/wp-content\/uploads\/2024\/06\/juan-pablo-ii.png\" href=\"\/codililz\/shared-files\/426\/?Carta-Apostolica-VICESIMUS-QUINTUS-ANNUS1.doc\" target=\"_blank\">Carta Apostolica VICESIMUS QUINTUS ANNUS(1)<\/a><span class=\"shared-file-size\">194.50 KB<\/span><a href=\"https:\/\/view.officeapps.live.com\/op\/view.aspx?src=https%3A%2F%2Filomas.org.ar%2Fcodililz%2Fshared-files%2F426%2F%3FCarta-Apostolica-VICESIMUS-QUINTUS-ANNUS1.doc\" target=\"_blank\" class=\"shared-files-preview-button\">Vista Previa<\/a><span class=\"shared-file-date\">June 29, 2024<\/span><div class=\"shared-files-download-counter\"><span>Descargas 370<\/span><\/div><div class=\"shared-files-tags-container\"><span>Comisi\u00f3n de Liturgia<\/span><\/div><div class=\"shared-file-description-container\">La Carta Apost\u00f3lica \"Vicesimus Quintus Annus\" es un documento emitido por el Papa Juan Pablo II el 4 de diciembre de 1988, con motivo del 25\u00ba aniversario de la promulgaci\u00f3n de la Constituci\u00f3n sobre la Sagrada Liturgia, Sacrosanctum Concilium, del Concilio Vaticano II.<\/div><div class=\"shared-files-download-button-container\"><a href=\"\/codililz\/shared-files\/426\/?Carta-Apostolica-VICESIMUS-QUINTUS-ANNUS1.doc&download=1\" class=\"shared-files-download-button\"  >Descargar<\/a><\/div><div class=\"shared-files-edit-actions\"><\/div><\/div><div class=\"shared-files-main-elements-featured-image\"><img decoding=\"async\" width=\"150\" height=\"150\" src=\"https:\/\/ilomas.org.ar\/codililz\/wp-content\/uploads\/2024\/06\/juan-pablo-ii-150x150.png\" class=\"attachment-thumbnail size-thumbnail wp-post-image\" alt=\"\" srcset=\"https:\/\/ilomas.org.ar\/codililz\/wp-content\/uploads\/2024\/06\/juan-pablo-ii-150x150.png 150w, https:\/\/ilomas.org.ar\/codililz\/wp-content\/uploads\/2024\/06\/juan-pablo-ii-300x300.png 300w, https:\/\/ilomas.org.ar\/codililz\/wp-content\/uploads\/2024\/06\/juan-pablo-ii-100x100.png 100w, https:\/\/ilomas.org.ar\/codililz\/wp-content\/uploads\/2024\/06\/juan-pablo-ii.png 350w\" sizes=\"(max-width: 150px) 100vw, 150px\" \/><\/div><\/div><\/li><li class=\"shared-files-card-427\"><div class=\"shared-files-main-elements\"><div class=\"shared-files-main-elements-left\" style=\"background-image: url(https:\/\/ilomas.org.ar\/codililz\/wp-content\/uploads\/2024\/07\/file-pdf_9254689.svg);\"><\/div><div class=\"shared-files-main-elements-right\"><a class=\"shared-files-file-title\"  data-file-type=\"\"  data-file-url=\"\/codililz\/shared-files\/427\/?DECRETO-215-11L-Nombre-de-San-Jose-en-la-Plegaria-Eucaristica.pdf\"  data-external-url=\"\"  data-image-url=\"https:\/\/ilomas.org.ar\/codililz\/wp-content\/uploads\/2024\/07\/1.-logo-Congregacion-para-el-Culto-Divino-y-la-Disciplina-de-los-Sacramentos.png\" href=\"\/codililz\/shared-files\/427\/?DECRETO-215-11L-Nombre-de-San-Jose-en-la-Plegaria-Eucaristica.pdf\" target=\"_blank\">DECRETO 215 11L Nombre de San Jose en la Plegaria Eucaristica<\/a><span class=\"shared-file-size\">64.85 KB<\/span><a href=\"https:\/\/ilomas.org.ar\/codililz\/shared-files\/427\/?DECRETO-215-11L-Nombre-de-San-Jose-en-la-Plegaria-Eucaristica.pdf\" target=\"_blank\" class=\"shared-files-preview-button\">Vista Previa<\/a><span class=\"shared-file-date\">July 1, 2024<\/span><div class=\"shared-files-download-counter\"><span>Descargas 421<\/span><\/div><div class=\"shared-file-description-container\">El Decreto 215\/11\/L, titulado \"Nombre de San Jos\u00e9 en la Plegaria Eucar\u00edstica\", es un documento emitido por la Congregaci\u00f3n para el Culto Divino y la Disciplina de los Sacramentos el 1 de mayo de 2013. Este decreto, autorizado por el Papa Francisco, dispone la inserci\u00f3n del nombre de San Jos\u00e9 en las Plegarias Eucar\u00edsticas II, III y IV del Misal Romano.<\/div><div class=\"shared-files-download-button-container\"><a href=\"\/codililz\/shared-files\/427\/?DECRETO-215-11L-Nombre-de-San-Jose-en-la-Plegaria-Eucaristica.pdf&download=1\" class=\"shared-files-download-button\"  >Descargar<\/a><\/div><div class=\"shared-files-edit-actions\"><\/div><\/div><div class=\"shared-files-main-elements-featured-image\"><img decoding=\"async\" width=\"150\" height=\"150\" src=\"https:\/\/ilomas.org.ar\/codililz\/wp-content\/uploads\/2024\/07\/1.-logo-Congregacion-para-el-Culto-Divino-y-la-Disciplina-de-los-Sacramentos-150x150.png\" class=\"attachment-thumbnail size-thumbnail wp-post-image\" alt=\"\" srcset=\"https:\/\/ilomas.org.ar\/codililz\/wp-content\/uploads\/2024\/07\/1.-logo-Congregacion-para-el-Culto-Divino-y-la-Disciplina-de-los-Sacramentos-150x150.png 150w, https:\/\/ilomas.org.ar\/codililz\/wp-content\/uploads\/2024\/07\/1.-logo-Congregacion-para-el-Culto-Divino-y-la-Disciplina-de-los-Sacramentos-300x300.png 300w, https:\/\/ilomas.org.ar\/codililz\/wp-content\/uploads\/2024\/07\/1.-logo-Congregacion-para-el-Culto-Divino-y-la-Disciplina-de-los-Sacramentos-100x100.png 100w, https:\/\/ilomas.org.ar\/codililz\/wp-content\/uploads\/2024\/07\/1.-logo-Congregacion-para-el-Culto-Divino-y-la-Disciplina-de-los-Sacramentos.png 350w\" sizes=\"(max-width: 150px) 100vw, 150px\" \/><\/div><\/div><\/li><li class=\"shared-files-card-430\"><div class=\"shared-files-main-elements\"><div class=\"shared-files-main-elements-left\" style=\"background-image: url(https:\/\/ilomas.org.ar\/codililz\/wp-content\/uploads\/2024\/07\/file-pdf_9254689.svg);\"><\/div><div class=\"shared-files-main-elements-right\"><a class=\"shared-files-file-title\"  data-file-type=\"\"  data-file-url=\"\/codililz\/shared-files\/430\/?Formula-liturgica-Plegaria-Eucaristica-San-Jose-varias-lenguas.pdf\"  data-external-url=\"\"  data-image-url=\"https:\/\/ilomas.org.ar\/codililz\/wp-content\/uploads\/2024\/07\/1.-logo-Congregacion-para-el-Culto-Divino-y-la-Disciplina-de-los-Sacramentos.png\" href=\"\/codililz\/shared-files\/430\/?Formula-liturgica-Plegaria-Eucaristica-San-Jose-varias-lenguas.pdf\" target=\"_blank\">Formula liturgica Plegaria Eucaristica San Jose varias lenguas<\/a><span class=\"shared-file-size\">115.64 KB<\/span><a href=\"https:\/\/ilomas.org.ar\/codililz\/shared-files\/430\/?Formula-liturgica-Plegaria-Eucaristica-San-Jose-varias-lenguas.pdf\" target=\"_blank\" class=\"shared-files-preview-button\">Vista Previa<\/a><span class=\"shared-file-date\">July 1, 2024<\/span><div class=\"shared-files-download-counter\"><span>Descargas 351<\/span><\/div><div class=\"shared-files-tags-container\"><span>Comisi\u00f3n de Arte Sacro<\/span><span>Comisi\u00f3n de Liturgia<\/span><\/div><div class=\"shared-file-description-container\">La f\u00f3rmula lit\u00fargica que incorpora el nombre de San Jos\u00e9 en la Plegaria Eucar\u00edstica se ha establecido para ser utilizada en diversas lenguas, siguiendo el Decreto 215\/11\/L emitido por la Congregaci\u00f3n para el Culto Divino y la Disciplina de los Sacramentos el 1 de mayo de 2013.<\/div><div class=\"shared-files-download-button-container\"><a href=\"\/codililz\/shared-files\/430\/?Formula-liturgica-Plegaria-Eucaristica-San-Jose-varias-lenguas.pdf&download=1\" class=\"shared-files-download-button\"  >Descargar<\/a><\/div><div class=\"shared-files-edit-actions\"><\/div><\/div><div class=\"shared-files-main-elements-featured-image\"><img decoding=\"async\" width=\"150\" height=\"150\" src=\"https:\/\/ilomas.org.ar\/codililz\/wp-content\/uploads\/2024\/07\/1.-logo-Congregacion-para-el-Culto-Divino-y-la-Disciplina-de-los-Sacramentos-150x150.png\" class=\"attachment-thumbnail size-thumbnail wp-post-image\" alt=\"\" srcset=\"https:\/\/ilomas.org.ar\/codililz\/wp-content\/uploads\/2024\/07\/1.-logo-Congregacion-para-el-Culto-Divino-y-la-Disciplina-de-los-Sacramentos-150x150.png 150w, https:\/\/ilomas.org.ar\/codililz\/wp-content\/uploads\/2024\/07\/1.-logo-Congregacion-para-el-Culto-Divino-y-la-Disciplina-de-los-Sacramentos-300x300.png 300w, https:\/\/ilomas.org.ar\/codililz\/wp-content\/uploads\/2024\/07\/1.-logo-Congregacion-para-el-Culto-Divino-y-la-Disciplina-de-los-Sacramentos-100x100.png 100w, https:\/\/ilomas.org.ar\/codililz\/wp-content\/uploads\/2024\/07\/1.-logo-Congregacion-para-el-Culto-Divino-y-la-Disciplina-de-los-Sacramentos.png 350w\" sizes=\"(max-width: 150px) 100vw, 150px\" \/><\/div><\/div><\/li><li class=\"shared-files-card-431\"><div class=\"shared-files-main-elements\"><div class=\"shared-files-main-elements-left\" style=\"background-image: url(https:\/\/ilomas.org.ar\/codililz\/wp-content\/uploads\/2024\/07\/file-word_9254692.svg);\"><\/div><div class=\"shared-files-main-elements-right\"><a class=\"shared-files-file-title\"  data-file-type=\"\"  data-file-url=\"\/codililz\/shared-files\/431\/?Instruccion-Calendaria-Particularia.doc\"  data-external-url=\"\"  data-image-url=\"https:\/\/ilomas.org.ar\/codililz\/wp-content\/uploads\/2024\/07\/1.-logo-Congregacion-para-el-Culto-Divino-y-la-Disciplina-de-los-Sacramentos.png\" href=\"\/codililz\/shared-files\/431\/?Instruccion-Calendaria-Particularia.doc\" target=\"_blank\">Instruccion Calendaria Particularia<\/a><span class=\"shared-file-size\">81.50 KB<\/span><a href=\"https:\/\/view.officeapps.live.com\/op\/view.aspx?src=https%3A%2F%2Filomas.org.ar%2Fcodililz%2Fshared-files%2F431%2F%3FInstruccion-Calendaria-Particularia.doc\" target=\"_blank\" class=\"shared-files-preview-button\">Vista Previa<\/a><span class=\"shared-file-date\">July 1, 2024<\/span><div class=\"shared-files-download-counter\"><span>Descargas 459<\/span><\/div><div class=\"shared-files-tags-container\"><span>Comisi\u00f3n de Liturgia<\/span><\/div><div class=\"shared-file-description-container\">La \"Instrucci\u00f3n Calendaria Particularia\" es un documento emitido por la Congregaci\u00f3n para el Culto Divino y la Disciplina de los Sacramentos que proporciona directrices sobre la elaboraci\u00f3n y la implementaci\u00f3n de los calendarios lit\u00fargicos particulares en la Iglesia Cat\u00f3lica. Este documento se enfoca en c\u00f3mo deben estructurarse los calendarios lit\u00fargicos locales para armonizarlos con el calendario lit\u00fargico universal de la Iglesia. <\/div><div class=\"shared-files-download-button-container\"><a href=\"\/codililz\/shared-files\/431\/?Instruccion-Calendaria-Particularia.doc&download=1\" class=\"shared-files-download-button\"  >Descargar<\/a><\/div><div class=\"shared-files-edit-actions\"><\/div><\/div><div class=\"shared-files-main-elements-featured-image\"><img decoding=\"async\" width=\"150\" height=\"150\" src=\"https:\/\/ilomas.org.ar\/codililz\/wp-content\/uploads\/2024\/07\/1.-logo-Congregacion-para-el-Culto-Divino-y-la-Disciplina-de-los-Sacramentos-150x150.png\" class=\"attachment-thumbnail size-thumbnail wp-post-image\" alt=\"\" srcset=\"https:\/\/ilomas.org.ar\/codililz\/wp-content\/uploads\/2024\/07\/1.-logo-Congregacion-para-el-Culto-Divino-y-la-Disciplina-de-los-Sacramentos-150x150.png 150w, https:\/\/ilomas.org.ar\/codililz\/wp-content\/uploads\/2024\/07\/1.-logo-Congregacion-para-el-Culto-Divino-y-la-Disciplina-de-los-Sacramentos-300x300.png 300w, https:\/\/ilomas.org.ar\/codililz\/wp-content\/uploads\/2024\/07\/1.-logo-Congregacion-para-el-Culto-Divino-y-la-Disciplina-de-los-Sacramentos-100x100.png 100w, https:\/\/ilomas.org.ar\/codililz\/wp-content\/uploads\/2024\/07\/1.-logo-Congregacion-para-el-Culto-Divino-y-la-Disciplina-de-los-Sacramentos.png 350w\" sizes=\"(max-width: 150px) 100vw, 150px\" \/><\/div><\/div><\/li><li class=\"shared-files-card-432\"><div class=\"shared-files-main-elements\"><div class=\"shared-files-main-elements-left\" style=\"background-image: url(https:\/\/ilomas.org.ar\/codililz\/wp-content\/uploads\/2024\/07\/file-word_9254692.svg);\"><\/div><div class=\"shared-files-main-elements-right\"><a class=\"shared-files-file-title\"  data-file-type=\"\"  data-file-url=\"\/codililz\/shared-files\/432\/?Instruccion-General-Misal-Romano.doc\"  data-external-url=\"\"  data-image-url=\"https:\/\/ilomas.org.ar\/codililz\/wp-content\/uploads\/2024\/07\/1.-logo-Congregacion-para-el-Culto-Divino-y-la-Disciplina-de-los-Sacramentos.png\" href=\"\/codililz\/shared-files\/432\/?Instruccion-General-Misal-Romano.doc\" target=\"_blank\">Instruccion General Misal Romano<\/a><span class=\"shared-file-size\">359.00 KB<\/span><a href=\"https:\/\/view.officeapps.live.com\/op\/view.aspx?src=https%3A%2F%2Filomas.org.ar%2Fcodililz%2Fshared-files%2F432%2F%3FInstruccion-General-Misal-Romano.doc\" target=\"_blank\" class=\"shared-files-preview-button\">Vista Previa<\/a><span class=\"shared-file-date\">July 1, 2024<\/span><div class=\"shared-files-download-counter\"><span>Descargas 491<\/span><\/div><div class=\"shared-files-tags-container\"><span>Comisi\u00f3n de Arte Sacro<\/span><span>Comisi\u00f3n de Liturgia<\/span><\/div><div class=\"shared-file-description-container\">La \"Instrucci\u00f3n General del Misal Romano\" (IGMR) es un documento que acompa\u00f1a al Misal Romano y proporciona directrices detalladas para la celebraci\u00f3n de la Misa en la Iglesia Cat\u00f3lica. Este documento es fundamental para la correcta implementaci\u00f3n de la liturgia de la Misa seg\u00fan las normas y las disposiciones establecidas por la Iglesia.<\/div><div class=\"shared-files-download-button-container\"><a href=\"\/codililz\/shared-files\/432\/?Instruccion-General-Misal-Romano.doc&download=1\" class=\"shared-files-download-button\"  >Descargar<\/a><\/div><div class=\"shared-files-edit-actions\"><\/div><\/div><div class=\"shared-files-main-elements-featured-image\"><img decoding=\"async\" width=\"150\" height=\"150\" src=\"https:\/\/ilomas.org.ar\/codililz\/wp-content\/uploads\/2024\/07\/1.-logo-Congregacion-para-el-Culto-Divino-y-la-Disciplina-de-los-Sacramentos-150x150.png\" class=\"attachment-thumbnail size-thumbnail wp-post-image\" alt=\"\" srcset=\"https:\/\/ilomas.org.ar\/codililz\/wp-content\/uploads\/2024\/07\/1.-logo-Congregacion-para-el-Culto-Divino-y-la-Disciplina-de-los-Sacramentos-150x150.png 150w, https:\/\/ilomas.org.ar\/codililz\/wp-content\/uploads\/2024\/07\/1.-logo-Congregacion-para-el-Culto-Divino-y-la-Disciplina-de-los-Sacramentos-300x300.png 300w, https:\/\/ilomas.org.ar\/codililz\/wp-content\/uploads\/2024\/07\/1.-logo-Congregacion-para-el-Culto-Divino-y-la-Disciplina-de-los-Sacramentos-100x100.png 100w, https:\/\/ilomas.org.ar\/codililz\/wp-content\/uploads\/2024\/07\/1.-logo-Congregacion-para-el-Culto-Divino-y-la-Disciplina-de-los-Sacramentos.png 350w\" sizes=\"(max-width: 150px) 100vw, 150px\" \/><\/div><\/div><\/li><li class=\"shared-files-card-433\"><div class=\"shared-files-main-elements\"><div class=\"shared-files-main-elements-left\" style=\"background-image: url(https:\/\/ilomas.org.ar\/codililz\/wp-content\/uploads\/2024\/07\/file-word_9254692.svg);\"><\/div><div class=\"shared-files-main-elements-right\"><a class=\"shared-files-file-title\"  data-file-type=\"\"  data-file-url=\"\/codililz\/shared-files\/433\/?Instruccion-sobre-algunas-cuestiones-sobre-la-colaboracion-de-los-laicos.doc\"  data-external-url=\"\"  data-image-url=\"https:\/\/ilomas.org.ar\/codililz\/wp-content\/uploads\/2024\/07\/1.-santa-sede.png\" href=\"\/codililz\/shared-files\/433\/?Instruccion-sobre-algunas-cuestiones-sobre-la-colaboracion-de-los-laicos.doc\" target=\"_blank\">Instrucci\u00f3n sobre algunas cuestiones sobre la colaboraci\u00f3n de los laicos<\/a><span class=\"shared-file-size\">120.00 KB<\/span><a href=\"https:\/\/view.officeapps.live.com\/op\/view.aspx?src=https%3A%2F%2Filomas.org.ar%2Fcodililz%2Fshared-files%2F433%2F%3FInstruccion-sobre-algunas-cuestiones-sobre-la-colaboracion-de-los-laicos.doc\" target=\"_blank\" class=\"shared-files-preview-button\">Vista Previa<\/a><span class=\"shared-file-date\">July 1, 2024<\/span><div class=\"shared-files-download-counter\"><span>Descargas 456<\/span><\/div><div class=\"shared-file-description-container\">La \"Instrucci\u00f3n sobre algunas cuestiones sobre la colaboraci\u00f3n de los laicos en el ministerio de los sacerdotes\" es un documento emitido por varias congregaciones de la Santa Sede el 15 de agosto de 1997. Este documento aborda la relaci\u00f3n y colaboraci\u00f3n entre los laicos y el clero en el ministerio pastoral, clarificando los roles y l\u00edmites de los laicos en la Iglesia Cat\u00f3lica.<\/div><div class=\"shared-files-download-button-container\"><a href=\"\/codililz\/shared-files\/433\/?Instruccion-sobre-algunas-cuestiones-sobre-la-colaboracion-de-los-laicos.doc&download=1\" class=\"shared-files-download-button\"  >Descargar<\/a><\/div><div class=\"shared-files-edit-actions\"><\/div><\/div><div class=\"shared-files-main-elements-featured-image\"><img loading=\"lazy\" decoding=\"async\" width=\"150\" height=\"150\" src=\"https:\/\/ilomas.org.ar\/codililz\/wp-content\/uploads\/2024\/07\/1.-santa-sede-150x150.png\" class=\"attachment-thumbnail size-thumbnail wp-post-image\" alt=\"\" srcset=\"https:\/\/ilomas.org.ar\/codililz\/wp-content\/uploads\/2024\/07\/1.-santa-sede-150x150.png 150w, https:\/\/ilomas.org.ar\/codililz\/wp-content\/uploads\/2024\/07\/1.-santa-sede-300x300.png 300w, https:\/\/ilomas.org.ar\/codililz\/wp-content\/uploads\/2024\/07\/1.-santa-sede-100x100.png 100w, https:\/\/ilomas.org.ar\/codililz\/wp-content\/uploads\/2024\/07\/1.-santa-sede.png 350w\" sizes=\"(max-width: 150px) 100vw, 150px\" \/><\/div><\/div><\/li><li class=\"shared-files-card-438\"><div class=\"shared-files-main-elements\"><div class=\"shared-files-main-elements-left\" style=\"background-image: url(https:\/\/ilomas.org.ar\/codililz\/wp-content\/uploads\/2024\/07\/file-word_9254692.svg);\"><\/div><div class=\"shared-files-main-elements-right\"><a class=\"shared-files-file-title\"  data-file-type=\"\"  data-file-url=\"\/codililz\/shared-files\/438\/?Lecturas-2007.doc\"  data-external-url=\"\"  data-image-url=\"https:\/\/ilomas.org.ar\/codililz\/wp-content\/uploads\/2024\/07\/conferencia-episcopal-argentina.png\" href=\"\/codililz\/shared-files\/438\/?Lecturas-2007.doc\" target=\"_blank\">Lecturas 2007<\/a><span class=\"shared-file-size\">301.50 KB<\/span><a href=\"https:\/\/view.officeapps.live.com\/op\/view.aspx?src=https%3A%2F%2Filomas.org.ar%2Fcodililz%2Fshared-files%2F438%2F%3FLecturas-2007.doc\" target=\"_blank\" class=\"shared-files-preview-button\">Vista Previa<\/a><span class=\"shared-file-date\">July 1, 2024<\/span><div class=\"shared-files-download-counter\"><span>Descargas 394<\/span><\/div><div class=\"shared-file-description-container\">El documento \"Lecturas 2007\" parece ser un leccionario que detalla las lecturas b\u00edblicas asignadas para cada d\u00eda del a\u00f1o 2007 en la Iglesia Cat\u00f3lica. Este documento organiza las lecturas seg\u00fan el calendario lit\u00fargico, incluyendo los tiempos lit\u00fargicos de Navidad, Cuaresma, Pascua, y el Tiempo Ordinario, as\u00ed como las fiestas y solemnidades de los santos y otros eventos lit\u00fargicos especiales.<\/div><div class=\"shared-files-download-button-container\"><a href=\"\/codililz\/shared-files\/438\/?Lecturas-2007.doc&download=1\" class=\"shared-files-download-button\"  >Descargar<\/a><\/div><div class=\"shared-files-edit-actions\"><\/div><\/div><div class=\"shared-files-main-elements-featured-image\"><img loading=\"lazy\" decoding=\"async\" width=\"150\" height=\"150\" src=\"https:\/\/ilomas.org.ar\/codililz\/wp-content\/uploads\/2024\/07\/conferencia-episcopal-argentina-150x150.png\" class=\"attachment-thumbnail size-thumbnail wp-post-image\" alt=\"\" srcset=\"https:\/\/ilomas.org.ar\/codililz\/wp-content\/uploads\/2024\/07\/conferencia-episcopal-argentina-150x150.png 150w, https:\/\/ilomas.org.ar\/codililz\/wp-content\/uploads\/2024\/07\/conferencia-episcopal-argentina-100x100.png 100w\" sizes=\"(max-width: 150px) 100vw, 150px\" \/><\/div><\/div><\/li><li class=\"shared-files-card-440\"><div class=\"shared-files-main-elements\"><div class=\"shared-files-main-elements-left\" style=\"background-image: url(https:\/\/ilomas.org.ar\/codililz\/wp-content\/uploads\/2024\/07\/file-word_9254692.svg);\"><\/div><div class=\"shared-files-main-elements-right\"><a class=\"shared-files-file-title\"  data-file-type=\"\"  data-file-url=\"\/codililz\/shared-files\/440\/?Motu-Proprio-Summorum-Pontificum.docx\"  data-external-url=\"\"  data-image-url=\"https:\/\/ilomas.org.ar\/codililz\/wp-content\/uploads\/2024\/07\/benedetto-XVI.png\" href=\"\/codililz\/shared-files\/440\/?Motu-Proprio-Summorum-Pontificum.docx\" target=\"_blank\">Motu Proprio Summorum Pontificum<\/a><span class=\"shared-file-size\">16.22 KB<\/span><a href=\"https:\/\/view.officeapps.live.com\/op\/view.aspx?src=https%3A%2F%2Filomas.org.ar%2Fcodililz%2Fshared-files%2F440%2F%3FMotu-Proprio-Summorum-Pontificum.docx\" target=\"_blank\" class=\"shared-files-preview-button\">Vista Previa<\/a><span class=\"shared-file-date\">July 1, 2024<\/span><div class=\"shared-files-download-counter\"><span>Descargas 420<\/span><\/div><div class=\"shared-file-description-container\">El Motu Proprio \"Summorum Pontificum\" es un documento emitido por el Papa Benedicto XVI el 7 de julio de 2007. Este documento trata sobre el uso del Misal Romano de 1962, tambi\u00e9n conocido como el Misal del Beato Juan XXIII, y regula la celebraci\u00f3n de la Misa en su forma extraordinaria dentro del rito romano de la Iglesia Cat\u00f3lica.<\/div><div class=\"shared-files-download-button-container\"><a href=\"\/codililz\/shared-files\/440\/?Motu-Proprio-Summorum-Pontificum.docx&download=1\" class=\"shared-files-download-button\"  >Descargar<\/a><\/div><div class=\"shared-files-edit-actions\"><\/div><\/div><div class=\"shared-files-main-elements-featured-image\"><img loading=\"lazy\" decoding=\"async\" width=\"150\" height=\"150\" src=\"https:\/\/ilomas.org.ar\/codililz\/wp-content\/uploads\/2024\/07\/benedetto-XVI-150x150.png\" class=\"attachment-thumbnail size-thumbnail wp-post-image\" alt=\"\" srcset=\"https:\/\/ilomas.org.ar\/codililz\/wp-content\/uploads\/2024\/07\/benedetto-XVI-150x150.png 150w, https:\/\/ilomas.org.ar\/codililz\/wp-content\/uploads\/2024\/07\/benedetto-XVI-300x300.png 300w, https:\/\/ilomas.org.ar\/codililz\/wp-content\/uploads\/2024\/07\/benedetto-XVI-100x100.png 100w, https:\/\/ilomas.org.ar\/codililz\/wp-content\/uploads\/2024\/07\/benedetto-XVI.png 350w\" sizes=\"(max-width: 150px) 100vw, 150px\" \/><\/div><\/div><\/li><li class=\"shared-files-card-445\"><div class=\"shared-files-main-elements\"><div class=\"shared-files-main-elements-left\" style=\"background-image: url(https:\/\/ilomas.org.ar\/codililz\/wp-content\/uploads\/2024\/07\/file-word_9254692.svg);\"><\/div><div class=\"shared-files-main-elements-right\"><a class=\"shared-files-file-title\"  data-file-type=\"\"  data-file-url=\"\/codililz\/shared-files\/445\/?Normas-universales-Ano-liturgico-y-Calendario.doc\"  data-external-url=\"\"  data-image-url=\"https:\/\/ilomas.org.ar\/codililz\/wp-content\/uploads\/2024\/07\/paolo-VI.png\" href=\"\/codililz\/shared-files\/445\/?Normas-universales-Ano-liturgico-y-Calendario.doc\" target=\"_blank\">Normas universales A\u00f1o liturgico y Calendario<\/a><span class=\"shared-file-size\">83.00 KB<\/span><a href=\"https:\/\/view.officeapps.live.com\/op\/view.aspx?src=https%3A%2F%2Filomas.org.ar%2Fcodililz%2Fshared-files%2F445%2F%3FNormas-universales-Ano-liturgico-y-Calendario.doc\" target=\"_blank\" class=\"shared-files-preview-button\">Vista Previa<\/a><span class=\"shared-file-date\">julio 2, 2024<\/span><div class=\"shared-files-download-counter\"><span>Descargas 411<\/span><\/div><div class=\"shared-files-tags-container\"><span>Comisi\u00f3n de Liturgia<\/span><\/div><div class=\"shared-file-description-container\">El documento \"Normas Universales del A\u00f1o Lit\u00fargico y del Calendario\" es una carta apost\u00f3lica titulada \"Mysterii Paschalis\" emitida por el Papa Pablo VI en forma de motu proprio. Este documento fue promulgado el 14 de febrero de 1969 y establece las normas generales para la organizaci\u00f3n del a\u00f1o lit\u00fargico y la estructuraci\u00f3n del calendario lit\u00fargico universal. <\/div><div class=\"shared-files-download-button-container\"><a href=\"\/codililz\/shared-files\/445\/?Normas-universales-Ano-liturgico-y-Calendario.doc&download=1\" class=\"shared-files-download-button\"  >Descargar<\/a><\/div><div class=\"shared-files-edit-actions\"><\/div><\/div><div class=\"shared-files-main-elements-featured-image\"><img decoding=\"async\" width=\"150\" height=\"150\" src=\"https:\/\/ilomas.org.ar\/codililz\/wp-content\/uploads\/2024\/07\/paolo-VI-150x150.png\" class=\"attachment-thumbnail size-thumbnail wp-post-image\" alt=\"\" srcset=\"https:\/\/ilomas.org.ar\/codililz\/wp-content\/uploads\/2024\/07\/paolo-VI-150x150.png 150w, https:\/\/ilomas.org.ar\/codililz\/wp-content\/uploads\/2024\/07\/paolo-VI-300x300.png 300w, https:\/\/ilomas.org.ar\/codililz\/wp-content\/uploads\/2024\/07\/paolo-VI-100x100.png 100w, https:\/\/ilomas.org.ar\/codililz\/wp-content\/uploads\/2024\/07\/paolo-VI.png 350w\" sizes=\"(max-width: 150px) 100vw, 150px\" \/><\/div><\/div><\/li><li class=\"shared-files-card-446\"><div class=\"shared-files-main-elements\"><div class=\"shared-files-main-elements-left\" style=\"background-image: url(https:\/\/ilomas.org.ar\/codililz\/wp-content\/uploads\/2024\/07\/file-word_9254692.svg);\"><\/div><div class=\"shared-files-main-elements-right\"><a class=\"shared-files-file-title\"  data-file-type=\"\"  data-file-url=\"\/codililz\/shared-files\/446\/?Notas-preliminares-RICA.doc\"  data-external-url=\"\"  data-image-url=\"https:\/\/ilomas.org.ar\/codililz\/wp-content\/uploads\/2024\/07\/1.-logo-Congregacion-para-el-Culto-Divino-y-la-Disciplina-de-los-Sacramentos.png\" href=\"\/codililz\/shared-files\/446\/?Notas-preliminares-RICA.doc\" target=\"_blank\">Notas preliminares RICA<\/a><span class=\"shared-file-size\">167.00 KB<\/span><a href=\"https:\/\/view.officeapps.live.com\/op\/view.aspx?src=https%3A%2F%2Filomas.org.ar%2Fcodililz%2Fshared-files%2F446%2F%3FNotas-preliminares-RICA.doc\" target=\"_blank\" class=\"shared-files-preview-button\">Vista Previa<\/a><span class=\"shared-file-date\">July 1, 2024<\/span><div class=\"shared-files-download-counter\"><span>Descargas 498<\/span><\/div><div class=\"shared-files-tags-container\"><span>Comisi\u00f3n de Liturgia<\/span><\/div><div class=\"shared-file-description-container\">El documento \"Notas Preliminares del Ritual de la Iniciaci\u00f3n Cristiana de Adultos\" (RICA) proporciona una gu\u00eda detallada sobre el proceso de iniciaci\u00f3n de adultos en la fe cristiana dentro de la Iglesia Cat\u00f3lica. <\/div><div class=\"shared-files-download-button-container\"><a href=\"\/codililz\/shared-files\/446\/?Notas-preliminares-RICA.doc&download=1\" class=\"shared-files-download-button\"  >Descargar<\/a><\/div><div class=\"shared-files-edit-actions\"><\/div><\/div><div class=\"shared-files-main-elements-featured-image\"><img decoding=\"async\" width=\"150\" height=\"150\" src=\"https:\/\/ilomas.org.ar\/codililz\/wp-content\/uploads\/2024\/07\/1.-logo-Congregacion-para-el-Culto-Divino-y-la-Disciplina-de-los-Sacramentos-150x150.png\" class=\"attachment-thumbnail size-thumbnail wp-post-image\" alt=\"\" srcset=\"https:\/\/ilomas.org.ar\/codililz\/wp-content\/uploads\/2024\/07\/1.-logo-Congregacion-para-el-Culto-Divino-y-la-Disciplina-de-los-Sacramentos-150x150.png 150w, https:\/\/ilomas.org.ar\/codililz\/wp-content\/uploads\/2024\/07\/1.-logo-Congregacion-para-el-Culto-Divino-y-la-Disciplina-de-los-Sacramentos-300x300.png 300w, https:\/\/ilomas.org.ar\/codililz\/wp-content\/uploads\/2024\/07\/1.-logo-Congregacion-para-el-Culto-Divino-y-la-Disciplina-de-los-Sacramentos-100x100.png 100w, https:\/\/ilomas.org.ar\/codililz\/wp-content\/uploads\/2024\/07\/1.-logo-Congregacion-para-el-Culto-Divino-y-la-Disciplina-de-los-Sacramentos.png 350w\" sizes=\"(max-width: 150px) 100vw, 150px\" \/><\/div><\/div><\/li><li class=\"shared-files-card-447\"><div class=\"shared-files-main-elements\"><div class=\"shared-files-main-elements-left\" style=\"background-image: url(https:\/\/ilomas.org.ar\/codililz\/wp-content\/uploads\/2024\/07\/file-word_9254692.svg);\"><\/div><div class=\"shared-files-main-elements-right\"><a class=\"shared-files-file-title\"  data-file-type=\"\"  data-file-url=\"\/codililz\/shared-files\/447\/?Notas-Preliminares-Ritual-Consagracion-de-Virgenes.doc\"  data-external-url=\"\"  data-image-url=\"https:\/\/ilomas.org.ar\/codililz\/wp-content\/uploads\/2024\/07\/1.-logo-Congregacion-para-el-Culto-Divino-y-la-Disciplina-de-los-Sacramentos.png\" href=\"\/codililz\/shared-files\/447\/?Notas-Preliminares-Ritual-Consagracion-de-Virgenes.doc\" target=\"_blank\">Notas Preliminares Ritual Consagracion de Virgenes<\/a><span class=\"shared-file-size\">26.50 KB<\/span><a href=\"https:\/\/view.officeapps.live.com\/op\/view.aspx?src=https%3A%2F%2Filomas.org.ar%2Fcodililz%2Fshared-files%2F447%2F%3FNotas-Preliminares-Ritual-Consagracion-de-Virgenes.doc\" target=\"_blank\" class=\"shared-files-preview-button\">Vista Previa<\/a><span class=\"shared-file-date\">July 1, 2024<\/span><div class=\"shared-files-download-counter\"><span>Descargas 477<\/span><\/div><div class=\"shared-files-tags-container\"><span>Comisi\u00f3n de Arte Sacro<\/span><span>Comisi\u00f3n de Liturgia<\/span><\/div><div class=\"shared-file-description-container\">El documento \"Notas Preliminares del Ritual de la Consagraci\u00f3n de V\u00edrgenes\" proporciona una gu\u00eda y directrices detalladas sobre la consagraci\u00f3n de v\u00edrgenes dentro de la Iglesia Cat\u00f3lica. <\/div><div class=\"shared-files-download-button-container\"><a href=\"\/codililz\/shared-files\/447\/?Notas-Preliminares-Ritual-Consagracion-de-Virgenes.doc&download=1\" class=\"shared-files-download-button\"  >Descargar<\/a><\/div><div class=\"shared-files-edit-actions\"><\/div><\/div><div class=\"shared-files-main-elements-featured-image\"><img decoding=\"async\" width=\"150\" height=\"150\" src=\"https:\/\/ilomas.org.ar\/codililz\/wp-content\/uploads\/2024\/07\/1.-logo-Congregacion-para-el-Culto-Divino-y-la-Disciplina-de-los-Sacramentos-150x150.png\" class=\"attachment-thumbnail size-thumbnail wp-post-image\" alt=\"\" srcset=\"https:\/\/ilomas.org.ar\/codililz\/wp-content\/uploads\/2024\/07\/1.-logo-Congregacion-para-el-Culto-Divino-y-la-Disciplina-de-los-Sacramentos-150x150.png 150w, https:\/\/ilomas.org.ar\/codililz\/wp-content\/uploads\/2024\/07\/1.-logo-Congregacion-para-el-Culto-Divino-y-la-Disciplina-de-los-Sacramentos-300x300.png 300w, https:\/\/ilomas.org.ar\/codililz\/wp-content\/uploads\/2024\/07\/1.-logo-Congregacion-para-el-Culto-Divino-y-la-Disciplina-de-los-Sacramentos-100x100.png 100w, https:\/\/ilomas.org.ar\/codililz\/wp-content\/uploads\/2024\/07\/1.-logo-Congregacion-para-el-Culto-Divino-y-la-Disciplina-de-los-Sacramentos.png 350w\" sizes=\"(max-width: 150px) 100vw, 150px\" \/><\/div><\/div><\/li><li class=\"shared-files-card-448\"><div class=\"shared-files-main-elements\"><div class=\"shared-files-main-elements-left\" style=\"background-image: url(https:\/\/ilomas.org.ar\/codililz\/wp-content\/uploads\/2024\/07\/file-word_9254692.svg);\"><\/div><div class=\"shared-files-main-elements-right\"><a class=\"shared-files-file-title\"  data-file-type=\"\"  data-file-url=\"\/codililz\/shared-files\/448\/?Notas-Preliminares-Ritual-de-la-Profesion-Religiosa.doc\"  data-external-url=\"\"  data-image-url=\"https:\/\/ilomas.org.ar\/codililz\/wp-content\/uploads\/2024\/07\/1.-logo-Congregacion-para-el-Culto-Divino-y-la-Disciplina-de-los-Sacramentos.png\" href=\"\/codililz\/shared-files\/448\/?Notas-Preliminares-Ritual-de-la-Profesion-Religiosa.doc\" target=\"_blank\">Notas Preliminares Ritual de la Profesion Religiosa<\/a><span class=\"shared-file-size\">31.00 KB<\/span><a href=\"https:\/\/view.officeapps.live.com\/op\/view.aspx?src=https%3A%2F%2Filomas.org.ar%2Fcodililz%2Fshared-files%2F448%2F%3FNotas-Preliminares-Ritual-de-la-Profesion-Religiosa.doc\" target=\"_blank\" class=\"shared-files-preview-button\">Vista Previa<\/a><span class=\"shared-file-date\">July 1, 2024<\/span><div class=\"shared-files-download-counter\"><span>Descargas 470<\/span><\/div><div class=\"shared-file-description-container\">El documento es una gu\u00eda oficial de la Iglesia Cat\u00f3lica que describe y regula las etapas y ritos asociados con la profesi\u00f3n religiosa. Establece las normas para los diversos rituales que marcan el camino de un religioso, desde el noviciado hasta la profesi\u00f3n perpetua, incluyendo la renovaci\u00f3n de votos.<\/div><div class=\"shared-files-download-button-container\"><a href=\"\/codililz\/shared-files\/448\/?Notas-Preliminares-Ritual-de-la-Profesion-Religiosa.doc&download=1\" class=\"shared-files-download-button\"  >Descargar<\/a><\/div><div class=\"shared-files-edit-actions\"><\/div><\/div><div class=\"shared-files-main-elements-featured-image\"><img decoding=\"async\" width=\"150\" height=\"150\" src=\"https:\/\/ilomas.org.ar\/codililz\/wp-content\/uploads\/2024\/07\/1.-logo-Congregacion-para-el-Culto-Divino-y-la-Disciplina-de-los-Sacramentos-150x150.png\" class=\"attachment-thumbnail size-thumbnail wp-post-image\" alt=\"\" srcset=\"https:\/\/ilomas.org.ar\/codililz\/wp-content\/uploads\/2024\/07\/1.-logo-Congregacion-para-el-Culto-Divino-y-la-Disciplina-de-los-Sacramentos-150x150.png 150w, https:\/\/ilomas.org.ar\/codililz\/wp-content\/uploads\/2024\/07\/1.-logo-Congregacion-para-el-Culto-Divino-y-la-Disciplina-de-los-Sacramentos-300x300.png 300w, https:\/\/ilomas.org.ar\/codililz\/wp-content\/uploads\/2024\/07\/1.-logo-Congregacion-para-el-Culto-Divino-y-la-Disciplina-de-los-Sacramentos-100x100.png 100w, https:\/\/ilomas.org.ar\/codililz\/wp-content\/uploads\/2024\/07\/1.-logo-Congregacion-para-el-Culto-Divino-y-la-Disciplina-de-los-Sacramentos.png 350w\" sizes=\"(max-width: 150px) 100vw, 150px\" \/><\/div><\/div><\/li><li class=\"shared-files-card-449\"><div class=\"shared-files-main-elements\"><div class=\"shared-files-main-elements-left\" style=\"background-image: url(https:\/\/ilomas.org.ar\/codililz\/wp-content\/uploads\/2024\/07\/file-word_9254692.svg);\"><\/div><div class=\"shared-files-main-elements-right\"><a class=\"shared-files-file-title\"  data-file-type=\"\"  data-file-url=\"\/codililz\/shared-files\/449\/?Notas-preliminares-Ritual-de-Ordenes.doc\"  data-external-url=\"\"  data-image-url=\"https:\/\/ilomas.org.ar\/codililz\/wp-content\/uploads\/2024\/07\/paolo-VI.png\" href=\"\/codililz\/shared-files\/449\/?Notas-preliminares-Ritual-de-Ordenes.doc\" target=\"_blank\">Notas preliminares Ritual de Ordenes<\/a><span class=\"shared-file-size\">97.50 KB<\/span><a href=\"https:\/\/view.officeapps.live.com\/op\/view.aspx?src=https%3A%2F%2Filomas.org.ar%2Fcodililz%2Fshared-files%2F449%2F%3FNotas-preliminares-Ritual-de-Ordenes.doc\" target=\"_blank\" class=\"shared-files-preview-button\">Vista Previa<\/a><span class=\"shared-file-date\">July 1, 2024<\/span><div class=\"shared-files-download-counter\"><span>Descargas 500<\/span><\/div><div class=\"shared-files-tags-container\"><span>Comisi\u00f3n de Liturgia<\/span><\/div><div class=\"shared-file-description-container\">El documento es un decreto emitido por la Congregaci\u00f3n para el Culto Divino. Este documento contiene las revisiones y normas lit\u00fargicas relacionadas con la ordenaci\u00f3n de di\u00e1conos, presb\u00edteros y obispos. <\/div><div class=\"shared-files-download-button-container\"><a href=\"\/codililz\/shared-files\/449\/?Notas-preliminares-Ritual-de-Ordenes.doc&download=1\" class=\"shared-files-download-button\"  >Descargar<\/a><\/div><div class=\"shared-files-edit-actions\"><\/div><\/div><div class=\"shared-files-main-elements-featured-image\"><img decoding=\"async\" width=\"150\" height=\"150\" src=\"https:\/\/ilomas.org.ar\/codililz\/wp-content\/uploads\/2024\/07\/paolo-VI-150x150.png\" class=\"attachment-thumbnail size-thumbnail wp-post-image\" alt=\"\" srcset=\"https:\/\/ilomas.org.ar\/codililz\/wp-content\/uploads\/2024\/07\/paolo-VI-150x150.png 150w, https:\/\/ilomas.org.ar\/codililz\/wp-content\/uploads\/2024\/07\/paolo-VI-300x300.png 300w, https:\/\/ilomas.org.ar\/codililz\/wp-content\/uploads\/2024\/07\/paolo-VI-100x100.png 100w, https:\/\/ilomas.org.ar\/codililz\/wp-content\/uploads\/2024\/07\/paolo-VI.png 350w\" sizes=\"(max-width: 150px) 100vw, 150px\" \/><\/div><\/div><\/li><li class=\"shared-files-card-450\"><div class=\"shared-files-main-elements\"><div class=\"shared-files-main-elements-left\" style=\"background-image: url(https:\/\/ilomas.org.ar\/codililz\/wp-content\/uploads\/2024\/07\/file-word_9254692.svg);\"><\/div><div class=\"shared-files-main-elements-right\"><a class=\"shared-files-file-title\"  data-file-type=\"\"  data-file-url=\"\/codililz\/shared-files\/450\/?Notas-Preliminares-Ritual-Dedicacion-Iglesias-y-Altares.doc\"  data-external-url=\"\"  data-image-url=\"https:\/\/ilomas.org.ar\/codililz\/wp-content\/uploads\/2024\/07\/1.-logo-Congregacion-para-el-Culto-Divino-y-la-Disciplina-de-los-Sacramentos.png\" href=\"\/codililz\/shared-files\/450\/?Notas-Preliminares-Ritual-Dedicacion-Iglesias-y-Altares.doc\" target=\"_blank\">Notas Preliminares Ritual Dedicacion Iglesias y Altares<\/a><span class=\"shared-file-size\">88.00 KB<\/span><a href=\"https:\/\/view.officeapps.live.com\/op\/view.aspx?src=https%3A%2F%2Filomas.org.ar%2Fcodililz%2Fshared-files%2F450%2F%3FNotas-Preliminares-Ritual-Dedicacion-Iglesias-y-Altares.doc\" target=\"_blank\" class=\"shared-files-preview-button\">Vista Previa<\/a><span class=\"shared-file-date\">July 1, 2024<\/span><div class=\"shared-files-download-counter\"><span>Descargas 493<\/span><\/div><div class=\"shared-files-tags-container\"><span>Comisi\u00f3n de Arte Sacro<\/span><span>Comisi\u00f3n de Liturgia<\/span><\/div><div class=\"shared-file-description-container\">El documento proporciona una gu\u00eda detallada sobre los ritos y ceremonias para la dedicaci\u00f3n de nuevas iglesias y altares dentro de la Iglesia Cat\u00f3lica. <\/div><div class=\"shared-files-download-button-container\"><a href=\"\/codililz\/shared-files\/450\/?Notas-Preliminares-Ritual-Dedicacion-Iglesias-y-Altares.doc&download=1\" class=\"shared-files-download-button\"  >Descargar<\/a><\/div><div class=\"shared-files-edit-actions\"><\/div><\/div><div class=\"shared-files-main-elements-featured-image\"><img decoding=\"async\" width=\"150\" height=\"150\" src=\"https:\/\/ilomas.org.ar\/codililz\/wp-content\/uploads\/2024\/07\/1.-logo-Congregacion-para-el-Culto-Divino-y-la-Disciplina-de-los-Sacramentos-150x150.png\" class=\"attachment-thumbnail size-thumbnail wp-post-image\" alt=\"\" srcset=\"https:\/\/ilomas.org.ar\/codililz\/wp-content\/uploads\/2024\/07\/1.-logo-Congregacion-para-el-Culto-Divino-y-la-Disciplina-de-los-Sacramentos-150x150.png 150w, https:\/\/ilomas.org.ar\/codililz\/wp-content\/uploads\/2024\/07\/1.-logo-Congregacion-para-el-Culto-Divino-y-la-Disciplina-de-los-Sacramentos-300x300.png 300w, https:\/\/ilomas.org.ar\/codililz\/wp-content\/uploads\/2024\/07\/1.-logo-Congregacion-para-el-Culto-Divino-y-la-Disciplina-de-los-Sacramentos-100x100.png 100w, https:\/\/ilomas.org.ar\/codililz\/wp-content\/uploads\/2024\/07\/1.-logo-Congregacion-para-el-Culto-Divino-y-la-Disciplina-de-los-Sacramentos.png 350w\" sizes=\"(max-width: 150px) 100vw, 150px\" \/><\/div><\/div><\/li><li class=\"shared-files-card-451\"><div class=\"shared-files-main-elements\"><div class=\"shared-files-main-elements-left\" style=\"background-image: url(https:\/\/ilomas.org.ar\/codililz\/wp-content\/uploads\/2024\/07\/file-word_9254692.svg);\"><\/div><div class=\"shared-files-main-elements-right\"><a class=\"shared-files-file-title\"  data-file-type=\"\"  data-file-url=\"\/codililz\/shared-files\/451\/?Notas-preliminares-Ritual-del-bautismo-de-ninos.doc\"  data-external-url=\"\"  data-image-url=\"https:\/\/ilomas.org.ar\/codililz\/wp-content\/uploads\/2024\/07\/1.-logo-Congregacion-para-el-Culto-Divino-y-la-Disciplina-de-los-Sacramentos.png\" href=\"\/codililz\/shared-files\/451\/?Notas-preliminares-Ritual-del-bautismo-de-ninos.doc\" target=\"_blank\">Notas preliminares Ritual del bautismo de ni\u00f1os<\/a><span class=\"shared-file-size\">99.50 KB<\/span><a href=\"https:\/\/view.officeapps.live.com\/op\/view.aspx?src=https%3A%2F%2Filomas.org.ar%2Fcodililz%2Fshared-files%2F451%2F%3FNotas-preliminares-Ritual-del-bautismo-de-ninos.doc\" target=\"_blank\" class=\"shared-files-preview-button\">Vista Previa<\/a><span class=\"shared-file-date\">July 2, 2024<\/span><div class=\"shared-files-download-counter\"><span>Descargas 544<\/span><\/div><div class=\"shared-files-tags-container\"><span>Comisi\u00f3n de Liturgia<\/span><\/div><div class=\"shared-file-description-container\">El documento es una gu\u00eda oficial de la Iglesia Cat\u00f3lica que proporciona directrices y explicaciones detalladas sobre la celebraci\u00f3n del sacramento del Bautismo para ni\u00f1os.<\/div><div class=\"shared-files-download-button-container\"><a href=\"\/codililz\/shared-files\/451\/?Notas-preliminares-Ritual-del-bautismo-de-ninos.doc&download=1\" class=\"shared-files-download-button\"  >Descargar<\/a><\/div><div class=\"shared-files-edit-actions\"><\/div><\/div><div class=\"shared-files-main-elements-featured-image\"><img decoding=\"async\" width=\"150\" height=\"150\" src=\"https:\/\/ilomas.org.ar\/codililz\/wp-content\/uploads\/2024\/07\/1.-logo-Congregacion-para-el-Culto-Divino-y-la-Disciplina-de-los-Sacramentos-150x150.png\" class=\"attachment-thumbnail size-thumbnail wp-post-image\" alt=\"\" srcset=\"https:\/\/ilomas.org.ar\/codililz\/wp-content\/uploads\/2024\/07\/1.-logo-Congregacion-para-el-Culto-Divino-y-la-Disciplina-de-los-Sacramentos-150x150.png 150w, https:\/\/ilomas.org.ar\/codililz\/wp-content\/uploads\/2024\/07\/1.-logo-Congregacion-para-el-Culto-Divino-y-la-Disciplina-de-los-Sacramentos-300x300.png 300w, https:\/\/ilomas.org.ar\/codililz\/wp-content\/uploads\/2024\/07\/1.-logo-Congregacion-para-el-Culto-Divino-y-la-Disciplina-de-los-Sacramentos-100x100.png 100w, https:\/\/ilomas.org.ar\/codililz\/wp-content\/uploads\/2024\/07\/1.-logo-Congregacion-para-el-Culto-Divino-y-la-Disciplina-de-los-Sacramentos.png 350w\" sizes=\"(max-width: 150px) 100vw, 150px\" \/><\/div><\/div><\/li><li class=\"shared-files-card-452\"><div class=\"shared-files-main-elements\"><div class=\"shared-files-main-elements-left\" style=\"background-image: url(https:\/\/ilomas.org.ar\/codililz\/wp-content\/uploads\/2024\/07\/file-word_9254692.svg);\"><\/div><div class=\"shared-files-main-elements-right\"><a class=\"shared-files-file-title\"  data-file-type=\"\"  data-file-url=\"\/codililz\/shared-files\/452\/?Notas-premiliminares-Ritual-Confirmacion.doc\"  data-external-url=\"\"  data-image-url=\"https:\/\/ilomas.org.ar\/codililz\/wp-content\/uploads\/2024\/07\/1.-logo-Congregacion-para-el-Culto-Divino-y-la-Disciplina-de-los-Sacramentos.png\" href=\"\/codililz\/shared-files\/452\/?Notas-premiliminares-Ritual-Confirmacion.doc\" target=\"_blank\">Notas premiliminares Ritual Confirmacion<\/a><span class=\"shared-file-size\">57.00 KB<\/span><a href=\"https:\/\/view.officeapps.live.com\/op\/view.aspx?src=https%3A%2F%2Filomas.org.ar%2Fcodililz%2Fshared-files%2F452%2F%3FNotas-premiliminares-Ritual-Confirmacion.doc\" target=\"_blank\" class=\"shared-files-preview-button\">Vista Previa<\/a><span class=\"shared-file-date\">July 2, 2024<\/span><div class=\"shared-files-download-counter\"><span>Descargas 526<\/span><\/div><div class=\"shared-files-tags-container\"><span>Comisi\u00f3n de Liturgia<\/span><\/div><div class=\"shared-file-description-container\">El documento proporciona una gu\u00eda detallada sobre el rito de la Confirmaci\u00f3n en la Iglesia Cat\u00f3lica, explicando su naturaleza, importancia, y los pasos a seguir durante su celebraci\u00f3n. <\/div><div class=\"shared-files-download-button-container\"><a href=\"\/codililz\/shared-files\/452\/?Notas-premiliminares-Ritual-Confirmacion.doc&download=1\" class=\"shared-files-download-button\"  >Descargar<\/a><\/div><div class=\"shared-files-edit-actions\"><\/div><\/div><div class=\"shared-files-main-elements-featured-image\"><img decoding=\"async\" width=\"150\" height=\"150\" src=\"https:\/\/ilomas.org.ar\/codililz\/wp-content\/uploads\/2024\/07\/1.-logo-Congregacion-para-el-Culto-Divino-y-la-Disciplina-de-los-Sacramentos-150x150.png\" class=\"attachment-thumbnail size-thumbnail wp-post-image\" alt=\"\" srcset=\"https:\/\/ilomas.org.ar\/codililz\/wp-content\/uploads\/2024\/07\/1.-logo-Congregacion-para-el-Culto-Divino-y-la-Disciplina-de-los-Sacramentos-150x150.png 150w, https:\/\/ilomas.org.ar\/codililz\/wp-content\/uploads\/2024\/07\/1.-logo-Congregacion-para-el-Culto-Divino-y-la-Disciplina-de-los-Sacramentos-300x300.png 300w, https:\/\/ilomas.org.ar\/codililz\/wp-content\/uploads\/2024\/07\/1.-logo-Congregacion-para-el-Culto-Divino-y-la-Disciplina-de-los-Sacramentos-100x100.png 100w, https:\/\/ilomas.org.ar\/codililz\/wp-content\/uploads\/2024\/07\/1.-logo-Congregacion-para-el-Culto-Divino-y-la-Disciplina-de-los-Sacramentos.png 350w\" sizes=\"(max-width: 150px) 100vw, 150px\" \/><\/div><\/div><\/li><li class=\"shared-files-card-453\"><div class=\"shared-files-main-elements\"><div class=\"shared-files-main-elements-left\" style=\"background-image: url(https:\/\/ilomas.org.ar\/codililz\/wp-content\/uploads\/2024\/07\/file-word_9254692.svg);\"><\/div><div class=\"shared-files-main-elements-right\"><a class=\"shared-files-file-title\"  data-file-type=\"\"  data-file-url=\"\/codililz\/shared-files\/453\/?Ordenacion-General-de-la-Liturgia-de-las-Horas.doc\"  data-external-url=\"\"  data-image-url=\"https:\/\/ilomas.org.ar\/codililz\/wp-content\/uploads\/2024\/07\/1.-logo-Congregacion-para-el-Culto-Divino-y-la-Disciplina-de-los-Sacramentos.png\" href=\"\/codililz\/shared-files\/453\/?Ordenacion-General-de-la-Liturgia-de-las-Horas.doc\" target=\"_blank\">Ordenaci\u00f3n General de la Liturgia de las Horas<\/a><span class=\"shared-file-size\">182.50 KB<\/span><a href=\"https:\/\/view.officeapps.live.com\/op\/view.aspx?src=https%3A%2F%2Filomas.org.ar%2Fcodililz%2Fshared-files%2F453%2F%3FOrdenacion-General-de-la-Liturgia-de-las-Horas.doc\" target=\"_blank\" class=\"shared-files-preview-button\">Vista Previa<\/a><span class=\"shared-file-date\">July 2, 2024<\/span><div class=\"shared-files-download-counter\"><span>Descargas 442<\/span><\/div><div class=\"shared-files-tags-container\"><span>Comisi\u00f3n de Liturgia<\/span><\/div><div class=\"shared-file-description-container\">Este documento proporciona una gu\u00eda completa y normativa para la celebraci\u00f3n de la Liturgia de las Horas, que es la oraci\u00f3n p\u00fablica y comunitaria de la Iglesia Cat\u00f3lica a lo largo del d\u00eda.<\/div><div class=\"shared-files-download-button-container\"><a href=\"\/codililz\/shared-files\/453\/?Ordenacion-General-de-la-Liturgia-de-las-Horas.doc&download=1\" class=\"shared-files-download-button\"  >Descargar<\/a><\/div><div class=\"shared-files-edit-actions\"><\/div><\/div><div class=\"shared-files-main-elements-featured-image\"><img decoding=\"async\" width=\"150\" height=\"150\" src=\"https:\/\/ilomas.org.ar\/codililz\/wp-content\/uploads\/2024\/07\/1.-logo-Congregacion-para-el-Culto-Divino-y-la-Disciplina-de-los-Sacramentos-150x150.png\" class=\"attachment-thumbnail size-thumbnail wp-post-image\" alt=\"\" srcset=\"https:\/\/ilomas.org.ar\/codililz\/wp-content\/uploads\/2024\/07\/1.-logo-Congregacion-para-el-Culto-Divino-y-la-Disciplina-de-los-Sacramentos-150x150.png 150w, https:\/\/ilomas.org.ar\/codililz\/wp-content\/uploads\/2024\/07\/1.-logo-Congregacion-para-el-Culto-Divino-y-la-Disciplina-de-los-Sacramentos-300x300.png 300w, https:\/\/ilomas.org.ar\/codililz\/wp-content\/uploads\/2024\/07\/1.-logo-Congregacion-para-el-Culto-Divino-y-la-Disciplina-de-los-Sacramentos-100x100.png 100w, https:\/\/ilomas.org.ar\/codililz\/wp-content\/uploads\/2024\/07\/1.-logo-Congregacion-para-el-Culto-Divino-y-la-Disciplina-de-los-Sacramentos.png 350w\" sizes=\"(max-width: 150px) 100vw, 150px\" \/><\/div><\/div><\/li><\/ul><ul class=\"shared-files-all-files shared-files-main-file-list\"><li class=\"shared-files-card-370\"><div class=\"shared-files-main-elements\"><div class=\"shared-files-main-elements-left\" style=\"background-image: url(https:\/\/ilomas.org.ar\/codililz\/wp-content\/uploads\/2024\/07\/file-word_9254692.svg);\"><\/div><div class=\"shared-files-main-elements-right\"><a class=\"shared-files-file-title\"  data-file-type=\"\"  data-file-url=\"\/codililz\/shared-files\/370\/?Carta-Apostolica-DIES-DOMINE.doc\"  data-external-url=\"\"  data-image-url=\"https:\/\/ilomas.org.ar\/codililz\/wp-content\/uploads\/2024\/06\/juan-pablo-ii.png\" href=\"\/codililz\/shared-files\/370\/?Carta-Apostolica-DIES-DOMINE.doc\" target=\"_blank\">Carta Apostolica DIES DOMINE<\/a><span class=\"shared-file-size\">200.00 KB<\/span><a href=\"https:\/\/view.officeapps.live.com\/op\/view.aspx?src=https%3A%2F%2Filomas.org.ar%2Fcodililz%2Fshared-files%2F370%2F%3FCarta-Apostolica-DIES-DOMINE.doc\" target=\"_blank\" class=\"shared-files-preview-button\">Vista Previa<\/a><span class=\"shared-file-date\">June 28, 2024<\/span><div class=\"shared-files-download-counter\"><span>Descargas 398<\/span><\/div><div class=\"shared-file-description-container\">La Carta Apost\u00f3lica \"Dies Domini\" es un documento escrito por el Papa Juan Pablo II y publicado el 31 de mayo de 1998. En este documento, el Papa aborda la importancia del domingo como el \"d\u00eda del Se\u00f1or\" para los cristianos.<\/div><div class=\"shared-files-download-button-container\"><a href=\"\/codililz\/shared-files\/370\/?Carta-Apostolica-DIES-DOMINE.doc&download=1\" class=\"shared-files-download-button\"  >Descargar<\/a><\/div><div class=\"shared-files-edit-actions\"><\/div><\/div><div class=\"shared-files-main-elements-featured-image\"><img decoding=\"async\" width=\"150\" height=\"150\" src=\"https:\/\/ilomas.org.ar\/codililz\/wp-content\/uploads\/2024\/06\/juan-pablo-ii-150x150.png\" class=\"attachment-thumbnail size-thumbnail wp-post-image\" alt=\"\" srcset=\"https:\/\/ilomas.org.ar\/codililz\/wp-content\/uploads\/2024\/06\/juan-pablo-ii-150x150.png 150w, https:\/\/ilomas.org.ar\/codililz\/wp-content\/uploads\/2024\/06\/juan-pablo-ii-300x300.png 300w, https:\/\/ilomas.org.ar\/codililz\/wp-content\/uploads\/2024\/06\/juan-pablo-ii-100x100.png 100w, https:\/\/ilomas.org.ar\/codililz\/wp-content\/uploads\/2024\/06\/juan-pablo-ii.png 350w\" sizes=\"(max-width: 150px) 100vw, 150px\" \/><\/div><\/div><\/li><li class=\"shared-files-card-375\"><div class=\"shared-files-main-elements\"><div class=\"shared-files-main-elements-left\" style=\"background-image: url(https:\/\/ilomas.org.ar\/codililz\/wp-content\/uploads\/2024\/07\/file-word_9254692.svg);\"><\/div><div class=\"shared-files-main-elements-right\"><a class=\"shared-files-file-title\"  data-file-type=\"\"  data-file-url=\"\/codililz\/shared-files\/375\/?Carta-Apostolica-Vicesimus-Quintus-Annus.doc\"  data-external-url=\"\"  data-image-url=\"https:\/\/ilomas.org.ar\/codililz\/wp-content\/uploads\/2024\/06\/juan-pablo-ii.png\" href=\"\/codililz\/shared-files\/375\/?Carta-Apostolica-Vicesimus-Quintus-Annus.doc\" target=\"_blank\">Carta Apostolica Vicesimus Quintus Annus<\/a><span class=\"shared-file-size\">75.00 KB<\/span><a href=\"https:\/\/view.officeapps.live.com\/op\/view.aspx?src=https%3A%2F%2Filomas.org.ar%2Fcodililz%2Fshared-files%2F375%2F%3FCarta-Apostolica-Vicesimus-Quintus-Annus.doc\" target=\"_blank\" class=\"shared-files-preview-button\">Vista Previa<\/a><span class=\"shared-file-date\">June 28, 2024<\/span><div class=\"shared-files-download-counter\"><span>Descargas 358<\/span><\/div><div class=\"shared-file-description-container\">La Carta Apost\u00f3lica \"Vicesimus Quintus Annus\" es un documento escrito por el Papa Juan Pablo II y publicado el 4 de diciembre de 1988, con motivo del 25\u00ba aniversario de la Constituci\u00f3n Sacrosanctum Concilium sobre la sagrada liturgia del Concilio Vaticano II. En esta carta, el Papa Juan Pablo II reflexiona sobre los logros, desaf\u00edos y el estado actual de la reforma lit\u00fargica iniciada por el Concilio Vaticano II.<\/div><div class=\"shared-files-download-button-container\"><a href=\"\/codililz\/shared-files\/375\/?Carta-Apostolica-Vicesimus-Quintus-Annus.doc&download=1\" class=\"shared-files-download-button\"  >Descargar<\/a><\/div><div class=\"shared-files-edit-actions\"><\/div><\/div><div class=\"shared-files-main-elements-featured-image\"><img decoding=\"async\" width=\"150\" height=\"150\" src=\"https:\/\/ilomas.org.ar\/codililz\/wp-content\/uploads\/2024\/06\/juan-pablo-ii-150x150.png\" class=\"attachment-thumbnail size-thumbnail wp-post-image\" alt=\"\" srcset=\"https:\/\/ilomas.org.ar\/codililz\/wp-content\/uploads\/2024\/06\/juan-pablo-ii-150x150.png 150w, https:\/\/ilomas.org.ar\/codililz\/wp-content\/uploads\/2024\/06\/juan-pablo-ii-300x300.png 300w, https:\/\/ilomas.org.ar\/codililz\/wp-content\/uploads\/2024\/06\/juan-pablo-ii-100x100.png 100w, https:\/\/ilomas.org.ar\/codililz\/wp-content\/uploads\/2024\/06\/juan-pablo-ii.png 350w\" sizes=\"(max-width: 150px) 100vw, 150px\" \/><\/div><\/div><\/li><li class=\"shared-files-card-422\"><div class=\"shared-files-main-elements\"><div class=\"shared-files-main-elements-left\" style=\"background-image: url(https:\/\/ilomas.org.ar\/codililz\/wp-content\/uploads\/2024\/07\/file-word_9254692.svg);\"><\/div><div class=\"shared-files-main-elements-right\"><a class=\"shared-files-file-title\"  data-file-type=\"\"  data-file-url=\"\/codililz\/shared-files\/422\/?Carta-Apostolica-Ministeria-Quaedam.doc\"  data-external-url=\"\"  data-image-url=\"https:\/\/ilomas.org.ar\/codililz\/wp-content\/uploads\/2024\/07\/paolo-VI.png\" href=\"\/codililz\/shared-files\/422\/?Carta-Apostolica-Ministeria-Quaedam.doc\" target=\"_blank\">Carta Apostolica Ministeria Quaedam<\/a><span class=\"shared-file-size\">34.00 KB<\/span><a href=\"https:\/\/view.officeapps.live.com\/op\/view.aspx?src=https%3A%2F%2Filomas.org.ar%2Fcodililz%2Fshared-files%2F422%2F%3FCarta-Apostolica-Ministeria-Quaedam.doc\" target=\"_blank\" class=\"shared-files-preview-button\">Vista Previa<\/a><span class=\"shared-file-date\">June 29, 2024<\/span><div class=\"shared-files-download-counter\"><span>Descargas 472<\/span><\/div><div class=\"shared-file-description-container\">La Carta Apost\u00f3lica \"Ministeria Quaedam\" es un documento emitido por el Papa Pablo VI el 15 de agosto de 1972. Este documento trata sobre la revisi\u00f3n de los ministerios menores en la Iglesia Cat\u00f3lica, una reforma que se hizo en el contexto de los cambios lit\u00fargicos y pastorales impulsados por el Concilio Vaticano II. <\/div><div class=\"shared-files-download-button-container\"><a href=\"\/codililz\/shared-files\/422\/?Carta-Apostolica-Ministeria-Quaedam.doc&download=1\" class=\"shared-files-download-button\"  >Descargar<\/a><\/div><div class=\"shared-files-edit-actions\"><\/div><\/div><div class=\"shared-files-main-elements-featured-image\"><img decoding=\"async\" width=\"150\" height=\"150\" src=\"https:\/\/ilomas.org.ar\/codililz\/wp-content\/uploads\/2024\/07\/paolo-VI-150x150.png\" class=\"attachment-thumbnail size-thumbnail wp-post-image\" alt=\"\" srcset=\"https:\/\/ilomas.org.ar\/codililz\/wp-content\/uploads\/2024\/07\/paolo-VI-150x150.png 150w, https:\/\/ilomas.org.ar\/codililz\/wp-content\/uploads\/2024\/07\/paolo-VI-300x300.png 300w, https:\/\/ilomas.org.ar\/codililz\/wp-content\/uploads\/2024\/07\/paolo-VI-100x100.png 100w, https:\/\/ilomas.org.ar\/codililz\/wp-content\/uploads\/2024\/07\/paolo-VI.png 350w\" sizes=\"(max-width: 150px) 100vw, 150px\" \/><\/div><\/div><\/li><li class=\"shared-files-card-426\"><div class=\"shared-files-main-elements\"><div class=\"shared-files-main-elements-left\" style=\"background-image: url(https:\/\/ilomas.org.ar\/codililz\/wp-content\/uploads\/2024\/07\/file-word_9254692.svg);\"><\/div><div class=\"shared-files-main-elements-right\"><a class=\"shared-files-file-title\"  data-file-type=\"\"  data-file-url=\"\/codililz\/shared-files\/426\/?Carta-Apostolica-VICESIMUS-QUINTUS-ANNUS1.doc\"  data-external-url=\"\"  data-image-url=\"https:\/\/ilomas.org.ar\/codililz\/wp-content\/uploads\/2024\/06\/juan-pablo-ii.png\" href=\"\/codililz\/shared-files\/426\/?Carta-Apostolica-VICESIMUS-QUINTUS-ANNUS1.doc\" target=\"_blank\">Carta Apostolica VICESIMUS QUINTUS ANNUS(1)<\/a><span class=\"shared-file-size\">194.50 KB<\/span><a href=\"https:\/\/view.officeapps.live.com\/op\/view.aspx?src=https%3A%2F%2Filomas.org.ar%2Fcodililz%2Fshared-files%2F426%2F%3FCarta-Apostolica-VICESIMUS-QUINTUS-ANNUS1.doc\" target=\"_blank\" class=\"shared-files-preview-button\">Vista Previa<\/a><span class=\"shared-file-date\">June 29, 2024<\/span><div class=\"shared-files-download-counter\"><span>Descargas 370<\/span><\/div><div class=\"shared-file-description-container\">La Carta Apost\u00f3lica \"Vicesimus Quintus Annus\" es un documento emitido por el Papa Juan Pablo II el 4 de diciembre de 1988, con motivo del 25\u00ba aniversario de la promulgaci\u00f3n de la Constituci\u00f3n sobre la Sagrada Liturgia, Sacrosanctum Concilium, del Concilio Vaticano II.<\/div><div class=\"shared-files-download-button-container\"><a href=\"\/codililz\/shared-files\/426\/?Carta-Apostolica-VICESIMUS-QUINTUS-ANNUS1.doc&download=1\" class=\"shared-files-download-button\"  >Descargar<\/a><\/div><div class=\"shared-files-edit-actions\"><\/div><\/div><div class=\"shared-files-main-elements-featured-image\"><img decoding=\"async\" width=\"150\" height=\"150\" src=\"https:\/\/ilomas.org.ar\/codililz\/wp-content\/uploads\/2024\/06\/juan-pablo-ii-150x150.png\" class=\"attachment-thumbnail size-thumbnail wp-post-image\" alt=\"\" srcset=\"https:\/\/ilomas.org.ar\/codililz\/wp-content\/uploads\/2024\/06\/juan-pablo-ii-150x150.png 150w, https:\/\/ilomas.org.ar\/codililz\/wp-content\/uploads\/2024\/06\/juan-pablo-ii-300x300.png 300w, https:\/\/ilomas.org.ar\/codililz\/wp-content\/uploads\/2024\/06\/juan-pablo-ii-100x100.png 100w, https:\/\/ilomas.org.ar\/codililz\/wp-content\/uploads\/2024\/06\/juan-pablo-ii.png 350w\" sizes=\"(max-width: 150px) 100vw, 150px\" \/><\/div><\/div><\/li><li class=\"shared-files-card-427\"><div class=\"shared-files-main-elements\"><div class=\"shared-files-main-elements-left\" style=\"background-image: url(https:\/\/ilomas.org.ar\/codililz\/wp-content\/uploads\/2024\/07\/file-pdf_9254689.svg);\"><\/div><div class=\"shared-files-main-elements-right\"><a class=\"shared-files-file-title\"  data-file-type=\"\"  data-file-url=\"\/codililz\/shared-files\/427\/?DECRETO-215-11L-Nombre-de-San-Jose-en-la-Plegaria-Eucaristica.pdf\"  data-external-url=\"\"  data-image-url=\"https:\/\/ilomas.org.ar\/codililz\/wp-content\/uploads\/2024\/07\/1.-logo-Congregacion-para-el-Culto-Divino-y-la-Disciplina-de-los-Sacramentos.png\" href=\"\/codililz\/shared-files\/427\/?DECRETO-215-11L-Nombre-de-San-Jose-en-la-Plegaria-Eucaristica.pdf\" target=\"_blank\">DECRETO 215 11L Nombre de San Jose en la Plegaria Eucaristica<\/a><span class=\"shared-file-size\">64.85 KB<\/span><a href=\"https:\/\/ilomas.org.ar\/codililz\/shared-files\/427\/?DECRETO-215-11L-Nombre-de-San-Jose-en-la-Plegaria-Eucaristica.pdf\" target=\"_blank\" class=\"shared-files-preview-button\">Vista Previa<\/a><span class=\"shared-file-date\">July 1, 2024<\/span><div class=\"shared-files-download-counter\"><span>Descargas 421<\/span><\/div><div class=\"shared-file-description-container\">El Decreto 215\/11\/L, titulado \"Nombre de San Jos\u00e9 en la Plegaria Eucar\u00edstica\", es un documento emitido por la Congregaci\u00f3n para el Culto Divino y la Disciplina de los Sacramentos el 1 de mayo de 2013. Este decreto, autorizado por el Papa Francisco, dispone la inserci\u00f3n del nombre de San Jos\u00e9 en las Plegarias Eucar\u00edsticas II, III y IV del Misal Romano.<\/div><div class=\"shared-files-download-button-container\"><a href=\"\/codililz\/shared-files\/427\/?DECRETO-215-11L-Nombre-de-San-Jose-en-la-Plegaria-Eucaristica.pdf&download=1\" class=\"shared-files-download-button\"  >Descargar<\/a><\/div><div class=\"shared-files-edit-actions\"><\/div><\/div><div class=\"shared-files-main-elements-featured-image\"><img decoding=\"async\" width=\"150\" height=\"150\" src=\"https:\/\/ilomas.org.ar\/codililz\/wp-content\/uploads\/2024\/07\/1.-logo-Congregacion-para-el-Culto-Divino-y-la-Disciplina-de-los-Sacramentos-150x150.png\" class=\"attachment-thumbnail size-thumbnail wp-post-image\" alt=\"\" srcset=\"https:\/\/ilomas.org.ar\/codililz\/wp-content\/uploads\/2024\/07\/1.-logo-Congregacion-para-el-Culto-Divino-y-la-Disciplina-de-los-Sacramentos-150x150.png 150w, https:\/\/ilomas.org.ar\/codililz\/wp-content\/uploads\/2024\/07\/1.-logo-Congregacion-para-el-Culto-Divino-y-la-Disciplina-de-los-Sacramentos-300x300.png 300w, https:\/\/ilomas.org.ar\/codililz\/wp-content\/uploads\/2024\/07\/1.-logo-Congregacion-para-el-Culto-Divino-y-la-Disciplina-de-los-Sacramentos-100x100.png 100w, https:\/\/ilomas.org.ar\/codililz\/wp-content\/uploads\/2024\/07\/1.-logo-Congregacion-para-el-Culto-Divino-y-la-Disciplina-de-los-Sacramentos.png 350w\" sizes=\"(max-width: 150px) 100vw, 150px\" \/><\/div><\/div><\/li><li class=\"shared-files-card-430\"><div class=\"shared-files-main-elements\"><div class=\"shared-files-main-elements-left\" style=\"background-image: url(https:\/\/ilomas.org.ar\/codililz\/wp-content\/uploads\/2024\/07\/file-pdf_9254689.svg);\"><\/div><div class=\"shared-files-main-elements-right\"><a class=\"shared-files-file-title\"  data-file-type=\"\"  data-file-url=\"\/codililz\/shared-files\/430\/?Formula-liturgica-Plegaria-Eucaristica-San-Jose-varias-lenguas.pdf\"  data-external-url=\"\"  data-image-url=\"https:\/\/ilomas.org.ar\/codililz\/wp-content\/uploads\/2024\/07\/1.-logo-Congregacion-para-el-Culto-Divino-y-la-Disciplina-de-los-Sacramentos.png\" href=\"\/codililz\/shared-files\/430\/?Formula-liturgica-Plegaria-Eucaristica-San-Jose-varias-lenguas.pdf\" target=\"_blank\">Formula liturgica Plegaria Eucaristica San Jose varias lenguas<\/a><span class=\"shared-file-size\">115.64 KB<\/span><a href=\"https:\/\/ilomas.org.ar\/codililz\/shared-files\/430\/?Formula-liturgica-Plegaria-Eucaristica-San-Jose-varias-lenguas.pdf\" target=\"_blank\" class=\"shared-files-preview-button\">Vista Previa<\/a><span class=\"shared-file-date\">July 1, 2024<\/span><div class=\"shared-files-download-counter\"><span>Descargas 351<\/span><\/div><div class=\"shared-file-description-container\">La f\u00f3rmula lit\u00fargica que incorpora el nombre de San Jos\u00e9 en la Plegaria Eucar\u00edstica se ha establecido para ser utilizada en diversas lenguas, siguiendo el Decreto 215\/11\/L emitido por la Congregaci\u00f3n para el Culto Divino y la Disciplina de los Sacramentos el 1 de mayo de 2013.<\/div><div class=\"shared-files-download-button-container\"><a href=\"\/codililz\/shared-files\/430\/?Formula-liturgica-Plegaria-Eucaristica-San-Jose-varias-lenguas.pdf&download=1\" class=\"shared-files-download-button\"  >Descargar<\/a><\/div><div class=\"shared-files-edit-actions\"><\/div><\/div><div class=\"shared-files-main-elements-featured-image\"><img decoding=\"async\" width=\"150\" height=\"150\" src=\"https:\/\/ilomas.org.ar\/codililz\/wp-content\/uploads\/2024\/07\/1.-logo-Congregacion-para-el-Culto-Divino-y-la-Disciplina-de-los-Sacramentos-150x150.png\" class=\"attachment-thumbnail size-thumbnail wp-post-image\" alt=\"\" srcset=\"https:\/\/ilomas.org.ar\/codililz\/wp-content\/uploads\/2024\/07\/1.-logo-Congregacion-para-el-Culto-Divino-y-la-Disciplina-de-los-Sacramentos-150x150.png 150w, https:\/\/ilomas.org.ar\/codililz\/wp-content\/uploads\/2024\/07\/1.-logo-Congregacion-para-el-Culto-Divino-y-la-Disciplina-de-los-Sacramentos-300x300.png 300w, https:\/\/ilomas.org.ar\/codililz\/wp-content\/uploads\/2024\/07\/1.-logo-Congregacion-para-el-Culto-Divino-y-la-Disciplina-de-los-Sacramentos-100x100.png 100w, https:\/\/ilomas.org.ar\/codililz\/wp-content\/uploads\/2024\/07\/1.-logo-Congregacion-para-el-Culto-Divino-y-la-Disciplina-de-los-Sacramentos.png 350w\" sizes=\"(max-width: 150px) 100vw, 150px\" \/><\/div><\/div><\/li><li class=\"shared-files-card-431\"><div class=\"shared-files-main-elements\"><div class=\"shared-files-main-elements-left\" style=\"background-image: url(https:\/\/ilomas.org.ar\/codililz\/wp-content\/uploads\/2024\/07\/file-word_9254692.svg);\"><\/div><div class=\"shared-files-main-elements-right\"><a class=\"shared-files-file-title\"  data-file-type=\"\"  data-file-url=\"\/codililz\/shared-files\/431\/?Instruccion-Calendaria-Particularia.doc\"  data-external-url=\"\"  data-image-url=\"https:\/\/ilomas.org.ar\/codililz\/wp-content\/uploads\/2024\/07\/1.-logo-Congregacion-para-el-Culto-Divino-y-la-Disciplina-de-los-Sacramentos.png\" href=\"\/codililz\/shared-files\/431\/?Instruccion-Calendaria-Particularia.doc\" target=\"_blank\">Instruccion Calendaria Particularia<\/a><span class=\"shared-file-size\">81.50 KB<\/span><a href=\"https:\/\/view.officeapps.live.com\/op\/view.aspx?src=https%3A%2F%2Filomas.org.ar%2Fcodililz%2Fshared-files%2F431%2F%3FInstruccion-Calendaria-Particularia.doc\" target=\"_blank\" class=\"shared-files-preview-button\">Vista Previa<\/a><span class=\"shared-file-date\">July 1, 2024<\/span><div class=\"shared-files-download-counter\"><span>Descargas 459<\/span><\/div><div class=\"shared-file-description-container\">La \"Instrucci\u00f3n Calendaria Particularia\" es un documento emitido por la Congregaci\u00f3n para el Culto Divino y la Disciplina de los Sacramentos que proporciona directrices sobre la elaboraci\u00f3n y la implementaci\u00f3n de los calendarios lit\u00fargicos particulares en la Iglesia Cat\u00f3lica. Este documento se enfoca en c\u00f3mo deben estructurarse los calendarios lit\u00fargicos locales para armonizarlos con el calendario lit\u00fargico universal de la Iglesia. <\/div><div class=\"shared-files-download-button-container\"><a href=\"\/codililz\/shared-files\/431\/?Instruccion-Calendaria-Particularia.doc&download=1\" class=\"shared-files-download-button\"  >Descargar<\/a><\/div><div class=\"shared-files-edit-actions\"><\/div><\/div><div class=\"shared-files-main-elements-featured-image\"><img decoding=\"async\" width=\"150\" height=\"150\" src=\"https:\/\/ilomas.org.ar\/codililz\/wp-content\/uploads\/2024\/07\/1.-logo-Congregacion-para-el-Culto-Divino-y-la-Disciplina-de-los-Sacramentos-150x150.png\" class=\"attachment-thumbnail size-thumbnail wp-post-image\" alt=\"\" srcset=\"https:\/\/ilomas.org.ar\/codililz\/wp-content\/uploads\/2024\/07\/1.-logo-Congregacion-para-el-Culto-Divino-y-la-Disciplina-de-los-Sacramentos-150x150.png 150w, https:\/\/ilomas.org.ar\/codililz\/wp-content\/uploads\/2024\/07\/1.-logo-Congregacion-para-el-Culto-Divino-y-la-Disciplina-de-los-Sacramentos-300x300.png 300w, https:\/\/ilomas.org.ar\/codililz\/wp-content\/uploads\/2024\/07\/1.-logo-Congregacion-para-el-Culto-Divino-y-la-Disciplina-de-los-Sacramentos-100x100.png 100w, https:\/\/ilomas.org.ar\/codililz\/wp-content\/uploads\/2024\/07\/1.-logo-Congregacion-para-el-Culto-Divino-y-la-Disciplina-de-los-Sacramentos.png 350w\" sizes=\"(max-width: 150px) 100vw, 150px\" \/><\/div><\/div><\/li><li class=\"shared-files-card-432\"><div class=\"shared-files-main-elements\"><div class=\"shared-files-main-elements-left\" style=\"background-image: url(https:\/\/ilomas.org.ar\/codililz\/wp-content\/uploads\/2024\/07\/file-word_9254692.svg);\"><\/div><div class=\"shared-files-main-elements-right\"><a class=\"shared-files-file-title\"  data-file-type=\"\"  data-file-url=\"\/codililz\/shared-files\/432\/?Instruccion-General-Misal-Romano.doc\"  data-external-url=\"\"  data-image-url=\"https:\/\/ilomas.org.ar\/codililz\/wp-content\/uploads\/2024\/07\/1.-logo-Congregacion-para-el-Culto-Divino-y-la-Disciplina-de-los-Sacramentos.png\" href=\"\/codililz\/shared-files\/432\/?Instruccion-General-Misal-Romano.doc\" target=\"_blank\">Instruccion General Misal Romano<\/a><span class=\"shared-file-size\">359.00 KB<\/span><a href=\"https:\/\/view.officeapps.live.com\/op\/view.aspx?src=https%3A%2F%2Filomas.org.ar%2Fcodililz%2Fshared-files%2F432%2F%3FInstruccion-General-Misal-Romano.doc\" target=\"_blank\" class=\"shared-files-preview-button\">Vista Previa<\/a><span class=\"shared-file-date\">July 1, 2024<\/span><div class=\"shared-files-download-counter\"><span>Descargas 491<\/span><\/div><div class=\"shared-file-description-container\">La \"Instrucci\u00f3n General del Misal Romano\" (IGMR) es un documento que acompa\u00f1a al Misal Romano y proporciona directrices detalladas para la celebraci\u00f3n de la Misa en la Iglesia Cat\u00f3lica. Este documento es fundamental para la correcta implementaci\u00f3n de la liturgia de la Misa seg\u00fan las normas y las disposiciones establecidas por la Iglesia.<\/div><div class=\"shared-files-download-button-container\"><a href=\"\/codililz\/shared-files\/432\/?Instruccion-General-Misal-Romano.doc&download=1\" class=\"shared-files-download-button\"  >Descargar<\/a><\/div><div class=\"shared-files-edit-actions\"><\/div><\/div><div class=\"shared-files-main-elements-featured-image\"><img decoding=\"async\" width=\"150\" height=\"150\" src=\"https:\/\/ilomas.org.ar\/codililz\/wp-content\/uploads\/2024\/07\/1.-logo-Congregacion-para-el-Culto-Divino-y-la-Disciplina-de-los-Sacramentos-150x150.png\" class=\"attachment-thumbnail size-thumbnail wp-post-image\" alt=\"\" srcset=\"https:\/\/ilomas.org.ar\/codililz\/wp-content\/uploads\/2024\/07\/1.-logo-Congregacion-para-el-Culto-Divino-y-la-Disciplina-de-los-Sacramentos-150x150.png 150w, https:\/\/ilomas.org.ar\/codililz\/wp-content\/uploads\/2024\/07\/1.-logo-Congregacion-para-el-Culto-Divino-y-la-Disciplina-de-los-Sacramentos-300x300.png 300w, https:\/\/ilomas.org.ar\/codililz\/wp-content\/uploads\/2024\/07\/1.-logo-Congregacion-para-el-Culto-Divino-y-la-Disciplina-de-los-Sacramentos-100x100.png 100w, https:\/\/ilomas.org.ar\/codililz\/wp-content\/uploads\/2024\/07\/1.-logo-Congregacion-para-el-Culto-Divino-y-la-Disciplina-de-los-Sacramentos.png 350w\" sizes=\"(max-width: 150px) 100vw, 150px\" \/><\/div><\/div><\/li><li class=\"shared-files-card-433\"><div class=\"shared-files-main-elements\"><div class=\"shared-files-main-elements-left\" style=\"background-image: url(https:\/\/ilomas.org.ar\/codililz\/wp-content\/uploads\/2024\/07\/file-word_9254692.svg);\"><\/div><div class=\"shared-files-main-elements-right\"><a class=\"shared-files-file-title\"  data-file-type=\"\"  data-file-url=\"\/codililz\/shared-files\/433\/?Instruccion-sobre-algunas-cuestiones-sobre-la-colaboracion-de-los-laicos.doc\"  data-external-url=\"\"  data-image-url=\"https:\/\/ilomas.org.ar\/codililz\/wp-content\/uploads\/2024\/07\/1.-santa-sede.png\" href=\"\/codililz\/shared-files\/433\/?Instruccion-sobre-algunas-cuestiones-sobre-la-colaboracion-de-los-laicos.doc\" target=\"_blank\">Instrucci\u00f3n sobre algunas cuestiones sobre la colaboraci\u00f3n de los laicos<\/a><span class=\"shared-file-size\">120.00 KB<\/span><a href=\"https:\/\/view.officeapps.live.com\/op\/view.aspx?src=https%3A%2F%2Filomas.org.ar%2Fcodililz%2Fshared-files%2F433%2F%3FInstruccion-sobre-algunas-cuestiones-sobre-la-colaboracion-de-los-laicos.doc\" target=\"_blank\" class=\"shared-files-preview-button\">Vista Previa<\/a><span class=\"shared-file-date\">July 1, 2024<\/span><div class=\"shared-files-download-counter\"><span>Descargas 456<\/span><\/div><div class=\"shared-file-description-container\">La \"Instrucci\u00f3n sobre algunas cuestiones sobre la colaboraci\u00f3n de los laicos en el ministerio de los sacerdotes\" es un documento emitido por varias congregaciones de la Santa Sede el 15 de agosto de 1997. Este documento aborda la relaci\u00f3n y colaboraci\u00f3n entre los laicos y el clero en el ministerio pastoral, clarificando los roles y l\u00edmites de los laicos en la Iglesia Cat\u00f3lica.<\/div><div class=\"shared-files-download-button-container\"><a href=\"\/codililz\/shared-files\/433\/?Instruccion-sobre-algunas-cuestiones-sobre-la-colaboracion-de-los-laicos.doc&download=1\" class=\"shared-files-download-button\"  >Descargar<\/a><\/div><div class=\"shared-files-edit-actions\"><\/div><\/div><div class=\"shared-files-main-elements-featured-image\"><img loading=\"lazy\" decoding=\"async\" width=\"150\" height=\"150\" src=\"https:\/\/ilomas.org.ar\/codililz\/wp-content\/uploads\/2024\/07\/1.-santa-sede-150x150.png\" class=\"attachment-thumbnail size-thumbnail wp-post-image\" alt=\"\" srcset=\"https:\/\/ilomas.org.ar\/codililz\/wp-content\/uploads\/2024\/07\/1.-santa-sede-150x150.png 150w, https:\/\/ilomas.org.ar\/codililz\/wp-content\/uploads\/2024\/07\/1.-santa-sede-300x300.png 300w, https:\/\/ilomas.org.ar\/codililz\/wp-content\/uploads\/2024\/07\/1.-santa-sede-100x100.png 100w, https:\/\/ilomas.org.ar\/codililz\/wp-content\/uploads\/2024\/07\/1.-santa-sede.png 350w\" sizes=\"(max-width: 150px) 100vw, 150px\" \/><\/div><\/div><\/li><li class=\"shared-files-card-438\"><div class=\"shared-files-main-elements\"><div class=\"shared-files-main-elements-left\" style=\"background-image: url(https:\/\/ilomas.org.ar\/codililz\/wp-content\/uploads\/2024\/07\/file-word_9254692.svg);\"><\/div><div class=\"shared-files-main-elements-right\"><a class=\"shared-files-file-title\"  data-file-type=\"\"  data-file-url=\"\/codililz\/shared-files\/438\/?Lecturas-2007.doc\"  data-external-url=\"\"  data-image-url=\"https:\/\/ilomas.org.ar\/codililz\/wp-content\/uploads\/2024\/07\/conferencia-episcopal-argentina.png\" href=\"\/codililz\/shared-files\/438\/?Lecturas-2007.doc\" target=\"_blank\">Lecturas 2007<\/a><span class=\"shared-file-size\">301.50 KB<\/span><a href=\"https:\/\/view.officeapps.live.com\/op\/view.aspx?src=https%3A%2F%2Filomas.org.ar%2Fcodililz%2Fshared-files%2F438%2F%3FLecturas-2007.doc\" target=\"_blank\" class=\"shared-files-preview-button\">Vista Previa<\/a><span class=\"shared-file-date\">July 1, 2024<\/span><div class=\"shared-files-download-counter\"><span>Descargas 394<\/span><\/div><div class=\"shared-file-description-container\">El documento \"Lecturas 2007\" parece ser un leccionario que detalla las lecturas b\u00edblicas asignadas para cada d\u00eda del a\u00f1o 2007 en la Iglesia Cat\u00f3lica. Este documento organiza las lecturas seg\u00fan el calendario lit\u00fargico, incluyendo los tiempos lit\u00fargicos de Navidad, Cuaresma, Pascua, y el Tiempo Ordinario, as\u00ed como las fiestas y solemnidades de los santos y otros eventos lit\u00fargicos especiales.<\/div><div class=\"shared-files-download-button-container\"><a href=\"\/codililz\/shared-files\/438\/?Lecturas-2007.doc&download=1\" class=\"shared-files-download-button\"  >Descargar<\/a><\/div><div class=\"shared-files-edit-actions\"><\/div><\/div><div class=\"shared-files-main-elements-featured-image\"><img loading=\"lazy\" decoding=\"async\" width=\"150\" height=\"150\" src=\"https:\/\/ilomas.org.ar\/codililz\/wp-content\/uploads\/2024\/07\/conferencia-episcopal-argentina-150x150.png\" class=\"attachment-thumbnail size-thumbnail wp-post-image\" alt=\"\" srcset=\"https:\/\/ilomas.org.ar\/codililz\/wp-content\/uploads\/2024\/07\/conferencia-episcopal-argentina-150x150.png 150w, https:\/\/ilomas.org.ar\/codililz\/wp-content\/uploads\/2024\/07\/conferencia-episcopal-argentina-100x100.png 100w\" sizes=\"(max-width: 150px) 100vw, 150px\" \/><\/div><\/div><\/li><li class=\"shared-files-card-440\"><div class=\"shared-files-main-elements\"><div class=\"shared-files-main-elements-left\" style=\"background-image: url(https:\/\/ilomas.org.ar\/codililz\/wp-content\/uploads\/2024\/07\/file-word_9254692.svg);\"><\/div><div class=\"shared-files-main-elements-right\"><a class=\"shared-files-file-title\"  data-file-type=\"\"  data-file-url=\"\/codililz\/shared-files\/440\/?Motu-Proprio-Summorum-Pontificum.docx\"  data-external-url=\"\"  data-image-url=\"https:\/\/ilomas.org.ar\/codililz\/wp-content\/uploads\/2024\/07\/benedetto-XVI.png\" href=\"\/codililz\/shared-files\/440\/?Motu-Proprio-Summorum-Pontificum.docx\" target=\"_blank\">Motu Proprio Summorum Pontificum<\/a><span class=\"shared-file-size\">16.22 KB<\/span><a href=\"https:\/\/view.officeapps.live.com\/op\/view.aspx?src=https%3A%2F%2Filomas.org.ar%2Fcodililz%2Fshared-files%2F440%2F%3FMotu-Proprio-Summorum-Pontificum.docx\" target=\"_blank\" class=\"shared-files-preview-button\">Vista Previa<\/a><span class=\"shared-file-date\">July 1, 2024<\/span><div class=\"shared-files-download-counter\"><span>Descargas 420<\/span><\/div><div class=\"shared-file-description-container\">El Motu Proprio \"Summorum Pontificum\" es un documento emitido por el Papa Benedicto XVI el 7 de julio de 2007. Este documento trata sobre el uso del Misal Romano de 1962, tambi\u00e9n conocido como el Misal del Beato Juan XXIII, y regula la celebraci\u00f3n de la Misa en su forma extraordinaria dentro del rito romano de la Iglesia Cat\u00f3lica.<\/div><div class=\"shared-files-download-button-container\"><a href=\"\/codililz\/shared-files\/440\/?Motu-Proprio-Summorum-Pontificum.docx&download=1\" class=\"shared-files-download-button\"  >Descargar<\/a><\/div><div class=\"shared-files-edit-actions\"><\/div><\/div><div class=\"shared-files-main-elements-featured-image\"><img loading=\"lazy\" decoding=\"async\" width=\"150\" height=\"150\" src=\"https:\/\/ilomas.org.ar\/codililz\/wp-content\/uploads\/2024\/07\/benedetto-XVI-150x150.png\" class=\"attachment-thumbnail size-thumbnail wp-post-image\" alt=\"\" srcset=\"https:\/\/ilomas.org.ar\/codililz\/wp-content\/uploads\/2024\/07\/benedetto-XVI-150x150.png 150w, https:\/\/ilomas.org.ar\/codililz\/wp-content\/uploads\/2024\/07\/benedetto-XVI-300x300.png 300w, https:\/\/ilomas.org.ar\/codililz\/wp-content\/uploads\/2024\/07\/benedetto-XVI-100x100.png 100w, https:\/\/ilomas.org.ar\/codililz\/wp-content\/uploads\/2024\/07\/benedetto-XVI.png 350w\" sizes=\"(max-width: 150px) 100vw, 150px\" \/><\/div><\/div><\/li><li class=\"shared-files-card-445\"><div class=\"shared-files-main-elements\"><div class=\"shared-files-main-elements-left\" style=\"background-image: url(https:\/\/ilomas.org.ar\/codililz\/wp-content\/uploads\/2024\/07\/file-word_9254692.svg);\"><\/div><div class=\"shared-files-main-elements-right\"><a class=\"shared-files-file-title\"  data-file-type=\"\"  data-file-url=\"\/codililz\/shared-files\/445\/?Normas-universales-Ano-liturgico-y-Calendario.doc\"  data-external-url=\"\"  data-image-url=\"https:\/\/ilomas.org.ar\/codililz\/wp-content\/uploads\/2024\/07\/paolo-VI.png\" href=\"\/codililz\/shared-files\/445\/?Normas-universales-Ano-liturgico-y-Calendario.doc\" target=\"_blank\">Normas universales A\u00f1o liturgico y Calendario<\/a><span class=\"shared-file-size\">83.00 KB<\/span><a href=\"https:\/\/view.officeapps.live.com\/op\/view.aspx?src=https%3A%2F%2Filomas.org.ar%2Fcodililz%2Fshared-files%2F445%2F%3FNormas-universales-Ano-liturgico-y-Calendario.doc\" target=\"_blank\" class=\"shared-files-preview-button\">Vista Previa<\/a><span class=\"shared-file-date\">julio 2, 2024<\/span><div class=\"shared-files-download-counter\"><span>Descargas 411<\/span><\/div><div class=\"shared-file-description-container\">El documento \"Normas Universales del A\u00f1o Lit\u00fargico y del Calendario\" es una carta apost\u00f3lica titulada \"Mysterii Paschalis\" emitida por el Papa Pablo VI en forma de motu proprio. Este documento fue promulgado el 14 de febrero de 1969 y establece las normas generales para la organizaci\u00f3n del a\u00f1o lit\u00fargico y la estructuraci\u00f3n del calendario lit\u00fargico universal. <\/div><div class=\"shared-files-download-button-container\"><a href=\"\/codililz\/shared-files\/445\/?Normas-universales-Ano-liturgico-y-Calendario.doc&download=1\" class=\"shared-files-download-button\"  >Descargar<\/a><\/div><div class=\"shared-files-edit-actions\"><\/div><\/div><div class=\"shared-files-main-elements-featured-image\"><img decoding=\"async\" width=\"150\" height=\"150\" src=\"https:\/\/ilomas.org.ar\/codililz\/wp-content\/uploads\/2024\/07\/paolo-VI-150x150.png\" class=\"attachment-thumbnail size-thumbnail wp-post-image\" alt=\"\" srcset=\"https:\/\/ilomas.org.ar\/codililz\/wp-content\/uploads\/2024\/07\/paolo-VI-150x150.png 150w, https:\/\/ilomas.org.ar\/codililz\/wp-content\/uploads\/2024\/07\/paolo-VI-300x300.png 300w, https:\/\/ilomas.org.ar\/codililz\/wp-content\/uploads\/2024\/07\/paolo-VI-100x100.png 100w, https:\/\/ilomas.org.ar\/codililz\/wp-content\/uploads\/2024\/07\/paolo-VI.png 350w\" sizes=\"(max-width: 150px) 100vw, 150px\" \/><\/div><\/div><\/li><li class=\"shared-files-card-446\"><div class=\"shared-files-main-elements\"><div class=\"shared-files-main-elements-left\" style=\"background-image: url(https:\/\/ilomas.org.ar\/codililz\/wp-content\/uploads\/2024\/07\/file-word_9254692.svg);\"><\/div><div class=\"shared-files-main-elements-right\"><a class=\"shared-files-file-title\"  data-file-type=\"\"  data-file-url=\"\/codililz\/shared-files\/446\/?Notas-preliminares-RICA.doc\"  data-external-url=\"\"  data-image-url=\"https:\/\/ilomas.org.ar\/codililz\/wp-content\/uploads\/2024\/07\/1.-logo-Congregacion-para-el-Culto-Divino-y-la-Disciplina-de-los-Sacramentos.png\" href=\"\/codililz\/shared-files\/446\/?Notas-preliminares-RICA.doc\" target=\"_blank\">Notas preliminares RICA<\/a><span class=\"shared-file-size\">167.00 KB<\/span><a href=\"https:\/\/view.officeapps.live.com\/op\/view.aspx?src=https%3A%2F%2Filomas.org.ar%2Fcodililz%2Fshared-files%2F446%2F%3FNotas-preliminares-RICA.doc\" target=\"_blank\" class=\"shared-files-preview-button\">Vista Previa<\/a><span class=\"shared-file-date\">July 1, 2024<\/span><div class=\"shared-files-download-counter\"><span>Descargas 498<\/span><\/div><div class=\"shared-file-description-container\">El documento \"Notas Preliminares del Ritual de la Iniciaci\u00f3n Cristiana de Adultos\" (RICA) proporciona una gu\u00eda detallada sobre el proceso de iniciaci\u00f3n de adultos en la fe cristiana dentro de la Iglesia Cat\u00f3lica. <\/div><div class=\"shared-files-download-button-container\"><a href=\"\/codililz\/shared-files\/446\/?Notas-preliminares-RICA.doc&download=1\" class=\"shared-files-download-button\"  >Descargar<\/a><\/div><div class=\"shared-files-edit-actions\"><\/div><\/div><div class=\"shared-files-main-elements-featured-image\"><img decoding=\"async\" width=\"150\" height=\"150\" src=\"https:\/\/ilomas.org.ar\/codililz\/wp-content\/uploads\/2024\/07\/1.-logo-Congregacion-para-el-Culto-Divino-y-la-Disciplina-de-los-Sacramentos-150x150.png\" class=\"attachment-thumbnail size-thumbnail wp-post-image\" alt=\"\" srcset=\"https:\/\/ilomas.org.ar\/codililz\/wp-content\/uploads\/2024\/07\/1.-logo-Congregacion-para-el-Culto-Divino-y-la-Disciplina-de-los-Sacramentos-150x150.png 150w, https:\/\/ilomas.org.ar\/codililz\/wp-content\/uploads\/2024\/07\/1.-logo-Congregacion-para-el-Culto-Divino-y-la-Disciplina-de-los-Sacramentos-300x300.png 300w, https:\/\/ilomas.org.ar\/codililz\/wp-content\/uploads\/2024\/07\/1.-logo-Congregacion-para-el-Culto-Divino-y-la-Disciplina-de-los-Sacramentos-100x100.png 100w, https:\/\/ilomas.org.ar\/codililz\/wp-content\/uploads\/2024\/07\/1.-logo-Congregacion-para-el-Culto-Divino-y-la-Disciplina-de-los-Sacramentos.png 350w\" sizes=\"(max-width: 150px) 100vw, 150px\" \/><\/div><\/div><\/li><li class=\"shared-files-card-447\"><div class=\"shared-files-main-elements\"><div class=\"shared-files-main-elements-left\" style=\"background-image: url(https:\/\/ilomas.org.ar\/codililz\/wp-content\/uploads\/2024\/07\/file-word_9254692.svg);\"><\/div><div class=\"shared-files-main-elements-right\"><a class=\"shared-files-file-title\"  data-file-type=\"\"  data-file-url=\"\/codililz\/shared-files\/447\/?Notas-Preliminares-Ritual-Consagracion-de-Virgenes.doc\"  data-external-url=\"\"  data-image-url=\"https:\/\/ilomas.org.ar\/codililz\/wp-content\/uploads\/2024\/07\/1.-logo-Congregacion-para-el-Culto-Divino-y-la-Disciplina-de-los-Sacramentos.png\" href=\"\/codililz\/shared-files\/447\/?Notas-Preliminares-Ritual-Consagracion-de-Virgenes.doc\" target=\"_blank\">Notas Preliminares Ritual Consagracion de Virgenes<\/a><span class=\"shared-file-size\">26.50 KB<\/span><a href=\"https:\/\/view.officeapps.live.com\/op\/view.aspx?src=https%3A%2F%2Filomas.org.ar%2Fcodililz%2Fshared-files%2F447%2F%3FNotas-Preliminares-Ritual-Consagracion-de-Virgenes.doc\" target=\"_blank\" class=\"shared-files-preview-button\">Vista Previa<\/a><span class=\"shared-file-date\">July 1, 2024<\/span><div class=\"shared-files-download-counter\"><span>Descargas 477<\/span><\/div><div class=\"shared-file-description-container\">El documento \"Notas Preliminares del Ritual de la Consagraci\u00f3n de V\u00edrgenes\" proporciona una gu\u00eda y directrices detalladas sobre la consagraci\u00f3n de v\u00edrgenes dentro de la Iglesia Cat\u00f3lica. <\/div><div class=\"shared-files-download-button-container\"><a href=\"\/codililz\/shared-files\/447\/?Notas-Preliminares-Ritual-Consagracion-de-Virgenes.doc&download=1\" class=\"shared-files-download-button\"  >Descargar<\/a><\/div><div class=\"shared-files-edit-actions\"><\/div><\/div><div class=\"shared-files-main-elements-featured-image\"><img decoding=\"async\" width=\"150\" height=\"150\" src=\"https:\/\/ilomas.org.ar\/codililz\/wp-content\/uploads\/2024\/07\/1.-logo-Congregacion-para-el-Culto-Divino-y-la-Disciplina-de-los-Sacramentos-150x150.png\" class=\"attachment-thumbnail size-thumbnail wp-post-image\" alt=\"\" srcset=\"https:\/\/ilomas.org.ar\/codililz\/wp-content\/uploads\/2024\/07\/1.-logo-Congregacion-para-el-Culto-Divino-y-la-Disciplina-de-los-Sacramentos-150x150.png 150w, https:\/\/ilomas.org.ar\/codililz\/wp-content\/uploads\/2024\/07\/1.-logo-Congregacion-para-el-Culto-Divino-y-la-Disciplina-de-los-Sacramentos-300x300.png 300w, https:\/\/ilomas.org.ar\/codililz\/wp-content\/uploads\/2024\/07\/1.-logo-Congregacion-para-el-Culto-Divino-y-la-Disciplina-de-los-Sacramentos-100x100.png 100w, https:\/\/ilomas.org.ar\/codililz\/wp-content\/uploads\/2024\/07\/1.-logo-Congregacion-para-el-Culto-Divino-y-la-Disciplina-de-los-Sacramentos.png 350w\" sizes=\"(max-width: 150px) 100vw, 150px\" \/><\/div><\/div><\/li><li class=\"shared-files-card-448\"><div class=\"shared-files-main-elements\"><div class=\"shared-files-main-elements-left\" style=\"background-image: url(https:\/\/ilomas.org.ar\/codililz\/wp-content\/uploads\/2024\/07\/file-word_9254692.svg);\"><\/div><div class=\"shared-files-main-elements-right\"><a class=\"shared-files-file-title\"  data-file-type=\"\"  data-file-url=\"\/codililz\/shared-files\/448\/?Notas-Preliminares-Ritual-de-la-Profesion-Religiosa.doc\"  data-external-url=\"\"  data-image-url=\"https:\/\/ilomas.org.ar\/codililz\/wp-content\/uploads\/2024\/07\/1.-logo-Congregacion-para-el-Culto-Divino-y-la-Disciplina-de-los-Sacramentos.png\" href=\"\/codililz\/shared-files\/448\/?Notas-Preliminares-Ritual-de-la-Profesion-Religiosa.doc\" target=\"_blank\">Notas Preliminares Ritual de la Profesion Religiosa<\/a><span class=\"shared-file-size\">31.00 KB<\/span><a href=\"https:\/\/view.officeapps.live.com\/op\/view.aspx?src=https%3A%2F%2Filomas.org.ar%2Fcodililz%2Fshared-files%2F448%2F%3FNotas-Preliminares-Ritual-de-la-Profesion-Religiosa.doc\" target=\"_blank\" class=\"shared-files-preview-button\">Vista Previa<\/a><span class=\"shared-file-date\">July 1, 2024<\/span><div class=\"shared-files-download-counter\"><span>Descargas 470<\/span><\/div><div class=\"shared-file-description-container\">El documento es una gu\u00eda oficial de la Iglesia Cat\u00f3lica que describe y regula las etapas y ritos asociados con la profesi\u00f3n religiosa. Establece las normas para los diversos rituales que marcan el camino de un religioso, desde el noviciado hasta la profesi\u00f3n perpetua, incluyendo la renovaci\u00f3n de votos.<\/div><div class=\"shared-files-download-button-container\"><a href=\"\/codililz\/shared-files\/448\/?Notas-Preliminares-Ritual-de-la-Profesion-Religiosa.doc&download=1\" class=\"shared-files-download-button\"  >Descargar<\/a><\/div><div class=\"shared-files-edit-actions\"><\/div><\/div><div class=\"shared-files-main-elements-featured-image\"><img decoding=\"async\" width=\"150\" height=\"150\" src=\"https:\/\/ilomas.org.ar\/codililz\/wp-content\/uploads\/2024\/07\/1.-logo-Congregacion-para-el-Culto-Divino-y-la-Disciplina-de-los-Sacramentos-150x150.png\" class=\"attachment-thumbnail size-thumbnail wp-post-image\" alt=\"\" srcset=\"https:\/\/ilomas.org.ar\/codililz\/wp-content\/uploads\/2024\/07\/1.-logo-Congregacion-para-el-Culto-Divino-y-la-Disciplina-de-los-Sacramentos-150x150.png 150w, https:\/\/ilomas.org.ar\/codililz\/wp-content\/uploads\/2024\/07\/1.-logo-Congregacion-para-el-Culto-Divino-y-la-Disciplina-de-los-Sacramentos-300x300.png 300w, https:\/\/ilomas.org.ar\/codililz\/wp-content\/uploads\/2024\/07\/1.-logo-Congregacion-para-el-Culto-Divino-y-la-Disciplina-de-los-Sacramentos-100x100.png 100w, https:\/\/ilomas.org.ar\/codililz\/wp-content\/uploads\/2024\/07\/1.-logo-Congregacion-para-el-Culto-Divino-y-la-Disciplina-de-los-Sacramentos.png 350w\" sizes=\"(max-width: 150px) 100vw, 150px\" \/><\/div><\/div><\/li><li class=\"shared-files-card-449\"><div class=\"shared-files-main-elements\"><div class=\"shared-files-main-elements-left\" style=\"background-image: url(https:\/\/ilomas.org.ar\/codililz\/wp-content\/uploads\/2024\/07\/file-word_9254692.svg);\"><\/div><div class=\"shared-files-main-elements-right\"><a class=\"shared-files-file-title\"  data-file-type=\"\"  data-file-url=\"\/codililz\/shared-files\/449\/?Notas-preliminares-Ritual-de-Ordenes.doc\"  data-external-url=\"\"  data-image-url=\"https:\/\/ilomas.org.ar\/codililz\/wp-content\/uploads\/2024\/07\/paolo-VI.png\" href=\"\/codililz\/shared-files\/449\/?Notas-preliminares-Ritual-de-Ordenes.doc\" target=\"_blank\">Notas preliminares Ritual de Ordenes<\/a><span class=\"shared-file-size\">97.50 KB<\/span><a href=\"https:\/\/view.officeapps.live.com\/op\/view.aspx?src=https%3A%2F%2Filomas.org.ar%2Fcodililz%2Fshared-files%2F449%2F%3FNotas-preliminares-Ritual-de-Ordenes.doc\" target=\"_blank\" class=\"shared-files-preview-button\">Vista Previa<\/a><span class=\"shared-file-date\">July 1, 2024<\/span><div class=\"shared-files-download-counter\"><span>Descargas 500<\/span><\/div><div class=\"shared-file-description-container\">El documento es un decreto emitido por la Congregaci\u00f3n para el Culto Divino. Este documento contiene las revisiones y normas lit\u00fargicas relacionadas con la ordenaci\u00f3n de di\u00e1conos, presb\u00edteros y obispos. <\/div><div class=\"shared-files-download-button-container\"><a href=\"\/codililz\/shared-files\/449\/?Notas-preliminares-Ritual-de-Ordenes.doc&download=1\" class=\"shared-files-download-button\"  >Descargar<\/a><\/div><div class=\"shared-files-edit-actions\"><\/div><\/div><div class=\"shared-files-main-elements-featured-image\"><img decoding=\"async\" width=\"150\" height=\"150\" src=\"https:\/\/ilomas.org.ar\/codililz\/wp-content\/uploads\/2024\/07\/paolo-VI-150x150.png\" class=\"attachment-thumbnail size-thumbnail wp-post-image\" alt=\"\" srcset=\"https:\/\/ilomas.org.ar\/codililz\/wp-content\/uploads\/2024\/07\/paolo-VI-150x150.png 150w, https:\/\/ilomas.org.ar\/codililz\/wp-content\/uploads\/2024\/07\/paolo-VI-300x300.png 300w, https:\/\/ilomas.org.ar\/codililz\/wp-content\/uploads\/2024\/07\/paolo-VI-100x100.png 100w, https:\/\/ilomas.org.ar\/codililz\/wp-content\/uploads\/2024\/07\/paolo-VI.png 350w\" sizes=\"(max-width: 150px) 100vw, 150px\" \/><\/div><\/div><\/li><li class=\"shared-files-card-450\"><div class=\"shared-files-main-elements\"><div class=\"shared-files-main-elements-left\" style=\"background-image: url(https:\/\/ilomas.org.ar\/codililz\/wp-content\/uploads\/2024\/07\/file-word_9254692.svg);\"><\/div><div class=\"shared-files-main-elements-right\"><a class=\"shared-files-file-title\"  data-file-type=\"\"  data-file-url=\"\/codililz\/shared-files\/450\/?Notas-Preliminares-Ritual-Dedicacion-Iglesias-y-Altares.doc\"  data-external-url=\"\"  data-image-url=\"https:\/\/ilomas.org.ar\/codililz\/wp-content\/uploads\/2024\/07\/1.-logo-Congregacion-para-el-Culto-Divino-y-la-Disciplina-de-los-Sacramentos.png\" href=\"\/codililz\/shared-files\/450\/?Notas-Preliminares-Ritual-Dedicacion-Iglesias-y-Altares.doc\" target=\"_blank\">Notas Preliminares Ritual Dedicacion Iglesias y Altares<\/a><span class=\"shared-file-size\">88.00 KB<\/span><a href=\"https:\/\/view.officeapps.live.com\/op\/view.aspx?src=https%3A%2F%2Filomas.org.ar%2Fcodililz%2Fshared-files%2F450%2F%3FNotas-Preliminares-Ritual-Dedicacion-Iglesias-y-Altares.doc\" target=\"_blank\" class=\"shared-files-preview-button\">Vista Previa<\/a><span class=\"shared-file-date\">July 1, 2024<\/span><div class=\"shared-files-download-counter\"><span>Descargas 493<\/span><\/div><div class=\"shared-file-description-container\">El documento proporciona una gu\u00eda detallada sobre los ritos y ceremonias para la dedicaci\u00f3n de nuevas iglesias y altares dentro de la Iglesia Cat\u00f3lica. <\/div><div class=\"shared-files-download-button-container\"><a href=\"\/codililz\/shared-files\/450\/?Notas-Preliminares-Ritual-Dedicacion-Iglesias-y-Altares.doc&download=1\" class=\"shared-files-download-button\"  >Descargar<\/a><\/div><div class=\"shared-files-edit-actions\"><\/div><\/div><div class=\"shared-files-main-elements-featured-image\"><img decoding=\"async\" width=\"150\" height=\"150\" src=\"https:\/\/ilomas.org.ar\/codililz\/wp-content\/uploads\/2024\/07\/1.-logo-Congregacion-para-el-Culto-Divino-y-la-Disciplina-de-los-Sacramentos-150x150.png\" class=\"attachment-thumbnail size-thumbnail wp-post-image\" alt=\"\" srcset=\"https:\/\/ilomas.org.ar\/codililz\/wp-content\/uploads\/2024\/07\/1.-logo-Congregacion-para-el-Culto-Divino-y-la-Disciplina-de-los-Sacramentos-150x150.png 150w, https:\/\/ilomas.org.ar\/codililz\/wp-content\/uploads\/2024\/07\/1.-logo-Congregacion-para-el-Culto-Divino-y-la-Disciplina-de-los-Sacramentos-300x300.png 300w, https:\/\/ilomas.org.ar\/codililz\/wp-content\/uploads\/2024\/07\/1.-logo-Congregacion-para-el-Culto-Divino-y-la-Disciplina-de-los-Sacramentos-100x100.png 100w, https:\/\/ilomas.org.ar\/codililz\/wp-content\/uploads\/2024\/07\/1.-logo-Congregacion-para-el-Culto-Divino-y-la-Disciplina-de-los-Sacramentos.png 350w\" sizes=\"(max-width: 150px) 100vw, 150px\" \/><\/div><\/div><\/li><li class=\"shared-files-card-451\"><div class=\"shared-files-main-elements\"><div class=\"shared-files-main-elements-left\" style=\"background-image: url(https:\/\/ilomas.org.ar\/codililz\/wp-content\/uploads\/2024\/07\/file-word_9254692.svg);\"><\/div><div class=\"shared-files-main-elements-right\"><a class=\"shared-files-file-title\"  data-file-type=\"\"  data-file-url=\"\/codililz\/shared-files\/451\/?Notas-preliminares-Ritual-del-bautismo-de-ninos.doc\"  data-external-url=\"\"  data-image-url=\"https:\/\/ilomas.org.ar\/codililz\/wp-content\/uploads\/2024\/07\/1.-logo-Congregacion-para-el-Culto-Divino-y-la-Disciplina-de-los-Sacramentos.png\" href=\"\/codililz\/shared-files\/451\/?Notas-preliminares-Ritual-del-bautismo-de-ninos.doc\" target=\"_blank\">Notas preliminares Ritual del bautismo de ni\u00f1os<\/a><span class=\"shared-file-size\">99.50 KB<\/span><a href=\"https:\/\/view.officeapps.live.com\/op\/view.aspx?src=https%3A%2F%2Filomas.org.ar%2Fcodililz%2Fshared-files%2F451%2F%3FNotas-preliminares-Ritual-del-bautismo-de-ninos.doc\" target=\"_blank\" class=\"shared-files-preview-button\">Vista Previa<\/a><span class=\"shared-file-date\">July 2, 2024<\/span><div class=\"shared-files-download-counter\"><span>Descargas 544<\/span><\/div><div class=\"shared-file-description-container\">El documento es una gu\u00eda oficial de la Iglesia Cat\u00f3lica que proporciona directrices y explicaciones detalladas sobre la celebraci\u00f3n del sacramento del Bautismo para ni\u00f1os.<\/div><div class=\"shared-files-download-button-container\"><a href=\"\/codililz\/shared-files\/451\/?Notas-preliminares-Ritual-del-bautismo-de-ninos.doc&download=1\" class=\"shared-files-download-button\"  >Descargar<\/a><\/div><div class=\"shared-files-edit-actions\"><\/div><\/div><div class=\"shared-files-main-elements-featured-image\"><img decoding=\"async\" width=\"150\" height=\"150\" src=\"https:\/\/ilomas.org.ar\/codililz\/wp-content\/uploads\/2024\/07\/1.-logo-Congregacion-para-el-Culto-Divino-y-la-Disciplina-de-los-Sacramentos-150x150.png\" class=\"attachment-thumbnail size-thumbnail wp-post-image\" alt=\"\" srcset=\"https:\/\/ilomas.org.ar\/codililz\/wp-content\/uploads\/2024\/07\/1.-logo-Congregacion-para-el-Culto-Divino-y-la-Disciplina-de-los-Sacramentos-150x150.png 150w, https:\/\/ilomas.org.ar\/codililz\/wp-content\/uploads\/2024\/07\/1.-logo-Congregacion-para-el-Culto-Divino-y-la-Disciplina-de-los-Sacramentos-300x300.png 300w, https:\/\/ilomas.org.ar\/codililz\/wp-content\/uploads\/2024\/07\/1.-logo-Congregacion-para-el-Culto-Divino-y-la-Disciplina-de-los-Sacramentos-100x100.png 100w, https:\/\/ilomas.org.ar\/codililz\/wp-content\/uploads\/2024\/07\/1.-logo-Congregacion-para-el-Culto-Divino-y-la-Disciplina-de-los-Sacramentos.png 350w\" sizes=\"(max-width: 150px) 100vw, 150px\" \/><\/div><\/div><\/li><li class=\"shared-files-card-452\"><div class=\"shared-files-main-elements\"><div class=\"shared-files-main-elements-left\" style=\"background-image: url(https:\/\/ilomas.org.ar\/codililz\/wp-content\/uploads\/2024\/07\/file-word_9254692.svg);\"><\/div><div class=\"shared-files-main-elements-right\"><a class=\"shared-files-file-title\"  data-file-type=\"\"  data-file-url=\"\/codililz\/shared-files\/452\/?Notas-premiliminares-Ritual-Confirmacion.doc\"  data-external-url=\"\"  data-image-url=\"https:\/\/ilomas.org.ar\/codililz\/wp-content\/uploads\/2024\/07\/1.-logo-Congregacion-para-el-Culto-Divino-y-la-Disciplina-de-los-Sacramentos.png\" href=\"\/codililz\/shared-files\/452\/?Notas-premiliminares-Ritual-Confirmacion.doc\" target=\"_blank\">Notas premiliminares Ritual Confirmacion<\/a><span class=\"shared-file-size\">57.00 KB<\/span><a href=\"https:\/\/view.officeapps.live.com\/op\/view.aspx?src=https%3A%2F%2Filomas.org.ar%2Fcodililz%2Fshared-files%2F452%2F%3FNotas-premiliminares-Ritual-Confirmacion.doc\" target=\"_blank\" class=\"shared-files-preview-button\">Vista Previa<\/a><span class=\"shared-file-date\">July 2, 2024<\/span><div class=\"shared-files-download-counter\"><span>Descargas 526<\/span><\/div><div class=\"shared-file-description-container\">El documento proporciona una gu\u00eda detallada sobre el rito de la Confirmaci\u00f3n en la Iglesia Cat\u00f3lica, explicando su naturaleza, importancia, y los pasos a seguir durante su celebraci\u00f3n. <\/div><div class=\"shared-files-download-button-container\"><a href=\"\/codililz\/shared-files\/452\/?Notas-premiliminares-Ritual-Confirmacion.doc&download=1\" class=\"shared-files-download-button\"  >Descargar<\/a><\/div><div class=\"shared-files-edit-actions\"><\/div><\/div><div class=\"shared-files-main-elements-featured-image\"><img decoding=\"async\" width=\"150\" height=\"150\" src=\"https:\/\/ilomas.org.ar\/codililz\/wp-content\/uploads\/2024\/07\/1.-logo-Congregacion-para-el-Culto-Divino-y-la-Disciplina-de-los-Sacramentos-150x150.png\" class=\"attachment-thumbnail size-thumbnail wp-post-image\" alt=\"\" srcset=\"https:\/\/ilomas.org.ar\/codililz\/wp-content\/uploads\/2024\/07\/1.-logo-Congregacion-para-el-Culto-Divino-y-la-Disciplina-de-los-Sacramentos-150x150.png 150w, https:\/\/ilomas.org.ar\/codililz\/wp-content\/uploads\/2024\/07\/1.-logo-Congregacion-para-el-Culto-Divino-y-la-Disciplina-de-los-Sacramentos-300x300.png 300w, https:\/\/ilomas.org.ar\/codililz\/wp-content\/uploads\/2024\/07\/1.-logo-Congregacion-para-el-Culto-Divino-y-la-Disciplina-de-los-Sacramentos-100x100.png 100w, https:\/\/ilomas.org.ar\/codililz\/wp-content\/uploads\/2024\/07\/1.-logo-Congregacion-para-el-Culto-Divino-y-la-Disciplina-de-los-Sacramentos.png 350w\" sizes=\"(max-width: 150px) 100vw, 150px\" \/><\/div><\/div><\/li><li class=\"shared-files-card-453\"><div class=\"shared-files-main-elements\"><div class=\"shared-files-main-elements-left\" style=\"background-image: url(https:\/\/ilomas.org.ar\/codililz\/wp-content\/uploads\/2024\/07\/file-word_9254692.svg);\"><\/div><div class=\"shared-files-main-elements-right\"><a class=\"shared-files-file-title\"  data-file-type=\"\"  data-file-url=\"\/codililz\/shared-files\/453\/?Ordenacion-General-de-la-Liturgia-de-las-Horas.doc\"  data-external-url=\"\"  data-image-url=\"https:\/\/ilomas.org.ar\/codililz\/wp-content\/uploads\/2024\/07\/1.-logo-Congregacion-para-el-Culto-Divino-y-la-Disciplina-de-los-Sacramentos.png\" href=\"\/codililz\/shared-files\/453\/?Ordenacion-General-de-la-Liturgia-de-las-Horas.doc\" target=\"_blank\">Ordenaci\u00f3n General de la Liturgia de las Horas<\/a><span class=\"shared-file-size\">182.50 KB<\/span><a href=\"https:\/\/view.officeapps.live.com\/op\/view.aspx?src=https%3A%2F%2Filomas.org.ar%2Fcodililz%2Fshared-files%2F453%2F%3FOrdenacion-General-de-la-Liturgia-de-las-Horas.doc\" target=\"_blank\" class=\"shared-files-preview-button\">Vista Previa<\/a><span class=\"shared-file-date\">July 2, 2024<\/span><div class=\"shared-files-download-counter\"><span>Descargas 442<\/span><\/div><div class=\"shared-file-description-container\">Este documento proporciona una gu\u00eda completa y normativa para la celebraci\u00f3n de la Liturgia de las Horas, que es la oraci\u00f3n p\u00fablica y comunitaria de la Iglesia Cat\u00f3lica a lo largo del d\u00eda.<\/div><div class=\"shared-files-download-button-container\"><a href=\"\/codililz\/shared-files\/453\/?Ordenacion-General-de-la-Liturgia-de-las-Horas.doc&download=1\" class=\"shared-files-download-button\"  >Descargar<\/a><\/div><div class=\"shared-files-edit-actions\"><\/div><\/div><div class=\"shared-files-main-elements-featured-image\"><img decoding=\"async\" width=\"150\" height=\"150\" src=\"https:\/\/ilomas.org.ar\/codililz\/wp-content\/uploads\/2024\/07\/1.-logo-Congregacion-para-el-Culto-Divino-y-la-Disciplina-de-los-Sacramentos-150x150.png\" class=\"attachment-thumbnail size-thumbnail wp-post-image\" alt=\"\" srcset=\"https:\/\/ilomas.org.ar\/codililz\/wp-content\/uploads\/2024\/07\/1.-logo-Congregacion-para-el-Culto-Divino-y-la-Disciplina-de-los-Sacramentos-150x150.png 150w, https:\/\/ilomas.org.ar\/codililz\/wp-content\/uploads\/2024\/07\/1.-logo-Congregacion-para-el-Culto-Divino-y-la-Disciplina-de-los-Sacramentos-300x300.png 300w, https:\/\/ilomas.org.ar\/codililz\/wp-content\/uploads\/2024\/07\/1.-logo-Congregacion-para-el-Culto-Divino-y-la-Disciplina-de-los-Sacramentos-100x100.png 100w, https:\/\/ilomas.org.ar\/codililz\/wp-content\/uploads\/2024\/07\/1.-logo-Congregacion-para-el-Culto-Divino-y-la-Disciplina-de-los-Sacramentos.png 350w\" sizes=\"(max-width: 150px) 100vw, 150px\" \/><\/div><\/div><\/li><li class=\"shared-files-card-454\"><div class=\"shared-files-main-elements\"><div class=\"shared-files-main-elements-left\" style=\"background-image: url(https:\/\/ilomas.org.ar\/codililz\/wp-content\/uploads\/2024\/07\/file-word_9254692.svg);\"><\/div><div class=\"shared-files-main-elements-right\"><a class=\"shared-files-file-title\"  data-file-type=\"\"  data-file-url=\"\/codililz\/shared-files\/454\/?Ordo-lectionum-missae.doc\"  data-external-url=\"\"  data-image-url=\"https:\/\/ilomas.org.ar\/codililz\/wp-content\/uploads\/2024\/07\/1.-logo-Congregacion-para-el-Culto-Divino-y-la-Disciplina-de-los-Sacramentos.png\" href=\"\/codililz\/shared-files\/454\/?Ordo-lectionum-missae.doc\" target=\"_blank\">Ordo lectionum missae<\/a><span class=\"shared-file-size\">175.00 KB<\/span><a href=\"https:\/\/view.officeapps.live.com\/op\/view.aspx?src=https%3A%2F%2Filomas.org.ar%2Fcodililz%2Fshared-files%2F454%2F%3FOrdo-lectionum-missae.doc\" target=\"_blank\" class=\"shared-files-preview-button\">Vista Previa<\/a><span class=\"shared-file-date\">July 2, 2024<\/span><div class=\"shared-files-download-counter\"><span>Descargas 501<\/span><\/div><div class=\"shared-file-description-container\">El documento es una gu\u00eda lit\u00fargica que establece las normas y estructura para la proclamaci\u00f3n de las lecturas b\u00edblicas durante la Misa en la Iglesia Cat\u00f3lica.<\/div><div class=\"shared-files-download-button-container\"><a href=\"\/codililz\/shared-files\/454\/?Ordo-lectionum-missae.doc&download=1\" class=\"shared-files-download-button\"  >Descargar<\/a><\/div><div class=\"shared-files-edit-actions\"><\/div><\/div><div class=\"shared-files-main-elements-featured-image\"><img decoding=\"async\" width=\"150\" height=\"150\" src=\"https:\/\/ilomas.org.ar\/codililz\/wp-content\/uploads\/2024\/07\/1.-logo-Congregacion-para-el-Culto-Divino-y-la-Disciplina-de-los-Sacramentos-150x150.png\" class=\"attachment-thumbnail size-thumbnail wp-post-image\" alt=\"\" srcset=\"https:\/\/ilomas.org.ar\/codililz\/wp-content\/uploads\/2024\/07\/1.-logo-Congregacion-para-el-Culto-Divino-y-la-Disciplina-de-los-Sacramentos-150x150.png 150w, https:\/\/ilomas.org.ar\/codililz\/wp-content\/uploads\/2024\/07\/1.-logo-Congregacion-para-el-Culto-Divino-y-la-Disciplina-de-los-Sacramentos-300x300.png 300w, https:\/\/ilomas.org.ar\/codililz\/wp-content\/uploads\/2024\/07\/1.-logo-Congregacion-para-el-Culto-Divino-y-la-Disciplina-de-los-Sacramentos-100x100.png 100w, https:\/\/ilomas.org.ar\/codililz\/wp-content\/uploads\/2024\/07\/1.-logo-Congregacion-para-el-Culto-Divino-y-la-Disciplina-de-los-Sacramentos.png 350w\" sizes=\"(max-width: 150px) 100vw, 150px\" \/><\/div><\/div><\/li><li class=\"shared-files-card-455\"><div class=\"shared-files-main-elements\"><div class=\"shared-files-main-elements-left\" style=\"background-image: url(https:\/\/ilomas.org.ar\/codililz\/wp-content\/uploads\/2024\/07\/file-word_9254692.svg);\"><\/div><div class=\"shared-files-main-elements-right\"><a class=\"shared-files-file-title\"  data-file-type=\"\"  data-file-url=\"\/codililz\/shared-files\/455\/?Sacramentum-Caritatis.doc\"  data-external-url=\"\"  data-image-url=\"https:\/\/ilomas.org.ar\/codililz\/wp-content\/uploads\/2024\/07\/benedetto-XVI.png\" href=\"\/codililz\/shared-files\/455\/?Sacramentum-Caritatis.doc\" target=\"_blank\">Sacramentum Caritatis<\/a><span class=\"shared-file-size\">436.00 KB<\/span><a href=\"https:\/\/view.officeapps.live.com\/op\/view.aspx?src=https%3A%2F%2Filomas.org.ar%2Fcodililz%2Fshared-files%2F455%2F%3FSacramentum-Caritatis.doc\" target=\"_blank\" class=\"shared-files-preview-button\">Vista Previa<\/a><span class=\"shared-file-date\">July 2, 2024<\/span><div class=\"shared-files-download-counter\"><span>Descargas 433<\/span><\/div><div class=\"shared-file-description-container\">El documento  es una exhortaci\u00f3n apost\u00f3lica postsinodal del Papa Benedicto XVI, dirigida al episcopado, al clero, a las personas consagradas y a los fieles laicos sobre la Eucarist\u00eda, considerada como fuente y culmen de la vida y la misi\u00f3n de la Iglesia.<br \/>\r\n<br \/>\r\n<\/div><div class=\"shared-files-download-button-container\"><a href=\"\/codililz\/shared-files\/455\/?Sacramentum-Caritatis.doc&download=1\" class=\"shared-files-download-button\"  >Descargar<\/a><\/div><div class=\"shared-files-edit-actions\"><\/div><\/div><div class=\"shared-files-main-elements-featured-image\"><img loading=\"lazy\" decoding=\"async\" width=\"150\" height=\"150\" src=\"https:\/\/ilomas.org.ar\/codililz\/wp-content\/uploads\/2024\/07\/benedetto-XVI-150x150.png\" class=\"attachment-thumbnail size-thumbnail wp-post-image\" alt=\"\" srcset=\"https:\/\/ilomas.org.ar\/codililz\/wp-content\/uploads\/2024\/07\/benedetto-XVI-150x150.png 150w, https:\/\/ilomas.org.ar\/codililz\/wp-content\/uploads\/2024\/07\/benedetto-XVI-300x300.png 300w, https:\/\/ilomas.org.ar\/codililz\/wp-content\/uploads\/2024\/07\/benedetto-XVI-100x100.png 100w, https:\/\/ilomas.org.ar\/codililz\/wp-content\/uploads\/2024\/07\/benedetto-XVI.png 350w\" sizes=\"(max-width: 150px) 100vw, 150px\" \/><\/div><\/div><\/li><li class=\"shared-files-card-456\"><div class=\"shared-files-main-elements\"><div class=\"shared-files-main-elements-left\" style=\"background-image: url(https:\/\/ilomas.org.ar\/codililz\/wp-content\/uploads\/2024\/07\/file-word_9254692.svg);\"><\/div><div class=\"shared-files-main-elements-right\"><a class=\"shared-files-file-title\"  data-file-type=\"\"  data-file-url=\"\/codililz\/shared-files\/456\/?Sacrosanctum-Concilium.doc\"  data-external-url=\"\"  data-image-url=\"https:\/\/ilomas.org.ar\/codililz\/wp-content\/uploads\/2024\/07\/paolo-VI.png\" href=\"\/codililz\/shared-files\/456\/?Sacrosanctum-Concilium.doc\" target=\"_blank\">Sacrosanctum Concilium<\/a><span class=\"shared-file-size\">133.00 KB<\/span><a href=\"https:\/\/view.officeapps.live.com\/op\/view.aspx?src=https%3A%2F%2Filomas.org.ar%2Fcodililz%2Fshared-files%2F456%2F%3FSacrosanctum-Concilium.doc\" target=\"_blank\" class=\"shared-files-preview-button\">Vista Previa<\/a><span class=\"shared-file-date\">July 2, 2024<\/span><div class=\"shared-files-download-counter\"><span>Descargas 420<\/span><\/div><div class=\"shared-file-description-container\">El documento es la Constituci\u00f3n sobre la Sagrada Liturgia del Concilio Vaticano II. Es uno de los cuatro documentos principales del Concilio Vaticano II y marca el inicio de una profunda reforma lit\u00fargica en la Iglesia Cat\u00f3lica.<\/div><div class=\"shared-files-download-button-container\"><a href=\"\/codililz\/shared-files\/456\/?Sacrosanctum-Concilium.doc&download=1\" class=\"shared-files-download-button\"  >Descargar<\/a><\/div><div class=\"shared-files-edit-actions\"><\/div><\/div><div class=\"shared-files-main-elements-featured-image\"><img decoding=\"async\" width=\"150\" height=\"150\" src=\"https:\/\/ilomas.org.ar\/codililz\/wp-content\/uploads\/2024\/07\/paolo-VI-150x150.png\" class=\"attachment-thumbnail size-thumbnail wp-post-image\" alt=\"\" srcset=\"https:\/\/ilomas.org.ar\/codililz\/wp-content\/uploads\/2024\/07\/paolo-VI-150x150.png 150w, https:\/\/ilomas.org.ar\/codililz\/wp-content\/uploads\/2024\/07\/paolo-VI-300x300.png 300w, https:\/\/ilomas.org.ar\/codililz\/wp-content\/uploads\/2024\/07\/paolo-VI-100x100.png 100w, https:\/\/ilomas.org.ar\/codililz\/wp-content\/uploads\/2024\/07\/paolo-VI.png 350w\" sizes=\"(max-width: 150px) 100vw, 150px\" \/><\/div><\/div><\/li><li class=\"shared-files-card-457\"><div class=\"shared-files-main-elements\"><div class=\"shared-files-main-elements-left\" style=\"background-image: url(https:\/\/ilomas.org.ar\/codililz\/wp-content\/uploads\/2024\/07\/file-pdf_9254689.svg);\"><\/div><div class=\"shared-files-main-elements-right\"><a class=\"shared-files-file-title\"  data-file-type=\"\"  data-file-url=\"\/codililz\/shared-files\/457\/?Musicam-Sacram.pdf\"  data-external-url=\"\"  data-image-url=\"https:\/\/ilomas.org.ar\/codililz\/wp-content\/uploads\/2024\/07\/paolo-VI.png\" href=\"\/codililz\/shared-files\/457\/?Musicam-Sacram.pdf\" target=\"_blank\">Musicam Sacram<\/a><span class=\"shared-file-size\">162.19 KB<\/span><a href=\"https:\/\/ilomas.org.ar\/codililz\/shared-files\/457\/?Musicam-Sacram.pdf\" target=\"_blank\" class=\"shared-files-preview-button\">Vista Previa<\/a><span class=\"shared-file-date\">July 2, 2024<\/span><div class=\"shared-files-download-counter\"><span>Descargas 417<\/span><\/div><div class=\"shared-file-description-container\">Su prop\u00f3sito es proporcionar directrices sobre la m\u00fasica sacra en la liturgia, a la luz de la \u00abSacrosanctum Concilium\u00bb<\/div><div class=\"shared-files-download-button-container\"><a href=\"\/codililz\/shared-files\/457\/?Musicam-Sacram.pdf&download=1\" class=\"shared-files-download-button\"  >Descargar<\/a><\/div><div class=\"shared-files-edit-actions\"><\/div><\/div><div class=\"shared-files-main-elements-featured-image\"><img decoding=\"async\" width=\"150\" height=\"150\" src=\"https:\/\/ilomas.org.ar\/codililz\/wp-content\/uploads\/2024\/07\/paolo-VI-150x150.png\" class=\"attachment-thumbnail size-thumbnail wp-post-image\" alt=\"\" srcset=\"https:\/\/ilomas.org.ar\/codililz\/wp-content\/uploads\/2024\/07\/paolo-VI-150x150.png 150w, https:\/\/ilomas.org.ar\/codililz\/wp-content\/uploads\/2024\/07\/paolo-VI-300x300.png 300w, https:\/\/ilomas.org.ar\/codililz\/wp-content\/uploads\/2024\/07\/paolo-VI-100x100.png 100w, https:\/\/ilomas.org.ar\/codililz\/wp-content\/uploads\/2024\/07\/paolo-VI.png 350w\" sizes=\"(max-width: 150px) 100vw, 150px\" \/><\/div><\/div><\/li><li class=\"shared-files-card-458\"><div class=\"shared-files-main-elements\"><div class=\"shared-files-main-elements-left\" style=\"background-image: url(https:\/\/ilomas.org.ar\/codililz\/wp-content\/uploads\/2024\/07\/file-word_9254692.svg);\"><\/div><div class=\"shared-files-main-elements-right\"><a class=\"shared-files-file-title\"  data-file-type=\"\"  data-file-url=\"\/codililz\/shared-files\/458\/?Mensaje_a_los_artistas.doc\"  data-external-url=\"\"  data-image-url=\"https:\/\/ilomas.org.ar\/codililz\/wp-content\/uploads\/2024\/07\/paolo-VI.png\" href=\"\/codililz\/shared-files\/458\/?Mensaje_a_los_artistas.doc\" target=\"_blank\">Mensaje \u00aba los Artistas\u00bb<\/a><span class=\"shared-file-size\">21.00 KB<\/span><a href=\"https:\/\/view.officeapps.live.com\/op\/view.aspx?src=https%3A%2F%2Filomas.org.ar%2Fcodililz%2Fshared-files%2F458%2F%3FMensaje_a_los_artistas.doc\" target=\"_blank\" class=\"shared-files-preview-button\">Vista Previa<\/a><span class=\"shared-file-date\">July 2, 2024<\/span><div class=\"shared-files-download-counter\"><span>Descargas 443<\/span><\/div><div class=\"shared-file-description-container\">Este mensaje busca reconocer y fortalecer la relaci\u00f3n hist\u00f3rica entre la Iglesia y los artistas, subrayando la importancia del arte en la vida de la Iglesia y en la transmisi\u00f3n del mensaje divino.<\/div><div class=\"shared-files-download-button-container\"><a href=\"\/codililz\/shared-files\/458\/?Mensaje_a_los_artistas.doc&download=1\" class=\"shared-files-download-button\"  >Descargar<\/a><\/div><div class=\"shared-files-edit-actions\"><\/div><\/div><div class=\"shared-files-main-elements-featured-image\"><img decoding=\"async\" width=\"150\" height=\"150\" src=\"https:\/\/ilomas.org.ar\/codililz\/wp-content\/uploads\/2024\/07\/paolo-VI-150x150.png\" class=\"attachment-thumbnail size-thumbnail wp-post-image\" alt=\"\" srcset=\"https:\/\/ilomas.org.ar\/codililz\/wp-content\/uploads\/2024\/07\/paolo-VI-150x150.png 150w, https:\/\/ilomas.org.ar\/codililz\/wp-content\/uploads\/2024\/07\/paolo-VI-300x300.png 300w, https:\/\/ilomas.org.ar\/codililz\/wp-content\/uploads\/2024\/07\/paolo-VI-100x100.png 100w, https:\/\/ilomas.org.ar\/codililz\/wp-content\/uploads\/2024\/07\/paolo-VI.png 350w\" sizes=\"(max-width: 150px) 100vw, 150px\" \/><\/div><\/div><\/li><li class=\"shared-files-card-459\"><div class=\"shared-files-main-elements\"><div class=\"shared-files-main-elements-left\" style=\"background-image: url(https:\/\/ilomas.org.ar\/codililz\/wp-content\/uploads\/2024\/07\/file-word_9254692.svg);\"><\/div><div class=\"shared-files-main-elements-right\"><a class=\"shared-files-file-title\"  data-file-type=\"\"  data-file-url=\"\/codililz\/shared-files\/459\/?MEMORIALE_DOMINI_INMENSAE_C.doc\"  data-external-url=\"\"  data-image-url=\"https:\/\/ilomas.org.ar\/codililz\/wp-content\/uploads\/2024\/07\/paolo-VI.png\" href=\"\/codililz\/shared-files\/459\/?MEMORIALE_DOMINI_INMENSAE_C.doc\" target=\"_blank\">Memoriale Domini<\/a><span class=\"shared-file-size\">62.50 KB<\/span><a href=\"https:\/\/view.officeapps.live.com\/op\/view.aspx?src=https%3A%2F%2Filomas.org.ar%2Fcodililz%2Fshared-files%2F459%2F%3FMEMORIALE_DOMINI_INMENSAE_C.doc\" target=\"_blank\" class=\"shared-files-preview-button\">Vista Previa<\/a><span class=\"shared-file-date\">julio 2, 2024<\/span><div class=\"shared-files-download-counter\"><span>Descargas 1333<\/span><\/div><div class=\"shared-file-description-container\">Este documento aborda la manera de distribuir la Sagrada Comuni\u00f3n, espec\u00edficamente la pr\u00e1ctica de recibir la Comuni\u00f3n en la mano.<\/div><div class=\"shared-files-download-button-container\"><a href=\"\/codililz\/shared-files\/459\/?MEMORIALE_DOMINI_INMENSAE_C.doc&download=1\" class=\"shared-files-download-button\"  >Descargar<\/a><\/div><div class=\"shared-files-edit-actions\"><\/div><\/div><div class=\"shared-files-main-elements-featured-image\"><img decoding=\"async\" width=\"150\" height=\"150\" src=\"https:\/\/ilomas.org.ar\/codililz\/wp-content\/uploads\/2024\/07\/paolo-VI-150x150.png\" class=\"attachment-thumbnail size-thumbnail wp-post-image\" alt=\"\" srcset=\"https:\/\/ilomas.org.ar\/codililz\/wp-content\/uploads\/2024\/07\/paolo-VI-150x150.png 150w, https:\/\/ilomas.org.ar\/codililz\/wp-content\/uploads\/2024\/07\/paolo-VI-300x300.png 300w, https:\/\/ilomas.org.ar\/codililz\/wp-content\/uploads\/2024\/07\/paolo-VI-100x100.png 100w, https:\/\/ilomas.org.ar\/codililz\/wp-content\/uploads\/2024\/07\/paolo-VI.png 350w\" sizes=\"(max-width: 150px) 100vw, 150px\" \/><\/div><\/div><\/li><li class=\"shared-files-card-460\"><div class=\"shared-files-main-elements\"><div class=\"shared-files-main-elements-left\" style=\"background-image: url(https:\/\/ilomas.org.ar\/codililz\/wp-content\/uploads\/2024\/07\/file-word_9254692.svg);\"><\/div><div class=\"shared-files-main-elements-right\"><a class=\"shared-files-file-title\"  data-file-type=\"\"  data-file-url=\"\/codililz\/shared-files\/460\/?MARIALIS_CULTUS.doc\"  data-external-url=\"\"  data-image-url=\"https:\/\/ilomas.org.ar\/codililz\/wp-content\/uploads\/2024\/07\/paolo-VI.png\" href=\"\/codililz\/shared-files\/460\/?MARIALIS_CULTUS.doc\" target=\"_blank\">Marialis Cultus<\/a><span class=\"shared-file-size\">152.00 KB<\/span><a href=\"https:\/\/view.officeapps.live.com\/op\/view.aspx?src=https%3A%2F%2Filomas.org.ar%2Fcodililz%2Fshared-files%2F460%2F%3FMARIALIS_CULTUS.doc\" target=\"_blank\" class=\"shared-files-preview-button\">Vista Previa<\/a><span class=\"shared-file-date\">July 2, 2024<\/span><div class=\"shared-files-download-counter\"><span>Descargas 455<\/span><\/div><div class=\"shared-file-description-container\">Est\u00e1 dirigida a la recta ordenaci\u00f3n y desarrollo del culto a la Sant\u00edsima Virgen Mar\u00eda dentro del contexto del culto cristiano, destacando su importancia y proporcionando directrices para su correcta pr\u00e1ctica y renovaci\u00f3n.<\/div><div class=\"shared-files-download-button-container\"><a href=\"\/codililz\/shared-files\/460\/?MARIALIS_CULTUS.doc&download=1\" class=\"shared-files-download-button\"  >Descargar<\/a><\/div><div class=\"shared-files-edit-actions\"><\/div><\/div><div class=\"shared-files-main-elements-featured-image\"><img decoding=\"async\" width=\"150\" height=\"150\" src=\"https:\/\/ilomas.org.ar\/codililz\/wp-content\/uploads\/2024\/07\/paolo-VI-150x150.png\" class=\"attachment-thumbnail size-thumbnail wp-post-image\" alt=\"\" srcset=\"https:\/\/ilomas.org.ar\/codililz\/wp-content\/uploads\/2024\/07\/paolo-VI-150x150.png 150w, https:\/\/ilomas.org.ar\/codililz\/wp-content\/uploads\/2024\/07\/paolo-VI-300x300.png 300w, https:\/\/ilomas.org.ar\/codililz\/wp-content\/uploads\/2024\/07\/paolo-VI-100x100.png 100w, https:\/\/ilomas.org.ar\/codililz\/wp-content\/uploads\/2024\/07\/paolo-VI.png 350w\" sizes=\"(max-width: 150px) 100vw, 150px\" \/><\/div><\/div><\/li><li class=\"shared-files-card-461\"><div class=\"shared-files-main-elements\"><div class=\"shared-files-main-elements-left\" style=\"background-image: url(https:\/\/ilomas.org.ar\/codililz\/wp-content\/uploads\/2024\/07\/file-word_9254692.svg);\"><\/div><div class=\"shared-files-main-elements-right\"><a class=\"shared-files-file-title\"  data-file-type=\"\"  data-file-url=\"\/codililz\/shared-files\/461\/?IMMENSAE_CARITATIS.doc\"  data-external-url=\"\"  data-image-url=\"https:\/\/ilomas.org.ar\/codililz\/wp-content\/uploads\/2024\/07\/paolo-VI.png\" href=\"\/codililz\/shared-files\/461\/?IMMENSAE_CARITATIS.doc\" target=\"_blank\">Immensae Caritatis<\/a><span class=\"shared-file-size\">44.50 KB<\/span><a href=\"https:\/\/view.officeapps.live.com\/op\/view.aspx?src=https%3A%2F%2Filomas.org.ar%2Fcodililz%2Fshared-files%2F461%2F%3FIMMENSAE_CARITATIS.doc\" target=\"_blank\" class=\"shared-files-preview-button\">Vista Previa<\/a><span class=\"shared-file-date\">July 2, 2024<\/span><div class=\"shared-files-download-counter\"><span>Descargas 492<\/span><\/div><div class=\"shared-file-description-container\">Este documento se centra en facilitar la recepci\u00f3n de la Comuni\u00f3n en ciertas circunstancias, adapt\u00e1ndose a las nuevas condiciones y necesidades pastorales de la Iglesia.<\/div><div class=\"shared-files-download-button-container\"><a href=\"\/codililz\/shared-files\/461\/?IMMENSAE_CARITATIS.doc&download=1\" class=\"shared-files-download-button\"  >Descargar<\/a><\/div><div class=\"shared-files-edit-actions\"><\/div><\/div><div class=\"shared-files-main-elements-featured-image\"><img decoding=\"async\" width=\"150\" height=\"150\" src=\"https:\/\/ilomas.org.ar\/codililz\/wp-content\/uploads\/2024\/07\/paolo-VI-150x150.png\" class=\"attachment-thumbnail size-thumbnail wp-post-image\" alt=\"\" srcset=\"https:\/\/ilomas.org.ar\/codililz\/wp-content\/uploads\/2024\/07\/paolo-VI-150x150.png 150w, https:\/\/ilomas.org.ar\/codililz\/wp-content\/uploads\/2024\/07\/paolo-VI-300x300.png 300w, https:\/\/ilomas.org.ar\/codililz\/wp-content\/uploads\/2024\/07\/paolo-VI-100x100.png 100w, https:\/\/ilomas.org.ar\/codililz\/wp-content\/uploads\/2024\/07\/paolo-VI.png 350w\" sizes=\"(max-width: 150px) 100vw, 150px\" \/><\/div><\/div><\/li><li class=\"shared-files-card-462\"><div class=\"shared-files-main-elements\"><div class=\"shared-files-main-elements-left\" style=\"background-image: url(https:\/\/ilomas.org.ar\/codililz\/wp-content\/uploads\/2024\/07\/file-word_9254692.svg);\"><\/div><div class=\"shared-files-main-elements-right\"><a class=\"shared-files-file-title\"  data-file-type=\"\"  data-file-url=\"\/codililz\/shared-files\/462\/?Directorio_misas_ninos.doc\"  data-external-url=\"\"  data-image-url=\"https:\/\/ilomas.org.ar\/codililz\/wp-content\/uploads\/2024\/07\/paolo-VI.png\" href=\"\/codililz\/shared-files\/462\/?Directorio_misas_ninos.doc\" target=\"_blank\">Misas con participaci\u00f3n de Ni\u00f1os<\/a><span class=\"shared-file-size\">75.00 KB<\/span><a href=\"https:\/\/view.officeapps.live.com\/op\/view.aspx?src=https%3A%2F%2Filomas.org.ar%2Fcodililz%2Fshared-files%2F462%2F%3FDirectorio_misas_ninos.doc\" target=\"_blank\" class=\"shared-files-preview-button\">Vista Previa<\/a><span class=\"shared-file-date\">July 2, 2024<\/span><div class=\"shared-files-download-counter\"><span>Descargas 488<\/span><\/div><div class=\"shared-file-description-container\">Este documento se centra en la adecuada celebraci\u00f3n de la Eucarist\u00eda con la participaci\u00f3n de ni\u00f1os, teniendo en cuenta sus necesidades espec\u00edficas y su capacidad de comprensi\u00f3n.<\/div><div class=\"shared-files-download-button-container\"><a href=\"\/codililz\/shared-files\/462\/?Directorio_misas_ninos.doc&download=1\" class=\"shared-files-download-button\"  >Descargar<\/a><\/div><div class=\"shared-files-edit-actions\"><\/div><\/div><div class=\"shared-files-main-elements-featured-image\"><img decoding=\"async\" width=\"150\" height=\"150\" src=\"https:\/\/ilomas.org.ar\/codililz\/wp-content\/uploads\/2024\/07\/paolo-VI-150x150.png\" class=\"attachment-thumbnail size-thumbnail wp-post-image\" alt=\"\" srcset=\"https:\/\/ilomas.org.ar\/codililz\/wp-content\/uploads\/2024\/07\/paolo-VI-150x150.png 150w, https:\/\/ilomas.org.ar\/codililz\/wp-content\/uploads\/2024\/07\/paolo-VI-300x300.png 300w, https:\/\/ilomas.org.ar\/codililz\/wp-content\/uploads\/2024\/07\/paolo-VI-100x100.png 100w, https:\/\/ilomas.org.ar\/codililz\/wp-content\/uploads\/2024\/07\/paolo-VI.png 350w\" sizes=\"(max-width: 150px) 100vw, 150px\" \/><\/div><\/div><\/li><li class=\"shared-files-card-463\"><div class=\"shared-files-main-elements\"><div class=\"shared-files-main-elements-left\" style=\"background-image: url(https:\/\/ilomas.org.ar\/codililz\/wp-content\/uploads\/2024\/07\/file-word_9254692.svg);\"><\/div><div class=\"shared-files-main-elements-right\"><a class=\"shared-files-file-title\"  data-file-type=\"\"  data-file-url=\"\/codililz\/shared-files\/463\/?A_los_Artistas.doc\"  data-external-url=\"\"  data-image-url=\"https:\/\/ilomas.org.ar\/codililz\/wp-content\/uploads\/2024\/06\/juan-pablo-ii.png\" href=\"\/codililz\/shared-files\/463\/?A_los_Artistas.doc\" target=\"_blank\">Carta \u00abA los artistas\u00bb<\/a><span class=\"shared-file-size\">104.50 KB<\/span><a href=\"https:\/\/view.officeapps.live.com\/op\/view.aspx?src=https%3A%2F%2Filomas.org.ar%2Fcodililz%2Fshared-files%2F463%2F%3FA_los_Artistas.doc\" target=\"_blank\" class=\"shared-files-preview-button\">Vista Previa<\/a><span class=\"shared-file-date\">July 2, 2024<\/span><div class=\"shared-files-download-counter\"><span>Descargas 399<\/span><\/div><div class=\"shared-file-description-container\">La carta aborda la relaci\u00f3n entre la Iglesia y los artistas, destacando la importancia del arte en la vida de la Iglesia y de la sociedad, y alentando a los artistas a poner su talento al servicio de la belleza y del bien com\u00fan.<\/div><div class=\"shared-files-download-button-container\"><a href=\"\/codililz\/shared-files\/463\/?A_los_Artistas.doc&download=1\" class=\"shared-files-download-button\"  >Descargar<\/a><\/div><div class=\"shared-files-edit-actions\"><\/div><\/div><div class=\"shared-files-main-elements-featured-image\"><img decoding=\"async\" width=\"150\" height=\"150\" src=\"https:\/\/ilomas.org.ar\/codililz\/wp-content\/uploads\/2024\/06\/juan-pablo-ii-150x150.png\" class=\"attachment-thumbnail size-thumbnail wp-post-image\" alt=\"\" srcset=\"https:\/\/ilomas.org.ar\/codililz\/wp-content\/uploads\/2024\/06\/juan-pablo-ii-150x150.png 150w, https:\/\/ilomas.org.ar\/codililz\/wp-content\/uploads\/2024\/06\/juan-pablo-ii-300x300.png 300w, https:\/\/ilomas.org.ar\/codililz\/wp-content\/uploads\/2024\/06\/juan-pablo-ii-100x100.png 100w, https:\/\/ilomas.org.ar\/codililz\/wp-content\/uploads\/2024\/06\/juan-pablo-ii.png 350w\" sizes=\"(max-width: 150px) 100vw, 150px\" \/><\/div><\/div><\/li><li class=\"shared-files-card-464\"><div class=\"shared-files-main-elements\"><div class=\"shared-files-main-elements-left\" style=\"background-image: url(https:\/\/ilomas.org.ar\/codililz\/wp-content\/uploads\/2024\/07\/file-word_9254692.svg);\"><\/div><div class=\"shared-files-main-elements-right\"><a class=\"shared-files-file-title\"  data-file-type=\"\"  data-file-url=\"\/codililz\/shared-files\/464\/?COMUNION_DE_DIVORCIADOS.doc\"  data-external-url=\"\"  data-image-url=\"https:\/\/ilomas.org.ar\/codililz\/wp-content\/uploads\/2024\/06\/juan-pablo-ii.png\" href=\"\/codililz\/shared-files\/464\/?COMUNION_DE_DIVORCIADOS.doc\" target=\"_blank\">Carta sobre la recepci\u00f3n de la Comuni\u00f3n de Divorciados vueltos a casar.<\/a><span class=\"shared-file-size\">42.00 KB<\/span><a href=\"https:\/\/view.officeapps.live.com\/op\/view.aspx?src=https%3A%2F%2Filomas.org.ar%2Fcodililz%2Fshared-files%2F464%2F%3FCOMUNION_DE_DIVORCIADOS.doc\" target=\"_blank\" class=\"shared-files-preview-button\">Vista Previa<\/a><span class=\"shared-file-date\">July 2, 2024<\/span><div class=\"shared-files-download-counter\"><span>Descargas 402<\/span><\/div><div class=\"shared-file-description-container\">Esta carta aborda la situaci\u00f3n de los fieles divorciados que se han vuelto a casar y su acceso a la Comuni\u00f3n Eucar\u00edstica.<\/div><div class=\"shared-files-download-button-container\"><a href=\"\/codililz\/shared-files\/464\/?COMUNION_DE_DIVORCIADOS.doc&download=1\" class=\"shared-files-download-button\"  >Descargar<\/a><\/div><div class=\"shared-files-edit-actions\"><\/div><\/div><div class=\"shared-files-main-elements-featured-image\"><img decoding=\"async\" width=\"150\" height=\"150\" src=\"https:\/\/ilomas.org.ar\/codililz\/wp-content\/uploads\/2024\/06\/juan-pablo-ii-150x150.png\" class=\"attachment-thumbnail size-thumbnail wp-post-image\" alt=\"\" srcset=\"https:\/\/ilomas.org.ar\/codililz\/wp-content\/uploads\/2024\/06\/juan-pablo-ii-150x150.png 150w, https:\/\/ilomas.org.ar\/codililz\/wp-content\/uploads\/2024\/06\/juan-pablo-ii-300x300.png 300w, https:\/\/ilomas.org.ar\/codililz\/wp-content\/uploads\/2024\/06\/juan-pablo-ii-100x100.png 100w, https:\/\/ilomas.org.ar\/codililz\/wp-content\/uploads\/2024\/06\/juan-pablo-ii.png 350w\" sizes=\"(max-width: 150px) 100vw, 150px\" \/><\/div><\/div><\/li><li class=\"shared-files-card-465\"><div class=\"shared-files-main-elements\"><div class=\"shared-files-main-elements-left\" style=\"background-image: url(https:\/\/ilomas.org.ar\/codililz\/wp-content\/uploads\/2024\/07\/file-word_9254692.svg);\"><\/div><div class=\"shared-files-main-elements-right\"><a class=\"shared-files-file-title\"  data-file-type=\"\"  data-file-url=\"\/codililz\/shared-files\/465\/?CONCIERTOS-EN-LAS-IGLESIAS.doc\"  data-external-url=\"\"  data-image-url=\"https:\/\/ilomas.org.ar\/codililz\/wp-content\/uploads\/2024\/06\/juan-pablo-ii.png\" href=\"\/codililz\/shared-files\/465\/?CONCIERTOS-EN-LAS-IGLESIAS.doc\" target=\"_blank\">Instrucciones sobre Conciertos en las Iglesias<\/a><span class=\"shared-file-size\">41.50 KB<\/span><a href=\"https:\/\/view.officeapps.live.com\/op\/view.aspx?src=https%3A%2F%2Filomas.org.ar%2Fcodililz%2Fshared-files%2F465%2F%3FCONCIERTOS-EN-LAS-IGLESIAS.doc\" target=\"_blank\" class=\"shared-files-preview-button\">Vista Previa<\/a><span class=\"shared-file-date\">July 2, 2024<\/span><div class=\"shared-files-download-counter\"><span>Descargas 456<\/span><\/div><div class=\"shared-file-description-container\">Este documento proporciona directrices sobre el uso de las iglesias para la realizaci\u00f3n de conciertos, destacando la importancia de mantener la sacralidad y el respeto por estos espacios sagrados, incluso fuera del contexto de las celebraciones lit\u00fargicas.<\/div><div class=\"shared-files-download-button-container\"><a href=\"\/codililz\/shared-files\/465\/?CONCIERTOS-EN-LAS-IGLESIAS.doc&download=1\" class=\"shared-files-download-button\"  >Descargar<\/a><\/div><div class=\"shared-files-edit-actions\"><\/div><\/div><div class=\"shared-files-main-elements-featured-image\"><img decoding=\"async\" width=\"150\" height=\"150\" src=\"https:\/\/ilomas.org.ar\/codililz\/wp-content\/uploads\/2024\/06\/juan-pablo-ii-150x150.png\" class=\"attachment-thumbnail size-thumbnail wp-post-image\" alt=\"\" srcset=\"https:\/\/ilomas.org.ar\/codililz\/wp-content\/uploads\/2024\/06\/juan-pablo-ii-150x150.png 150w, https:\/\/ilomas.org.ar\/codililz\/wp-content\/uploads\/2024\/06\/juan-pablo-ii-300x300.png 300w, https:\/\/ilomas.org.ar\/codililz\/wp-content\/uploads\/2024\/06\/juan-pablo-ii-100x100.png 100w, https:\/\/ilomas.org.ar\/codililz\/wp-content\/uploads\/2024\/06\/juan-pablo-ii.png 350w\" sizes=\"(max-width: 150px) 100vw, 150px\" \/><\/div><\/div><\/li><li class=\"shared-files-card-466\"><div class=\"shared-files-main-elements\"><div class=\"shared-files-main-elements-left\" style=\"background-image: url(https:\/\/ilomas.org.ar\/codililz\/wp-content\/uploads\/2024\/07\/file-word_9254692.svg);\"><\/div><div class=\"shared-files-main-elements-right\"><a class=\"shared-files-file-title\"  data-file-type=\"\"  data-file-url=\"\/codililz\/shared-files\/466\/?Dies_Domini.doc\"  data-external-url=\"\"  data-image-url=\"https:\/\/ilomas.org.ar\/codililz\/wp-content\/uploads\/2024\/06\/juan-pablo-ii.png\" href=\"\/codililz\/shared-files\/466\/?Dies_Domini.doc\" target=\"_blank\">Carta Apost\u00f3lica \u00abDies Domini\u00bb sobre la santificaci\u00f3n del Domingo<\/a><span class=\"shared-file-size\">306.00 KB<\/span><a href=\"https:\/\/view.officeapps.live.com\/op\/view.aspx?src=https%3A%2F%2Filomas.org.ar%2Fcodililz%2Fshared-files%2F466%2F%3FDies_Domini.doc\" target=\"_blank\" class=\"shared-files-preview-button\">Vista Previa<\/a><span class=\"shared-file-date\">July 2, 2024<\/span><div class=\"shared-files-download-counter\"><span>Descargas 376<\/span><\/div><div class=\"shared-file-description-container\">Este documento se centra en la santificaci\u00f3n del domingo, d\u00eda del Se\u00f1or, y su importancia en la vida de los cristianos.<\/div><div class=\"shared-files-download-button-container\"><a href=\"\/codililz\/shared-files\/466\/?Dies_Domini.doc&download=1\" class=\"shared-files-download-button\"  >Descargar<\/a><\/div><div class=\"shared-files-edit-actions\"><\/div><\/div><div class=\"shared-files-main-elements-featured-image\"><img decoding=\"async\" width=\"150\" height=\"150\" src=\"https:\/\/ilomas.org.ar\/codililz\/wp-content\/uploads\/2024\/06\/juan-pablo-ii-150x150.png\" class=\"attachment-thumbnail size-thumbnail wp-post-image\" alt=\"\" srcset=\"https:\/\/ilomas.org.ar\/codililz\/wp-content\/uploads\/2024\/06\/juan-pablo-ii-150x150.png 150w, https:\/\/ilomas.org.ar\/codililz\/wp-content\/uploads\/2024\/06\/juan-pablo-ii-300x300.png 300w, https:\/\/ilomas.org.ar\/codililz\/wp-content\/uploads\/2024\/06\/juan-pablo-ii-100x100.png 100w, https:\/\/ilomas.org.ar\/codililz\/wp-content\/uploads\/2024\/06\/juan-pablo-ii.png 350w\" sizes=\"(max-width: 150px) 100vw, 150px\" \/><\/div><\/div><\/li><li class=\"shared-files-card-467\"><div class=\"shared-files-main-elements\"><div class=\"shared-files-main-elements-left\" style=\"background-image: url(https:\/\/ilomas.org.ar\/codililz\/wp-content\/uploads\/2024\/07\/file-word_9254692.svg);\"><\/div><div class=\"shared-files-main-elements-right\"><a class=\"shared-files-file-title\"  data-file-type=\"\"  data-file-url=\"\/codililz\/shared-files\/467\/?Directorio_Piedad_Popular.doc\"  data-external-url=\"\"  data-image-url=\"https:\/\/ilomas.org.ar\/codililz\/wp-content\/uploads\/2024\/06\/juan-pablo-ii.png\" href=\"\/codililz\/shared-files\/467\/?Directorio_Piedad_Popular.doc\" target=\"_blank\">Directorio sobre Piedad Popular y Liturgia<\/a><span class=\"shared-file-size\">795.50 KB<\/span><a href=\"https:\/\/view.officeapps.live.com\/op\/view.aspx?src=https%3A%2F%2Filomas.org.ar%2Fcodililz%2Fshared-files%2F467%2F%3FDirectorio_Piedad_Popular.doc\" target=\"_blank\" class=\"shared-files-preview-button\">Vista Previa<\/a><span class=\"shared-file-date\">July 2, 2024<\/span><div class=\"shared-files-download-counter\"><span>Descargas 452<\/span><\/div><div class=\"shared-file-description-container\">Su prop\u00f3sito es proporcionar directrices sobre la relaci\u00f3n entre la piedad popular y la liturgia dentro de la Iglesia Cat\u00f3lica, asegurando que ambas se armonicen y se complementen adecuadamente.<\/div><div class=\"shared-files-download-button-container\"><a href=\"\/codililz\/shared-files\/467\/?Directorio_Piedad_Popular.doc&download=1\" class=\"shared-files-download-button\"  >Descargar<\/a><\/div><div class=\"shared-files-edit-actions\"><\/div><\/div><div class=\"shared-files-main-elements-featured-image\"><img decoding=\"async\" width=\"150\" height=\"150\" src=\"https:\/\/ilomas.org.ar\/codililz\/wp-content\/uploads\/2024\/06\/juan-pablo-ii-150x150.png\" class=\"attachment-thumbnail size-thumbnail wp-post-image\" alt=\"\" srcset=\"https:\/\/ilomas.org.ar\/codililz\/wp-content\/uploads\/2024\/06\/juan-pablo-ii-150x150.png 150w, https:\/\/ilomas.org.ar\/codililz\/wp-content\/uploads\/2024\/06\/juan-pablo-ii-300x300.png 300w, https:\/\/ilomas.org.ar\/codililz\/wp-content\/uploads\/2024\/06\/juan-pablo-ii-100x100.png 100w, https:\/\/ilomas.org.ar\/codililz\/wp-content\/uploads\/2024\/06\/juan-pablo-ii.png 350w\" sizes=\"(max-width: 150px) 100vw, 150px\" \/><\/div><\/div><\/li><li class=\"shared-files-card-468\"><div class=\"shared-files-main-elements\"><div class=\"shared-files-main-elements-left\" style=\"background-image: url(https:\/\/ilomas.org.ar\/codililz\/wp-content\/uploads\/2024\/07\/file-word_9254692.svg);\"><\/div><div class=\"shared-files-main-elements-right\"><a class=\"shared-files-file-title\"  data-file-type=\"\"  data-file-url=\"\/codililz\/shared-files\/468\/?DOMINICAE_CENAE.doc\"  data-external-url=\"\"  data-image-url=\"https:\/\/ilomas.org.ar\/codililz\/wp-content\/uploads\/2024\/06\/juan-pablo-ii.png\" href=\"\/codililz\/shared-files\/468\/?DOMINICAE_CENAE.doc\" target=\"_blank\">Carta \u00abDominicae Cenae\u00bb sobre el Misterio y el Culto de la Eucarist\u00eda<\/a><span class=\"shared-file-size\">188.50 KB<\/span><a href=\"https:\/\/view.officeapps.live.com\/op\/view.aspx?src=https%3A%2F%2Filomas.org.ar%2Fcodililz%2Fshared-files%2F468%2F%3FDOMINICAE_CENAE.doc\" target=\"_blank\" class=\"shared-files-preview-button\">Vista Previa<\/a><span class=\"shared-file-date\">July 2, 2024<\/span><div class=\"shared-files-download-counter\"><span>Descargas 375<\/span><\/div><div class=\"shared-file-description-container\">Este documento se centra en la Eucarist\u00eda, su misterio y su culto, y est\u00e1 dirigido a los obispos, sacerdotes y di\u00e1conos de la Iglesia Cat\u00f3lica. <\/div><div class=\"shared-files-download-button-container\"><a href=\"\/codililz\/shared-files\/468\/?DOMINICAE_CENAE.doc&download=1\" class=\"shared-files-download-button\"  >Descargar<\/a><\/div><div class=\"shared-files-edit-actions\"><\/div><\/div><div class=\"shared-files-main-elements-featured-image\"><img decoding=\"async\" width=\"150\" height=\"150\" src=\"https:\/\/ilomas.org.ar\/codililz\/wp-content\/uploads\/2024\/06\/juan-pablo-ii-150x150.png\" class=\"attachment-thumbnail size-thumbnail wp-post-image\" alt=\"\" srcset=\"https:\/\/ilomas.org.ar\/codililz\/wp-content\/uploads\/2024\/06\/juan-pablo-ii-150x150.png 150w, https:\/\/ilomas.org.ar\/codililz\/wp-content\/uploads\/2024\/06\/juan-pablo-ii-300x300.png 300w, https:\/\/ilomas.org.ar\/codililz\/wp-content\/uploads\/2024\/06\/juan-pablo-ii-100x100.png 100w, https:\/\/ilomas.org.ar\/codililz\/wp-content\/uploads\/2024\/06\/juan-pablo-ii.png 350w\" sizes=\"(max-width: 150px) 100vw, 150px\" \/><\/div><\/div><\/li><li class=\"shared-files-card-469\"><div class=\"shared-files-main-elements\"><div class=\"shared-files-main-elements-left\" style=\"background-image: url(https:\/\/ilomas.org.ar\/codililz\/wp-content\/uploads\/2024\/07\/file-word_9254692.svg);\"><\/div><div class=\"shared-files-main-elements-right\"><a class=\"shared-files-file-title\"  data-file-type=\"\"  data-file-url=\"\/codililz\/shared-files\/469\/?ECCLESIA_DE_EUCHARISTIA.doc\"  data-external-url=\"\"  data-image-url=\"https:\/\/ilomas.org.ar\/codililz\/wp-content\/uploads\/2024\/06\/juan-pablo-ii.png\" href=\"\/codililz\/shared-files\/469\/?ECCLESIA_DE_EUCHARISTIA.doc\" target=\"_blank\">Enc\u00edclica \u00abEcclesia de Eucharistia\u00bb<\/a><span class=\"shared-file-size\">163.50 KB<\/span><a href=\"https:\/\/view.officeapps.live.com\/op\/view.aspx?src=https%3A%2F%2Filomas.org.ar%2Fcodililz%2Fshared-files%2F469%2F%3FECCLESIA_DE_EUCHARISTIA.doc\" target=\"_blank\" class=\"shared-files-preview-button\">Vista Previa<\/a><span class=\"shared-file-date\">July 2, 2024<\/span><div class=\"shared-files-download-counter\"><span>Descargas 360<\/span><\/div><div class=\"shared-file-description-container\">Este documento subraya la centralidad de la Eucarist\u00eda en la vida de la Iglesia y en la vida de cada cristiano.<\/div><div class=\"shared-files-download-button-container\"><a href=\"\/codililz\/shared-files\/469\/?ECCLESIA_DE_EUCHARISTIA.doc&download=1\" class=\"shared-files-download-button\"  >Descargar<\/a><\/div><div class=\"shared-files-edit-actions\"><\/div><\/div><div class=\"shared-files-main-elements-featured-image\"><img decoding=\"async\" width=\"150\" height=\"150\" src=\"https:\/\/ilomas.org.ar\/codililz\/wp-content\/uploads\/2024\/06\/juan-pablo-ii-150x150.png\" class=\"attachment-thumbnail size-thumbnail wp-post-image\" alt=\"\" srcset=\"https:\/\/ilomas.org.ar\/codililz\/wp-content\/uploads\/2024\/06\/juan-pablo-ii-150x150.png 150w, https:\/\/ilomas.org.ar\/codililz\/wp-content\/uploads\/2024\/06\/juan-pablo-ii-300x300.png 300w, https:\/\/ilomas.org.ar\/codililz\/wp-content\/uploads\/2024\/06\/juan-pablo-ii-100x100.png 100w, https:\/\/ilomas.org.ar\/codililz\/wp-content\/uploads\/2024\/06\/juan-pablo-ii.png 350w\" sizes=\"(max-width: 150px) 100vw, 150px\" \/><\/div><\/div><\/li><li class=\"shared-files-card-470\"><div class=\"shared-files-main-elements\"><div class=\"shared-files-main-elements-left\" style=\"background-image: url(https:\/\/ilomas.org.ar\/codililz\/wp-content\/uploads\/2024\/07\/file-word_9254692.svg);\"><\/div><div class=\"shared-files-main-elements-right\"><a class=\"shared-files-file-title\"  data-file-type=\"\"  data-file-url=\"\/codililz\/shared-files\/470\/?Liturgiam_authenticam.doc\"  data-external-url=\"\"  data-image-url=\"https:\/\/ilomas.org.ar\/codililz\/wp-content\/uploads\/2024\/06\/juan-pablo-ii.png\" href=\"\/codililz\/shared-files\/470\/?Liturgiam_authenticam.doc\" target=\"_blank\">Instrucci\u00f3n \u00abLiturgiam Authenticam\u00bb<\/a><span class=\"shared-file-size\">203.50 KB<\/span><a href=\"https:\/\/view.officeapps.live.com\/op\/view.aspx?src=https%3A%2F%2Filomas.org.ar%2Fcodililz%2Fshared-files%2F470%2F%3FLiturgiam_authenticam.doc\" target=\"_blank\" class=\"shared-files-preview-button\">Vista Previa<\/a><span class=\"shared-file-date\">July 2, 2024<\/span><div class=\"shared-files-download-counter\"><span>Descargas 446<\/span><\/div><div class=\"shared-file-description-container\">Instrucci\u00f3n \"Liturgiam Authenticam\" sobre el uso de la lengua vern\u00e1cula en la Liturgia<\/div><div class=\"shared-files-download-button-container\"><a href=\"\/codililz\/shared-files\/470\/?Liturgiam_authenticam.doc&download=1\" class=\"shared-files-download-button\"  >Descargar<\/a><\/div><div class=\"shared-files-edit-actions\"><\/div><\/div><div class=\"shared-files-main-elements-featured-image\"><img decoding=\"async\" width=\"150\" height=\"150\" src=\"https:\/\/ilomas.org.ar\/codililz\/wp-content\/uploads\/2024\/06\/juan-pablo-ii-150x150.png\" class=\"attachment-thumbnail size-thumbnail wp-post-image\" alt=\"\" srcset=\"https:\/\/ilomas.org.ar\/codililz\/wp-content\/uploads\/2024\/06\/juan-pablo-ii-150x150.png 150w, https:\/\/ilomas.org.ar\/codililz\/wp-content\/uploads\/2024\/06\/juan-pablo-ii-300x300.png 300w, https:\/\/ilomas.org.ar\/codililz\/wp-content\/uploads\/2024\/06\/juan-pablo-ii-100x100.png 100w, https:\/\/ilomas.org.ar\/codililz\/wp-content\/uploads\/2024\/06\/juan-pablo-ii.png 350w\" sizes=\"(max-width: 150px) 100vw, 150px\" \/><\/div><\/div><\/li><li class=\"shared-files-card-471\"><div class=\"shared-files-main-elements\"><div class=\"shared-files-main-elements-left\" style=\"background-image: url(https:\/\/ilomas.org.ar\/codililz\/wp-content\/uploads\/2024\/07\/file-word_9254692.svg);\"><\/div><div class=\"shared-files-main-elements-right\"><a class=\"shared-files-file-title\"  data-file-type=\"\"  data-file-url=\"\/codililz\/shared-files\/471\/?REDEMPTIONIS_SACRAMENTUM.doc\"  data-external-url=\"\"  data-image-url=\"https:\/\/ilomas.org.ar\/codililz\/wp-content\/uploads\/2024\/06\/juan-pablo-ii.png\" href=\"\/codililz\/shared-files\/471\/?REDEMPTIONIS_SACRAMENTUM.doc\" target=\"_blank\">Instrucci\u00f3n \u00abRedemptionis Sacramentum\u00bb<\/a><span class=\"shared-file-size\">275.00 KB<\/span><a href=\"https:\/\/view.officeapps.live.com\/op\/view.aspx?src=https%3A%2F%2Filomas.org.ar%2Fcodililz%2Fshared-files%2F471%2F%3FREDEMPTIONIS_SACRAMENTUM.doc\" target=\"_blank\" class=\"shared-files-preview-button\">Vista Previa<\/a><span class=\"shared-file-date\">July 2, 2024<\/span><div class=\"shared-files-download-counter\"><span>Descargas 452<\/span><\/div><div class=\"shared-file-description-container\">Instrucci\u00f3n \"Redemptionis Sacramentum\" sobre algunas cosas que se deben observar o evitar<br \/>\r\nacerca de la Sant\u00edsima Eucarist\u00eda<\/div><div class=\"shared-files-download-button-container\"><a href=\"\/codililz\/shared-files\/471\/?REDEMPTIONIS_SACRAMENTUM.doc&download=1\" class=\"shared-files-download-button\"  >Descargar<\/a><\/div><div class=\"shared-files-edit-actions\"><\/div><\/div><div class=\"shared-files-main-elements-featured-image\"><img decoding=\"async\" width=\"150\" height=\"150\" src=\"https:\/\/ilomas.org.ar\/codililz\/wp-content\/uploads\/2024\/06\/juan-pablo-ii-150x150.png\" class=\"attachment-thumbnail size-thumbnail wp-post-image\" alt=\"\" srcset=\"https:\/\/ilomas.org.ar\/codililz\/wp-content\/uploads\/2024\/06\/juan-pablo-ii-150x150.png 150w, https:\/\/ilomas.org.ar\/codililz\/wp-content\/uploads\/2024\/06\/juan-pablo-ii-300x300.png 300w, https:\/\/ilomas.org.ar\/codililz\/wp-content\/uploads\/2024\/06\/juan-pablo-ii-100x100.png 100w, https:\/\/ilomas.org.ar\/codililz\/wp-content\/uploads\/2024\/06\/juan-pablo-ii.png 350w\" sizes=\"(max-width: 150px) 100vw, 150px\" \/><\/div><\/div><\/li><li class=\"shared-files-card-472\"><div class=\"shared-files-main-elements\"><div class=\"shared-files-main-elements-left\" style=\"background-image: url(https:\/\/ilomas.org.ar\/codililz\/wp-content\/uploads\/2024\/07\/file-word_9254692.svg);\"><\/div><div class=\"shared-files-main-elements-right\"><a class=\"shared-files-file-title\"  data-file-type=\"\"  data-file-url=\"\/codililz\/shared-files\/472\/?ROSARIUM_VIRGINIS_MARIAE.doc\"  data-external-url=\"\"  data-image-url=\"https:\/\/ilomas.org.ar\/codililz\/wp-content\/uploads\/2024\/06\/juan-pablo-ii.png\" href=\"\/codililz\/shared-files\/472\/?ROSARIUM_VIRGINIS_MARIAE.doc\" target=\"_blank\">Carta Apost\u00f3lica \u00abRosarium Virginis Mariae\u00bb<\/a><span class=\"shared-file-size\">265.00 KB<\/span><a href=\"https:\/\/view.officeapps.live.com\/op\/view.aspx?src=https%3A%2F%2Filomas.org.ar%2Fcodililz%2Fshared-files%2F472%2F%3FROSARIUM_VIRGINIS_MARIAE.doc\" target=\"_blank\" class=\"shared-files-preview-button\">Vista Previa<\/a><span class=\"shared-file-date\">July 2, 2024<\/span><div class=\"shared-files-download-counter\"><span>Descargas 417<\/span><\/div><div class=\"shared-file-description-container\">Este documento se centra en la importancia del Santo Rosario en la vida espiritual de los cat\u00f3licos, destacando su valor como una oraci\u00f3n contemplativa centrada en los misterios de la vida de Cristo y en la compa\u00f1\u00eda de la Virgen Mar\u00eda.<\/div><div class=\"shared-files-download-button-container\"><a href=\"\/codililz\/shared-files\/472\/?ROSARIUM_VIRGINIS_MARIAE.doc&download=1\" class=\"shared-files-download-button\"  >Descargar<\/a><\/div><div class=\"shared-files-edit-actions\"><\/div><\/div><div class=\"shared-files-main-elements-featured-image\"><img decoding=\"async\" width=\"150\" height=\"150\" src=\"https:\/\/ilomas.org.ar\/codililz\/wp-content\/uploads\/2024\/06\/juan-pablo-ii-150x150.png\" class=\"attachment-thumbnail size-thumbnail wp-post-image\" alt=\"\" srcset=\"https:\/\/ilomas.org.ar\/codililz\/wp-content\/uploads\/2024\/06\/juan-pablo-ii-150x150.png 150w, https:\/\/ilomas.org.ar\/codililz\/wp-content\/uploads\/2024\/06\/juan-pablo-ii-300x300.png 300w, https:\/\/ilomas.org.ar\/codililz\/wp-content\/uploads\/2024\/06\/juan-pablo-ii-100x100.png 100w, https:\/\/ilomas.org.ar\/codililz\/wp-content\/uploads\/2024\/06\/juan-pablo-ii.png 350w\" sizes=\"(max-width: 150px) 100vw, 150px\" \/><\/div><\/div><\/li><li class=\"shared-files-card-473\"><div class=\"shared-files-main-elements\"><div class=\"shared-files-main-elements-left\" style=\"background-image: url(https:\/\/ilomas.org.ar\/codililz\/wp-content\/uploads\/2024\/07\/file-word_9254692.svg);\"><\/div><div class=\"shared-files-main-elements-right\"><a class=\"shared-files-file-title\"  data-file-type=\"\"  data-file-url=\"\/codililz\/shared-files\/473\/?SPIRITUS_ET_SPONSA.doc\"  data-external-url=\"\"  data-image-url=\"https:\/\/ilomas.org.ar\/codililz\/wp-content\/uploads\/2024\/06\/juan-pablo-ii.png\" href=\"\/codililz\/shared-files\/473\/?SPIRITUS_ET_SPONSA.doc\" target=\"_blank\">Carta Apost\u00f3lica \u00abSpiritus et sponsa\u00bb en el XL aniversario de la \u00abSacrosanctum Concilium\u00bb<\/a><span class=\"shared-file-size\">47.00 KB<\/span><a href=\"https:\/\/view.officeapps.live.com\/op\/view.aspx?src=https%3A%2F%2Filomas.org.ar%2Fcodililz%2Fshared-files%2F473%2F%3FSPIRITUS_ET_SPONSA.doc\" target=\"_blank\" class=\"shared-files-preview-button\">Vista Previa<\/a><span class=\"shared-file-date\">July 2, 2024<\/span><div class=\"shared-files-download-counter\"><span>Descargas 418<\/span><\/div><div class=\"shared-file-description-container\">Este documento refleja el deseo del Papa de continuar promoviendo la renovaci\u00f3n lit\u00fargica iniciada por el Concilio Vaticano II, enfatizando la importancia de una liturgia vivida plenamente y en comuni\u00f3n con la misi\u00f3n evangelizadora de la Iglesia.<\/div><div class=\"shared-files-download-button-container\"><a href=\"\/codililz\/shared-files\/473\/?SPIRITUS_ET_SPONSA.doc&download=1\" class=\"shared-files-download-button\"  >Descargar<\/a><\/div><div class=\"shared-files-edit-actions\"><\/div><\/div><div class=\"shared-files-main-elements-featured-image\"><img decoding=\"async\" width=\"150\" height=\"150\" src=\"https:\/\/ilomas.org.ar\/codililz\/wp-content\/uploads\/2024\/06\/juan-pablo-ii-150x150.png\" class=\"attachment-thumbnail size-thumbnail wp-post-image\" alt=\"\" srcset=\"https:\/\/ilomas.org.ar\/codililz\/wp-content\/uploads\/2024\/06\/juan-pablo-ii-150x150.png 150w, https:\/\/ilomas.org.ar\/codililz\/wp-content\/uploads\/2024\/06\/juan-pablo-ii-300x300.png 300w, https:\/\/ilomas.org.ar\/codililz\/wp-content\/uploads\/2024\/06\/juan-pablo-ii-100x100.png 100w, https:\/\/ilomas.org.ar\/codililz\/wp-content\/uploads\/2024\/06\/juan-pablo-ii.png 350w\" sizes=\"(max-width: 150px) 100vw, 150px\" \/><\/div><\/div><\/li><li class=\"shared-files-card-474\"><div class=\"shared-files-main-elements\"><div class=\"shared-files-main-elements-left\" style=\"background-image: url(https:\/\/ilomas.org.ar\/codililz\/wp-content\/uploads\/2024\/07\/file-word_9254692.svg);\"><\/div><div class=\"shared-files-main-elements-right\"><a class=\"shared-files-file-title\"  data-file-type=\"\"  data-file-url=\"\/codililz\/shared-files\/474\/?TRA_LE_SOLLECITUDINI.doc\"  data-external-url=\"\"  data-image-url=\"https:\/\/ilomas.org.ar\/codililz\/wp-content\/uploads\/2024\/06\/juan-pablo-ii.png\" href=\"\/codililz\/shared-files\/474\/?TRA_LE_SOLLECITUDINI.doc\" target=\"_blank\">Quir\u00f3grafo sobre la M\u00fasica Sacra en el centenario del Motu Proprio \u00abTra le sollecitudini\u00bb<\/a><span class=\"shared-file-size\">43.50 KB<\/span><a href=\"https:\/\/view.officeapps.live.com\/op\/view.aspx?src=https%3A%2F%2Filomas.org.ar%2Fcodililz%2Fshared-files%2F474%2F%3FTRA_LE_SOLLECITUDINI.doc\" target=\"_blank\" class=\"shared-files-preview-button\">Vista Previa<\/a><span class=\"shared-file-date\">July 2, 2024<\/span><div class=\"shared-files-download-counter\"><span>Descargas 422<\/span><\/div><div class=\"shared-file-description-container\">Estos documentos juntos forman una base s\u00f3lida para la comprensi\u00f3n y la pr\u00e1ctica de la m\u00fasica sacra en la Iglesia Cat\u00f3lica, asegurando que la m\u00fasica utilizada en la liturgia sea digna, santa y adecuada para la adoraci\u00f3n de Dios.<\/div><div class=\"shared-files-download-button-container\"><a href=\"\/codililz\/shared-files\/474\/?TRA_LE_SOLLECITUDINI.doc&download=1\" class=\"shared-files-download-button\"  >Descargar<\/a><\/div><div class=\"shared-files-edit-actions\"><\/div><\/div><div class=\"shared-files-main-elements-featured-image\"><img decoding=\"async\" width=\"150\" height=\"150\" src=\"https:\/\/ilomas.org.ar\/codililz\/wp-content\/uploads\/2024\/06\/juan-pablo-ii-150x150.png\" class=\"attachment-thumbnail size-thumbnail wp-post-image\" alt=\"\" srcset=\"https:\/\/ilomas.org.ar\/codililz\/wp-content\/uploads\/2024\/06\/juan-pablo-ii-150x150.png 150w, https:\/\/ilomas.org.ar\/codililz\/wp-content\/uploads\/2024\/06\/juan-pablo-ii-300x300.png 300w, https:\/\/ilomas.org.ar\/codililz\/wp-content\/uploads\/2024\/06\/juan-pablo-ii-100x100.png 100w, https:\/\/ilomas.org.ar\/codililz\/wp-content\/uploads\/2024\/06\/juan-pablo-ii.png 350w\" sizes=\"(max-width: 150px) 100vw, 150px\" \/><\/div><\/div><\/li><li class=\"shared-files-card-475\"><div class=\"shared-files-main-elements\"><div class=\"shared-files-main-elements-left\" style=\"background-image: url(https:\/\/ilomas.org.ar\/codililz\/wp-content\/uploads\/2024\/07\/file-word_9254692.svg);\"><\/div><div class=\"shared-files-main-elements-right\"><a class=\"shared-files-file-title\"  data-file-type=\"\"  data-file-url=\"\/codililz\/shared-files\/475\/?SUMMORUM_PONTIFICUM.doc\"  data-external-url=\"\"  data-image-url=\"https:\/\/ilomas.org.ar\/codililz\/wp-content\/uploads\/2024\/07\/benedetto-XVI.png\" href=\"\/codililz\/shared-files\/475\/?SUMMORUM_PONTIFICUM.doc\" target=\"_blank\">Motu Proprio \u00abSumorum Pontificum\u00bb<\/a><span class=\"shared-file-size\">87.50 KB<\/span><a href=\"https:\/\/view.officeapps.live.com\/op\/view.aspx?src=https%3A%2F%2Filomas.org.ar%2Fcodililz%2Fshared-files%2F475%2F%3FSUMMORUM_PONTIFICUM.doc\" target=\"_blank\" class=\"shared-files-preview-button\">Vista Previa<\/a><span class=\"shared-file-date\">July 2, 2024<\/span><div class=\"shared-files-download-counter\"><span>Descargas 422<\/span><\/div><div class=\"shared-file-description-container\">Este documento aborda el uso de la liturgia romana anterior a la reforma de 1970 y establece las normas para la celebraci\u00f3n de la Misa utilizando el Misal Romano de 1962. <\/div><div class=\"shared-files-download-button-container\"><a href=\"\/codililz\/shared-files\/475\/?SUMMORUM_PONTIFICUM.doc&download=1\" class=\"shared-files-download-button\"  >Descargar<\/a><\/div><div class=\"shared-files-edit-actions\"><\/div><\/div><div class=\"shared-files-main-elements-featured-image\"><img loading=\"lazy\" decoding=\"async\" width=\"150\" height=\"150\" src=\"https:\/\/ilomas.org.ar\/codililz\/wp-content\/uploads\/2024\/07\/benedetto-XVI-150x150.png\" class=\"attachment-thumbnail size-thumbnail wp-post-image\" alt=\"\" srcset=\"https:\/\/ilomas.org.ar\/codililz\/wp-content\/uploads\/2024\/07\/benedetto-XVI-150x150.png 150w, https:\/\/ilomas.org.ar\/codililz\/wp-content\/uploads\/2024\/07\/benedetto-XVI-300x300.png 300w, https:\/\/ilomas.org.ar\/codililz\/wp-content\/uploads\/2024\/07\/benedetto-XVI-100x100.png 100w, https:\/\/ilomas.org.ar\/codililz\/wp-content\/uploads\/2024\/07\/benedetto-XVI.png 350w\" sizes=\"(max-width: 150px) 100vw, 150px\" \/><\/div><\/div><\/li><li class=\"shared-files-card-476\"><div class=\"shared-files-main-elements\"><div class=\"shared-files-main-elements-left\" style=\"background-image: url(https:\/\/ilomas.org.ar\/codililz\/wp-content\/uploads\/2024\/07\/file-word_9254692.svg);\"><\/div><div class=\"shared-files-main-elements-right\"><a class=\"shared-files-file-title\"  data-file-type=\"\"  data-file-url=\"\/codililz\/shared-files\/476\/?DISCURSO-BXVI-2012.doc\"  data-external-url=\"\"  data-image-url=\"https:\/\/ilomas.org.ar\/codililz\/wp-content\/uploads\/2024\/07\/benedetto-XVI.png\" href=\"\/codililz\/shared-files\/476\/?DISCURSO-BXVI-2012.doc\" target=\"_blank\">Discurso en el Congreso italiano de las Scholae Cantorum<\/a><span class=\"shared-file-size\">29.00 KB<\/span><a href=\"https:\/\/view.officeapps.live.com\/op\/view.aspx?src=https%3A%2F%2Filomas.org.ar%2Fcodililz%2Fshared-files%2F476%2F%3FDISCURSO-BXVI-2012.doc\" target=\"_blank\" class=\"shared-files-preview-button\">Vista Previa<\/a><span class=\"shared-file-date\">July 2, 2024<\/span><div class=\"shared-files-download-counter\"><span>Descargas 411<\/span><\/div><div class=\"shared-file-description-container\">Discurso en el Congreso italiano de las Scholae Cantorum organizado por la Asociaci\u00f3n Santa Cecilia, 10 de noviembre de 2012, aborda la importancia de la m\u00fasica sacra en la liturgia y su papel en la evangelizaci\u00f3n. <\/div><div class=\"shared-files-download-button-container\"><a href=\"\/codililz\/shared-files\/476\/?DISCURSO-BXVI-2012.doc&download=1\" class=\"shared-files-download-button\"  >Descargar<\/a><\/div><div class=\"shared-files-edit-actions\"><\/div><\/div><div class=\"shared-files-main-elements-featured-image\"><img loading=\"lazy\" decoding=\"async\" width=\"150\" height=\"150\" src=\"https:\/\/ilomas.org.ar\/codililz\/wp-content\/uploads\/2024\/07\/benedetto-XVI-150x150.png\" class=\"attachment-thumbnail size-thumbnail wp-post-image\" alt=\"\" srcset=\"https:\/\/ilomas.org.ar\/codililz\/wp-content\/uploads\/2024\/07\/benedetto-XVI-150x150.png 150w, https:\/\/ilomas.org.ar\/codililz\/wp-content\/uploads\/2024\/07\/benedetto-XVI-300x300.png 300w, https:\/\/ilomas.org.ar\/codililz\/wp-content\/uploads\/2024\/07\/benedetto-XVI-100x100.png 100w, https:\/\/ilomas.org.ar\/codililz\/wp-content\/uploads\/2024\/07\/benedetto-XVI.png 350w\" sizes=\"(max-width: 150px) 100vw, 150px\" \/><\/div><\/div><\/li><li class=\"shared-files-card-477\"><div class=\"shared-files-main-elements\"><div class=\"shared-files-main-elements-left\" style=\"background-image: url(https:\/\/ilomas.org.ar\/codililz\/wp-content\/uploads\/2024\/07\/file-pdf_9254689.svg);\"><\/div><div class=\"shared-files-main-elements-right\"><a class=\"shared-files-file-title\"  data-file-type=\"\"  data-file-url=\"\/codililz\/shared-files\/477\/?Legado-musical-de-Benedicto-XVI.pdf\"  data-external-url=\"\"  data-image-url=\"https:\/\/ilomas.org.ar\/codililz\/wp-content\/uploads\/2024\/07\/benedetto-XVI.png\" href=\"\/codililz\/shared-files\/477\/?Legado-musical-de-Benedicto-XVI.pdf\" target=\"_blank\">Legado musical de Benedicto XVI<\/a><span class=\"shared-file-size\">89.42 KB<\/span><a href=\"https:\/\/ilomas.org.ar\/codililz\/shared-files\/477\/?Legado-musical-de-Benedicto-XVI.pdf\" target=\"_blank\" class=\"shared-files-preview-button\">Vista Previa<\/a><span class=\"shared-file-date\">July 2, 2024<\/span><div class=\"shared-files-download-counter\"><span>Descargas 393<\/span><\/div><div class=\"shared-file-description-container\">Vademecum sobre documentos de Joseph Ratzinger\/Benedicto XVI relacionados con la M\u00fasica<\/div><div class=\"shared-files-download-button-container\"><a href=\"\/codililz\/shared-files\/477\/?Legado-musical-de-Benedicto-XVI.pdf&download=1\" class=\"shared-files-download-button\"  >Descargar<\/a><\/div><div class=\"shared-files-edit-actions\"><\/div><\/div><div class=\"shared-files-main-elements-featured-image\"><img loading=\"lazy\" decoding=\"async\" width=\"150\" height=\"150\" src=\"https:\/\/ilomas.org.ar\/codililz\/wp-content\/uploads\/2024\/07\/benedetto-XVI-150x150.png\" class=\"attachment-thumbnail size-thumbnail wp-post-image\" alt=\"\" srcset=\"https:\/\/ilomas.org.ar\/codililz\/wp-content\/uploads\/2024\/07\/benedetto-XVI-150x150.png 150w, https:\/\/ilomas.org.ar\/codililz\/wp-content\/uploads\/2024\/07\/benedetto-XVI-300x300.png 300w, https:\/\/ilomas.org.ar\/codililz\/wp-content\/uploads\/2024\/07\/benedetto-XVI-100x100.png 100w, https:\/\/ilomas.org.ar\/codililz\/wp-content\/uploads\/2024\/07\/benedetto-XVI.png 350w\" sizes=\"(max-width: 150px) 100vw, 150px\" \/><\/div><\/div><\/li><li class=\"shared-files-card-478\"><div class=\"shared-files-main-elements\"><div class=\"shared-files-main-elements-left\" style=\"background-image: url(https:\/\/ilomas.org.ar\/codililz\/wp-content\/uploads\/2024\/07\/file-word_9254692.svg);\"><\/div><div class=\"shared-files-main-elements-right\"><a class=\"shared-files-file-title\"  data-file-type=\"\"  data-file-url=\"\/codililz\/shared-files\/478\/?VERBUM-DOMINI.doc\"  data-external-url=\"\"  data-image-url=\"https:\/\/ilomas.org.ar\/codililz\/wp-content\/uploads\/2024\/07\/benedetto-XVI.png\" href=\"\/codililz\/shared-files\/478\/?VERBUM-DOMINI.doc\" target=\"_blank\">Exhortaci\u00f3n Apost\u00f3lica \u00abVerbum Domini\u00bb<\/a><span class=\"shared-file-size\">967.50 KB<\/span><a href=\"https:\/\/view.officeapps.live.com\/op\/view.aspx?src=https%3A%2F%2Filomas.org.ar%2Fcodililz%2Fshared-files%2F478%2F%3FVERBUM-DOMINI.doc\" target=\"_blank\" class=\"shared-files-preview-button\">Vista Previa<\/a><span class=\"shared-file-date\">July 2, 2024<\/span><div class=\"shared-files-download-counter\"><span>Descargas 345<\/span><\/div><div class=\"shared-file-description-container\">Este documento aborda la importancia de la Palabra de Dios en la vida y misi\u00f3n de la Iglesia y se basa en las reflexiones de la XII Asamblea General Ordinaria del S\u00ednodo de los Obispos, celebrada en octubre de 2008.<\/div><div class=\"shared-files-download-button-container\"><a href=\"\/codililz\/shared-files\/478\/?VERBUM-DOMINI.doc&download=1\" class=\"shared-files-download-button\"  >Descargar<\/a><\/div><div class=\"shared-files-edit-actions\"><\/div><\/div><div class=\"shared-files-main-elements-featured-image\"><img loading=\"lazy\" decoding=\"async\" width=\"150\" height=\"150\" src=\"https:\/\/ilomas.org.ar\/codililz\/wp-content\/uploads\/2024\/07\/benedetto-XVI-150x150.png\" class=\"attachment-thumbnail size-thumbnail wp-post-image\" alt=\"\" srcset=\"https:\/\/ilomas.org.ar\/codililz\/wp-content\/uploads\/2024\/07\/benedetto-XVI-150x150.png 150w, https:\/\/ilomas.org.ar\/codililz\/wp-content\/uploads\/2024\/07\/benedetto-XVI-300x300.png 300w, https:\/\/ilomas.org.ar\/codililz\/wp-content\/uploads\/2024\/07\/benedetto-XVI-100x100.png 100w, https:\/\/ilomas.org.ar\/codililz\/wp-content\/uploads\/2024\/07\/benedetto-XVI.png 350w\" sizes=\"(max-width: 150px) 100vw, 150px\" \/><\/div><\/div><\/li><li class=\"shared-files-card-479\"><div class=\"shared-files-main-elements\"><div class=\"shared-files-main-elements-left\" style=\"background-image: url(https:\/\/ilomas.org.ar\/codililz\/wp-content\/uploads\/2024\/07\/file-word_9254692.svg);\"><\/div><div class=\"shared-files-main-elements-right\"><a class=\"shared-files-file-title\"  data-file-type=\"\"  data-file-url=\"\/codililz\/shared-files\/479\/?DESIDERIO-DESIDERAVI.doc\"  data-external-url=\"\"  data-image-url=\"https:\/\/ilomas.org.ar\/codililz\/wp-content\/uploads\/2024\/07\/francesco.png\" href=\"\/codililz\/shared-files\/479\/?DESIDERIO-DESIDERAVI.doc\" target=\"_blank\">Carta apost\u00f3lica \u00abDesiderio Desideravi\u00bb<\/a><span class=\"shared-file-size\">141.50 KB<\/span><a href=\"https:\/\/view.officeapps.live.com\/op\/view.aspx?src=https%3A%2F%2Filomas.org.ar%2Fcodililz%2Fshared-files%2F479%2F%3FDESIDERIO-DESIDERAVI.doc\" target=\"_blank\" class=\"shared-files-preview-button\">Vista Previa<\/a><span class=\"shared-file-date\">July 2, 2024<\/span><div class=\"shared-files-download-counter\"><span>Descargas 395<\/span><\/div><div class=\"shared-file-description-container\">El documento aborda la formaci\u00f3n lit\u00fargica del pueblo de Dios y destaca la importancia de la liturgia en la vida de la Iglesia.<br \/>\r\n<br \/>\r\n<\/div><div class=\"shared-files-download-button-container\"><a href=\"\/codililz\/shared-files\/479\/?DESIDERIO-DESIDERAVI.doc&download=1\" class=\"shared-files-download-button\"  >Descargar<\/a><\/div><div class=\"shared-files-edit-actions\"><\/div><\/div><div class=\"shared-files-main-elements-featured-image\"><img loading=\"lazy\" decoding=\"async\" width=\"150\" height=\"150\" src=\"https:\/\/ilomas.org.ar\/codililz\/wp-content\/uploads\/2024\/07\/francesco-150x150.png\" class=\"attachment-thumbnail size-thumbnail wp-post-image\" alt=\"\" srcset=\"https:\/\/ilomas.org.ar\/codililz\/wp-content\/uploads\/2024\/07\/francesco-150x150.png 150w, https:\/\/ilomas.org.ar\/codililz\/wp-content\/uploads\/2024\/07\/francesco-300x300.png 300w, https:\/\/ilomas.org.ar\/codililz\/wp-content\/uploads\/2024\/07\/francesco-100x100.png 100w, https:\/\/ilomas.org.ar\/codililz\/wp-content\/uploads\/2024\/07\/francesco.png 350w\" sizes=\"(max-width: 150px) 100vw, 150px\" \/><\/div><\/div><\/li><li class=\"shared-files-card-481\"><div class=\"shared-files-main-elements\"><div class=\"shared-files-main-elements-left\" style=\"background-image: url(https:\/\/ilomas.org.ar\/codililz\/wp-content\/uploads\/2024\/07\/file-word_9254692.svg);\"><\/div><div class=\"shared-files-main-elements-right\"><a class=\"shared-files-file-title\"  data-file-type=\"\"  data-file-url=\"\/codililz\/shared-files\/481\/?DISCURSO-FRANCISCO-2017.doc\"  data-external-url=\"\"  data-image-url=\"https:\/\/ilomas.org.ar\/codililz\/wp-content\/uploads\/2024\/07\/francesco.png\" href=\"\/codililz\/shared-files\/481\/?DISCURSO-FRANCISCO-2017.doc\" target=\"_blank\">DISCURSO FRANCISCO 2017.doc<\/a><span class=\"shared-file-size\">30.00 KB<\/span><a href=\"https:\/\/view.officeapps.live.com\/op\/view.aspx?src=https%3A%2F%2Filomas.org.ar%2Fcodililz%2Fshared-files%2F481%2F%3FDISCURSO-FRANCISCO-2017.doc\" target=\"_blank\" class=\"shared-files-preview-button\">Vista Previa<\/a><span class=\"shared-file-date\">July 2, 2024<\/span><div class=\"shared-files-download-counter\"><span>Descargas 407<\/span><\/div><div class=\"shared-file-description-container\">El discurso del Papa Francisco subraya la importancia de la m\u00fasica sacra en la liturgia y en la vida de la Iglesia<\/div><div class=\"shared-files-download-button-container\"><a href=\"\/codililz\/shared-files\/481\/?DISCURSO-FRANCISCO-2017.doc&download=1\" class=\"shared-files-download-button\"  >Descargar<\/a><\/div><div class=\"shared-files-edit-actions\"><\/div><\/div><div class=\"shared-files-main-elements-featured-image\"><img loading=\"lazy\" decoding=\"async\" width=\"150\" height=\"150\" src=\"https:\/\/ilomas.org.ar\/codililz\/wp-content\/uploads\/2024\/07\/francesco-150x150.png\" class=\"attachment-thumbnail size-thumbnail wp-post-image\" alt=\"\" srcset=\"https:\/\/ilomas.org.ar\/codililz\/wp-content\/uploads\/2024\/07\/francesco-150x150.png 150w, https:\/\/ilomas.org.ar\/codililz\/wp-content\/uploads\/2024\/07\/francesco-300x300.png 300w, https:\/\/ilomas.org.ar\/codililz\/wp-content\/uploads\/2024\/07\/francesco-100x100.png 100w, https:\/\/ilomas.org.ar\/codililz\/wp-content\/uploads\/2024\/07\/francesco.png 350w\" sizes=\"(max-width: 150px) 100vw, 150px\" \/><\/div><\/div><\/li><li class=\"shared-files-card-1795\"><div class=\"shared-files-main-elements\"><div class=\"shared-files-main-elements-left\" style=\"background-image: url(https:\/\/ilomas.org.ar\/codililz\/wp-content\/uploads\/2024\/07\/file-pdf_9254689.svg);\"><\/div><div class=\"shared-files-main-elements-right\"><a class=\"shared-files-file-title\"  data-file-type=\"\"  data-file-url=\"\/codililz\/shared-files\/1795\/?RITUAL%20MEC.pdf\"  data-external-url=\"\"  data-image-url=\"https:\/\/ilomas.org.ar\/codililz\/wp-content\/uploads\/2024\/07\/cropped-cropped-logo-comision-diocesana-1.png\" href=\"\/codililz\/shared-files\/1795\/?RITUAL%20MEC.pdf\" target=\"_blank\">Ritual de los ministros extraordinarios de la comuni\u00f3n<\/a><span class=\"shared-file-size\">802.02 KB<\/span><a href=\"https:\/\/ilomas.org.ar\/codililz\/shared-files\/1795\/?RITUAL%20MEC.pdf\" target=\"_blank\" class=\"shared-files-preview-button\">Vista Previa<\/a><span class=\"shared-file-date\">July 27, 2024<\/span><div class=\"shared-files-download-counter\"><span>Descargas 12715<\/span><\/div><div class=\"shared-file-description-container\">El \"Subsidio Ritual de los Ministros Extraordinarios de la Comuni\u00f3n\" de la Di\u00f3cesis de Lomas de Zamora ofrece directrices para que los ministros distribuyan la Eucarist\u00eda con reverencia, especialmente a ancianos y enfermos. Incluye normas lit\u00fargicas, funciones del ministerio y formaci\u00f3n espiritual esencial.<\/div><div class=\"shared-files-download-button-container\"><a href=\"\/codililz\/shared-files\/1795\/?RITUAL%20MEC.pdf&download=1\" class=\"shared-files-download-button\"  >Descargar<\/a><\/div><div class=\"shared-files-edit-actions\"><\/div><\/div><div class=\"shared-files-main-elements-featured-image\"><img loading=\"lazy\" decoding=\"async\" width=\"150\" height=\"150\" src=\"https:\/\/ilomas.org.ar\/codililz\/wp-content\/uploads\/2024\/07\/cropped-cropped-logo-comision-diocesana-1-150x150.png\" class=\"attachment-thumbnail size-thumbnail wp-post-image\" alt=\"\" srcset=\"https:\/\/ilomas.org.ar\/codililz\/wp-content\/uploads\/2024\/07\/cropped-cropped-logo-comision-diocesana-1-150x150.png 150w, https:\/\/ilomas.org.ar\/codililz\/wp-content\/uploads\/2024\/07\/cropped-cropped-logo-comision-diocesana-1-300x300.png 300w, https:\/\/ilomas.org.ar\/codililz\/wp-content\/uploads\/2024\/07\/cropped-cropped-logo-comision-diocesana-1-270x270.png 270w, https:\/\/ilomas.org.ar\/codililz\/wp-content\/uploads\/2024\/07\/cropped-cropped-logo-comision-diocesana-1-192x192.png 192w, https:\/\/ilomas.org.ar\/codililz\/wp-content\/uploads\/2024\/07\/cropped-cropped-logo-comision-diocesana-1-180x180.png 180w, https:\/\/ilomas.org.ar\/codililz\/wp-content\/uploads\/2024\/07\/cropped-cropped-logo-comision-diocesana-1-32x32.png 32w, https:\/\/ilomas.org.ar\/codililz\/wp-content\/uploads\/2024\/07\/cropped-cropped-logo-comision-diocesana-1.png 512w\" sizes=\"(max-width: 150px) 100vw, 150px\" \/><\/div><\/div><\/li><li class=\"shared-files-card-2161\"><div class=\"shared-files-main-elements\"><div class=\"shared-files-main-elements-left\" style=\"background-image: url(https:\/\/ilomas.org.ar\/codililz\/wp-content\/uploads\/2024\/07\/file-pdf_9254689.svg);\"><\/div><div class=\"shared-files-main-elements-right\"><a class=\"shared-files-file-title\"  data-file-type=\"\"  data-file-url=\"\/codililz\/shared-files\/2161\/?Directorio%20para%20celebraciones%20dominicales%20en%20ausencia%20de%20presbi\u0301teros.pdf\"  data-external-url=\"\"  data-image-url=\"https:\/\/ilomas.org.ar\/codililz\/wp-content\/uploads\/2024\/07\/cropped-cropped-logo-comision-diocesana-1.png\" href=\"\/codililz\/shared-files\/2161\/?Directorio%20para%20celebraciones%20dominicales%20en%20ausencia%20de%20presbi\u0301teros.pdf\" target=\"_blank\">Directorio para celebraciones dominicales en ausencia de presb\u00edteros<\/a><span class=\"shared-file-size\">116.35 KB<\/span><a href=\"https:\/\/ilomas.org.ar\/codililz\/shared-files\/2161\/?Directorio%20para%20celebraciones%20dominicales%20en%20ausencia%20de%20presbi\u0301teros.pdf\" target=\"_blank\" class=\"shared-files-preview-button\">Vista Previa<\/a><span class=\"shared-file-date\">July 30, 2024<\/span><div class=\"shared-files-download-counter\"><span>Descargas 1218<\/span><\/div><div class=\"shared-files-download-button-container\"><a href=\"\/codililz\/shared-files\/2161\/?Directorio%20para%20celebraciones%20dominicales%20en%20ausencia%20de%20presbi\u0301teros.pdf&download=1\" class=\"shared-files-download-button\"  >Descargar<\/a><\/div><div class=\"shared-files-edit-actions\"><\/div><\/div><div class=\"shared-files-main-elements-featured-image\"><img loading=\"lazy\" decoding=\"async\" width=\"150\" height=\"150\" src=\"https:\/\/ilomas.org.ar\/codililz\/wp-content\/uploads\/2024\/07\/cropped-cropped-logo-comision-diocesana-1-150x150.png\" class=\"attachment-thumbnail size-thumbnail wp-post-image\" alt=\"\" srcset=\"https:\/\/ilomas.org.ar\/codililz\/wp-content\/uploads\/2024\/07\/cropped-cropped-logo-comision-diocesana-1-150x150.png 150w, https:\/\/ilomas.org.ar\/codililz\/wp-content\/uploads\/2024\/07\/cropped-cropped-logo-comision-diocesana-1-300x300.png 300w, https:\/\/ilomas.org.ar\/codililz\/wp-content\/uploads\/2024\/07\/cropped-cropped-logo-comision-diocesana-1-270x270.png 270w, https:\/\/ilomas.org.ar\/codililz\/wp-content\/uploads\/2024\/07\/cropped-cropped-logo-comision-diocesana-1-192x192.png 192w, https:\/\/ilomas.org.ar\/codililz\/wp-content\/uploads\/2024\/07\/cropped-cropped-logo-comision-diocesana-1-180x180.png 180w, https:\/\/ilomas.org.ar\/codililz\/wp-content\/uploads\/2024\/07\/cropped-cropped-logo-comision-diocesana-1-32x32.png 32w, https:\/\/ilomas.org.ar\/codililz\/wp-content\/uploads\/2024\/07\/cropped-cropped-logo-comision-diocesana-1.png 512w\" sizes=\"(max-width: 150px) 100vw, 150px\" \/><\/div><\/div><\/li><li class=\"shared-files-card-2162\"><div class=\"shared-files-main-elements\"><div class=\"shared-files-main-elements-left\" style=\"background-image: url(https:\/\/ilomas.org.ar\/codililz\/wp-content\/uploads\/2024\/07\/file-pdf_9254689.svg);\"><\/div><div class=\"shared-files-main-elements-right\"><a class=\"shared-files-file-title\"  data-file-type=\"\"  data-file-url=\"\/codililz\/shared-files\/2162\/?G.%20Celebracion%20de%20la%20Pasio\u0301n%20del%20Sen\u0303or%20(3).pdf\"  data-external-url=\"\"  data-image-url=\"https:\/\/ilomas.org.ar\/codililz\/wp-content\/uploads\/2024\/07\/cropped-cropped-logo-comision-diocesana-1.png\" href=\"\/codililz\/shared-files\/2162\/?G.%20Celebracion%20de%20la%20Pasio\u0301n%20del%20Sen\u0303or%20(3).pdf\" target=\"_blank\">Celebraci\u00f3n de la Pasi\u00f3n del Se\u00f1or<\/a><span class=\"shared-file-size\">273.65 KB<\/span><a href=\"https:\/\/ilomas.org.ar\/codililz\/shared-files\/2162\/?G.%20Celebracion%20de%20la%20Pasio\u0301n%20del%20Sen\u0303or%20(3).pdf\" target=\"_blank\" class=\"shared-files-preview-button\">Vista Previa<\/a><span class=\"shared-file-date\">July 30, 2024<\/span><div class=\"shared-files-download-counter\"><span>Descargas 806<\/span><\/div><div class=\"shared-files-download-button-container\"><a href=\"\/codililz\/shared-files\/2162\/?G.%20Celebracion%20de%20la%20Pasio\u0301n%20del%20Sen\u0303or%20(3).pdf&download=1\" class=\"shared-files-download-button\"  >Descargar<\/a><\/div><div class=\"shared-files-edit-actions\"><\/div><\/div><div class=\"shared-files-main-elements-featured-image\"><img loading=\"lazy\" decoding=\"async\" width=\"150\" height=\"150\" src=\"https:\/\/ilomas.org.ar\/codililz\/wp-content\/uploads\/2024\/07\/cropped-cropped-logo-comision-diocesana-1-150x150.png\" class=\"attachment-thumbnail size-thumbnail wp-post-image\" alt=\"\" srcset=\"https:\/\/ilomas.org.ar\/codililz\/wp-content\/uploads\/2024\/07\/cropped-cropped-logo-comision-diocesana-1-150x150.png 150w, https:\/\/ilomas.org.ar\/codililz\/wp-content\/uploads\/2024\/07\/cropped-cropped-logo-comision-diocesana-1-300x300.png 300w, https:\/\/ilomas.org.ar\/codililz\/wp-content\/uploads\/2024\/07\/cropped-cropped-logo-comision-diocesana-1-270x270.png 270w, https:\/\/ilomas.org.ar\/codililz\/wp-content\/uploads\/2024\/07\/cropped-cropped-logo-comision-diocesana-1-192x192.png 192w, https:\/\/ilomas.org.ar\/codililz\/wp-content\/uploads\/2024\/07\/cropped-cropped-logo-comision-diocesana-1-180x180.png 180w, https:\/\/ilomas.org.ar\/codililz\/wp-content\/uploads\/2024\/07\/cropped-cropped-logo-comision-diocesana-1-32x32.png 32w, https:\/\/ilomas.org.ar\/codililz\/wp-content\/uploads\/2024\/07\/cropped-cropped-logo-comision-diocesana-1.png 512w\" sizes=\"(max-width: 150px) 100vw, 150px\" \/><\/div><\/div><\/li><li class=\"shared-files-card-2163\"><div class=\"shared-files-main-elements\"><div class=\"shared-files-main-elements-left\" style=\"background-image: url(https:\/\/ilomas.org.ar\/codililz\/wp-content\/uploads\/2024\/07\/file-pdf_9254689.svg);\"><\/div><div class=\"shared-files-main-elements-right\"><a class=\"shared-files-file-title\"  data-file-type=\"\"  data-file-url=\"\/codililz\/shared-files\/2163\/?G.%20Domingo%20de%20Ramos%20-%20Primera%20Forma%20(Procesion%20M%20Misa).pdf\"  data-external-url=\"\"  data-image-url=\"https:\/\/ilomas.org.ar\/codililz\/wp-content\/uploads\/2024\/07\/cropped-cropped-logo-comision-diocesana-1.png\" href=\"\/codililz\/shared-files\/2163\/?G.%20Domingo%20de%20Ramos%20-%20Primera%20Forma%20(Procesion%20M%20Misa).pdf\" target=\"_blank\">DOMINGO DE RAMOS EN LA PASI\u00d3N DEL SE\u00d1OR<\/a><span class=\"shared-file-size\">294.70 KB<\/span><a href=\"https:\/\/ilomas.org.ar\/codililz\/shared-files\/2163\/?G.%20Domingo%20de%20Ramos%20-%20Primera%20Forma%20(Procesion%20M%20Misa).pdf\" target=\"_blank\" class=\"shared-files-preview-button\">Vista Previa<\/a><span class=\"shared-file-date\">July 30, 2024<\/span><div class=\"shared-files-download-counter\"><span>Descargas 554<\/span><\/div><div class=\"shared-files-download-button-container\"><a href=\"\/codililz\/shared-files\/2163\/?G.%20Domingo%20de%20Ramos%20-%20Primera%20Forma%20(Procesion%20M%20Misa).pdf&download=1\" class=\"shared-files-download-button\"  >Descargar<\/a><\/div><div class=\"shared-files-edit-actions\"><\/div><\/div><div class=\"shared-files-main-elements-featured-image\"><img loading=\"lazy\" decoding=\"async\" width=\"150\" height=\"150\" src=\"https:\/\/ilomas.org.ar\/codililz\/wp-content\/uploads\/2024\/07\/cropped-cropped-logo-comision-diocesana-1-150x150.png\" class=\"attachment-thumbnail size-thumbnail wp-post-image\" alt=\"\" srcset=\"https:\/\/ilomas.org.ar\/codililz\/wp-content\/uploads\/2024\/07\/cropped-cropped-logo-comision-diocesana-1-150x150.png 150w, https:\/\/ilomas.org.ar\/codililz\/wp-content\/uploads\/2024\/07\/cropped-cropped-logo-comision-diocesana-1-300x300.png 300w, https:\/\/ilomas.org.ar\/codililz\/wp-content\/uploads\/2024\/07\/cropped-cropped-logo-comision-diocesana-1-270x270.png 270w, https:\/\/ilomas.org.ar\/codililz\/wp-content\/uploads\/2024\/07\/cropped-cropped-logo-comision-diocesana-1-192x192.png 192w, https:\/\/ilomas.org.ar\/codililz\/wp-content\/uploads\/2024\/07\/cropped-cropped-logo-comision-diocesana-1-180x180.png 180w, https:\/\/ilomas.org.ar\/codililz\/wp-content\/uploads\/2024\/07\/cropped-cropped-logo-comision-diocesana-1-32x32.png 32w, https:\/\/ilomas.org.ar\/codililz\/wp-content\/uploads\/2024\/07\/cropped-cropped-logo-comision-diocesana-1.png 512w\" sizes=\"(max-width: 150px) 100vw, 150px\" \/><\/div><\/div><\/li><li class=\"shared-files-card-2164\"><div class=\"shared-files-main-elements\"><div class=\"shared-files-main-elements-left\" style=\"background-image: url(https:\/\/ilomas.org.ar\/codililz\/wp-content\/uploads\/2024\/07\/file-pdf_9254689.svg);\"><\/div><div class=\"shared-files-main-elements-right\"><a class=\"shared-files-file-title\"  data-file-type=\"\"  data-file-url=\"\/codililz\/shared-files\/2164\/?G.%20Domingo%20de%20Ramos%20-%20Segunda%20Forma%20(Entrada%20+%20Misa).pdf\"  data-external-url=\"\"  data-image-url=\"https:\/\/ilomas.org.ar\/codililz\/wp-content\/uploads\/2024\/07\/cropped-cropped-logo-comision-diocesana-1.png\" href=\"\/codililz\/shared-files\/2164\/?G.%20Domingo%20de%20Ramos%20-%20Segunda%20Forma%20(Entrada%20+%20Misa).pdf\" target=\"_blank\">G. Domingo de Ramos &#8211; Segunda Forma (Entrada + Misa)<\/a><span class=\"shared-file-size\">287.89 KB<\/span><a href=\"https:\/\/ilomas.org.ar\/codililz\/shared-files\/2164\/?G.%20Domingo%20de%20Ramos%20-%20Segunda%20Forma%20(Entrada%20+%20Misa).pdf\" target=\"_blank\" class=\"shared-files-preview-button\">Vista Previa<\/a><span class=\"shared-file-date\">July 30, 2024<\/span><div class=\"shared-files-download-counter\"><span>Descargas 753<\/span><\/div><div class=\"shared-files-download-button-container\"><a href=\"\/codililz\/shared-files\/2164\/?G.%20Domingo%20de%20Ramos%20-%20Segunda%20Forma%20(Entrada%20+%20Misa).pdf&download=1\" class=\"shared-files-download-button\"  >Descargar<\/a><\/div><div class=\"shared-files-edit-actions\"><\/div><\/div><div class=\"shared-files-main-elements-featured-image\"><img loading=\"lazy\" decoding=\"async\" width=\"150\" height=\"150\" src=\"https:\/\/ilomas.org.ar\/codililz\/wp-content\/uploads\/2024\/07\/cropped-cropped-logo-comision-diocesana-1-150x150.png\" class=\"attachment-thumbnail size-thumbnail wp-post-image\" alt=\"\" srcset=\"https:\/\/ilomas.org.ar\/codililz\/wp-content\/uploads\/2024\/07\/cropped-cropped-logo-comision-diocesana-1-150x150.png 150w, https:\/\/ilomas.org.ar\/codililz\/wp-content\/uploads\/2024\/07\/cropped-cropped-logo-comision-diocesana-1-300x300.png 300w, https:\/\/ilomas.org.ar\/codililz\/wp-content\/uploads\/2024\/07\/cropped-cropped-logo-comision-diocesana-1-270x270.png 270w, https:\/\/ilomas.org.ar\/codililz\/wp-content\/uploads\/2024\/07\/cropped-cropped-logo-comision-diocesana-1-192x192.png 192w, https:\/\/ilomas.org.ar\/codililz\/wp-content\/uploads\/2024\/07\/cropped-cropped-logo-comision-diocesana-1-180x180.png 180w, https:\/\/ilomas.org.ar\/codililz\/wp-content\/uploads\/2024\/07\/cropped-cropped-logo-comision-diocesana-1-32x32.png 32w, https:\/\/ilomas.org.ar\/codililz\/wp-content\/uploads\/2024\/07\/cropped-cropped-logo-comision-diocesana-1.png 512w\" sizes=\"(max-width: 150px) 100vw, 150px\" \/><\/div><\/div><\/li><li class=\"shared-files-card-2165\"><div class=\"shared-files-main-elements\"><div class=\"shared-files-main-elements-left\" style=\"background-image: url(https:\/\/ilomas.org.ar\/codililz\/wp-content\/uploads\/2024\/07\/file-pdf_9254689.svg);\"><\/div><div class=\"shared-files-main-elements-right\"><a class=\"shared-files-file-title\"  data-file-type=\"\"  data-file-url=\"\/codililz\/shared-files\/2165\/?G.%20Misa%20Vespertina%20de%20la%20Cena%20del%20Sen\u0303or.pdf\"  data-external-url=\"\"  data-image-url=\"https:\/\/ilomas.org.ar\/codililz\/wp-content\/uploads\/2024\/07\/cropped-cropped-logo-comision-diocesana-1.png\" href=\"\/codililz\/shared-files\/2165\/?G.%20Misa%20Vespertina%20de%20la%20Cena%20del%20Sen\u0303or.pdf\" target=\"_blank\">Misa vespertina de la Cena del Se\u00f1or<\/a><span class=\"shared-file-size\">240.89 KB<\/span><a href=\"https:\/\/ilomas.org.ar\/codililz\/shared-files\/2165\/?G.%20Misa%20Vespertina%20de%20la%20Cena%20del%20Sen\u0303or.pdf\" target=\"_blank\" class=\"shared-files-preview-button\">Vista Previa<\/a><span class=\"shared-file-date\">July 30, 2024<\/span><div class=\"shared-files-download-counter\"><span>Descargas 797<\/span><\/div><div class=\"shared-files-download-button-container\"><a href=\"\/codililz\/shared-files\/2165\/?G.%20Misa%20Vespertina%20de%20la%20Cena%20del%20Sen\u0303or.pdf&download=1\" class=\"shared-files-download-button\"  >Descargar<\/a><\/div><div class=\"shared-files-edit-actions\"><\/div><\/div><div class=\"shared-files-main-elements-featured-image\"><img loading=\"lazy\" decoding=\"async\" width=\"150\" height=\"150\" src=\"https:\/\/ilomas.org.ar\/codililz\/wp-content\/uploads\/2024\/07\/cropped-cropped-logo-comision-diocesana-1-150x150.png\" class=\"attachment-thumbnail size-thumbnail wp-post-image\" alt=\"\" srcset=\"https:\/\/ilomas.org.ar\/codililz\/wp-content\/uploads\/2024\/07\/cropped-cropped-logo-comision-diocesana-1-150x150.png 150w, https:\/\/ilomas.org.ar\/codililz\/wp-content\/uploads\/2024\/07\/cropped-cropped-logo-comision-diocesana-1-300x300.png 300w, https:\/\/ilomas.org.ar\/codililz\/wp-content\/uploads\/2024\/07\/cropped-cropped-logo-comision-diocesana-1-270x270.png 270w, https:\/\/ilomas.org.ar\/codililz\/wp-content\/uploads\/2024\/07\/cropped-cropped-logo-comision-diocesana-1-192x192.png 192w, https:\/\/ilomas.org.ar\/codililz\/wp-content\/uploads\/2024\/07\/cropped-cropped-logo-comision-diocesana-1-180x180.png 180w, https:\/\/ilomas.org.ar\/codililz\/wp-content\/uploads\/2024\/07\/cropped-cropped-logo-comision-diocesana-1-32x32.png 32w, https:\/\/ilomas.org.ar\/codililz\/wp-content\/uploads\/2024\/07\/cropped-cropped-logo-comision-diocesana-1.png 512w\" sizes=\"(max-width: 150px) 100vw, 150px\" \/><\/div><\/div><\/li><li class=\"shared-files-card-2166\"><div class=\"shared-files-main-elements\"><div class=\"shared-files-main-elements-left\" style=\"background-image: url(https:\/\/ilomas.org.ar\/codililz\/wp-content\/uploads\/2024\/07\/file-pdf_9254689.svg);\"><\/div><div class=\"shared-files-main-elements-right\"><a class=\"shared-files-file-title\"  data-file-type=\"\"  data-file-url=\"\/codililz\/shared-files\/2166\/?Letani\u0301as%20Vigilia%20Pascual%20(ambas%20formas).pdf\"  data-external-url=\"\"  data-image-url=\"https:\/\/ilomas.org.ar\/codililz\/wp-content\/uploads\/2024\/07\/cropped-cropped-logo-comision-diocesana-1.png\" href=\"\/codililz\/shared-files\/2166\/?Letani\u0301as%20Vigilia%20Pascual%20(ambas%20formas).pdf\" target=\"_blank\">Letani\u0301as Vigilia Pascual (ambas formas)<\/a><span class=\"shared-file-size\">562.58 KB<\/span><a href=\"https:\/\/ilomas.org.ar\/codililz\/shared-files\/2166\/?Letani\u0301as%20Vigilia%20Pascual%20(ambas%20formas).pdf\" target=\"_blank\" class=\"shared-files-preview-button\">Vista Previa<\/a><span class=\"shared-file-date\">July 30, 2024<\/span><div class=\"shared-files-download-counter\"><span>Descargas 1477<\/span><\/div><div class=\"shared-files-download-button-container\"><a href=\"\/codililz\/shared-files\/2166\/?Letani\u0301as%20Vigilia%20Pascual%20(ambas%20formas).pdf&download=1\" class=\"shared-files-download-button\"  >Descargar<\/a><\/div><div class=\"shared-files-edit-actions\"><\/div><\/div><div class=\"shared-files-main-elements-featured-image\"><img loading=\"lazy\" decoding=\"async\" width=\"150\" height=\"150\" src=\"https:\/\/ilomas.org.ar\/codililz\/wp-content\/uploads\/2024\/07\/cropped-cropped-logo-comision-diocesana-1-150x150.png\" class=\"attachment-thumbnail size-thumbnail wp-post-image\" alt=\"\" srcset=\"https:\/\/ilomas.org.ar\/codililz\/wp-content\/uploads\/2024\/07\/cropped-cropped-logo-comision-diocesana-1-150x150.png 150w, https:\/\/ilomas.org.ar\/codililz\/wp-content\/uploads\/2024\/07\/cropped-cropped-logo-comision-diocesana-1-300x300.png 300w, https:\/\/ilomas.org.ar\/codililz\/wp-content\/uploads\/2024\/07\/cropped-cropped-logo-comision-diocesana-1-270x270.png 270w, https:\/\/ilomas.org.ar\/codililz\/wp-content\/uploads\/2024\/07\/cropped-cropped-logo-comision-diocesana-1-192x192.png 192w, https:\/\/ilomas.org.ar\/codililz\/wp-content\/uploads\/2024\/07\/cropped-cropped-logo-comision-diocesana-1-180x180.png 180w, https:\/\/ilomas.org.ar\/codililz\/wp-content\/uploads\/2024\/07\/cropped-cropped-logo-comision-diocesana-1-32x32.png 32w, https:\/\/ilomas.org.ar\/codililz\/wp-content\/uploads\/2024\/07\/cropped-cropped-logo-comision-diocesana-1.png 512w\" sizes=\"(max-width: 150px) 100vw, 150px\" \/><\/div><\/div><\/li><li class=\"shared-files-card-2167\"><div class=\"shared-files-main-elements\"><div class=\"shared-files-main-elements-left\" style=\"background-image: url(https:\/\/ilomas.org.ar\/codililz\/wp-content\/uploads\/2024\/07\/file-pdf_9254689.svg);\"><\/div><div class=\"shared-files-main-elements-right\"><a class=\"shared-files-file-title\"  data-file-type=\"\"  data-file-url=\"\/codililz\/shared-files\/2167\/?Pistas%20para%20la%20Past%20del%20Duelo%20_%20P.Ariel%20Sueiro.pdf\"  data-external-url=\"\"  data-image-url=\"https:\/\/ilomas.org.ar\/codililz\/wp-content\/uploads\/2024\/07\/cropped-cropped-logo-comision-diocesana-1.png\" href=\"\/codililz\/shared-files\/2167\/?Pistas%20para%20la%20Past%20del%20Duelo%20_%20P.Ariel%20Sueiro.pdf\" target=\"_blank\">Pistas para la Pastoral del Duelo<\/a><span class=\"shared-file-size\">61.02 KB<\/span><a href=\"https:\/\/ilomas.org.ar\/codililz\/shared-files\/2167\/?Pistas%20para%20la%20Past%20del%20Duelo%20_%20P.Ariel%20Sueiro.pdf\" target=\"_blank\" class=\"shared-files-preview-button\">Vista Previa<\/a><span class=\"shared-file-date\">July 30, 2024<\/span><div class=\"shared-files-download-counter\"><span>Descargas 613<\/span><\/div><div class=\"shared-files-download-button-container\"><a href=\"\/codililz\/shared-files\/2167\/?Pistas%20para%20la%20Past%20del%20Duelo%20_%20P.Ariel%20Sueiro.pdf&download=1\" class=\"shared-files-download-button\"  >Descargar<\/a><\/div><div class=\"shared-files-edit-actions\"><\/div><\/div><div class=\"shared-files-main-elements-featured-image\"><img loading=\"lazy\" decoding=\"async\" width=\"150\" height=\"150\" src=\"https:\/\/ilomas.org.ar\/codililz\/wp-content\/uploads\/2024\/07\/cropped-cropped-logo-comision-diocesana-1-150x150.png\" class=\"attachment-thumbnail size-thumbnail wp-post-image\" alt=\"\" srcset=\"https:\/\/ilomas.org.ar\/codililz\/wp-content\/uploads\/2024\/07\/cropped-cropped-logo-comision-diocesana-1-150x150.png 150w, https:\/\/ilomas.org.ar\/codililz\/wp-content\/uploads\/2024\/07\/cropped-cropped-logo-comision-diocesana-1-300x300.png 300w, https:\/\/ilomas.org.ar\/codililz\/wp-content\/uploads\/2024\/07\/cropped-cropped-logo-comision-diocesana-1-270x270.png 270w, https:\/\/ilomas.org.ar\/codililz\/wp-content\/uploads\/2024\/07\/cropped-cropped-logo-comision-diocesana-1-192x192.png 192w, https:\/\/ilomas.org.ar\/codililz\/wp-content\/uploads\/2024\/07\/cropped-cropped-logo-comision-diocesana-1-180x180.png 180w, https:\/\/ilomas.org.ar\/codililz\/wp-content\/uploads\/2024\/07\/cropped-cropped-logo-comision-diocesana-1-32x32.png 32w, https:\/\/ilomas.org.ar\/codililz\/wp-content\/uploads\/2024\/07\/cropped-cropped-logo-comision-diocesana-1.png 512w\" sizes=\"(max-width: 150px) 100vw, 150px\" \/><\/div><\/div><\/li><li class=\"shared-files-card-2168\"><div class=\"shared-files-main-elements\"><div class=\"shared-files-main-elements-left\" style=\"background-image: url(https:\/\/ilomas.org.ar\/codililz\/wp-content\/uploads\/2024\/07\/file-pdf_9254689.svg);\"><\/div><div class=\"shared-files-main-elements-right\"><a class=\"shared-files-file-title\"  data-file-type=\"\"  data-file-url=\"\/codililz\/shared-files\/2168\/?REDEMPTIONIS%20SACRAMENTUM%20Extracto%20(1).pdf\"  data-external-url=\"\"  data-image-url=\"https:\/\/ilomas.org.ar\/codililz\/wp-content\/uploads\/2024\/07\/cropped-cropped-logo-comision-diocesana-1.png\" href=\"\/codililz\/shared-files\/2168\/?REDEMPTIONIS%20SACRAMENTUM%20Extracto%20(1).pdf\" target=\"_blank\">Redemptionis Sacramentum Extracto<\/a><span class=\"shared-file-size\">178.14 KB<\/span><a href=\"https:\/\/ilomas.org.ar\/codililz\/shared-files\/2168\/?REDEMPTIONIS%20SACRAMENTUM%20Extracto%20(1).pdf\" target=\"_blank\" class=\"shared-files-preview-button\">Vista Previa<\/a><span class=\"shared-file-date\">July 30, 2024<\/span><div class=\"shared-files-download-counter\"><span>Descargas 5803<\/span><\/div><div class=\"shared-files-download-button-container\"><a href=\"\/codililz\/shared-files\/2168\/?REDEMPTIONIS%20SACRAMENTUM%20Extracto%20(1).pdf&download=1\" class=\"shared-files-download-button\"  >Descargar<\/a><\/div><div class=\"shared-files-edit-actions\"><\/div><\/div><div class=\"shared-files-main-elements-featured-image\"><img loading=\"lazy\" decoding=\"async\" width=\"150\" height=\"150\" src=\"https:\/\/ilomas.org.ar\/codililz\/wp-content\/uploads\/2024\/07\/cropped-cropped-logo-comision-diocesana-1-150x150.png\" class=\"attachment-thumbnail size-thumbnail wp-post-image\" alt=\"\" srcset=\"https:\/\/ilomas.org.ar\/codililz\/wp-content\/uploads\/2024\/07\/cropped-cropped-logo-comision-diocesana-1-150x150.png 150w, https:\/\/ilomas.org.ar\/codililz\/wp-content\/uploads\/2024\/07\/cropped-cropped-logo-comision-diocesana-1-300x300.png 300w, https:\/\/ilomas.org.ar\/codililz\/wp-content\/uploads\/2024\/07\/cropped-cropped-logo-comision-diocesana-1-270x270.png 270w, https:\/\/ilomas.org.ar\/codililz\/wp-content\/uploads\/2024\/07\/cropped-cropped-logo-comision-diocesana-1-192x192.png 192w, https:\/\/ilomas.org.ar\/codililz\/wp-content\/uploads\/2024\/07\/cropped-cropped-logo-comision-diocesana-1-180x180.png 180w, https:\/\/ilomas.org.ar\/codililz\/wp-content\/uploads\/2024\/07\/cropped-cropped-logo-comision-diocesana-1-32x32.png 32w, https:\/\/ilomas.org.ar\/codililz\/wp-content\/uploads\/2024\/07\/cropped-cropped-logo-comision-diocesana-1.png 512w\" sizes=\"(max-width: 150px) 100vw, 150px\" \/><\/div><\/div><\/li><li class=\"shared-files-card-2886\"><div class=\"shared-files-main-elements\"><div class=\"shared-files-main-elements-left\" style=\"background-image: url(https:\/\/ilomas.org.ar\/codililz\/wp-content\/uploads\/2024\/07\/file-word_9254692.svg);\"><\/div><div class=\"shared-files-main-elements-right\"><a class=\"shared-files-file-title\"  data-file-type=\"\"  data-file-url=\"\/codililz\/shared-files\/2886\/?Equipos%20de%20liturgia.doc\"  data-external-url=\"\"  data-image-url=\"https:\/\/ilomas.org.ar\/codililz\/wp-content\/uploads\/2024\/07\/cropped-logo-comision-diocesana-1.png\" href=\"\/codililz\/shared-files\/2886\/?Equipos%20de%20liturgia.doc\" target=\"_blank\">Equipos de liturgia<\/a><span class=\"shared-file-size\">2.54 MB<\/span><a href=\"https:\/\/view.officeapps.live.com\/op\/view.aspx?src=https%3A%2F%2Filomas.org.ar%2Fcodililz%2Fshared-files%2F2886%2F%3FEquipos%2520de%2520liturgia.doc\" target=\"_blank\" class=\"shared-files-preview-button\">Vista Previa<\/a><span class=\"shared-file-date\">August 4, 2024<\/span><div class=\"shared-files-download-counter\"><span>Descargas 628<\/span><\/div><div class=\"shared-files-download-button-container\"><a href=\"\/codililz\/shared-files\/2886\/?Equipos%20de%20liturgia.doc&download=1\" class=\"shared-files-download-button\"  >Descargar<\/a><\/div><div class=\"shared-files-edit-actions\"><\/div><\/div><div class=\"shared-files-main-elements-featured-image\"><img loading=\"lazy\" decoding=\"async\" width=\"150\" height=\"150\" src=\"https:\/\/ilomas.org.ar\/codililz\/wp-content\/uploads\/2024\/07\/cropped-logo-comision-diocesana-1-150x150.png\" class=\"attachment-thumbnail size-thumbnail wp-post-image\" alt=\"\" srcset=\"https:\/\/ilomas.org.ar\/codililz\/wp-content\/uploads\/2024\/07\/cropped-logo-comision-diocesana-1-150x150.png 150w, https:\/\/ilomas.org.ar\/codililz\/wp-content\/uploads\/2024\/07\/cropped-logo-comision-diocesana-1-300x300.png 300w, https:\/\/ilomas.org.ar\/codililz\/wp-content\/uploads\/2024\/07\/cropped-logo-comision-diocesana-1-100x100.png 100w, https:\/\/ilomas.org.ar\/codililz\/wp-content\/uploads\/2024\/07\/cropped-logo-comision-diocesana-1.png 512w\" sizes=\"(max-width: 150px) 100vw, 150px\" \/><\/div><\/div><\/li><li class=\"shared-files-card-2887\"><div class=\"shared-files-main-elements\"><div class=\"shared-files-main-elements-left\" style=\"background-image: url(https:\/\/ilomas.org.ar\/codililz\/wp-content\/uploads\/2024\/07\/file-word_9254692.svg);\"><\/div><div class=\"shared-files-main-elements-right\"><a class=\"shared-files-file-title\"  data-file-type=\"\"  data-file-url=\"\/codililz\/shared-files\/2887\/?ADVIENTO%20SUB%201.doc\"  data-external-url=\"\"  data-image-url=\"https:\/\/ilomas.org.ar\/codililz\/wp-content\/uploads\/2024\/07\/cropped-logo-comision-diocesana-1.png\" href=\"\/codililz\/shared-files\/2887\/?ADVIENTO%20SUB%201.doc\" target=\"_blank\">Adviento 1<\/a><span class=\"shared-file-size\">79.50 KB<\/span><a href=\"https:\/\/view.officeapps.live.com\/op\/view.aspx?src=https%3A%2F%2Filomas.org.ar%2Fcodililz%2Fshared-files%2F2887%2F%3FADVIENTO%2520SUB%25201.doc\" target=\"_blank\" class=\"shared-files-preview-button\">Vista Previa<\/a><span class=\"shared-file-date\">August 4, 2024<\/span><div class=\"shared-files-download-counter\"><span>Descargas 653<\/span><\/div><div class=\"shared-files-download-button-container\"><a href=\"\/codililz\/shared-files\/2887\/?ADVIENTO%20SUB%201.doc&download=1\" class=\"shared-files-download-button\"  >Descargar<\/a><\/div><div class=\"shared-files-edit-actions\"><\/div><\/div><div class=\"shared-files-main-elements-featured-image\"><img loading=\"lazy\" decoding=\"async\" width=\"150\" height=\"150\" src=\"https:\/\/ilomas.org.ar\/codililz\/wp-content\/uploads\/2024\/07\/cropped-logo-comision-diocesana-1-150x150.png\" class=\"attachment-thumbnail size-thumbnail wp-post-image\" alt=\"\" srcset=\"https:\/\/ilomas.org.ar\/codililz\/wp-content\/uploads\/2024\/07\/cropped-logo-comision-diocesana-1-150x150.png 150w, https:\/\/ilomas.org.ar\/codililz\/wp-content\/uploads\/2024\/07\/cropped-logo-comision-diocesana-1-300x300.png 300w, https:\/\/ilomas.org.ar\/codililz\/wp-content\/uploads\/2024\/07\/cropped-logo-comision-diocesana-1-100x100.png 100w, https:\/\/ilomas.org.ar\/codililz\/wp-content\/uploads\/2024\/07\/cropped-logo-comision-diocesana-1.png 512w\" sizes=\"(max-width: 150px) 100vw, 150px\" \/><\/div><\/div><\/li><li class=\"shared-files-card-2888\"><div class=\"shared-files-main-elements\"><div class=\"shared-files-main-elements-left\" style=\"background-image: url(https:\/\/ilomas.org.ar\/codililz\/wp-content\/uploads\/2024\/07\/file-word_9254692.svg);\"><\/div><div class=\"shared-files-main-elements-right\"><a class=\"shared-files-file-title\"  data-file-type=\"\"  data-file-url=\"\/codililz\/shared-files\/2888\/?ADVIENTO%20SUB%20ANEXOS.doc\"  data-external-url=\"\"  data-image-url=\"https:\/\/ilomas.org.ar\/codililz\/wp-content\/uploads\/2024\/07\/cropped-logo-comision-diocesana-1.png\" href=\"\/codililz\/shared-files\/2888\/?ADVIENTO%20SUB%20ANEXOS.doc\" target=\"_blank\">Adviento 2 (anexos)<\/a><span class=\"shared-file-size\">287.50 KB<\/span><a href=\"https:\/\/view.officeapps.live.com\/op\/view.aspx?src=https%3A%2F%2Filomas.org.ar%2Fcodililz%2Fshared-files%2F2888%2F%3FADVIENTO%2520SUB%2520ANEXOS.doc\" target=\"_blank\" class=\"shared-files-preview-button\">Vista Previa<\/a><span class=\"shared-file-date\">August 4, 2024<\/span><div class=\"shared-files-download-counter\"><span>Descargas 627<\/span><\/div><div class=\"shared-files-download-button-container\"><a href=\"\/codililz\/shared-files\/2888\/?ADVIENTO%20SUB%20ANEXOS.doc&download=1\" class=\"shared-files-download-button\"  >Descargar<\/a><\/div><div class=\"shared-files-edit-actions\"><\/div><\/div><div class=\"shared-files-main-elements-featured-image\"><img loading=\"lazy\" decoding=\"async\" width=\"150\" height=\"150\" src=\"https:\/\/ilomas.org.ar\/codililz\/wp-content\/uploads\/2024\/07\/cropped-logo-comision-diocesana-1-150x150.png\" class=\"attachment-thumbnail size-thumbnail wp-post-image\" alt=\"\" srcset=\"https:\/\/ilomas.org.ar\/codililz\/wp-content\/uploads\/2024\/07\/cropped-logo-comision-diocesana-1-150x150.png 150w, https:\/\/ilomas.org.ar\/codililz\/wp-content\/uploads\/2024\/07\/cropped-logo-comision-diocesana-1-300x300.png 300w, https:\/\/ilomas.org.ar\/codililz\/wp-content\/uploads\/2024\/07\/cropped-logo-comision-diocesana-1-100x100.png 100w, https:\/\/ilomas.org.ar\/codililz\/wp-content\/uploads\/2024\/07\/cropped-logo-comision-diocesana-1.png 512w\" sizes=\"(max-width: 150px) 100vw, 150px\" \/><\/div><\/div><\/li><li class=\"shared-files-card-2889\"><div class=\"shared-files-main-elements\"><div class=\"shared-files-main-elements-left\" style=\"background-image: url(https:\/\/ilomas.org.ar\/codililz\/wp-content\/uploads\/2024\/07\/file-word_9254692.svg);\"><\/div><div class=\"shared-files-main-elements-right\"><a class=\"shared-files-file-title\"  data-file-type=\"\"  data-file-url=\"\/codililz\/shared-files\/2889\/?NAVIDAD%20SUB.doc\"  data-external-url=\"\"  data-image-url=\"https:\/\/ilomas.org.ar\/codililz\/wp-content\/uploads\/2024\/07\/cropped-logo-comision-diocesana-1.png\" href=\"\/codililz\/shared-files\/2889\/?NAVIDAD%20SUB.doc\" target=\"_blank\">Tiempo de Navidad<\/a><span class=\"shared-file-size\">107.00 KB<\/span><a href=\"https:\/\/view.officeapps.live.com\/op\/view.aspx?src=https%3A%2F%2Filomas.org.ar%2Fcodililz%2Fshared-files%2F2889%2F%3FNAVIDAD%2520SUB.doc\" target=\"_blank\" class=\"shared-files-preview-button\">Vista Previa<\/a><span class=\"shared-file-date\">August 4, 2024<\/span><div class=\"shared-files-download-counter\"><span>Descargas 671<\/span><\/div><div class=\"shared-files-download-button-container\"><a href=\"\/codililz\/shared-files\/2889\/?NAVIDAD%20SUB.doc&download=1\" class=\"shared-files-download-button\"  >Descargar<\/a><\/div><div class=\"shared-files-edit-actions\"><\/div><\/div><div class=\"shared-files-main-elements-featured-image\"><img loading=\"lazy\" decoding=\"async\" width=\"150\" height=\"150\" src=\"https:\/\/ilomas.org.ar\/codililz\/wp-content\/uploads\/2024\/07\/cropped-logo-comision-diocesana-1-150x150.png\" class=\"attachment-thumbnail size-thumbnail wp-post-image\" alt=\"\" srcset=\"https:\/\/ilomas.org.ar\/codililz\/wp-content\/uploads\/2024\/07\/cropped-logo-comision-diocesana-1-150x150.png 150w, https:\/\/ilomas.org.ar\/codililz\/wp-content\/uploads\/2024\/07\/cropped-logo-comision-diocesana-1-300x300.png 300w, https:\/\/ilomas.org.ar\/codililz\/wp-content\/uploads\/2024\/07\/cropped-logo-comision-diocesana-1-100x100.png 100w, https:\/\/ilomas.org.ar\/codililz\/wp-content\/uploads\/2024\/07\/cropped-logo-comision-diocesana-1.png 512w\" sizes=\"(max-width: 150px) 100vw, 150px\" \/><\/div><\/div><\/li><li class=\"shared-files-card-2890\"><div class=\"shared-files-main-elements\"><div class=\"shared-files-main-elements-left\" style=\"background-image: url(https:\/\/ilomas.org.ar\/codililz\/wp-content\/uploads\/2024\/07\/file-word_9254692.svg);\"><\/div><div class=\"shared-files-main-elements-right\"><a class=\"shared-files-file-title\"  data-file-type=\"\"  data-file-url=\"\/codililz\/shared-files\/2890\/?subsidio%20cincuentena%20pascual.doc\"  data-external-url=\"\"  data-image-url=\"https:\/\/ilomas.org.ar\/codililz\/wp-content\/uploads\/2024\/07\/cropped-logo-comision-diocesana-1.png\" href=\"\/codililz\/shared-files\/2890\/?subsidio%20cincuentena%20pascual.doc\" target=\"_blank\">La Cincuentena Pascual (Tiempo Fuerte)<\/a><span class=\"shared-file-size\">93.00 KB<\/span><a href=\"https:\/\/view.officeapps.live.com\/op\/view.aspx?src=https%3A%2F%2Filomas.org.ar%2Fcodililz%2Fshared-files%2F2890%2F%3Fsubsidio%2520cincuentena%2520pascual.doc\" target=\"_blank\" class=\"shared-files-preview-button\">Vista Previa<\/a><span class=\"shared-file-date\">August 4, 2024<\/span><div class=\"shared-files-download-counter\"><span>Descargas 699<\/span><\/div><div class=\"shared-files-download-button-container\"><a href=\"\/codililz\/shared-files\/2890\/?subsidio%20cincuentena%20pascual.doc&download=1\" class=\"shared-files-download-button\"  >Descargar<\/a><\/div><div class=\"shared-files-edit-actions\"><\/div><\/div><div class=\"shared-files-main-elements-featured-image\"><img loading=\"lazy\" decoding=\"async\" width=\"150\" height=\"150\" src=\"https:\/\/ilomas.org.ar\/codililz\/wp-content\/uploads\/2024\/07\/cropped-logo-comision-diocesana-1-150x150.png\" class=\"attachment-thumbnail size-thumbnail wp-post-image\" alt=\"\" srcset=\"https:\/\/ilomas.org.ar\/codililz\/wp-content\/uploads\/2024\/07\/cropped-logo-comision-diocesana-1-150x150.png 150w, https:\/\/ilomas.org.ar\/codililz\/wp-content\/uploads\/2024\/07\/cropped-logo-comision-diocesana-1-300x300.png 300w, https:\/\/ilomas.org.ar\/codililz\/wp-content\/uploads\/2024\/07\/cropped-logo-comision-diocesana-1-100x100.png 100w, https:\/\/ilomas.org.ar\/codililz\/wp-content\/uploads\/2024\/07\/cropped-logo-comision-diocesana-1.png 512w\" sizes=\"(max-width: 150px) 100vw, 150px\" \/><\/div><\/div><\/li><li class=\"shared-files-card-2891\"><div class=\"shared-files-main-elements\"><div class=\"shared-files-main-elements-left\" style=\"background-image: url(https:\/\/ilomas.org.ar\/codililz\/wp-content\/uploads\/2024\/07\/file-word_9254692.svg);\"><\/div><div class=\"shared-files-main-elements-right\"><a class=\"shared-files-file-title\"  data-file-type=\"\"  data-file-url=\"\/codililz\/shared-files\/2891\/?subsidio%20cuaresma%202004%20ciclo%20c.doc\"  data-external-url=\"\"  data-image-url=\"https:\/\/ilomas.org.ar\/codililz\/wp-content\/uploads\/2024\/07\/cropped-logo-comision-diocesana-1.png\" href=\"\/codililz\/shared-files\/2891\/?subsidio%20cuaresma%202004%20ciclo%20c.doc\" target=\"_blank\">Cuaresma<\/a><span class=\"shared-file-size\">223.00 KB<\/span><a href=\"https:\/\/view.officeapps.live.com\/op\/view.aspx?src=https%3A%2F%2Filomas.org.ar%2Fcodililz%2Fshared-files%2F2891%2F%3Fsubsidio%2520cuaresma%25202004%2520ciclo%2520c.doc\" target=\"_blank\" class=\"shared-files-preview-button\">Vista Previa<\/a><span class=\"shared-file-date\">August 4, 2024<\/span><div class=\"shared-files-download-counter\"><span>Descargas 562<\/span><\/div><div class=\"shared-files-download-button-container\"><a href=\"\/codililz\/shared-files\/2891\/?subsidio%20cuaresma%202004%20ciclo%20c.doc&download=1\" class=\"shared-files-download-button\"  >Descargar<\/a><\/div><div class=\"shared-files-edit-actions\"><\/div><\/div><div class=\"shared-files-main-elements-featured-image\"><img loading=\"lazy\" decoding=\"async\" width=\"150\" height=\"150\" src=\"https:\/\/ilomas.org.ar\/codililz\/wp-content\/uploads\/2024\/07\/cropped-logo-comision-diocesana-1-150x150.png\" class=\"attachment-thumbnail size-thumbnail wp-post-image\" alt=\"\" srcset=\"https:\/\/ilomas.org.ar\/codililz\/wp-content\/uploads\/2024\/07\/cropped-logo-comision-diocesana-1-150x150.png 150w, https:\/\/ilomas.org.ar\/codililz\/wp-content\/uploads\/2024\/07\/cropped-logo-comision-diocesana-1-300x300.png 300w, https:\/\/ilomas.org.ar\/codililz\/wp-content\/uploads\/2024\/07\/cropped-logo-comision-diocesana-1-100x100.png 100w, https:\/\/ilomas.org.ar\/codililz\/wp-content\/uploads\/2024\/07\/cropped-logo-comision-diocesana-1.png 512w\" sizes=\"(max-width: 150px) 100vw, 150px\" \/><\/div><\/div><\/li><li class=\"shared-files-card-2892\"><div class=\"shared-files-main-elements\"><div class=\"shared-files-main-elements-left\" style=\"background-image: url(https:\/\/ilomas.org.ar\/codililz\/wp-content\/uploads\/2024\/07\/file-word_9254692.svg);\"><\/div><div class=\"shared-files-main-elements-right\"><a class=\"shared-files-file-title\"  data-file-type=\"\"  data-file-url=\"\/codililz\/shared-files\/2892\/?subsidio%20domingo%20de%20ramos%20y%20primeros%20di\u0301as.doc\"  data-external-url=\"\"  data-image-url=\"https:\/\/ilomas.org.ar\/codililz\/wp-content\/uploads\/2024\/07\/cropped-logo-comision-diocesana-1.png\" href=\"\/codililz\/shared-files\/2892\/?subsidio%20domingo%20de%20ramos%20y%20primeros%20di\u0301as.doc\" target=\"_blank\">Semana Santa<\/a><span class=\"shared-file-size\">92.50 KB<\/span><a href=\"https:\/\/view.officeapps.live.com\/op\/view.aspx?src=https%3A%2F%2Filomas.org.ar%2Fcodililz%2Fshared-files%2F2892%2F%3Fsubsidio%2520domingo%2520de%2520ramos%2520y%2520primeros%2520di%CC%81as.doc\" target=\"_blank\" class=\"shared-files-preview-button\">Vista Previa<\/a><span class=\"shared-file-date\">August 4, 2024<\/span><div class=\"shared-files-download-counter\"><span>Descargas 544<\/span><\/div><div class=\"shared-files-download-button-container\"><a href=\"\/codililz\/shared-files\/2892\/?subsidio%20domingo%20de%20ramos%20y%20primeros%20di\u0301as.doc&download=1\" class=\"shared-files-download-button\"  >Descargar<\/a><\/div><div class=\"shared-files-edit-actions\"><\/div><\/div><div class=\"shared-files-main-elements-featured-image\"><img loading=\"lazy\" decoding=\"async\" width=\"150\" height=\"150\" src=\"https:\/\/ilomas.org.ar\/codililz\/wp-content\/uploads\/2024\/07\/cropped-logo-comision-diocesana-1-150x150.png\" class=\"attachment-thumbnail size-thumbnail wp-post-image\" alt=\"\" srcset=\"https:\/\/ilomas.org.ar\/codililz\/wp-content\/uploads\/2024\/07\/cropped-logo-comision-diocesana-1-150x150.png 150w, https:\/\/ilomas.org.ar\/codililz\/wp-content\/uploads\/2024\/07\/cropped-logo-comision-diocesana-1-300x300.png 300w, https:\/\/ilomas.org.ar\/codililz\/wp-content\/uploads\/2024\/07\/cropped-logo-comision-diocesana-1-100x100.png 100w, https:\/\/ilomas.org.ar\/codililz\/wp-content\/uploads\/2024\/07\/cropped-logo-comision-diocesana-1.png 512w\" sizes=\"(max-width: 150px) 100vw, 150px\" \/><\/div><\/div><\/li><li class=\"shared-files-card-2893\"><div class=\"shared-files-main-elements\"><div class=\"shared-files-main-elements-left\" style=\"background-image: url(https:\/\/ilomas.org.ar\/codililz\/wp-content\/uploads\/2024\/07\/file-word_9254692.svg);\"><\/div><div class=\"shared-files-main-elements-right\"><a class=\"shared-files-file-title\"  data-file-type=\"\"  data-file-url=\"\/codililz\/shared-files\/2893\/?subsidio%20lit.%20semsta.2003.doc\"  data-external-url=\"\"  data-image-url=\"https:\/\/ilomas.org.ar\/codililz\/wp-content\/uploads\/2024\/07\/cropped-logo-comision-diocesana-1.png\" href=\"\/codililz\/shared-files\/2893\/?subsidio%20lit.%20semsta.2003.doc\" target=\"_blank\">Jueves Santo<\/a><span class=\"shared-file-size\">50.00 KB<\/span><a href=\"https:\/\/view.officeapps.live.com\/op\/view.aspx?src=https%3A%2F%2Filomas.org.ar%2Fcodililz%2Fshared-files%2F2893%2F%3Fsubsidio%2520lit.%2520semsta.2003.doc\" target=\"_blank\" class=\"shared-files-preview-button\">Vista Previa<\/a><span class=\"shared-file-date\">August 4, 2024<\/span><div class=\"shared-files-download-counter\"><span>Descargas 558<\/span><\/div><div class=\"shared-files-download-button-container\"><a href=\"\/codililz\/shared-files\/2893\/?subsidio%20lit.%20semsta.2003.doc&download=1\" class=\"shared-files-download-button\"  >Descargar<\/a><\/div><div class=\"shared-files-edit-actions\"><\/div><\/div><div class=\"shared-files-main-elements-featured-image\"><img loading=\"lazy\" decoding=\"async\" width=\"150\" height=\"150\" src=\"https:\/\/ilomas.org.ar\/codililz\/wp-content\/uploads\/2024\/07\/cropped-logo-comision-diocesana-1-150x150.png\" class=\"attachment-thumbnail size-thumbnail wp-post-image\" alt=\"\" srcset=\"https:\/\/ilomas.org.ar\/codililz\/wp-content\/uploads\/2024\/07\/cropped-logo-comision-diocesana-1-150x150.png 150w, https:\/\/ilomas.org.ar\/codililz\/wp-content\/uploads\/2024\/07\/cropped-logo-comision-diocesana-1-300x300.png 300w, https:\/\/ilomas.org.ar\/codililz\/wp-content\/uploads\/2024\/07\/cropped-logo-comision-diocesana-1-100x100.png 100w, https:\/\/ilomas.org.ar\/codililz\/wp-content\/uploads\/2024\/07\/cropped-logo-comision-diocesana-1.png 512w\" sizes=\"(max-width: 150px) 100vw, 150px\" \/><\/div><\/div><\/li><li class=\"shared-files-card-2894\"><div class=\"shared-files-main-elements\"><div class=\"shared-files-main-elements-left\" style=\"background-image: url(https:\/\/ilomas.org.ar\/codililz\/wp-content\/uploads\/2024\/07\/file-word_9254692.svg);\"><\/div><div class=\"shared-files-main-elements-right\"><a class=\"shared-files-file-title\"  data-file-type=\"\"  data-file-url=\"\/codililz\/shared-files\/2894\/?subsidio%20tercer%20di\u0301a%20del%20triduo%20pascual.doc\"  data-external-url=\"\"  data-image-url=\"https:\/\/ilomas.org.ar\/codililz\/wp-content\/uploads\/2024\/07\/cropped-logo-comision-diocesana-1.png\" href=\"\/codililz\/shared-files\/2894\/?subsidio%20tercer%20di\u0301a%20del%20triduo%20pascual.doc\" target=\"_blank\">Vigilia Pascual en la Noche Santa<\/a><span class=\"shared-file-size\">151.50 KB<\/span><a href=\"https:\/\/view.officeapps.live.com\/op\/view.aspx?src=https%3A%2F%2Filomas.org.ar%2Fcodililz%2Fshared-files%2F2894%2F%3Fsubsidio%2520tercer%2520di%CC%81a%2520del%2520triduo%2520pascual.doc\" target=\"_blank\" class=\"shared-files-preview-button\">Vista Previa<\/a><span class=\"shared-file-date\">August 4, 2024<\/span><div class=\"shared-files-download-counter\"><span>Descargas 606<\/span><\/div><div class=\"shared-files-download-button-container\"><a href=\"\/codililz\/shared-files\/2894\/?subsidio%20tercer%20di\u0301a%20del%20triduo%20pascual.doc&download=1\" class=\"shared-files-download-button\"  >Descargar<\/a><\/div><div class=\"shared-files-edit-actions\"><\/div><\/div><div class=\"shared-files-main-elements-featured-image\"><img loading=\"lazy\" decoding=\"async\" width=\"150\" height=\"150\" src=\"https:\/\/ilomas.org.ar\/codililz\/wp-content\/uploads\/2024\/07\/cropped-logo-comision-diocesana-1-150x150.png\" class=\"attachment-thumbnail size-thumbnail wp-post-image\" alt=\"\" srcset=\"https:\/\/ilomas.org.ar\/codililz\/wp-content\/uploads\/2024\/07\/cropped-logo-comision-diocesana-1-150x150.png 150w, https:\/\/ilomas.org.ar\/codililz\/wp-content\/uploads\/2024\/07\/cropped-logo-comision-diocesana-1-300x300.png 300w, https:\/\/ilomas.org.ar\/codililz\/wp-content\/uploads\/2024\/07\/cropped-logo-comision-diocesana-1-100x100.png 100w, https:\/\/ilomas.org.ar\/codililz\/wp-content\/uploads\/2024\/07\/cropped-logo-comision-diocesana-1.png 512w\" sizes=\"(max-width: 150px) 100vw, 150px\" \/><\/div><\/div><\/li><li class=\"shared-files-card-2895\"><div class=\"shared-files-main-elements\"><div class=\"shared-files-main-elements-left\" style=\"background-image: url(https:\/\/ilomas.org.ar\/codililz\/wp-content\/uploads\/2024\/07\/file-word_9254692.svg);\"><\/div><div class=\"shared-files-main-elements-right\"><a class=\"shared-files-file-title\"  data-file-type=\"\"  data-file-url=\"\/codililz\/shared-files\/2895\/?Notas%20pastorales%20sobre%20GUIONES.docx\"  data-external-url=\"\"  data-image-url=\"https:\/\/ilomas.org.ar\/codililz\/wp-content\/uploads\/2024\/07\/cropped-logo-comision-diocesana-1.png\" href=\"\/codililz\/shared-files\/2895\/?Notas%20pastorales%20sobre%20GUIONES.docx\" target=\"_blank\">Notas Pastorales sobre Guiones<\/a><span class=\"shared-file-size\">137.20 KB<\/span><a href=\"https:\/\/view.officeapps.live.com\/op\/view.aspx?src=https%3A%2F%2Filomas.org.ar%2Fcodililz%2Fshared-files%2F2895%2F%3FNotas%2520pastorales%2520sobre%2520GUIONES.docx\" target=\"_blank\" class=\"shared-files-preview-button\">Vista Previa<\/a><span class=\"shared-file-date\">August 4, 2024<\/span><div class=\"shared-files-download-counter\"><span>Descargas 859<\/span><\/div><div class=\"shared-files-download-button-container\"><a href=\"\/codililz\/shared-files\/2895\/?Notas%20pastorales%20sobre%20GUIONES.docx&download=1\" class=\"shared-files-download-button\"  >Descargar<\/a><\/div><div class=\"shared-files-edit-actions\"><\/div><\/div><div class=\"shared-files-main-elements-featured-image\"><img loading=\"lazy\" decoding=\"async\" width=\"150\" height=\"150\" src=\"https:\/\/ilomas.org.ar\/codililz\/wp-content\/uploads\/2024\/07\/cropped-logo-comision-diocesana-1-150x150.png\" class=\"attachment-thumbnail size-thumbnail wp-post-image\" alt=\"\" srcset=\"https:\/\/ilomas.org.ar\/codililz\/wp-content\/uploads\/2024\/07\/cropped-logo-comision-diocesana-1-150x150.png 150w, https:\/\/ilomas.org.ar\/codililz\/wp-content\/uploads\/2024\/07\/cropped-logo-comision-diocesana-1-300x300.png 300w, https:\/\/ilomas.org.ar\/codililz\/wp-content\/uploads\/2024\/07\/cropped-logo-comision-diocesana-1-100x100.png 100w, https:\/\/ilomas.org.ar\/codililz\/wp-content\/uploads\/2024\/07\/cropped-logo-comision-diocesana-1.png 512w\" sizes=\"(max-width: 150px) 100vw, 150px\" \/><\/div><\/div><\/li><li class=\"shared-files-card-2896\"><div class=\"shared-files-main-elements\"><div class=\"shared-files-main-elements-left\" style=\"background-image: url(https:\/\/ilomas.org.ar\/codililz\/wp-content\/uploads\/2024\/07\/file-word_9254692.svg);\"><\/div><div class=\"shared-files-main-elements-right\"><a class=\"shared-files-file-title\"  data-file-type=\"\"  data-file-url=\"\/codililz\/shared-files\/2896\/?corona%20de%20Adviento.doc\"  data-external-url=\"\"  data-image-url=\"https:\/\/ilomas.org.ar\/codililz\/wp-content\/uploads\/2024\/07\/cropped-logo-comision-diocesana-1.png\" href=\"\/codililz\/shared-files\/2896\/?corona%20de%20Adviento.doc\" target=\"_blank\">Corona de Adviento<\/a><span class=\"shared-file-size\">383.00 KB<\/span><a href=\"https:\/\/view.officeapps.live.com\/op\/view.aspx?src=https%3A%2F%2Filomas.org.ar%2Fcodililz%2Fshared-files%2F2896%2F%3Fcorona%2520de%2520Adviento.doc\" target=\"_blank\" class=\"shared-files-preview-button\">Vista Previa<\/a><span class=\"shared-file-date\">August 4, 2024<\/span><div class=\"shared-files-download-counter\"><span>Descargas 580<\/span><\/div><div class=\"shared-files-download-button-container\"><a href=\"\/codililz\/shared-files\/2896\/?corona%20de%20Adviento.doc&download=1\" class=\"shared-files-download-button\"  >Descargar<\/a><\/div><div class=\"shared-files-edit-actions\"><\/div><\/div><div class=\"shared-files-main-elements-featured-image\"><img loading=\"lazy\" decoding=\"async\" width=\"150\" height=\"150\" src=\"https:\/\/ilomas.org.ar\/codililz\/wp-content\/uploads\/2024\/07\/cropped-logo-comision-diocesana-1-150x150.png\" class=\"attachment-thumbnail size-thumbnail wp-post-image\" alt=\"\" srcset=\"https:\/\/ilomas.org.ar\/codililz\/wp-content\/uploads\/2024\/07\/cropped-logo-comision-diocesana-1-150x150.png 150w, https:\/\/ilomas.org.ar\/codililz\/wp-content\/uploads\/2024\/07\/cropped-logo-comision-diocesana-1-300x300.png 300w, https:\/\/ilomas.org.ar\/codililz\/wp-content\/uploads\/2024\/07\/cropped-logo-comision-diocesana-1-100x100.png 100w, https:\/\/ilomas.org.ar\/codililz\/wp-content\/uploads\/2024\/07\/cropped-logo-comision-diocesana-1.png 512w\" sizes=\"(max-width: 150px) 100vw, 150px\" \/><\/div><\/div><\/li><li class=\"shared-files-card-2897\"><div class=\"shared-files-main-elements\"><div class=\"shared-files-main-elements-left\" style=\"background-image: url(https:\/\/ilomas.org.ar\/codililz\/wp-content\/uploads\/2024\/07\/file-word_9254692.svg);\"><\/div><div class=\"shared-files-main-elements-right\"><a class=\"shared-files-file-title\"  data-file-type=\"\"  data-file-url=\"\/codililz\/shared-files\/2897\/?ENTRONIZACION%20DE%20LA%20PALABRA%20DE%20DIOS%20EN%20EL%20HOGAR.doc\"  data-external-url=\"\"  data-image-url=\"https:\/\/ilomas.org.ar\/codililz\/wp-content\/uploads\/2024\/07\/cropped-logo-comision-diocesana-1.png\" href=\"\/codililz\/shared-files\/2897\/?ENTRONIZACION%20DE%20LA%20PALABRA%20DE%20DIOS%20EN%20EL%20HOGAR.doc\" target=\"_blank\">Entronizaci\u00f3n de la Palabra de Dios en el Hogar<\/a><span class=\"shared-file-size\">161.00 KB<\/span><a href=\"https:\/\/view.officeapps.live.com\/op\/view.aspx?src=https%3A%2F%2Filomas.org.ar%2Fcodililz%2Fshared-files%2F2897%2F%3FENTRONIZACION%2520DE%2520LA%2520PALABRA%2520DE%2520DIOS%2520EN%2520EL%2520HOGAR.doc\" target=\"_blank\" class=\"shared-files-preview-button\">Vista Previa<\/a><span class=\"shared-file-date\">August 4, 2024<\/span><div class=\"shared-files-download-counter\"><span>Descargas 699<\/span><\/div><div class=\"shared-files-download-button-container\"><a href=\"\/codililz\/shared-files\/2897\/?ENTRONIZACION%20DE%20LA%20PALABRA%20DE%20DIOS%20EN%20EL%20HOGAR.doc&download=1\" class=\"shared-files-download-button\"  >Descargar<\/a><\/div><div class=\"shared-files-edit-actions\"><\/div><\/div><div class=\"shared-files-main-elements-featured-image\"><img loading=\"lazy\" decoding=\"async\" width=\"150\" height=\"150\" src=\"https:\/\/ilomas.org.ar\/codililz\/wp-content\/uploads\/2024\/07\/cropped-logo-comision-diocesana-1-150x150.png\" class=\"attachment-thumbnail size-thumbnail wp-post-image\" alt=\"\" srcset=\"https:\/\/ilomas.org.ar\/codililz\/wp-content\/uploads\/2024\/07\/cropped-logo-comision-diocesana-1-150x150.png 150w, https:\/\/ilomas.org.ar\/codililz\/wp-content\/uploads\/2024\/07\/cropped-logo-comision-diocesana-1-300x300.png 300w, https:\/\/ilomas.org.ar\/codililz\/wp-content\/uploads\/2024\/07\/cropped-logo-comision-diocesana-1-100x100.png 100w, https:\/\/ilomas.org.ar\/codililz\/wp-content\/uploads\/2024\/07\/cropped-logo-comision-diocesana-1.png 512w\" sizes=\"(max-width: 150px) 100vw, 150px\" \/><\/div><\/div><\/li><li class=\"shared-files-card-2898\"><div class=\"shared-files-main-elements\"><div class=\"shared-files-main-elements-left\" style=\"background-image: url(https:\/\/ilomas.org.ar\/codililz\/wp-content\/uploads\/2024\/07\/file-word_9254692.svg);\"><\/div><div class=\"shared-files-main-elements-right\"><a class=\"shared-files-file-title\"  data-file-type=\"\"  data-file-url=\"\/codililz\/shared-files\/2898\/?ORACIONES%20PARA%20BENDECIR%20LOS%20ALIMENTOS.doc\"  data-external-url=\"\"  data-image-url=\"https:\/\/ilomas.org.ar\/codililz\/wp-content\/uploads\/2024\/07\/cropped-logo-comision-diocesana-1.png\" href=\"\/codililz\/shared-files\/2898\/?ORACIONES%20PARA%20BENDECIR%20LOS%20ALIMENTOS.doc\" target=\"_blank\">Oraciones para Bendecir los Alimentos<\/a><span class=\"shared-file-size\">45.50 KB<\/span><a href=\"https:\/\/view.officeapps.live.com\/op\/view.aspx?src=https%3A%2F%2Filomas.org.ar%2Fcodililz%2Fshared-files%2F2898%2F%3FORACIONES%2520PARA%2520BENDECIR%2520LOS%2520ALIMENTOS.doc\" target=\"_blank\" class=\"shared-files-preview-button\">Vista Previa<\/a><span class=\"shared-file-date\">August 4, 2024<\/span><div class=\"shared-files-download-counter\"><span>Descargas 16762<\/span><\/div><div class=\"shared-files-download-button-container\"><a href=\"\/codililz\/shared-files\/2898\/?ORACIONES%20PARA%20BENDECIR%20LOS%20ALIMENTOS.doc&download=1\" class=\"shared-files-download-button\"  >Descargar<\/a><\/div><div class=\"shared-files-edit-actions\"><\/div><\/div><div class=\"shared-files-main-elements-featured-image\"><img loading=\"lazy\" decoding=\"async\" width=\"150\" height=\"150\" src=\"https:\/\/ilomas.org.ar\/codililz\/wp-content\/uploads\/2024\/07\/cropped-logo-comision-diocesana-1-150x150.png\" class=\"attachment-thumbnail size-thumbnail wp-post-image\" alt=\"\" srcset=\"https:\/\/ilomas.org.ar\/codililz\/wp-content\/uploads\/2024\/07\/cropped-logo-comision-diocesana-1-150x150.png 150w, https:\/\/ilomas.org.ar\/codililz\/wp-content\/uploads\/2024\/07\/cropped-logo-comision-diocesana-1-300x300.png 300w, https:\/\/ilomas.org.ar\/codililz\/wp-content\/uploads\/2024\/07\/cropped-logo-comision-diocesana-1-100x100.png 100w, https:\/\/ilomas.org.ar\/codililz\/wp-content\/uploads\/2024\/07\/cropped-logo-comision-diocesana-1.png 512w\" sizes=\"(max-width: 150px) 100vw, 150px\" \/><\/div><\/div><\/li><li class=\"shared-files-card-2899\"><div class=\"shared-files-main-elements\"><div class=\"shared-files-main-elements-left\" style=\"background-image: url(https:\/\/ilomas.org.ar\/codililz\/wp-content\/uploads\/2024\/07\/file-word_9254692.svg);\"><\/div><div class=\"shared-files-main-elements-right\"><a class=\"shared-files-file-title\"  data-file-type=\"\"  data-file-url=\"\/codililz\/shared-files\/2899\/?Subsidio%20ADV%20ciclo%20ABC.doc\"  data-external-url=\"\"  data-image-url=\"https:\/\/ilomas.org.ar\/codililz\/wp-content\/uploads\/2024\/07\/cropped-logo-comision-diocesana-1.png\" href=\"\/codililz\/shared-files\/2899\/?Subsidio%20ADV%20ciclo%20ABC.doc\" target=\"_blank\">Adviento ciclo A, B y C<\/a><span class=\"shared-file-size\">2.00 MB<\/span><a href=\"https:\/\/view.officeapps.live.com\/op\/view.aspx?src=https%3A%2F%2Filomas.org.ar%2Fcodililz%2Fshared-files%2F2899%2F%3FSubsidio%2520ADV%2520ciclo%2520ABC.doc\" target=\"_blank\" class=\"shared-files-preview-button\">Vista Previa<\/a><span class=\"shared-file-date\">August 4, 2024<\/span><div class=\"shared-files-download-counter\"><span>Descargas 564<\/span><\/div><div class=\"shared-files-download-button-container\"><a href=\"\/codililz\/shared-files\/2899\/?Subsidio%20ADV%20ciclo%20ABC.doc&download=1\" class=\"shared-files-download-button\"  >Descargar<\/a><\/div><div class=\"shared-files-edit-actions\"><\/div><\/div><div class=\"shared-files-main-elements-featured-image\"><img loading=\"lazy\" decoding=\"async\" width=\"150\" height=\"150\" src=\"https:\/\/ilomas.org.ar\/codililz\/wp-content\/uploads\/2024\/07\/cropped-logo-comision-diocesana-1-150x150.png\" class=\"attachment-thumbnail size-thumbnail wp-post-image\" alt=\"\" srcset=\"https:\/\/ilomas.org.ar\/codililz\/wp-content\/uploads\/2024\/07\/cropped-logo-comision-diocesana-1-150x150.png 150w, https:\/\/ilomas.org.ar\/codililz\/wp-content\/uploads\/2024\/07\/cropped-logo-comision-diocesana-1-300x300.png 300w, https:\/\/ilomas.org.ar\/codililz\/wp-content\/uploads\/2024\/07\/cropped-logo-comision-diocesana-1-100x100.png 100w, https:\/\/ilomas.org.ar\/codililz\/wp-content\/uploads\/2024\/07\/cropped-logo-comision-diocesana-1.png 512w\" sizes=\"(max-width: 150px) 100vw, 150px\" \/><\/div><\/div><\/li><li class=\"shared-files-card-2900\"><div class=\"shared-files-main-elements\"><div class=\"shared-files-main-elements-left\" style=\"background-image: url(https:\/\/ilomas.org.ar\/codililz\/wp-content\/uploads\/2024\/07\/file-word_9254692.svg);\"><\/div><div class=\"shared-files-main-elements-right\"><a class=\"shared-files-file-title\"  data-file-type=\"\"  data-file-url=\"\/codililz\/shared-files\/2900\/?Devocionario_de_Cuaresma%202011.doc\"  data-external-url=\"\"  data-image-url=\"https:\/\/ilomas.org.ar\/codililz\/wp-content\/uploads\/2024\/07\/cropped-logo-comision-diocesana-1.png\" href=\"\/codililz\/shared-files\/2900\/?Devocionario_de_Cuaresma%202011.doc\" target=\"_blank\">Devocionario para el Tiempo de Cuaresma<\/a><span class=\"shared-file-size\">2.18 MB<\/span><a href=\"https:\/\/view.officeapps.live.com\/op\/view.aspx?src=https%3A%2F%2Filomas.org.ar%2Fcodililz%2Fshared-files%2F2900%2F%3FDevocionario_de_Cuaresma%25202011.doc\" target=\"_blank\" class=\"shared-files-preview-button\">Vista Previa<\/a><span class=\"shared-file-date\">August 4, 2024<\/span><div class=\"shared-files-download-counter\"><span>Descargas 554<\/span><\/div><div class=\"shared-files-download-button-container\"><a href=\"\/codililz\/shared-files\/2900\/?Devocionario_de_Cuaresma%202011.doc&download=1\" class=\"shared-files-download-button\"  >Descargar<\/a><\/div><div class=\"shared-files-edit-actions\"><\/div><\/div><div class=\"shared-files-main-elements-featured-image\"><img loading=\"lazy\" decoding=\"async\" width=\"150\" height=\"150\" src=\"https:\/\/ilomas.org.ar\/codililz\/wp-content\/uploads\/2024\/07\/cropped-logo-comision-diocesana-1-150x150.png\" class=\"attachment-thumbnail size-thumbnail wp-post-image\" alt=\"\" srcset=\"https:\/\/ilomas.org.ar\/codililz\/wp-content\/uploads\/2024\/07\/cropped-logo-comision-diocesana-1-150x150.png 150w, https:\/\/ilomas.org.ar\/codililz\/wp-content\/uploads\/2024\/07\/cropped-logo-comision-diocesana-1-300x300.png 300w, https:\/\/ilomas.org.ar\/codililz\/wp-content\/uploads\/2024\/07\/cropped-logo-comision-diocesana-1-100x100.png 100w, https:\/\/ilomas.org.ar\/codililz\/wp-content\/uploads\/2024\/07\/cropped-logo-comision-diocesana-1.png 512w\" sizes=\"(max-width: 150px) 100vw, 150px\" \/><\/div><\/div><\/li><li class=\"shared-files-card-2901\"><div class=\"shared-files-main-elements\"><div class=\"shared-files-main-elements-left\" style=\"background-image: url(https:\/\/ilomas.org.ar\/codililz\/wp-content\/uploads\/2024\/07\/file-word_9254692.svg);\"><\/div><div class=\"shared-files-main-elements-right\"><a class=\"shared-files-file-title\"  data-file-type=\"\"  data-file-url=\"\/codililz\/shared-files\/2901\/?Subsidio%20Cuaresma%202010.doc\"  data-external-url=\"\"  data-image-url=\"https:\/\/ilomas.org.ar\/codililz\/wp-content\/uploads\/2024\/07\/cropped-logo-comision-diocesana-1.png\" href=\"\/codililz\/shared-files\/2901\/?Subsidio%20Cuaresma%202010.doc\" target=\"_blank\">90 D\u00edas con Cristo<\/a><span class=\"shared-file-size\">3.24 MB<\/span><a href=\"https:\/\/view.officeapps.live.com\/op\/view.aspx?src=https%3A%2F%2Filomas.org.ar%2Fcodililz%2Fshared-files%2F2901%2F%3FSubsidio%2520Cuaresma%25202010.doc\" target=\"_blank\" class=\"shared-files-preview-button\">Vista Previa<\/a><span class=\"shared-file-date\">August 4, 2024<\/span><div class=\"shared-files-download-counter\"><span>Descargas 526<\/span><\/div><div class=\"shared-files-download-button-container\"><a href=\"\/codililz\/shared-files\/2901\/?Subsidio%20Cuaresma%202010.doc&download=1\" class=\"shared-files-download-button\"  >Descargar<\/a><\/div><div class=\"shared-files-edit-actions\"><\/div><\/div><div class=\"shared-files-main-elements-featured-image\"><img loading=\"lazy\" decoding=\"async\" width=\"150\" height=\"150\" src=\"https:\/\/ilomas.org.ar\/codililz\/wp-content\/uploads\/2024\/07\/cropped-logo-comision-diocesana-1-150x150.png\" class=\"attachment-thumbnail size-thumbnail wp-post-image\" alt=\"\" srcset=\"https:\/\/ilomas.org.ar\/codililz\/wp-content\/uploads\/2024\/07\/cropped-logo-comision-diocesana-1-150x150.png 150w, https:\/\/ilomas.org.ar\/codililz\/wp-content\/uploads\/2024\/07\/cropped-logo-comision-diocesana-1-300x300.png 300w, https:\/\/ilomas.org.ar\/codililz\/wp-content\/uploads\/2024\/07\/cropped-logo-comision-diocesana-1-100x100.png 100w, https:\/\/ilomas.org.ar\/codililz\/wp-content\/uploads\/2024\/07\/cropped-logo-comision-diocesana-1.png 512w\" sizes=\"(max-width: 150px) 100vw, 150px\" \/><\/div><\/div><\/li><li class=\"shared-files-card-2902\"><div class=\"shared-files-main-elements\"><div class=\"shared-files-main-elements-left\" style=\"background-image: url(https:\/\/ilomas.org.ar\/codililz\/wp-content\/uploads\/2024\/07\/file-word_9254692.svg);\"><\/div><div class=\"shared-files-main-elements-right\"><a class=\"shared-files-file-title\"  data-file-type=\"\"  data-file-url=\"\/codililz\/shared-files\/2902\/?Subsidio%20Cuaresma%202012.docx\"  data-external-url=\"\"  data-image-url=\"https:\/\/ilomas.org.ar\/codililz\/wp-content\/uploads\/2024\/07\/cropped-logo-comision-diocesana-1.png\" href=\"\/codililz\/shared-files\/2902\/?Subsidio%20Cuaresma%202012.docx\" target=\"_blank\">Memorial de Cristo y Mistagog\u00eda del Pueblo de Dios<\/a><span class=\"shared-file-size\">1.93 MB<\/span><a href=\"https:\/\/view.officeapps.live.com\/op\/view.aspx?src=https%3A%2F%2Filomas.org.ar%2Fcodililz%2Fshared-files%2F2902%2F%3FSubsidio%2520Cuaresma%25202012.docx\" target=\"_blank\" class=\"shared-files-preview-button\">Vista Previa<\/a><span class=\"shared-file-date\">agosto 4, 2024<\/span><div class=\"shared-files-download-counter\"><span>Descargas 524<\/span><\/div><div class=\"shared-files-download-button-container\"><a href=\"\/codililz\/shared-files\/2902\/?Subsidio%20Cuaresma%202012.docx&download=1\" class=\"shared-files-download-button\"  >Descargar<\/a><\/div><div class=\"shared-files-edit-actions\"><\/div><\/div><div class=\"shared-files-main-elements-featured-image\"><img loading=\"lazy\" decoding=\"async\" width=\"150\" height=\"150\" src=\"https:\/\/ilomas.org.ar\/codililz\/wp-content\/uploads\/2024\/07\/cropped-logo-comision-diocesana-1-150x150.png\" class=\"attachment-thumbnail size-thumbnail wp-post-image\" alt=\"\" srcset=\"https:\/\/ilomas.org.ar\/codililz\/wp-content\/uploads\/2024\/07\/cropped-logo-comision-diocesana-1-150x150.png 150w, https:\/\/ilomas.org.ar\/codililz\/wp-content\/uploads\/2024\/07\/cropped-logo-comision-diocesana-1-300x300.png 300w, https:\/\/ilomas.org.ar\/codililz\/wp-content\/uploads\/2024\/07\/cropped-logo-comision-diocesana-1-100x100.png 100w, https:\/\/ilomas.org.ar\/codililz\/wp-content\/uploads\/2024\/07\/cropped-logo-comision-diocesana-1.png 512w\" sizes=\"(max-width: 150px) 100vw, 150px\" \/><\/div><\/div><\/li><li class=\"shared-files-card-2903\"><div class=\"shared-files-main-elements\"><div class=\"shared-files-main-elements-left\" style=\"background-image: url(https:\/\/ilomas.org.ar\/codililz\/wp-content\/uploads\/2024\/07\/file-word_9254692.svg);\"><\/div><div class=\"shared-files-main-elements-right\"><a class=\"shared-files-file-title\"  data-file-type=\"\"  data-file-url=\"\/codililz\/shared-files\/2903\/?Subsidio%20NAV%20EPIF.doc\"  data-external-url=\"\"  data-image-url=\"https:\/\/ilomas.org.ar\/codililz\/wp-content\/uploads\/2024\/07\/cropped-logo-comision-diocesana-1.png\" href=\"\/codililz\/shared-files\/2903\/?Subsidio%20NAV%20EPIF.doc\" target=\"_blank\">Navidad Epifan\u00eda<\/a><span class=\"shared-file-size\">832.50 KB<\/span><a href=\"https:\/\/view.officeapps.live.com\/op\/view.aspx?src=https%3A%2F%2Filomas.org.ar%2Fcodililz%2Fshared-files%2F2903%2F%3FSubsidio%2520NAV%2520EPIF.doc\" target=\"_blank\" class=\"shared-files-preview-button\">Vista Previa<\/a><span class=\"shared-file-date\">August 4, 2024<\/span><div class=\"shared-files-download-counter\"><span>Descargas 612<\/span><\/div><div class=\"shared-files-download-button-container\"><a href=\"\/codililz\/shared-files\/2903\/?Subsidio%20NAV%20EPIF.doc&download=1\" class=\"shared-files-download-button\"  >Descargar<\/a><\/div><div class=\"shared-files-edit-actions\"><\/div><\/div><div class=\"shared-files-main-elements-featured-image\"><img loading=\"lazy\" decoding=\"async\" width=\"150\" height=\"150\" src=\"https:\/\/ilomas.org.ar\/codililz\/wp-content\/uploads\/2024\/07\/cropped-logo-comision-diocesana-1-150x150.png\" class=\"attachment-thumbnail size-thumbnail wp-post-image\" alt=\"\" srcset=\"https:\/\/ilomas.org.ar\/codililz\/wp-content\/uploads\/2024\/07\/cropped-logo-comision-diocesana-1-150x150.png 150w, https:\/\/ilomas.org.ar\/codililz\/wp-content\/uploads\/2024\/07\/cropped-logo-comision-diocesana-1-300x300.png 300w, https:\/\/ilomas.org.ar\/codililz\/wp-content\/uploads\/2024\/07\/cropped-logo-comision-diocesana-1-100x100.png 100w, https:\/\/ilomas.org.ar\/codililz\/wp-content\/uploads\/2024\/07\/cropped-logo-comision-diocesana-1.png 512w\" sizes=\"(max-width: 150px) 100vw, 150px\" \/><\/div><\/div><\/li><li class=\"shared-files-card-2904\"><div class=\"shared-files-main-elements\"><div class=\"shared-files-main-elements-left\" style=\"background-image: url(https:\/\/ilomas.org.ar\/codililz\/wp-content\/uploads\/2024\/07\/file-word_9254692.svg);\"><\/div><div class=\"shared-files-main-elements-right\"><a class=\"shared-files-file-title\"  data-file-type=\"\"  data-file-url=\"\/codililz\/shared-files\/2904\/?ANEXOS%20Nav.doc\"  data-external-url=\"\"  data-image-url=\"https:\/\/ilomas.org.ar\/codililz\/wp-content\/uploads\/2024\/07\/cropped-logo-comision-diocesana-1.png\" href=\"\/codililz\/shared-files\/2904\/?ANEXOS%20Nav.doc\" target=\"_blank\">Navidad Epifan\u00eda (anexos)<\/a><span class=\"shared-file-size\">735.00 KB<\/span><a href=\"https:\/\/view.officeapps.live.com\/op\/view.aspx?src=https%3A%2F%2Filomas.org.ar%2Fcodililz%2Fshared-files%2F2904%2F%3FANEXOS%2520Nav.doc\" target=\"_blank\" class=\"shared-files-preview-button\">Vista Previa<\/a><span class=\"shared-file-date\">August 4, 2024<\/span><div class=\"shared-files-download-counter\"><span>Descargas 517<\/span><\/div><div class=\"shared-files-download-button-container\"><a href=\"\/codililz\/shared-files\/2904\/?ANEXOS%20Nav.doc&download=1\" class=\"shared-files-download-button\"  >Descargar<\/a><\/div><div class=\"shared-files-edit-actions\"><\/div><\/div><div class=\"shared-files-main-elements-featured-image\"><img loading=\"lazy\" decoding=\"async\" width=\"150\" height=\"150\" src=\"https:\/\/ilomas.org.ar\/codililz\/wp-content\/uploads\/2024\/07\/cropped-logo-comision-diocesana-1-150x150.png\" class=\"attachment-thumbnail size-thumbnail wp-post-image\" alt=\"\" srcset=\"https:\/\/ilomas.org.ar\/codililz\/wp-content\/uploads\/2024\/07\/cropped-logo-comision-diocesana-1-150x150.png 150w, https:\/\/ilomas.org.ar\/codililz\/wp-content\/uploads\/2024\/07\/cropped-logo-comision-diocesana-1-300x300.png 300w, https:\/\/ilomas.org.ar\/codililz\/wp-content\/uploads\/2024\/07\/cropped-logo-comision-diocesana-1-100x100.png 100w, https:\/\/ilomas.org.ar\/codililz\/wp-content\/uploads\/2024\/07\/cropped-logo-comision-diocesana-1.png 512w\" sizes=\"(max-width: 150px) 100vw, 150px\" \/><\/div><\/div><\/li><li class=\"shared-files-card-2905\"><div class=\"shared-files-main-elements\"><div class=\"shared-files-main-elements-left\" style=\"background-image: url(https:\/\/ilomas.org.ar\/codililz\/wp-content\/uploads\/2024\/07\/file-word_9254692.svg);\"><\/div><div class=\"shared-files-main-elements-right\"><a class=\"shared-files-file-title\"  data-file-type=\"\"  data-file-url=\"\/codililz\/shared-files\/2905\/?Subsidio%20Triduo%20Pascua%20Pentecoste\u0301s.doc\"  data-external-url=\"\"  data-image-url=\"https:\/\/ilomas.org.ar\/codililz\/wp-content\/uploads\/2024\/07\/cropped-logo-comision-diocesana-1.png\" href=\"\/codililz\/shared-files\/2905\/?Subsidio%20Triduo%20Pascua%20Pentecoste\u0301s.doc\" target=\"_blank\">Triduo Pascual de la Pasi\u00f3n, Muerte y Resurrecci\u00f3n del Se\u00f1or<\/a><span class=\"shared-file-size\">4.85 MB<\/span><a href=\"https:\/\/view.officeapps.live.com\/op\/view.aspx?src=https%3A%2F%2Filomas.org.ar%2Fcodililz%2Fshared-files%2F2905%2F%3FSubsidio%2520Triduo%2520Pascua%2520Pentecoste%CC%81s.doc\" target=\"_blank\" class=\"shared-files-preview-button\">Vista Previa<\/a><span class=\"shared-file-date\">August 4, 2024<\/span><div class=\"shared-files-download-counter\"><span>Descargas 551<\/span><\/div><div class=\"shared-files-download-button-container\"><a href=\"\/codililz\/shared-files\/2905\/?Subsidio%20Triduo%20Pascua%20Pentecoste\u0301s.doc&download=1\" class=\"shared-files-download-button\"  >Descargar<\/a><\/div><div class=\"shared-files-edit-actions\"><\/div><\/div><div class=\"shared-files-main-elements-featured-image\"><img loading=\"lazy\" decoding=\"async\" width=\"150\" height=\"150\" src=\"https:\/\/ilomas.org.ar\/codililz\/wp-content\/uploads\/2024\/07\/cropped-logo-comision-diocesana-1-150x150.png\" class=\"attachment-thumbnail size-thumbnail wp-post-image\" alt=\"\" srcset=\"https:\/\/ilomas.org.ar\/codililz\/wp-content\/uploads\/2024\/07\/cropped-logo-comision-diocesana-1-150x150.png 150w, https:\/\/ilomas.org.ar\/codililz\/wp-content\/uploads\/2024\/07\/cropped-logo-comision-diocesana-1-300x300.png 300w, https:\/\/ilomas.org.ar\/codililz\/wp-content\/uploads\/2024\/07\/cropped-logo-comision-diocesana-1-100x100.png 100w, https:\/\/ilomas.org.ar\/codililz\/wp-content\/uploads\/2024\/07\/cropped-logo-comision-diocesana-1.png 512w\" sizes=\"(max-width: 150px) 100vw, 150px\" \/><\/div><\/div><\/li><li class=\"shared-files-card-2906\"><div class=\"shared-files-main-elements\"><div class=\"shared-files-main-elements-left\" style=\"background-image: url(https:\/\/ilomas.org.ar\/codililz\/wp-content\/uploads\/2024\/07\/file-word_9254692.svg);\"><\/div><div class=\"shared-files-main-elements-right\"><a class=\"shared-files-file-title\"  data-file-type=\"\"  data-file-url=\"\/codililz\/shared-files\/2906\/?Sub.%20Sem%20Sta.%20Triduo%20Pascual%20Pascua%20Pentec.%202014.docx\"  data-external-url=\"\"  data-image-url=\"https:\/\/ilomas.org.ar\/codililz\/wp-content\/uploads\/2024\/07\/cropped-logo-comision-diocesana-1.png\" href=\"\/codililz\/shared-files\/2906\/?Sub.%20Sem%20Sta.%20Triduo%20Pascual%20Pascua%20Pentec.%202014.docx\" target=\"_blank\">Visi\u00f3n Panor\u00e1mica de Semana Santa y Triduo Pascual<\/a><span class=\"shared-file-size\">3.96 MB<\/span><a href=\"https:\/\/view.officeapps.live.com\/op\/view.aspx?src=https%3A%2F%2Filomas.org.ar%2Fcodililz%2Fshared-files%2F2906%2F%3FSub.%2520Sem%2520Sta.%2520Triduo%2520Pascual%2520Pascua%2520Pentec.%25202014.docx\" target=\"_blank\" class=\"shared-files-preview-button\">Vista Previa<\/a><span class=\"shared-file-date\">August 4, 2024<\/span><div class=\"shared-files-download-counter\"><span>Descargas 574<\/span><\/div><div class=\"shared-files-download-button-container\"><a href=\"\/codililz\/shared-files\/2906\/?Sub.%20Sem%20Sta.%20Triduo%20Pascual%20Pascua%20Pentec.%202014.docx&download=1\" class=\"shared-files-download-button\"  >Descargar<\/a><\/div><div class=\"shared-files-edit-actions\"><\/div><\/div><div class=\"shared-files-main-elements-featured-image\"><img loading=\"lazy\" decoding=\"async\" width=\"150\" height=\"150\" src=\"https:\/\/ilomas.org.ar\/codililz\/wp-content\/uploads\/2024\/07\/cropped-logo-comision-diocesana-1-150x150.png\" class=\"attachment-thumbnail size-thumbnail wp-post-image\" alt=\"\" srcset=\"https:\/\/ilomas.org.ar\/codililz\/wp-content\/uploads\/2024\/07\/cropped-logo-comision-diocesana-1-150x150.png 150w, https:\/\/ilomas.org.ar\/codililz\/wp-content\/uploads\/2024\/07\/cropped-logo-comision-diocesana-1-300x300.png 300w, https:\/\/ilomas.org.ar\/codililz\/wp-content\/uploads\/2024\/07\/cropped-logo-comision-diocesana-1-100x100.png 100w, https:\/\/ilomas.org.ar\/codililz\/wp-content\/uploads\/2024\/07\/cropped-logo-comision-diocesana-1.png 512w\" sizes=\"(max-width: 150px) 100vw, 150px\" \/><\/div><\/div><\/li><li class=\"shared-files-card-2942\"><div class=\"shared-files-main-elements\"><div class=\"shared-files-main-elements-left\" style=\"background-image: url(https:\/\/ilomas.org.ar\/codililz\/wp-content\/uploads\/2024\/07\/file-word_9254692.svg);\"><\/div><div class=\"shared-files-main-elements-right\"><a class=\"shared-files-file-title\"  data-file-type=\"\"  data-file-url=\"\/codililz\/shared-files\/2942\/?DIAC%20RITUAL%20ord%20dic%202021.docx\"  data-external-url=\"\"  data-image-url=\"https:\/\/ilomas.org.ar\/codililz\/wp-content\/uploads\/2024\/07\/cropped-logo-comision-diocesana-1.png\" href=\"\/codililz\/shared-files\/2942\/?DIAC%20RITUAL%20ord%20dic%202021.docx\" target=\"_blank\">Ritual de la Ordenaci\u00f3n de Di\u00e1conos<\/a><span class=\"shared-file-size\">76.17 KB<\/span><a href=\"https:\/\/view.officeapps.live.com\/op\/view.aspx?src=https%3A%2F%2Filomas.org.ar%2Fcodililz%2Fshared-files%2F2942%2F%3FDIAC%2520RITUAL%2520ord%2520dic%25202021.docx\" target=\"_blank\" class=\"shared-files-preview-button\">Vista Previa<\/a><span class=\"shared-file-date\">August 5, 2024<\/span><div class=\"shared-files-download-counter\"><span>Descargas 2319<\/span><\/div><div class=\"shared-files-download-button-container\"><a href=\"\/codililz\/shared-files\/2942\/?DIAC%20RITUAL%20ord%20dic%202021.docx&download=1\" class=\"shared-files-download-button\"  >Descargar<\/a><\/div><div class=\"shared-files-edit-actions\"><\/div><\/div><div class=\"shared-files-main-elements-featured-image\"><img loading=\"lazy\" decoding=\"async\" width=\"150\" height=\"150\" src=\"https:\/\/ilomas.org.ar\/codililz\/wp-content\/uploads\/2024\/07\/cropped-logo-comision-diocesana-1-150x150.png\" class=\"attachment-thumbnail size-thumbnail wp-post-image\" alt=\"\" srcset=\"https:\/\/ilomas.org.ar\/codililz\/wp-content\/uploads\/2024\/07\/cropped-logo-comision-diocesana-1-150x150.png 150w, https:\/\/ilomas.org.ar\/codililz\/wp-content\/uploads\/2024\/07\/cropped-logo-comision-diocesana-1-300x300.png 300w, https:\/\/ilomas.org.ar\/codililz\/wp-content\/uploads\/2024\/07\/cropped-logo-comision-diocesana-1-100x100.png 100w, https:\/\/ilomas.org.ar\/codililz\/wp-content\/uploads\/2024\/07\/cropped-logo-comision-diocesana-1.png 512w\" sizes=\"(max-width: 150px) 100vw, 150px\" \/><\/div><\/div><\/li><li class=\"shared-files-card-3642\"><div class=\"shared-files-main-elements\"><div class=\"shared-files-main-elements-left\" style=\"background-image: url(https:\/\/ilomas.org.ar\/codililz\/wp-content\/uploads\/2024\/07\/file-pdf_9254689.svg);\"><\/div><div class=\"shared-files-main-elements-right\"><a class=\"shared-files-file-title\"  data-file-type=\"\"  data-file-url=\"\/codililz\/shared-files\/3642\/?PAPA%20FRANCISCO%20-%20CATEQUESIS%20SOBRE%20LA%20MISA.pdf\"  data-external-url=\"\"  data-image-url=\"https:\/\/ilomas.org.ar\/codililz\/wp-content\/uploads\/2024\/07\/francesco.png\" href=\"\/codililz\/shared-files\/3642\/?PAPA%20FRANCISCO%20-%20CATEQUESIS%20SOBRE%20LA%20MISA.pdf\" target=\"_blank\">El \u00abcoraz\u00f3n\u00bb de la Iglesia<\/a><span class=\"shared-file-size\">2.00 MB<\/span><a href=\"https:\/\/ilomas.org.ar\/codililz\/shared-files\/3642\/?PAPA%20FRANCISCO%20-%20CATEQUESIS%20SOBRE%20LA%20MISA.pdf\" target=\"_blank\" class=\"shared-files-preview-button\">Vista Previa<\/a><span class=\"shared-file-date\">August 13, 2024<\/span><div class=\"shared-files-download-counter\"><span>Descargas 411<\/span><\/div><div class=\"shared-file-description-container\">Catequesis del Papa Francisco sobre la Misa<\/div><div class=\"shared-files-download-button-container\"><a href=\"\/codililz\/shared-files\/3642\/?PAPA%20FRANCISCO%20-%20CATEQUESIS%20SOBRE%20LA%20MISA.pdf&download=1\" class=\"shared-files-download-button\"  >Descargar<\/a><\/div><div class=\"shared-files-edit-actions\"><\/div><\/div><div class=\"shared-files-main-elements-featured-image\"><img loading=\"lazy\" decoding=\"async\" width=\"150\" height=\"150\" src=\"https:\/\/ilomas.org.ar\/codililz\/wp-content\/uploads\/2024\/07\/francesco-150x150.png\" class=\"attachment-thumbnail size-thumbnail wp-post-image\" alt=\"\" srcset=\"https:\/\/ilomas.org.ar\/codililz\/wp-content\/uploads\/2024\/07\/francesco-150x150.png 150w, https:\/\/ilomas.org.ar\/codililz\/wp-content\/uploads\/2024\/07\/francesco-300x300.png 300w, https:\/\/ilomas.org.ar\/codililz\/wp-content\/uploads\/2024\/07\/francesco-100x100.png 100w, https:\/\/ilomas.org.ar\/codililz\/wp-content\/uploads\/2024\/07\/francesco.png 350w\" sizes=\"(max-width: 150px) 100vw, 150px\" \/><\/div><\/div><\/li><li class=\"shared-files-card-4035\"><div class=\"shared-files-main-elements\"><div class=\"shared-files-main-elements-left\" style=\"background-image: url(https:\/\/ilomas.org.ar\/codililz\/wp-content\/uploads\/2024\/07\/file-pdf_9254689.svg);\"><\/div><div class=\"shared-files-main-elements-right\"><a class=\"shared-files-file-title\"  data-file-type=\"\"  data-file-url=\"\/codililz\/shared-files\/4035\/?Participacion%20y%20funciones%2025.2.2025.pdf\"  data-external-url=\"\"  data-image-url=\"\" href=\"\/codililz\/shared-files\/4035\/?Participacion%20y%20funciones%2025.2.2025.pdf\" target=\"_blank\">Participaci\u00f3n y funciones en la liturgia<\/a><span class=\"shared-file-size\">216.12 KB<\/span><a href=\"https:\/\/ilomas.org.ar\/codililz\/shared-files\/4035\/?Participacion%20y%20funciones%2025.2.2025.pdf\" target=\"_blank\" class=\"shared-files-preview-button\">Vista Previa<\/a><span class=\"shared-file-date\">February 25, 2025<\/span><div class=\"shared-files-download-counter\"><span>Descargas 392<\/span><\/div><div class=\"shared-files-download-button-container\"><a href=\"\/codililz\/shared-files\/4035\/?Participacion%20y%20funciones%2025.2.2025.pdf&download=1\" class=\"shared-files-download-button\"  >Descargar<\/a><\/div><div class=\"shared-files-edit-actions\"><\/div><\/div><\/div><\/li><li class=\"shared-files-card-4549\"><div class=\"shared-files-main-elements\"><div class=\"shared-files-main-elements-left\" style=\"background-image: url(https:\/\/ilomas.org.ar\/codililz\/wp-content\/uploads\/2024\/07\/file-pdf_9254689.svg);\"><\/div><div class=\"shared-files-main-elements-right\"><a class=\"shared-files-file-title\"  data-file-type=\"\"  data-file-url=\"\/codililz\/shared-files\/4549\/?R.-Bendicion-de-un-cinerario.pdf\"  data-external-url=\"\"  data-image-url=\"https:\/\/ilomas.org.ar\/codililz\/wp-content\/uploads\/2026\/04\/LOGO.png\" href=\"\/codililz\/shared-files\/4549\/?R.-Bendicion-de-un-cinerario.pdf\" target=\"_blank\">Ritual Bendici\u00f3n de un nuevo Cinerario<\/a><span class=\"shared-file-size\">1.17 MB<\/span><a href=\"https:\/\/ilomas.org.ar\/codililz\/shared-files\/4549\/?R.-Bendicion-de-un-cinerario.pdf\" target=\"_blank\" class=\"shared-files-preview-button\">Vista Previa<\/a><span class=\"shared-file-date\">April 12, 2026<\/span><div class=\"shared-files-download-counter\"><span>Descargas 31<\/span><\/div><div class=\"shared-file-description-container\">El \"Ritual de Exequias: Bendici\u00f3n de un nuevo Cinerario\" de la Di\u00f3cesis de Lomas de Zamora ofrece una forma larga con ritos iniciales, lectura breve, preces y la oraci\u00f3n de bendici\u00f3n; y una forma breve con varias opciones de oraci\u00f3n de bendici\u00f3n.<\/div><div class=\"shared-files-download-button-container\"><a href=\"\/codililz\/shared-files\/4549\/?R.-Bendicion-de-un-cinerario.pdf&download=1\" class=\"shared-files-download-button\"  >Descargar<\/a><\/div><div class=\"shared-files-edit-actions\"><\/div><\/div><div class=\"shared-files-main-elements-featured-image\"><img loading=\"lazy\" decoding=\"async\" width=\"150\" height=\"150\" src=\"https:\/\/ilomas.org.ar\/codililz\/wp-content\/uploads\/2026\/04\/LOGO-150x150.png\" class=\"attachment-thumbnail size-thumbnail wp-post-image\" alt=\"\" srcset=\"https:\/\/ilomas.org.ar\/codililz\/wp-content\/uploads\/2026\/04\/LOGO-150x150.png 150w, https:\/\/ilomas.org.ar\/codililz\/wp-content\/uploads\/2026\/04\/LOGO-300x300.png 300w, https:\/\/ilomas.org.ar\/codililz\/wp-content\/uploads\/2026\/04\/LOGO-100x100.png 100w\" sizes=\"(max-width: 150px) 100vw, 150px\" \/><\/div><\/div><\/li><\/ul><hr class=\"clear\" \/><div class=\"shared-files-pagination-improved\"><div class=\"shared-files-pagination-improved-more-files\">Browse files:<\/div><span aria-label=\"P\u00e1gina 1\" aria-current=\"page\" class=\"page-numbers current\">1<\/span>\n<a aria-label=\"P\u00e1gina 2\" class=\"page-numbers\" href=\"https:\/\/ilomas.org.ar\/codililz\/wp-json\/wp\/v2\/pages\/156\/?_page=2&#038;_paged=default\">2<\/a>\n<a aria-label=\"P\u00e1gina 3\" class=\"page-numbers\" href=\"https:\/\/ilomas.org.ar\/codililz\/wp-json\/wp\/v2\/pages\/156\/?_page=3&#038;_paged=default\">3<\/a>\n<span class=\"page-numbers dots\">&hellip;<\/span>\n<a aria-label=\"P\u00e1gina 5\" class=\"page-numbers\" href=\"https:\/\/ilomas.org.ar\/codililz\/wp-json\/wp\/v2\/pages\/156\/?_page=5&#038;_paged=default\">5<\/a>\n<a class=\"next page-numbers\" href=\"https:\/\/ilomas.org.ar\/codililz\/wp-json\/wp\/v2\/pages\/156\/?_page=2&#038;_paged=default\">Siguiente &raquo;<\/a><\/div><div class=\"shared-files-nothing-found\">No se han encontrado archivos.<\/div><\/div><\/div><\/div><hr class=\"clear\" \/>\n<\/div>\n\t\t\t\t\t\t<\/div>\n\t\t\t\t<\/div>\n\t\t\t\t<\/div>\n\t\t\t\t<\/div>\n\t\t\t\t\t<\/div>\n\t\t\t\t<\/div>\n\t\t\t\t<\/div>\n\t\t","protected":false},"excerpt":{"rendered":"<p>Documentos y Magisterio de la Iglesia sobre la Liturgia, Musica y arte sacro Mosaico Domo de la Catedral de Messina Sicilia Documentos y Magisterio de la Iglesia sobre la Liturgia, Musica y arte sacro En esta secci\u00f3n, encontrar\u00e1 una colecci\u00f3n exhaustiva de documentos y ense\u00f1anzas del Magisterio de la Iglesia relacionados con la liturgia, la [&hellip;]<\/p>\n","protected":false},"author":2,"featured_media":0,"parent":0,"menu_order":0,"comment_status":"closed","ping_status":"closed","template":"elementor_header_footer","meta":{"footnotes":""},"class_list":["post-156","page","type-page","status-publish","hentry"],"_links":{"self":[{"href":"https:\/\/ilomas.org.ar\/codililz\/wp-json\/wp\/v2\/pages\/156","targetHints":{"allow":["GET"]}}],"collection":[{"href":"https:\/\/ilomas.org.ar\/codililz\/wp-json\/wp\/v2\/pages"}],"about":[{"href":"https:\/\/ilomas.org.ar\/codililz\/wp-json\/wp\/v2\/types\/page"}],"author":[{"embeddable":true,"href":"https:\/\/ilomas.org.ar\/codililz\/wp-json\/wp\/v2\/users\/2"}],"replies":[{"embeddable":true,"href":"https:\/\/ilomas.org.ar\/codililz\/wp-json\/wp\/v2\/comments?post=156"}],"version-history":[{"count":95,"href":"https:\/\/ilomas.org.ar\/codililz\/wp-json\/wp\/v2\/pages\/156\/revisions"}],"predecessor-version":[{"id":3747,"href":"https:\/\/ilomas.org.ar\/codililz\/wp-json\/wp\/v2\/pages\/156\/revisions\/3747"}],"wp:attachment":[{"href":"https:\/\/ilomas.org.ar\/codililz\/wp-json\/wp\/v2\/media?parent=156"}],"curies":[{"name":"wp","href":"https:\/\/api.w.org\/{rel}","templated":true}]}}