{"id":2795,"date":"2024-08-02T16:26:32","date_gmt":"2024-08-02T13:26:32","guid":{"rendered":"https:\/\/ilomas.org.ar\/codililz\/?page_id=2795"},"modified":"2024-08-02T17:43:40","modified_gmt":"2024-08-02T14:43:40","slug":"santuario-basilica-sagrada-familia-de-nazareth","status":"publish","type":"page","link":"https:\/\/ilomas.org.ar\/codililz\/santuario-basilica-sagrada-familia-de-nazareth\/","title":{"rendered":"Santuario Basilica Sagrada Familia de Nazareth"},"content":{"rendered":"\t\t<div data-elementor-type=\"wp-page\" data-elementor-id=\"2795\" class=\"elementor elementor-2795\">\n\t\t\t\t<div class=\"elementor-element elementor-element-5c1f69c2 e-flex e-con-boxed e-con e-parent\" data-id=\"5c1f69c2\" data-element_type=\"container\" data-e-type=\"container\" data-settings=\"{&quot;background_background&quot;:&quot;classic&quot;}\">\n\t\t\t\t\t<div class=\"e-con-inner\">\n\t\t<div class=\"elementor-element elementor-element-46c99ca6 e-con-full e-flex e-con e-child\" data-id=\"46c99ca6\" data-element_type=\"container\" data-e-type=\"container\">\n\t\t\t\t<div class=\"elementor-element elementor-element-533983b1 elementor-widget__width-initial elementor-invisible elementor-widget elementor-widget-heading\" data-id=\"533983b1\" data-element_type=\"widget\" data-e-type=\"widget\" data-settings=\"{&quot;_animation&quot;:&quot;fadeIn&quot;,&quot;_animation_delay&quot;:&quot;200&quot;}\" data-widget_type=\"heading.default\">\n\t\t\t\t<div class=\"elementor-widget-container\">\n\t\t\t\t\t<h1 class=\"elementor-heading-title elementor-size-default\">Santuario Basilica Sagrada Familia de Nazareth<\/h1>\t\t\t\t<\/div>\n\t\t\t\t<\/div>\n\t\t\t\t<\/div>\n\t\t<div class=\"elementor-element elementor-element-5693a123 e-con-full e-flex e-con e-child\" data-id=\"5693a123\" data-element_type=\"container\" data-e-type=\"container\">\n\t\t\t\t<div class=\"elementor-element elementor-element-28d0663f elementor-widget__width-initial elementor-absolute elementor-hidden-mobile elementor-widget elementor-widget-heading\" data-id=\"28d0663f\" data-element_type=\"widget\" data-e-type=\"widget\" data-settings=\"{&quot;_position&quot;:&quot;absolute&quot;}\" data-widget_type=\"heading.default\">\n\t\t\t\t<div class=\"elementor-widget-container\">\n\t\t\t\t\t<h2 class=\"elementor-heading-title elementor-size-default\">Construcci\u00f3n  1893 - 1894<\/h2>\t\t\t\t<\/div>\n\t\t\t\t<\/div>\n\t\t\t\t<\/div>\n\t\t\t\t\t<\/div>\n\t\t\t\t<\/div>\n\t\t<div class=\"elementor-element elementor-element-31b171e6 e-flex e-con-boxed e-con e-parent\" data-id=\"31b171e6\" data-element_type=\"container\" data-e-type=\"container\" data-settings=\"{&quot;background_background&quot;:&quot;classic&quot;}\">\n\t\t\t\t\t<div class=\"e-con-inner\">\n\t\t<div class=\"elementor-element elementor-element-3f62e2ab e-con-full e-flex elementor-invisible e-con e-child\" data-id=\"3f62e2ab\" data-element_type=\"container\" data-e-type=\"container\" data-settings=\"{&quot;animation&quot;:&quot;fadeInUp&quot;,&quot;animation_delay&quot;:&quot;200&quot;}\">\n\t\t\t\t<div class=\"elementor-element elementor-element-590da55d elementor-widget elementor-widget-heading\" data-id=\"590da55d\" data-element_type=\"widget\" data-e-type=\"widget\" data-widget_type=\"heading.default\">\n\t\t\t\t<div class=\"elementor-widget-container\">\n\t\t\t\t\t<h2 class=\"elementor-heading-title elementor-size-default\">Santuario Basilica Sagrada Familia de Nazareth<\/h2>\t\t\t\t<\/div>\n\t\t\t\t<\/div>\n\t\t\t\t<div class=\"elementor-element elementor-element-bc3f100 elementor-widget elementor-widget-heading\" data-id=\"bc3f100\" data-element_type=\"widget\" data-e-type=\"widget\" data-widget_type=\"heading.default\">\n\t\t\t\t<div class=\"elementor-widget-container\">\n\t\t\t\t\t<h3 class=\"elementor-heading-title elementor-size-default\">Historia y Construcci\u00f3n<\/h3>\t\t\t\t<\/div>\n\t\t\t\t<\/div>\n\t\t\t\t<div class=\"elementor-element elementor-element-2f994c54 elementor-widget elementor-widget-heading\" data-id=\"2f994c54\" data-element_type=\"widget\" data-e-type=\"widget\" data-widget_type=\"heading.default\">\n\t\t\t\t<div class=\"elementor-widget-container\">\n\t\t\t\t\t<p class=\"elementor-heading-title elementor-size-default\">La Parroquia Santuario Bas\u00edlica Sagrada Familia de Nazareth, ubicada en Banfield, Provincia de Buenos Aires, es un templo cat\u00f3lico de gran relevancia hist\u00f3rica y cultural. Su construcci\u00f3n se inici\u00f3 en 1894 gracias a la iniciativa del Sr. Francisco Cordero y el respaldo del pueblo de Banfield, como un homenaje del pueblo de Banfield al Papa Le\u00f3n XIII con motivo de su Jubileo episcopal. La iglesia fue consagrada el 2 de febrero de 1895, y desde entonces ha servido como un importante centro de devoci\u00f3n y espiritualidad para la comunidad. <\/p>\t\t\t\t<\/div>\n\t\t\t\t<\/div>\n\t\t\t\t<div class=\"elementor-element elementor-element-d377fa7 elementor-widget elementor-widget-heading\" data-id=\"d377fa7\" data-element_type=\"widget\" data-e-type=\"widget\" data-widget_type=\"heading.default\">\n\t\t\t\t<div class=\"elementor-widget-container\">\n\t\t\t\t\t<p class=\"elementor-heading-title elementor-size-default\"> El templo, que ha sido declarado bas\u00edlica menor, fue erigido con un dise\u00f1o neog\u00f3tico que destaca por su majestuosidad y detalle arquitect\u00f3nico y ha sido desde entonces un lugar central para la vida religiosa de la comunidad. A lo largo de los a\u00f1os, la bas\u00edlica ha sido testigo de numerosos eventos importantes y ha servido como un refugio espiritual para innumerables fieles.<\/p>\t\t\t\t<\/div>\n\t\t\t\t<\/div>\n\t\t\t\t<\/div>\n\t\t<div class=\"elementor-element elementor-element-d94de3c e-con-full e-flex elementor-invisible e-con e-child\" data-id=\"d94de3c\" data-element_type=\"container\" data-e-type=\"container\" data-settings=\"{&quot;animation&quot;:&quot;fadeInUp&quot;,&quot;animation_delay&quot;:&quot;200&quot;}\">\n\t\t\t\t<div class=\"elementor-element elementor-element-f78816f elementor-widget elementor-widget-image\" data-id=\"f78816f\" data-element_type=\"widget\" data-e-type=\"widget\" data-widget_type=\"image.default\">\n\t\t\t\t<div class=\"elementor-widget-container\">\n\t\t\t\t\t\t\t\t\t\t\t\t\t\t\t<img fetchpriority=\"high\" decoding=\"async\" width=\"1000\" height=\"828\" src=\"https:\/\/ilomas.org.ar\/codililz\/wp-content\/uploads\/2024\/08\/Mejorada-foto-Santuario-Basilica-Sagrada-Familia-de-Nazareth.png\" class=\"attachment-full size-full wp-image-2809\" alt=\"\" srcset=\"https:\/\/ilomas.org.ar\/codililz\/wp-content\/uploads\/2024\/08\/Mejorada-foto-Santuario-Basilica-Sagrada-Familia-de-Nazareth.png 1000w, https:\/\/ilomas.org.ar\/codililz\/wp-content\/uploads\/2024\/08\/Mejorada-foto-Santuario-Basilica-Sagrada-Familia-de-Nazareth-600x497.png 600w, https:\/\/ilomas.org.ar\/codililz\/wp-content\/uploads\/2024\/08\/Mejorada-foto-Santuario-Basilica-Sagrada-Familia-de-Nazareth-300x248.png 300w, https:\/\/ilomas.org.ar\/codililz\/wp-content\/uploads\/2024\/08\/Mejorada-foto-Santuario-Basilica-Sagrada-Familia-de-Nazareth-768x636.png 768w\" sizes=\"(max-width: 1000px) 100vw, 1000px\" \/>\t\t\t\t\t\t\t\t\t\t\t\t\t\t\t<\/div>\n\t\t\t\t<\/div>\n\t\t\t\t<div class=\"elementor-element elementor-element-cb83ffe elementor-widget elementor-widget-image\" data-id=\"cb83ffe\" data-element_type=\"widget\" data-e-type=\"widget\" data-widget_type=\"image.default\">\n\t\t\t\t<div class=\"elementor-widget-container\">\n\t\t\t\t\t\t\t\t\t\t\t\t\t\t\t<img decoding=\"async\" width=\"800\" height=\"600\" src=\"https:\/\/ilomas.org.ar\/codililz\/wp-content\/uploads\/2024\/08\/placa-santuario-basilica-sagrada-1024x768.jpg\" class=\"attachment-large size-large wp-image-2850\" alt=\"\" srcset=\"https:\/\/ilomas.org.ar\/codililz\/wp-content\/uploads\/2024\/08\/placa-santuario-basilica-sagrada-1024x768.jpg 1024w, https:\/\/ilomas.org.ar\/codililz\/wp-content\/uploads\/2024\/08\/placa-santuario-basilica-sagrada-600x450.jpg 600w, https:\/\/ilomas.org.ar\/codililz\/wp-content\/uploads\/2024\/08\/placa-santuario-basilica-sagrada-300x225.jpg 300w, https:\/\/ilomas.org.ar\/codililz\/wp-content\/uploads\/2024\/08\/placa-santuario-basilica-sagrada-768x576.jpg 768w, https:\/\/ilomas.org.ar\/codililz\/wp-content\/uploads\/2024\/08\/placa-santuario-basilica-sagrada.jpg 1200w\" sizes=\"(max-width: 800px) 100vw, 800px\" \/>\t\t\t\t\t\t\t\t\t\t\t\t\t\t\t<\/div>\n\t\t\t\t<\/div>\n\t\t\t\t<\/div>\n\t\t\t\t\t<\/div>\n\t\t\t\t<\/div>\n\t\t<div class=\"elementor-element elementor-element-50262e0 e-flex e-con-boxed e-con e-parent\" data-id=\"50262e0\" data-element_type=\"container\" data-e-type=\"container\" data-settings=\"{&quot;background_background&quot;:&quot;classic&quot;}\">\n\t\t\t\t\t<div class=\"e-con-inner\">\n\t\t<div class=\"elementor-element elementor-element-fbbda19 e-con-full e-flex e-con e-child\" data-id=\"fbbda19\" data-element_type=\"container\" data-e-type=\"container\">\n\t\t<div class=\"elementor-element elementor-element-a0c3da1 e-con-full e-flex e-con e-child\" data-id=\"a0c3da1\" data-element_type=\"container\" data-e-type=\"container\">\n\t\t\t\t<div class=\"elementor-element elementor-element-3a2c20c elementor-widget elementor-widget-image\" data-id=\"3a2c20c\" data-element_type=\"widget\" data-e-type=\"widget\" data-widget_type=\"image.default\">\n\t\t\t\t<div class=\"elementor-widget-container\">\n\t\t\t\t\t\t\t\t\t\t\t\t\t\t\t<img decoding=\"async\" width=\"743\" height=\"895\" src=\"https:\/\/ilomas.org.ar\/codililz\/wp-content\/uploads\/2024\/08\/Sagrario-e-imagen-del-Sagrado-Corazon-de-Jesus-Santuario-Basilica-Sagrada-Familia-de-Nazareth.png\" class=\"attachment-large size-large wp-image-2811\" alt=\"\" srcset=\"https:\/\/ilomas.org.ar\/codililz\/wp-content\/uploads\/2024\/08\/Sagrario-e-imagen-del-Sagrado-Corazon-de-Jesus-Santuario-Basilica-Sagrada-Familia-de-Nazareth.png 743w, https:\/\/ilomas.org.ar\/codililz\/wp-content\/uploads\/2024\/08\/Sagrario-e-imagen-del-Sagrado-Corazon-de-Jesus-Santuario-Basilica-Sagrada-Familia-de-Nazareth-600x723.png 600w, https:\/\/ilomas.org.ar\/codililz\/wp-content\/uploads\/2024\/08\/Sagrario-e-imagen-del-Sagrado-Corazon-de-Jesus-Santuario-Basilica-Sagrada-Familia-de-Nazareth-249x300.png 249w\" sizes=\"(max-width: 743px) 100vw, 743px\" \/>\t\t\t\t\t\t\t\t\t\t\t\t\t\t\t<\/div>\n\t\t\t\t<\/div>\n\t\t\t\t<\/div>\n\t\t<div class=\"elementor-element elementor-element-b8c7ee4 e-con-full e-flex e-con e-child\" data-id=\"b8c7ee4\" data-element_type=\"container\" data-e-type=\"container\">\n\t\t<div class=\"elementor-element elementor-element-b14bea6 e-con-full e-flex elementor-invisible e-con e-child\" data-id=\"b14bea6\" data-element_type=\"container\" data-e-type=\"container\" data-settings=\"{&quot;animation&quot;:&quot;fadeIn&quot;,&quot;animation_delay&quot;:&quot;400&quot;}\">\n\t\t\t\t<div class=\"elementor-element elementor-element-caaeb38 elementor-widget elementor-widget-heading\" data-id=\"caaeb38\" data-element_type=\"widget\" data-e-type=\"widget\" data-widget_type=\"heading.default\">\n\t\t\t\t<div class=\"elementor-widget-container\">\n\t\t\t\t\t<h2 class=\"elementor-heading-title elementor-size-default\">Patrimonio Hist\u00f3rico Destacado\n<\/h2>\t\t\t\t<\/div>\n\t\t\t\t<\/div>\n\t\t\t\t<\/div>\n\t\t<div class=\"elementor-element elementor-element-0a2face e-con-full e-flex elementor-invisible e-con e-child\" data-id=\"0a2face\" data-element_type=\"container\" data-e-type=\"container\" data-settings=\"{&quot;animation&quot;:&quot;fadeIn&quot;,&quot;animation_delay&quot;:&quot;600&quot;}\">\n\t\t\t\t<div class=\"elementor-element elementor-element-c8463ff elementor-widget elementor-widget-text-editor\" data-id=\"c8463ff\" data-element_type=\"widget\" data-e-type=\"widget\" data-widget_type=\"text-editor.default\">\n\t\t\t\t<div class=\"elementor-widget-container\">\n\t\t\t\t\t\t\t\t\t<p>Uno de los patrimonios hist\u00f3ricos m\u00e1s significativos de la Bas\u00edlica es su agregaci\u00f3n a la Sacrosanta Patriarcal Bas\u00edlica Liberiana, Santa Mar\u00eda la Mayor en Roma, que se otorg\u00f3 el 19 de diciembre de 1894. Esta agregaci\u00f3n permite que los fieles que asisten a la bas\u00edlica en Banfield puedan gozar de las mismas indulgencias y privilegios espirituales como si estuvieran en la bas\u00edlica romana, consolidando a\u00fan m\u00e1s la conexi\u00f3n espiritual y la importancia de este templo dentro de la comunidad cat\u00f3lica global\u200b.<\/p>  \t\t\t\t\t\t\t\t<\/div>\n\t\t\t\t<\/div>\n\t\t\t\t<\/div>\n\t\t\t\t<\/div>\n\t\t\t\t<\/div>\n\t\t\t\t\t<\/div>\n\t\t\t\t<\/div>\n\t\t<div class=\"elementor-element elementor-element-76861ed e-flex e-con-boxed e-con e-parent\" data-id=\"76861ed\" data-element_type=\"container\" data-e-type=\"container\" data-settings=\"{&quot;background_background&quot;:&quot;classic&quot;}\">\n\t\t\t\t\t<div class=\"e-con-inner\">\n\t\t<div class=\"elementor-element elementor-element-fb68d9c e-con-full e-flex elementor-invisible e-con e-child\" data-id=\"fb68d9c\" data-element_type=\"container\" data-e-type=\"container\" data-settings=\"{&quot;animation&quot;:&quot;fadeInUp&quot;,&quot;animation_delay&quot;:&quot;200&quot;}\">\n\t\t\t\t<div class=\"elementor-element elementor-element-8d33ae0 elementor-widget elementor-widget-heading\" data-id=\"8d33ae0\" data-element_type=\"widget\" data-e-type=\"widget\" data-widget_type=\"heading.default\">\n\t\t\t\t<div class=\"elementor-widget-container\">\n\t\t\t\t\t<h2 class=\"elementor-heading-title elementor-size-default\">Eventos y Celebraciones<\/h2>\t\t\t\t<\/div>\n\t\t\t\t<\/div>\n\t\t\t\t<div class=\"elementor-element elementor-element-f047c88 elementor-widget elementor-widget-heading\" data-id=\"f047c88\" data-element_type=\"widget\" data-e-type=\"widget\" data-widget_type=\"heading.default\">\n\t\t\t\t<div class=\"elementor-widget-container\">\n\t\t\t\t\t<p class=\"elementor-heading-title elementor-size-default\">La Bas\u00edlica Sagrada Familia de Nazareth organiza una variedad de eventos y celebraciones religiosas a lo largo del a\u00f1o. Las misas diarias se celebran de lunes a s\u00e1bados a las 19:00 horas y los domingos en varios horarios, incluyendo misas a las 8:00, 10:00, 11:30 y 20:00 horas. Durante festividades importantes como Semana Santa, Navidad y el aniversario de la bas\u00edlica, se llevan a cabo misas solemnes y procesiones que atraen a numerosos fieles. La bas\u00edlica tambi\u00e9n ofrece adoraci\u00f3n del Sant\u00edsimo Sacramento y recolectas de ropa y abrigo para los necesitados, demostrando su compromiso social y comunitario.<\/p>\t\t\t\t<\/div>\n\t\t\t\t<\/div>\n\t\t\t\t<\/div>\n\t\t\t\t\t<\/div>\n\t\t\t\t<\/div>\n\t\t<div class=\"elementor-element elementor-element-03be86d e-flex e-con-boxed e-con e-parent\" data-id=\"03be86d\" data-element_type=\"container\" data-e-type=\"container\" data-settings=\"{&quot;background_background&quot;:&quot;classic&quot;}\">\n\t\t\t\t\t<div class=\"e-con-inner\">\n\t\t<div class=\"elementor-element elementor-element-035c164 e-con-full e-flex e-con e-child\" data-id=\"035c164\" data-element_type=\"container\" data-e-type=\"container\">\n\t\t<div class=\"elementor-element elementor-element-d7ba55a e-con-full e-flex e-con e-child\" data-id=\"d7ba55a\" data-element_type=\"container\" data-e-type=\"container\">\n\t\t\t\t<div class=\"elementor-element elementor-element-5dcb131 elementor-widget elementor-widget-image\" data-id=\"5dcb131\" data-element_type=\"widget\" data-e-type=\"widget\" data-widget_type=\"image.default\">\n\t\t\t\t<div class=\"elementor-widget-container\">\n\t\t\t\t\t\t\t\t\t\t\t\t\t\t\t<img loading=\"lazy\" decoding=\"async\" width=\"1000\" height=\"525\" src=\"https:\/\/ilomas.org.ar\/codililz\/wp-content\/uploads\/2024\/08\/El-reloj-Santuario-Basilica-Sagrada-Familia-de-Nazareth.jpg\" class=\"attachment-full size-full wp-image-2804\" alt=\"\" srcset=\"https:\/\/ilomas.org.ar\/codililz\/wp-content\/uploads\/2024\/08\/El-reloj-Santuario-Basilica-Sagrada-Familia-de-Nazareth.jpg 1000w, https:\/\/ilomas.org.ar\/codililz\/wp-content\/uploads\/2024\/08\/El-reloj-Santuario-Basilica-Sagrada-Familia-de-Nazareth-600x315.jpg 600w, https:\/\/ilomas.org.ar\/codililz\/wp-content\/uploads\/2024\/08\/El-reloj-Santuario-Basilica-Sagrada-Familia-de-Nazareth-300x158.jpg 300w, https:\/\/ilomas.org.ar\/codililz\/wp-content\/uploads\/2024\/08\/El-reloj-Santuario-Basilica-Sagrada-Familia-de-Nazareth-768x403.jpg 768w\" sizes=\"(max-width: 1000px) 100vw, 1000px\" \/>\t\t\t\t\t\t\t\t\t\t\t\t\t\t\t<\/div>\n\t\t\t\t<\/div>\n\t\t\t\t<div class=\"elementor-element elementor-element-1a3729c elementor-widget elementor-widget-image\" data-id=\"1a3729c\" data-element_type=\"widget\" data-e-type=\"widget\" data-widget_type=\"image.default\">\n\t\t\t\t<div class=\"elementor-widget-container\">\n\t\t\t\t\t\t\t\t\t\t\t\t\t\t\t<img loading=\"lazy\" decoding=\"async\" width=\"1000\" height=\"1000\" src=\"https:\/\/ilomas.org.ar\/codililz\/wp-content\/uploads\/2024\/08\/Campana-Santuario-Basilica-Sagrada-Familia-de-Nazareth.webp\" class=\"attachment-full size-full wp-image-2801\" alt=\"\" srcset=\"https:\/\/ilomas.org.ar\/codililz\/wp-content\/uploads\/2024\/08\/Campana-Santuario-Basilica-Sagrada-Familia-de-Nazareth.webp 1000w, https:\/\/ilomas.org.ar\/codililz\/wp-content\/uploads\/2024\/08\/Campana-Santuario-Basilica-Sagrada-Familia-de-Nazareth-300x300.webp 300w, https:\/\/ilomas.org.ar\/codililz\/wp-content\/uploads\/2024\/08\/Campana-Santuario-Basilica-Sagrada-Familia-de-Nazareth-100x100.webp 100w, https:\/\/ilomas.org.ar\/codililz\/wp-content\/uploads\/2024\/08\/Campana-Santuario-Basilica-Sagrada-Familia-de-Nazareth-600x600.webp 600w, https:\/\/ilomas.org.ar\/codililz\/wp-content\/uploads\/2024\/08\/Campana-Santuario-Basilica-Sagrada-Familia-de-Nazareth-150x150.webp 150w, https:\/\/ilomas.org.ar\/codililz\/wp-content\/uploads\/2024\/08\/Campana-Santuario-Basilica-Sagrada-Familia-de-Nazareth-768x768.webp 768w\" sizes=\"(max-width: 1000px) 100vw, 1000px\" \/>\t\t\t\t\t\t\t\t\t\t\t\t\t\t\t<\/div>\n\t\t\t\t<\/div>\n\t\t\t\t<\/div>\n\t\t<div class=\"elementor-element elementor-element-ebc4fac e-con-full e-flex e-con e-child\" data-id=\"ebc4fac\" data-element_type=\"container\" data-e-type=\"container\">\n\t\t<div class=\"elementor-element elementor-element-18de555 e-con-full e-flex elementor-invisible e-con e-child\" data-id=\"18de555\" data-element_type=\"container\" data-e-type=\"container\" data-settings=\"{&quot;animation&quot;:&quot;fadeIn&quot;,&quot;animation_delay&quot;:&quot;400&quot;}\">\n\t\t\t\t<div class=\"elementor-element elementor-element-6e7a473 elementor-widget elementor-widget-heading\" data-id=\"6e7a473\" data-element_type=\"widget\" data-e-type=\"widget\" data-widget_type=\"heading.default\">\n\t\t\t\t<div class=\"elementor-widget-container\">\n\t\t\t\t\t<h2 class=\"elementor-heading-title elementor-size-default\">El reloj y campanario del Santuario Bas\u00edlica Sagrada Familia de Nazareth<\/h2>\t\t\t\t<\/div>\n\t\t\t\t<\/div>\n\t\t\t\t<\/div>\n\t\t<div class=\"elementor-element elementor-element-0016dce e-con-full e-flex elementor-invisible e-con e-child\" data-id=\"0016dce\" data-element_type=\"container\" data-e-type=\"container\" data-settings=\"{&quot;animation&quot;:&quot;fadeIn&quot;,&quot;animation_delay&quot;:&quot;600&quot;}\">\n\t\t\t\t<div class=\"elementor-element elementor-element-98ccebe elementor-widget elementor-widget-text-editor\" data-id=\"98ccebe\" data-element_type=\"widget\" data-e-type=\"widget\" data-widget_type=\"text-editor.default\">\n\t\t\t\t<div class=\"elementor-widget-container\">\n\t\t\t\t\t\t\t\t\t<p>El reloj y campanario del Santuario Bas\u00edlica Sagrada Familia de Nazareth en Banfield son emblemas hist\u00f3ricos de la ciudad. Situados en lo m\u00e1s alto del templo, el reloj de cuatro caras y la campana han sido parte integral del paisaje sonoro de Banfield durante m\u00e1s de un siglo. Este sistema sofisticado, que data de finales del siglo XIX o principios del XX, fue fabricado con tecnolog\u00eda t\u00edpica de la industria inglesa, utilizando una estructura de engranajes de bronce similar a la de los relojes cuc\u00fa, pero a gran escala. La campana suena autom\u00e1ticamente a cada hora y media hora, haciendo sonar de una a doce campanadas, repetidas dos veces al d\u00eda. Estas campanadas se pueden escuchar desde lejos, dependiendo del viento, y sol\u00edan ser visibles desde diez cuadras de distancia antes de ser parcialmente obstruidas por edificios altos.<\/p>\n\n<p>El mantenimiento del reloj ha sido meticuloso a lo largo de los a\u00f1os, con el ingeniero Disa como encargado de su cuidado durante cinco d\u00e9cadas. Tras su fallecimiento, la tarea fue continuada por otros expertos, como el relojero que atendi\u00f3 el reloj del Concejo Deliberante de Buenos Aires. Durante la pandemia, las campanadas continuaron sonando, aportando un sentido de continuidad y normalidad. La precisi\u00f3n del reloj es tal que muchos habitantes de Banfield sincronizan sus relojes con \u00e9l. La bas\u00edlica ha cuidado este patrimonio con dedicaci\u00f3n, incluso colocando una caja de vidrio para proteger el mecanismo del polvo, asegurando que el reloj siga funcionando perfectamente hasta hoy<\/p>\t\t\t\t\t\t\t\t<\/div>\n\t\t\t\t<\/div>\n\t\t\t\t<\/div>\n\t\t\t\t<\/div>\n\t\t\t\t<\/div>\n\t\t\t\t\t<\/div>\n\t\t\t\t<\/div>\n\t\t<div class=\"elementor-element elementor-element-339cdd9c e-flex e-con-boxed e-con e-parent\" data-id=\"339cdd9c\" data-element_type=\"container\" data-e-type=\"container\" data-settings=\"{&quot;background_background&quot;:&quot;classic&quot;}\">\n\t\t\t\t\t<div class=\"e-con-inner\">\n\t\t<div class=\"elementor-element elementor-element-5a776dec e-flex e-con-boxed e-con e-child\" data-id=\"5a776dec\" data-element_type=\"container\" data-e-type=\"container\">\n\t\t\t\t\t<div class=\"e-con-inner\">\n\t\t<div class=\"elementor-element elementor-element-67617a49 e-con-full e-flex elementor-invisible e-con e-child\" data-id=\"67617a49\" data-element_type=\"container\" data-e-type=\"container\" data-settings=\"{&quot;animation&quot;:&quot;fadeIn&quot;,&quot;animation_delay&quot;:&quot;400&quot;}\">\n\t\t\t\t<div class=\"elementor-element elementor-element-5d912529 elementor-widget elementor-widget-heading\" data-id=\"5d912529\" data-element_type=\"widget\" data-e-type=\"widget\" data-widget_type=\"heading.default\">\n\t\t\t\t<div class=\"elementor-widget-container\">\n\t\t\t\t\t<h2 class=\"elementor-heading-title elementor-size-default\">Patrimonio Hist\u00f3rico y Cultural de la Parroquia Santuario Bas\u00edlica Sagrada Familia de Nazareth\n<\/h2>\t\t\t\t<\/div>\n\t\t\t\t<\/div>\n\t\t\t\t<div class=\"elementor-element elementor-element-5b59da29 elementor-widget elementor-widget-text-editor\" data-id=\"5b59da29\" data-element_type=\"widget\" data-e-type=\"widget\" data-widget_type=\"text-editor.default\">\n\t\t\t\t<div class=\"elementor-widget-container\">\n\t\t\t\t\t\t\t\t\t<p>El patrimonio hist\u00f3rico y cultural de la Bas\u00edlica Sagrada Familia de Nazareth en Banfield es rico y diverso, abarcando una amplia colecci\u00f3n de arte sacro, im\u00e1genes religiosas y elementos arquitect\u00f3nicos que han sido cuidadosamente preservados y valorados a lo largo de los a\u00f1os.\n<\/p>   \t\t\t\t\t\t\t\t<\/div>\n\t\t\t\t<\/div>\n\t\t\t\t<\/div>\n\t\t\t\t\t<\/div>\n\t\t\t\t<\/div>\n\t\t<div class=\"elementor-element elementor-element-eb3c85c e-con-full e-flex e-con e-child\" data-id=\"eb3c85c\" data-element_type=\"container\" data-e-type=\"container\">\n\t\t<div class=\"elementor-element elementor-element-92f07fa e-con-full e-flex elementor-invisible e-con e-child\" data-id=\"92f07fa\" data-element_type=\"container\" data-e-type=\"container\" data-settings=\"{&quot;animation&quot;:&quot;fadeIn&quot;,&quot;animation_delay&quot;:&quot;400&quot;,&quot;background_background&quot;:&quot;classic&quot;}\">\n\t\t\t\t<div class=\"elementor-element elementor-element-3e705e7 elementor-widget elementor-widget-text-editor\" data-id=\"3e705e7\" data-element_type=\"widget\" data-e-type=\"widget\" data-widget_type=\"text-editor.default\">\n\t\t\t\t<div class=\"elementor-widget-container\">\n\t\t\t\t\t\t\t\t\t<h3>Altar Mayor y Capillas Laterales:<\/h3>\n\n<p>\nEl altar mayor es una pieza central de la bas\u00edlica, elaborado en un estilo neog\u00f3tico con detalles ornamentales que incluyen esculturas y relieves de santos y escenas b\u00edblicas. Este altar no solo es un punto focal durante las ceremonias lit\u00fargicas, sino que tambi\u00e9n es una obra de arte en s\u00ed misma. Las capillas laterales albergan im\u00e1genes religiosas que representan diversas advocaciones, reflejando la devoci\u00f3n de la comunidad local y su rica tradici\u00f3n espiritual.<\/p> \n\n<h3>Vitrales:<\/h3>\n\n<p>\nLos vitrales de la bas\u00edlica son excepcionales tanto por su colorido como por sus intrincados dise\u00f1os. Estos vitrales representan momentos clave de la vida de la Sagrada Familia y de otros santos importantes, creando una atm\u00f3sfera espiritual \u00fanica dentro del templo. Adem\u00e1s de embellecer el espacio lit\u00fargico, los vitrales sirven como una herramienta educativa visual, ilustrando importantes relatos y ense\u00f1anzas de la fe cat\u00f3lica.<\/p>\n\n<h3>Campanas y Torre del Campanario:<\/h3>\n\n<p>\nLa torre del campanario es uno de los elementos arquitect\u00f3nicos m\u00e1s distintivos de la bas\u00edlica. Esta torre no solo complementa la estructura g\u00f3tica del edificio, sino que tambi\u00e9n alberga un conjunto de campanas hist\u00f3ricas. Estas campanas han resonado a lo largo de m\u00e1s de un siglo, marcando eventos importantes y llamando a los fieles a la oraci\u00f3n. El sonido de las campanas es un s\u00edmbolo de la presencia continua de la iglesia en la vida diaria de la comunidad.<\/p>\t\t\t\t\t\t\t\t<\/div>\n\t\t\t\t<\/div>\n\t\t\t\t<\/div>\n\t\t<div class=\"elementor-element elementor-element-d11399d e-con-full e-flex elementor-invisible e-con e-child\" data-id=\"d11399d\" data-element_type=\"container\" data-e-type=\"container\" data-settings=\"{&quot;animation&quot;:&quot;fadeIn&quot;,&quot;animation_delay&quot;:&quot;400&quot;,&quot;background_background&quot;:&quot;classic&quot;}\">\n\t\t\t\t<div class=\"elementor-element elementor-element-4d51c5b elementor-widget elementor-widget-text-editor\" data-id=\"4d51c5b\" data-element_type=\"widget\" data-e-type=\"widget\" data-widget_type=\"text-editor.default\">\n\t\t\t\t<div class=\"elementor-widget-container\">\n\t\t\t\t\t\t\t\t\t<h3>Confesionarios y Mobiliario:<\/h3>\n\n<p>\nEl mobiliario de la bas\u00edlica, incluyendo los confesionarios de madera tallada, es parte del patrimonio hist\u00f3rico del templo. Estos elementos han sido cuidadosamente conservados y restaurados a lo largo de los a\u00f1os, preservando su integridad y belleza original.\n<\/p>\n\n\n\n<h3>Reloj Monumental:<\/h3>\n\n<p>El reloj monumental ubicado en la torre del campanario no solo es funcional, marcando el tiempo para la comunidad, sino que tambi\u00e9n es un s\u00edmbolo de la historia y la continuidad de la fe en Banfield.<\/p>\n\n<h3>Estatuas y Frescos:<\/h3>\n\n<p>La bas\u00edlica cuenta con varias estatuas de gran valor art\u00edstico, incluyendo representaciones de la Sagrada Familia, y frescos en el techo que narran episodios b\u00edblicos y escenas de la vida de Jes\u00fas y Mar\u00eda. Estos elementos art\u00edsticos contribuyen a la atm\u00f3sfera sagrada y devocional del templo.<\/p> \n\n<p>Estos elementos, junto con el cuidado continuo de la comunidad para mantener y restaurar el templo, hacen de la Bas\u00edlica Sagrada Familia de Nazareth un tesoro cultural y espiritual. La iglesia no solo es un lugar de culto, sino tambi\u00e9n un testimonio de la historia y la fe compartida por generaciones de fieles. La bas\u00edlica sigue siendo un centro vital para la comunidad, ofreciendo un espacio para la oraci\u00f3n, la reflexi\u00f3n y la celebraci\u00f3n de la fe cat\u00f3lica.<\/p>\t\t\t\t\t\t\t\t<\/div>\n\t\t\t\t<\/div>\n\t\t\t\t<\/div>\n\t\t\t\t<\/div>\n\t\t<div class=\"elementor-element elementor-element-bcc154f e-con-full e-flex e-con e-child\" data-id=\"bcc154f\" data-element_type=\"container\" data-e-type=\"container\">\n\t\t<div class=\"elementor-element elementor-element-4868da3 e-con-full e-flex elementor-invisible e-con e-child\" data-id=\"4868da3\" data-element_type=\"container\" data-e-type=\"container\" data-settings=\"{&quot;animation&quot;:&quot;fadeIn&quot;,&quot;animation_delay&quot;:&quot;400&quot;,&quot;background_background&quot;:&quot;classic&quot;}\">\n\t\t\t\t<div class=\"elementor-element elementor-element-79215d1 gallery-spacing-custom elementor-widget elementor-widget-image-gallery\" data-id=\"79215d1\" data-element_type=\"widget\" data-e-type=\"widget\" data-widget_type=\"image-gallery.default\">\n\t\t\t\t<div class=\"elementor-widget-container\">\n\t\t\t\t\t\t\t<div class=\"elementor-image-gallery\">\n\t\t\t<div id='gallery-1' class='gallery galleryid-2795 gallery-columns-3 gallery-size-medium'><figure class='gallery-item'>\n\t\t\t<div class='gallery-icon landscape'>\n\t\t\t\t<a data-elementor-open-lightbox=\"yes\" data-elementor-lightbox-slideshow=\"79215d1\" data-elementor-lightbox-title=\"Santuario Basilica Sagrada Familia de Nazareth\" data-e-action-hash=\"#elementor-action%3Aaction%3Dlightbox%26settings%3DeyJpZCI6MjgxOSwidXJsIjoiaHR0cHM6XC9cL2lsb21hcy5vcmcuYXJcL2NvZGlsaWx6XC93cC1jb250ZW50XC91cGxvYWRzXC8yMDI0XC8wOFwvU2FudHVhcmlvLUJhc2lsaWNhLVNhZ3JhZGEtRmFtaWxpYS1kZS1OYXphcmV0aC1lMTcyMjYwNzE3NTQwOS5wbmciLCJzbGlkZXNob3ciOiI3OTIxNWQxIn0%3D\" href='https:\/\/ilomas.org.ar\/codililz\/wp-content\/uploads\/2024\/08\/Santuario-Basilica-Sagrada-Familia-de-Nazareth-e1722607175409.png'><img loading=\"lazy\" decoding=\"async\" width=\"300\" height=\"245\" src=\"https:\/\/ilomas.org.ar\/codililz\/wp-content\/uploads\/2024\/08\/Santuario-Basilica-Sagrada-Familia-de-Nazareth-e1722607175409-300x245.png\" class=\"attachment-medium size-medium\" alt=\"\" srcset=\"https:\/\/ilomas.org.ar\/codililz\/wp-content\/uploads\/2024\/08\/Santuario-Basilica-Sagrada-Familia-de-Nazareth-e1722607175409-300x245.png 300w, https:\/\/ilomas.org.ar\/codililz\/wp-content\/uploads\/2024\/08\/Santuario-Basilica-Sagrada-Familia-de-Nazareth-e1722607175409-600x491.png 600w, https:\/\/ilomas.org.ar\/codililz\/wp-content\/uploads\/2024\/08\/Santuario-Basilica-Sagrada-Familia-de-Nazareth-e1722607175409-1024x837.png 1024w, https:\/\/ilomas.org.ar\/codililz\/wp-content\/uploads\/2024\/08\/Santuario-Basilica-Sagrada-Familia-de-Nazareth-e1722607175409-768x628.png 768w, https:\/\/ilomas.org.ar\/codililz\/wp-content\/uploads\/2024\/08\/Santuario-Basilica-Sagrada-Familia-de-Nazareth-e1722607175409-1536x1256.png 1536w, https:\/\/ilomas.org.ar\/codililz\/wp-content\/uploads\/2024\/08\/Santuario-Basilica-Sagrada-Familia-de-Nazareth-e1722607175409.png 1920w\" sizes=\"(max-width: 300px) 100vw, 300px\" \/><\/a>\n\t\t\t<\/div><\/figure><figure class='gallery-item'>\n\t\t\t<div class='gallery-icon landscape'>\n\t\t\t\t<a data-elementor-open-lightbox=\"yes\" data-elementor-lightbox-slideshow=\"79215d1\" data-elementor-lightbox-title=\"Vista lateral Santuario Basilica Sagrada Familia de Nazareth\" data-e-action-hash=\"#elementor-action%3Aaction%3Dlightbox%26settings%3DeyJpZCI6MjgxNiwidXJsIjoiaHR0cHM6XC9cL2lsb21hcy5vcmcuYXJcL2NvZGlsaWx6XC93cC1jb250ZW50XC91cGxvYWRzXC8yMDI0XC8wOFwvVmlzdGEtbGF0ZXJhbC1TYW50dWFyaW8tQmFzaWxpY2EtU2FncmFkYS1GYW1pbGlhLWRlLU5hemFyZXRoLnBuZyIsInNsaWRlc2hvdyI6Ijc5MjE1ZDEifQ%3D%3D\" href='https:\/\/ilomas.org.ar\/codililz\/wp-content\/uploads\/2024\/08\/Vista-lateral-Santuario-Basilica-Sagrada-Familia-de-Nazareth.png'><img loading=\"lazy\" decoding=\"async\" width=\"300\" height=\"292\" src=\"https:\/\/ilomas.org.ar\/codililz\/wp-content\/uploads\/2024\/08\/Vista-lateral-Santuario-Basilica-Sagrada-Familia-de-Nazareth-300x292.png\" class=\"attachment-medium size-medium\" alt=\"\" srcset=\"https:\/\/ilomas.org.ar\/codililz\/wp-content\/uploads\/2024\/08\/Vista-lateral-Santuario-Basilica-Sagrada-Familia-de-Nazareth-300x292.png 300w, https:\/\/ilomas.org.ar\/codililz\/wp-content\/uploads\/2024\/08\/Vista-lateral-Santuario-Basilica-Sagrada-Familia-de-Nazareth-600x584.png 600w, https:\/\/ilomas.org.ar\/codililz\/wp-content\/uploads\/2024\/08\/Vista-lateral-Santuario-Basilica-Sagrada-Familia-de-Nazareth.png 733w\" sizes=\"(max-width: 300px) 100vw, 300px\" \/><\/a>\n\t\t\t<\/div><\/figure><figure class='gallery-item'>\n\t\t\t<div class='gallery-icon portrait'>\n\t\t\t\t<a data-elementor-open-lightbox=\"yes\" data-elementor-lightbox-slideshow=\"79215d1\" data-elementor-lightbox-title=\"Vista del altar Santuario Basilica Sagrada Familia de Nazareth\" data-e-action-hash=\"#elementor-action%3Aaction%3Dlightbox%26settings%3DeyJpZCI6MjgxNSwidXJsIjoiaHR0cHM6XC9cL2lsb21hcy5vcmcuYXJcL2NvZGlsaWx6XC93cC1jb250ZW50XC91cGxvYWRzXC8yMDI0XC8wOFwvVmlzdGEtZGVsLWFsdGFyLVNhbnR1YXJpby1CYXNpbGljYS1TYWdyYWRhLUZhbWlsaWEtZGUtTmF6YXJldGgucG5nIiwic2xpZGVzaG93IjoiNzkyMTVkMSJ9\" href='https:\/\/ilomas.org.ar\/codililz\/wp-content\/uploads\/2024\/08\/Vista-del-altar-Santuario-Basilica-Sagrada-Familia-de-Nazareth.png'><img loading=\"lazy\" decoding=\"async\" width=\"251\" height=\"300\" src=\"https:\/\/ilomas.org.ar\/codililz\/wp-content\/uploads\/2024\/08\/Vista-del-altar-Santuario-Basilica-Sagrada-Familia-de-Nazareth-251x300.png\" class=\"attachment-medium size-medium\" alt=\"\" srcset=\"https:\/\/ilomas.org.ar\/codililz\/wp-content\/uploads\/2024\/08\/Vista-del-altar-Santuario-Basilica-Sagrada-Familia-de-Nazareth-251x300.png 251w, https:\/\/ilomas.org.ar\/codililz\/wp-content\/uploads\/2024\/08\/Vista-del-altar-Santuario-Basilica-Sagrada-Familia-de-Nazareth-600x717.png 600w, https:\/\/ilomas.org.ar\/codililz\/wp-content\/uploads\/2024\/08\/Vista-del-altar-Santuario-Basilica-Sagrada-Familia-de-Nazareth.png 746w\" sizes=\"(max-width: 251px) 100vw, 251px\" \/><\/a>\n\t\t\t<\/div><\/figure><figure class='gallery-item'>\n\t\t\t<div class='gallery-icon portrait'>\n\t\t\t\t<a data-elementor-open-lightbox=\"yes\" data-elementor-lightbox-slideshow=\"79215d1\" data-elementor-lightbox-title=\"Techo Santuario Basilica Sagrada Familia de Nazareth\" data-e-action-hash=\"#elementor-action%3Aaction%3Dlightbox%26settings%3DeyJpZCI6MjgxNCwidXJsIjoiaHR0cHM6XC9cL2lsb21hcy5vcmcuYXJcL2NvZGlsaWx6XC93cC1jb250ZW50XC91cGxvYWRzXC8yMDI0XC8wOFwvVGVjaG8tU2FudHVhcmlvLUJhc2lsaWNhLVNhZ3JhZGEtRmFtaWxpYS1kZS1OYXphcmV0aC5wbmciLCJzbGlkZXNob3ciOiI3OTIxNWQxIn0%3D\" href='https:\/\/ilomas.org.ar\/codililz\/wp-content\/uploads\/2024\/08\/Techo-Santuario-Basilica-Sagrada-Familia-de-Nazareth.png'><img loading=\"lazy\" decoding=\"async\" width=\"250\" height=\"300\" src=\"https:\/\/ilomas.org.ar\/codililz\/wp-content\/uploads\/2024\/08\/Techo-Santuario-Basilica-Sagrada-Familia-de-Nazareth-250x300.png\" class=\"attachment-medium size-medium\" alt=\"\" srcset=\"https:\/\/ilomas.org.ar\/codililz\/wp-content\/uploads\/2024\/08\/Techo-Santuario-Basilica-Sagrada-Familia-de-Nazareth-250x300.png 250w, https:\/\/ilomas.org.ar\/codililz\/wp-content\/uploads\/2024\/08\/Techo-Santuario-Basilica-Sagrada-Familia-de-Nazareth-600x720.png 600w, https:\/\/ilomas.org.ar\/codililz\/wp-content\/uploads\/2024\/08\/Techo-Santuario-Basilica-Sagrada-Familia-de-Nazareth.png 741w\" sizes=\"(max-width: 250px) 100vw, 250px\" \/><\/a>\n\t\t\t<\/div><\/figure><figure class='gallery-item'>\n\t\t\t<div class='gallery-icon portrait'>\n\t\t\t\t<a data-elementor-open-lightbox=\"yes\" data-elementor-lightbox-slideshow=\"79215d1\" data-elementor-lightbox-title=\"Sagrario Santuario Basilica Sagrada Familia de Nazareth\" data-e-action-hash=\"#elementor-action%3Aaction%3Dlightbox%26settings%3DeyJpZCI6MjgxMiwidXJsIjoiaHR0cHM6XC9cL2lsb21hcy5vcmcuYXJcL2NvZGlsaWx6XC93cC1jb250ZW50XC91cGxvYWRzXC8yMDI0XC8wOFwvU2FncmFyaW8tU2FudHVhcmlvLUJhc2lsaWNhLVNhZ3JhZGEtRmFtaWxpYS1kZS1OYXphcmV0aC5wbmciLCJzbGlkZXNob3ciOiI3OTIxNWQxIn0%3D\" href='https:\/\/ilomas.org.ar\/codililz\/wp-content\/uploads\/2024\/08\/Sagrario-Santuario-Basilica-Sagrada-Familia-de-Nazareth.png'><img loading=\"lazy\" decoding=\"async\" width=\"248\" height=\"300\" src=\"https:\/\/ilomas.org.ar\/codililz\/wp-content\/uploads\/2024\/08\/Sagrario-Santuario-Basilica-Sagrada-Familia-de-Nazareth-248x300.png\" class=\"attachment-medium size-medium\" alt=\"\" srcset=\"https:\/\/ilomas.org.ar\/codililz\/wp-content\/uploads\/2024\/08\/Sagrario-Santuario-Basilica-Sagrada-Familia-de-Nazareth-248x300.png 248w, https:\/\/ilomas.org.ar\/codililz\/wp-content\/uploads\/2024\/08\/Sagrario-Santuario-Basilica-Sagrada-Familia-de-Nazareth-600x727.png 600w, https:\/\/ilomas.org.ar\/codililz\/wp-content\/uploads\/2024\/08\/Sagrario-Santuario-Basilica-Sagrada-Familia-de-Nazareth.png 741w\" sizes=\"(max-width: 248px) 100vw, 248px\" \/><\/a>\n\t\t\t<\/div><\/figure><figure class='gallery-item'>\n\t\t\t<div class='gallery-icon portrait'>\n\t\t\t\t<a data-elementor-open-lightbox=\"yes\" data-elementor-lightbox-slideshow=\"79215d1\" data-elementor-lightbox-title=\"Sagrario e imagen del Sagrado Corazo\u0301n de Jesu\u0301s Santuario Basilica Sagrada Familia de Nazareth\" data-e-action-hash=\"#elementor-action%3Aaction%3Dlightbox%26settings%3DeyJpZCI6MjgxMSwidXJsIjoiaHR0cHM6XC9cL2lsb21hcy5vcmcuYXJcL2NvZGlsaWx6XC93cC1jb250ZW50XC91cGxvYWRzXC8yMDI0XC8wOFwvU2FncmFyaW8tZS1pbWFnZW4tZGVsLVNhZ3JhZG8tQ29yYXpvbi1kZS1KZXN1cy1TYW50dWFyaW8tQmFzaWxpY2EtU2FncmFkYS1GYW1pbGlhLWRlLU5hemFyZXRoLnBuZyIsInNsaWRlc2hvdyI6Ijc5MjE1ZDEifQ%3D%3D\" href='https:\/\/ilomas.org.ar\/codililz\/wp-content\/uploads\/2024\/08\/Sagrario-e-imagen-del-Sagrado-Corazon-de-Jesus-Santuario-Basilica-Sagrada-Familia-de-Nazareth.png'><img loading=\"lazy\" decoding=\"async\" width=\"249\" height=\"300\" src=\"https:\/\/ilomas.org.ar\/codililz\/wp-content\/uploads\/2024\/08\/Sagrario-e-imagen-del-Sagrado-Corazon-de-Jesus-Santuario-Basilica-Sagrada-Familia-de-Nazareth-249x300.png\" class=\"attachment-medium size-medium\" alt=\"\" srcset=\"https:\/\/ilomas.org.ar\/codililz\/wp-content\/uploads\/2024\/08\/Sagrario-e-imagen-del-Sagrado-Corazon-de-Jesus-Santuario-Basilica-Sagrada-Familia-de-Nazareth-249x300.png 249w, https:\/\/ilomas.org.ar\/codililz\/wp-content\/uploads\/2024\/08\/Sagrario-e-imagen-del-Sagrado-Corazon-de-Jesus-Santuario-Basilica-Sagrada-Familia-de-Nazareth-600x723.png 600w, https:\/\/ilomas.org.ar\/codililz\/wp-content\/uploads\/2024\/08\/Sagrario-e-imagen-del-Sagrado-Corazon-de-Jesus-Santuario-Basilica-Sagrada-Familia-de-Nazareth.png 743w\" sizes=\"(max-width: 249px) 100vw, 249px\" \/><\/a>\n\t\t\t<\/div><\/figure><figure class='gallery-item'>\n\t\t\t<div class='gallery-icon landscape'>\n\t\t\t\t<a data-elementor-open-lightbox=\"yes\" data-elementor-lightbox-slideshow=\"79215d1\" data-elementor-lightbox-title=\"Puerta y Vitrales Santuario Basilica Sagrada Familia de Nazareth\" data-e-action-hash=\"#elementor-action%3Aaction%3Dlightbox%26settings%3DeyJpZCI6MjgxMCwidXJsIjoiaHR0cHM6XC9cL2lsb21hcy5vcmcuYXJcL2NvZGlsaWx6XC93cC1jb250ZW50XC91cGxvYWRzXC8yMDI0XC8wOFwvUHVlcnRhLXktVml0cmFsZXMtU2FudHVhcmlvLUJhc2lsaWNhLVNhZ3JhZGEtRmFtaWxpYS1kZS1OYXphcmV0aC5wbmciLCJzbGlkZXNob3ciOiI3OTIxNWQxIn0%3D\" href='https:\/\/ilomas.org.ar\/codililz\/wp-content\/uploads\/2024\/08\/Puerta-y-Vitrales-Santuario-Basilica-Sagrada-Familia-de-Nazareth.png'><img loading=\"lazy\" decoding=\"async\" width=\"300\" height=\"252\" src=\"https:\/\/ilomas.org.ar\/codililz\/wp-content\/uploads\/2024\/08\/Puerta-y-Vitrales-Santuario-Basilica-Sagrada-Familia-de-Nazareth-300x252.png\" class=\"attachment-medium size-medium\" alt=\"\" srcset=\"https:\/\/ilomas.org.ar\/codililz\/wp-content\/uploads\/2024\/08\/Puerta-y-Vitrales-Santuario-Basilica-Sagrada-Familia-de-Nazareth-300x252.png 300w, https:\/\/ilomas.org.ar\/codililz\/wp-content\/uploads\/2024\/08\/Puerta-y-Vitrales-Santuario-Basilica-Sagrada-Familia-de-Nazareth-600x504.png 600w, https:\/\/ilomas.org.ar\/codililz\/wp-content\/uploads\/2024\/08\/Puerta-y-Vitrales-Santuario-Basilica-Sagrada-Familia-de-Nazareth-1024x861.png 1024w, https:\/\/ilomas.org.ar\/codililz\/wp-content\/uploads\/2024\/08\/Puerta-y-Vitrales-Santuario-Basilica-Sagrada-Familia-de-Nazareth-768x646.png 768w, https:\/\/ilomas.org.ar\/codililz\/wp-content\/uploads\/2024\/08\/Puerta-y-Vitrales-Santuario-Basilica-Sagrada-Familia-de-Nazareth.png 1060w\" sizes=\"(max-width: 300px) 100vw, 300px\" \/><\/a>\n\t\t\t<\/div><\/figure><figure class='gallery-item'>\n\t\t\t<div class='gallery-icon landscape'>\n\t\t\t\t<a data-elementor-open-lightbox=\"yes\" data-elementor-lightbox-slideshow=\"79215d1\" data-elementor-lightbox-title=\"Mejorada foto Santuario Basilica Sagrada Familia de Nazareth\" data-e-action-hash=\"#elementor-action%3Aaction%3Dlightbox%26settings%3DeyJpZCI6MjgwOSwidXJsIjoiaHR0cHM6XC9cL2lsb21hcy5vcmcuYXJcL2NvZGlsaWx6XC93cC1jb250ZW50XC91cGxvYWRzXC8yMDI0XC8wOFwvTWVqb3JhZGEtZm90by1TYW50dWFyaW8tQmFzaWxpY2EtU2FncmFkYS1GYW1pbGlhLWRlLU5hemFyZXRoLnBuZyIsInNsaWRlc2hvdyI6Ijc5MjE1ZDEifQ%3D%3D\" href='https:\/\/ilomas.org.ar\/codililz\/wp-content\/uploads\/2024\/08\/Mejorada-foto-Santuario-Basilica-Sagrada-Familia-de-Nazareth.png'><img loading=\"lazy\" decoding=\"async\" width=\"300\" height=\"248\" src=\"https:\/\/ilomas.org.ar\/codililz\/wp-content\/uploads\/2024\/08\/Mejorada-foto-Santuario-Basilica-Sagrada-Familia-de-Nazareth-300x248.png\" class=\"attachment-medium size-medium\" alt=\"\" srcset=\"https:\/\/ilomas.org.ar\/codililz\/wp-content\/uploads\/2024\/08\/Mejorada-foto-Santuario-Basilica-Sagrada-Familia-de-Nazareth-300x248.png 300w, https:\/\/ilomas.org.ar\/codililz\/wp-content\/uploads\/2024\/08\/Mejorada-foto-Santuario-Basilica-Sagrada-Familia-de-Nazareth-600x497.png 600w, https:\/\/ilomas.org.ar\/codililz\/wp-content\/uploads\/2024\/08\/Mejorada-foto-Santuario-Basilica-Sagrada-Familia-de-Nazareth-768x636.png 768w, https:\/\/ilomas.org.ar\/codililz\/wp-content\/uploads\/2024\/08\/Mejorada-foto-Santuario-Basilica-Sagrada-Familia-de-Nazareth.png 1000w\" sizes=\"(max-width: 300px) 100vw, 300px\" \/><\/a>\n\t\t\t<\/div><\/figure><figure class='gallery-item'>\n\t\t\t<div class='gallery-icon landscape'>\n\t\t\t\t<a data-elementor-open-lightbox=\"yes\" data-elementor-lightbox-slideshow=\"79215d1\" data-elementor-lightbox-title=\"Mecanismo reloj Santuario Basilica Sagrada Familia de Nazareth\" data-e-action-hash=\"#elementor-action%3Aaction%3Dlightbox%26settings%3DeyJpZCI6MjgwOCwidXJsIjoiaHR0cHM6XC9cL2lsb21hcy5vcmcuYXJcL2NvZGlsaWx6XC93cC1jb250ZW50XC91cGxvYWRzXC8yMDI0XC8wOFwvTWVjYW5pc21vLXJlbG9qLVNhbnR1YXJpby1CYXNpbGljYS1TYWdyYWRhLUZhbWlsaWEtZGUtTmF6YXJldGgud2VicCIsInNsaWRlc2hvdyI6Ijc5MjE1ZDEifQ%3D%3D\" href='https:\/\/ilomas.org.ar\/codililz\/wp-content\/uploads\/2024\/08\/Mecanismo-reloj-Santuario-Basilica-Sagrada-Familia-de-Nazareth.webp'><img loading=\"lazy\" decoding=\"async\" width=\"300\" height=\"167\" src=\"https:\/\/ilomas.org.ar\/codililz\/wp-content\/uploads\/2024\/08\/Mecanismo-reloj-Santuario-Basilica-Sagrada-Familia-de-Nazareth-300x167.webp\" class=\"attachment-medium size-medium\" alt=\"\" srcset=\"https:\/\/ilomas.org.ar\/codililz\/wp-content\/uploads\/2024\/08\/Mecanismo-reloj-Santuario-Basilica-Sagrada-Familia-de-Nazareth-300x167.webp 300w, https:\/\/ilomas.org.ar\/codililz\/wp-content\/uploads\/2024\/08\/Mecanismo-reloj-Santuario-Basilica-Sagrada-Familia-de-Nazareth-600x335.webp 600w, https:\/\/ilomas.org.ar\/codililz\/wp-content\/uploads\/2024\/08\/Mecanismo-reloj-Santuario-Basilica-Sagrada-Familia-de-Nazareth-1024x571.webp 1024w, https:\/\/ilomas.org.ar\/codililz\/wp-content\/uploads\/2024\/08\/Mecanismo-reloj-Santuario-Basilica-Sagrada-Familia-de-Nazareth-768x428.webp 768w, https:\/\/ilomas.org.ar\/codililz\/wp-content\/uploads\/2024\/08\/Mecanismo-reloj-Santuario-Basilica-Sagrada-Familia-de-Nazareth-1536x857.webp 1536w, https:\/\/ilomas.org.ar\/codililz\/wp-content\/uploads\/2024\/08\/Mecanismo-reloj-Santuario-Basilica-Sagrada-Familia-de-Nazareth.webp 1597w\" sizes=\"(max-width: 300px) 100vw, 300px\" \/><\/a>\n\t\t\t<\/div><\/figure><figure class='gallery-item'>\n\t\t\t<div class='gallery-icon portrait'>\n\t\t\t\t<a data-elementor-open-lightbox=\"yes\" data-elementor-lightbox-slideshow=\"79215d1\" data-elementor-lightbox-title=\"Frente Santuario Basilica Sagrada Familia de Nazareth en el atardecer\" data-e-action-hash=\"#elementor-action%3Aaction%3Dlightbox%26settings%3DeyJpZCI6MjgwNywidXJsIjoiaHR0cHM6XC9cL2lsb21hcy5vcmcuYXJcL2NvZGlsaWx6XC93cC1jb250ZW50XC91cGxvYWRzXC8yMDI0XC8wOFwvRnJlbnRlLVNhbnR1YXJpby1CYXNpbGljYS1TYWdyYWRhLUZhbWlsaWEtZGUtTmF6YXJldGgtZW4tZWwtYXRhcmRlY2VyLnBuZyIsInNsaWRlc2hvdyI6Ijc5MjE1ZDEifQ%3D%3D\" href='https:\/\/ilomas.org.ar\/codililz\/wp-content\/uploads\/2024\/08\/Frente-Santuario-Basilica-Sagrada-Familia-de-Nazareth-en-el-atardecer.png'><img loading=\"lazy\" decoding=\"async\" width=\"260\" height=\"300\" src=\"https:\/\/ilomas.org.ar\/codililz\/wp-content\/uploads\/2024\/08\/Frente-Santuario-Basilica-Sagrada-Familia-de-Nazareth-en-el-atardecer-260x300.png\" class=\"attachment-medium size-medium\" alt=\"\" srcset=\"https:\/\/ilomas.org.ar\/codililz\/wp-content\/uploads\/2024\/08\/Frente-Santuario-Basilica-Sagrada-Familia-de-Nazareth-en-el-atardecer-260x300.png 260w, https:\/\/ilomas.org.ar\/codililz\/wp-content\/uploads\/2024\/08\/Frente-Santuario-Basilica-Sagrada-Familia-de-Nazareth-en-el-atardecer-600x692.png 600w, https:\/\/ilomas.org.ar\/codililz\/wp-content\/uploads\/2024\/08\/Frente-Santuario-Basilica-Sagrada-Familia-de-Nazareth-en-el-atardecer-768x886.png 768w, https:\/\/ilomas.org.ar\/codililz\/wp-content\/uploads\/2024\/08\/Frente-Santuario-Basilica-Sagrada-Familia-de-Nazareth-en-el-atardecer.png 776w\" sizes=\"(max-width: 260px) 100vw, 260px\" \/><\/a>\n\t\t\t<\/div><\/figure><figure class='gallery-item'>\n\t\t\t<div class='gallery-icon landscape'>\n\t\t\t\t<a data-elementor-open-lightbox=\"yes\" data-elementor-lightbox-slideshow=\"79215d1\" data-elementor-lightbox-title=\"Frente de noche Santuario Basilica Sagrada Familia de Nazareth\" data-e-action-hash=\"#elementor-action%3Aaction%3Dlightbox%26settings%3DeyJpZCI6MjgwNiwidXJsIjoiaHR0cHM6XC9cL2lsb21hcy5vcmcuYXJcL2NvZGlsaWx6XC93cC1jb250ZW50XC91cGxvYWRzXC8yMDI0XC8wOFwvRnJlbnRlLWRlLW5vY2hlLVNhbnR1YXJpby1CYXNpbGljYS1TYWdyYWRhLUZhbWlsaWEtZGUtTmF6YXJldGguanBnIiwic2xpZGVzaG93IjoiNzkyMTVkMSJ9\" href='https:\/\/ilomas.org.ar\/codililz\/wp-content\/uploads\/2024\/08\/Frente-de-noche-Santuario-Basilica-Sagrada-Familia-de-Nazareth.jpg'><img loading=\"lazy\" decoding=\"async\" width=\"300\" height=\"300\" src=\"https:\/\/ilomas.org.ar\/codililz\/wp-content\/uploads\/2024\/08\/Frente-de-noche-Santuario-Basilica-Sagrada-Familia-de-Nazareth-300x300.jpg\" class=\"attachment-medium size-medium\" alt=\"\" srcset=\"https:\/\/ilomas.org.ar\/codililz\/wp-content\/uploads\/2024\/08\/Frente-de-noche-Santuario-Basilica-Sagrada-Familia-de-Nazareth-300x300.jpg 300w, https:\/\/ilomas.org.ar\/codililz\/wp-content\/uploads\/2024\/08\/Frente-de-noche-Santuario-Basilica-Sagrada-Familia-de-Nazareth-100x100.jpg 100w, https:\/\/ilomas.org.ar\/codililz\/wp-content\/uploads\/2024\/08\/Frente-de-noche-Santuario-Basilica-Sagrada-Familia-de-Nazareth-600x600.jpg 600w, https:\/\/ilomas.org.ar\/codililz\/wp-content\/uploads\/2024\/08\/Frente-de-noche-Santuario-Basilica-Sagrada-Familia-de-Nazareth-150x150.jpg 150w, https:\/\/ilomas.org.ar\/codililz\/wp-content\/uploads\/2024\/08\/Frente-de-noche-Santuario-Basilica-Sagrada-Familia-de-Nazareth-768x768.jpg 768w, https:\/\/ilomas.org.ar\/codililz\/wp-content\/uploads\/2024\/08\/Frente-de-noche-Santuario-Basilica-Sagrada-Familia-de-Nazareth.jpg 900w\" sizes=\"(max-width: 300px) 100vw, 300px\" \/><\/a>\n\t\t\t<\/div><\/figure><figure class='gallery-item'>\n\t\t\t<div class='gallery-icon portrait'>\n\t\t\t\t<a data-elementor-open-lightbox=\"yes\" data-elementor-lightbox-slideshow=\"79215d1\" data-elementor-lightbox-title=\"Frente de di\u0301a Santuario Basilica Sagrada Familia de Nazareth\" data-e-action-hash=\"#elementor-action%3Aaction%3Dlightbox%26settings%3DeyJpZCI6MjgwNSwidXJsIjoiaHR0cHM6XC9cL2lsb21hcy5vcmcuYXJcL2NvZGlsaWx6XC93cC1jb250ZW50XC91cGxvYWRzXC8yMDI0XC8wOFwvRnJlbnRlLWRlLWRpYS1TYW50dWFyaW8tQmFzaWxpY2EtU2FncmFkYS1GYW1pbGlhLWRlLU5hemFyZXRoLmpwZyIsInNsaWRlc2hvdyI6Ijc5MjE1ZDEifQ%3D%3D\" href='https:\/\/ilomas.org.ar\/codililz\/wp-content\/uploads\/2024\/08\/Frente-de-dia-Santuario-Basilica-Sagrada-Familia-de-Nazareth.jpg'><img loading=\"lazy\" decoding=\"async\" width=\"225\" height=\"300\" src=\"https:\/\/ilomas.org.ar\/codililz\/wp-content\/uploads\/2024\/08\/Frente-de-dia-Santuario-Basilica-Sagrada-Familia-de-Nazareth-225x300.jpg\" class=\"attachment-medium size-medium\" alt=\"\" srcset=\"https:\/\/ilomas.org.ar\/codililz\/wp-content\/uploads\/2024\/08\/Frente-de-dia-Santuario-Basilica-Sagrada-Familia-de-Nazareth-225x300.jpg 225w, https:\/\/ilomas.org.ar\/codililz\/wp-content\/uploads\/2024\/08\/Frente-de-dia-Santuario-Basilica-Sagrada-Familia-de-Nazareth.jpg 550w\" sizes=\"(max-width: 225px) 100vw, 225px\" \/><\/a>\n\t\t\t<\/div><\/figure><figure class='gallery-item'>\n\t\t\t<div class='gallery-icon landscape'>\n\t\t\t\t<a data-elementor-open-lightbox=\"yes\" data-elementor-lightbox-slideshow=\"79215d1\" data-elementor-lightbox-title=\"El reloj Santuario Basilica Sagrada Familia de Nazareth\" data-e-action-hash=\"#elementor-action%3Aaction%3Dlightbox%26settings%3DeyJpZCI6MjgwNCwidXJsIjoiaHR0cHM6XC9cL2lsb21hcy5vcmcuYXJcL2NvZGlsaWx6XC93cC1jb250ZW50XC91cGxvYWRzXC8yMDI0XC8wOFwvRWwtcmVsb2otU2FudHVhcmlvLUJhc2lsaWNhLVNhZ3JhZGEtRmFtaWxpYS1kZS1OYXphcmV0aC5qcGciLCJzbGlkZXNob3ciOiI3OTIxNWQxIn0%3D\" href='https:\/\/ilomas.org.ar\/codililz\/wp-content\/uploads\/2024\/08\/El-reloj-Santuario-Basilica-Sagrada-Familia-de-Nazareth.jpg'><img loading=\"lazy\" decoding=\"async\" width=\"300\" height=\"158\" src=\"https:\/\/ilomas.org.ar\/codililz\/wp-content\/uploads\/2024\/08\/El-reloj-Santuario-Basilica-Sagrada-Familia-de-Nazareth-300x158.jpg\" class=\"attachment-medium size-medium\" alt=\"\" srcset=\"https:\/\/ilomas.org.ar\/codililz\/wp-content\/uploads\/2024\/08\/El-reloj-Santuario-Basilica-Sagrada-Familia-de-Nazareth-300x158.jpg 300w, https:\/\/ilomas.org.ar\/codililz\/wp-content\/uploads\/2024\/08\/El-reloj-Santuario-Basilica-Sagrada-Familia-de-Nazareth-600x315.jpg 600w, https:\/\/ilomas.org.ar\/codililz\/wp-content\/uploads\/2024\/08\/El-reloj-Santuario-Basilica-Sagrada-Familia-de-Nazareth-768x403.jpg 768w, https:\/\/ilomas.org.ar\/codililz\/wp-content\/uploads\/2024\/08\/El-reloj-Santuario-Basilica-Sagrada-Familia-de-Nazareth.jpg 1000w\" sizes=\"(max-width: 300px) 100vw, 300px\" \/><\/a>\n\t\t\t<\/div><\/figure><figure class='gallery-item'>\n\t\t\t<div class='gallery-icon portrait'>\n\t\t\t\t<a data-elementor-open-lightbox=\"yes\" data-elementor-lightbox-slideshow=\"79215d1\" data-elementor-lightbox-title=\"Cristo crucificado Santuario Basilica Sagrada Familia de Nazareth\" data-e-action-hash=\"#elementor-action%3Aaction%3Dlightbox%26settings%3DeyJpZCI6MjgwMywidXJsIjoiaHR0cHM6XC9cL2lsb21hcy5vcmcuYXJcL2NvZGlsaWx6XC93cC1jb250ZW50XC91cGxvYWRzXC8yMDI0XC8wOFwvQ3Jpc3RvLWNydWNpZmljYWRvLVNhbnR1YXJpby1CYXNpbGljYS1TYWdyYWRhLUZhbWlsaWEtZGUtTmF6YXJldGgucG5nIiwic2xpZGVzaG93IjoiNzkyMTVkMSJ9\" href='https:\/\/ilomas.org.ar\/codililz\/wp-content\/uploads\/2024\/08\/Cristo-crucificado-Santuario-Basilica-Sagrada-Familia-de-Nazareth.png'><img loading=\"lazy\" decoding=\"async\" width=\"249\" height=\"300\" src=\"https:\/\/ilomas.org.ar\/codililz\/wp-content\/uploads\/2024\/08\/Cristo-crucificado-Santuario-Basilica-Sagrada-Familia-de-Nazareth-249x300.png\" class=\"attachment-medium size-medium\" alt=\"\" srcset=\"https:\/\/ilomas.org.ar\/codililz\/wp-content\/uploads\/2024\/08\/Cristo-crucificado-Santuario-Basilica-Sagrada-Familia-de-Nazareth-249x300.png 249w, https:\/\/ilomas.org.ar\/codililz\/wp-content\/uploads\/2024\/08\/Cristo-crucificado-Santuario-Basilica-Sagrada-Familia-de-Nazareth-600x722.png 600w, https:\/\/ilomas.org.ar\/codililz\/wp-content\/uploads\/2024\/08\/Cristo-crucificado-Santuario-Basilica-Sagrada-Familia-de-Nazareth.png 744w\" sizes=\"(max-width: 249px) 100vw, 249px\" \/><\/a>\n\t\t\t<\/div><\/figure><figure class='gallery-item'>\n\t\t\t<div class='gallery-icon landscape'>\n\t\t\t\t<a data-elementor-open-lightbox=\"yes\" data-elementor-lightbox-slideshow=\"79215d1\" data-elementor-lightbox-title=\"Campana Santuario Basilica Sagrada Familia de Nazareth\" data-e-action-hash=\"#elementor-action%3Aaction%3Dlightbox%26settings%3DeyJpZCI6MjgwMSwidXJsIjoiaHR0cHM6XC9cL2lsb21hcy5vcmcuYXJcL2NvZGlsaWx6XC93cC1jb250ZW50XC91cGxvYWRzXC8yMDI0XC8wOFwvQ2FtcGFuYS1TYW50dWFyaW8tQmFzaWxpY2EtU2FncmFkYS1GYW1pbGlhLWRlLU5hemFyZXRoLndlYnAiLCJzbGlkZXNob3ciOiI3OTIxNWQxIn0%3D\" href='https:\/\/ilomas.org.ar\/codililz\/wp-content\/uploads\/2024\/08\/Campana-Santuario-Basilica-Sagrada-Familia-de-Nazareth.webp'><img loading=\"lazy\" decoding=\"async\" width=\"300\" height=\"300\" src=\"https:\/\/ilomas.org.ar\/codililz\/wp-content\/uploads\/2024\/08\/Campana-Santuario-Basilica-Sagrada-Familia-de-Nazareth-300x300.webp\" class=\"attachment-medium size-medium\" alt=\"\" srcset=\"https:\/\/ilomas.org.ar\/codililz\/wp-content\/uploads\/2024\/08\/Campana-Santuario-Basilica-Sagrada-Familia-de-Nazareth-300x300.webp 300w, https:\/\/ilomas.org.ar\/codililz\/wp-content\/uploads\/2024\/08\/Campana-Santuario-Basilica-Sagrada-Familia-de-Nazareth-100x100.webp 100w, https:\/\/ilomas.org.ar\/codililz\/wp-content\/uploads\/2024\/08\/Campana-Santuario-Basilica-Sagrada-Familia-de-Nazareth-600x600.webp 600w, https:\/\/ilomas.org.ar\/codililz\/wp-content\/uploads\/2024\/08\/Campana-Santuario-Basilica-Sagrada-Familia-de-Nazareth-150x150.webp 150w, https:\/\/ilomas.org.ar\/codililz\/wp-content\/uploads\/2024\/08\/Campana-Santuario-Basilica-Sagrada-Familia-de-Nazareth-768x768.webp 768w, https:\/\/ilomas.org.ar\/codililz\/wp-content\/uploads\/2024\/08\/Campana-Santuario-Basilica-Sagrada-Familia-de-Nazareth.webp 1000w\" sizes=\"(max-width: 300px) 100vw, 300px\" \/><\/a>\n\t\t\t<\/div><\/figure><figure class='gallery-item'>\n\t\t\t<div class='gallery-icon landscape'>\n\t\t\t\t<a data-elementor-open-lightbox=\"yes\" data-elementor-lightbox-slideshow=\"79215d1\" data-elementor-lightbox-title=\"Altar Santuario Basilica Sagrada Familia de Nazareth\" data-e-action-hash=\"#elementor-action%3Aaction%3Dlightbox%26settings%3DeyJpZCI6MjgwMCwidXJsIjoiaHR0cHM6XC9cL2lsb21hcy5vcmcuYXJcL2NvZGlsaWx6XC93cC1jb250ZW50XC91cGxvYWRzXC8yMDI0XC8wOFwvQWx0YXItU2FudHVhcmlvLUJhc2lsaWNhLVNhZ3JhZGEtRmFtaWxpYS1kZS1OYXphcmV0aC5wbmciLCJzbGlkZXNob3ciOiI3OTIxNWQxIn0%3D\" href='https:\/\/ilomas.org.ar\/codililz\/wp-content\/uploads\/2024\/08\/Altar-Santuario-Basilica-Sagrada-Familia-de-Nazareth.png'><img loading=\"lazy\" decoding=\"async\" width=\"300\" height=\"205\" src=\"https:\/\/ilomas.org.ar\/codililz\/wp-content\/uploads\/2024\/08\/Altar-Santuario-Basilica-Sagrada-Familia-de-Nazareth-300x205.png\" class=\"attachment-medium size-medium\" alt=\"\" srcset=\"https:\/\/ilomas.org.ar\/codililz\/wp-content\/uploads\/2024\/08\/Altar-Santuario-Basilica-Sagrada-Familia-de-Nazareth-300x205.png 300w, https:\/\/ilomas.org.ar\/codililz\/wp-content\/uploads\/2024\/08\/Altar-Santuario-Basilica-Sagrada-Familia-de-Nazareth-600x409.png 600w, https:\/\/ilomas.org.ar\/codililz\/wp-content\/uploads\/2024\/08\/Altar-Santuario-Basilica-Sagrada-Familia-de-Nazareth-1024x699.png 1024w, https:\/\/ilomas.org.ar\/codililz\/wp-content\/uploads\/2024\/08\/Altar-Santuario-Basilica-Sagrada-Familia-de-Nazareth-768x524.png 768w, https:\/\/ilomas.org.ar\/codililz\/wp-content\/uploads\/2024\/08\/Altar-Santuario-Basilica-Sagrada-Familia-de-Nazareth.png 1190w\" sizes=\"(max-width: 300px) 100vw, 300px\" \/><\/a>\n\t\t\t<\/div><\/figure>\n\t\t<\/div>\n\t\t<\/div>\n\t\t\t\t\t\t<\/div>\n\t\t\t\t<\/div>\n\t\t\t\t<\/div>\n\t\t\t\t<\/div>\n\t\t\t\t\t<\/div>\n\t\t\t\t<\/div>\n\t\t<div class=\"elementor-element elementor-element-66095266 e-flex e-con-boxed e-con e-parent\" data-id=\"66095266\" data-element_type=\"container\" data-e-type=\"container\" data-settings=\"{&quot;background_background&quot;:&quot;classic&quot;}\">\n\t\t\t\t\t<div class=\"e-con-inner\">\n\t\t<div class=\"elementor-element elementor-element-48dab392 e-con-full e-flex e-con e-child\" data-id=\"48dab392\" data-element_type=\"container\" data-e-type=\"container\" data-settings=\"{&quot;background_background&quot;:&quot;classic&quot;}\">\n\t\t<div class=\"elementor-element elementor-element-54a964ba e-con-full e-flex e-con e-child\" data-id=\"54a964ba\" data-element_type=\"container\" data-e-type=\"container\">\n\t\t\t\t<div class=\"elementor-element elementor-element-1996621a elementor-invisible elementor-widget elementor-widget-heading\" data-id=\"1996621a\" data-element_type=\"widget\" data-e-type=\"widget\" data-settings=\"{&quot;_animation&quot;:&quot;fadeIn&quot;,&quot;_animation_delay&quot;:&quot;200&quot;}\" data-widget_type=\"heading.default\">\n\t\t\t\t<div class=\"elementor-widget-container\">\n\t\t\t\t\t<h2 class=\"elementor-heading-title elementor-size-default\"><a href=\"https:\/\/ilomas.org.ar\/\/solicita-un-taller-de-formacion-en-tu-comunidad\/\">Solicita un Taller de Formaci\u00f3n en tu Comunidad<\/a><\/h2>\t\t\t\t<\/div>\n\t\t\t\t<\/div>\n\t\t\t\t<div class=\"elementor-element elementor-element-55b48429 elementor-tablet-align-center elementor-invisible elementor-widget elementor-widget-button\" data-id=\"55b48429\" data-element_type=\"widget\" data-e-type=\"widget\" data-settings=\"{&quot;_animation&quot;:&quot;fadeInUp&quot;,&quot;_animation_delay&quot;:&quot;400&quot;}\" data-widget_type=\"button.default\">\n\t\t\t\t<div class=\"elementor-widget-container\">\n\t\t\t\t\t\t\t\t\t<div class=\"elementor-button-wrapper\">\n\t\t\t\t\t<a class=\"elementor-button elementor-button-link elementor-size-sm elementor-animation-shrink\" href=\"https:\/\/ilomas.org.ar\/\/solicita-un-taller-de-formacion-en-tu-comunidad\/\">\n\t\t\t\t\t\t<span class=\"elementor-button-content-wrapper\">\n\t\t\t\t\t\t\t\t\t<span class=\"elementor-button-text\">Contactanos<\/span>\n\t\t\t\t\t<\/span>\n\t\t\t\t\t<\/a>\n\t\t\t\t<\/div>\n\t\t\t\t\t\t\t\t<\/div>\n\t\t\t\t<\/div>\n\t\t\t\t<\/div>\n\t\t\t\t<\/div>\n\t\t\t\t\t<\/div>\n\t\t\t\t<\/div>\n\t\t\t\t<\/div>\n\t\t","protected":false},"excerpt":{"rendered":"<p>Santuario Basilica Sagrada Familia de Nazareth Construcci\u00f3n 1893 &#8211; 1894 Santuario Basilica Sagrada Familia de Nazareth Historia y Construcci\u00f3n La Parroquia Santuario Bas\u00edlica Sagrada Familia de Nazareth, ubicada en Banfield, Provincia de Buenos Aires, es un templo cat\u00f3lico de gran relevancia hist\u00f3rica y cultural. Su construcci\u00f3n se inici\u00f3 en 1894 gracias a la iniciativa del [&hellip;]<\/p>\n","protected":false},"author":2,"featured_media":0,"parent":0,"menu_order":0,"comment_status":"closed","ping_status":"closed","template":"elementor_header_footer","meta":{"footnotes":""},"class_list":["post-2795","page","type-page","status-publish","hentry"],"_links":{"self":[{"href":"https:\/\/ilomas.org.ar\/codililz\/wp-json\/wp\/v2\/pages\/2795","targetHints":{"allow":["GET"]}}],"collection":[{"href":"https:\/\/ilomas.org.ar\/codililz\/wp-json\/wp\/v2\/pages"}],"about":[{"href":"https:\/\/ilomas.org.ar\/codililz\/wp-json\/wp\/v2\/types\/page"}],"author":[{"embeddable":true,"href":"https:\/\/ilomas.org.ar\/codililz\/wp-json\/wp\/v2\/users\/2"}],"replies":[{"embeddable":true,"href":"https:\/\/ilomas.org.ar\/codililz\/wp-json\/wp\/v2\/comments?post=2795"}],"version-history":[{"count":31,"href":"https:\/\/ilomas.org.ar\/codililz\/wp-json\/wp\/v2\/pages\/2795\/revisions"}],"predecessor-version":[{"id":2853,"href":"https:\/\/ilomas.org.ar\/codililz\/wp-json\/wp\/v2\/pages\/2795\/revisions\/2853"}],"wp:attachment":[{"href":"https:\/\/ilomas.org.ar\/codililz\/wp-json\/wp\/v2\/media?parent=2795"}],"curies":[{"name":"wp","href":"https:\/\/api.w.org\/{rel}","templated":true}]}}