{"id":3029,"date":"2024-08-07T16:49:25","date_gmt":"2024-08-07T13:49:25","guid":{"rendered":"https:\/\/ilomas.org.ar\/codililz\/?page_id=3029"},"modified":"2024-08-07T20:39:50","modified_gmt":"2024-08-07T17:39:50","slug":"parroquia-santa-ana-de-glew","status":"publish","type":"page","link":"https:\/\/ilomas.org.ar\/codililz\/parroquia-santa-ana-de-glew\/","title":{"rendered":"Parroquia Santa Ana de Glew"},"content":{"rendered":"\t\t<div data-elementor-type=\"wp-page\" data-elementor-id=\"3029\" class=\"elementor elementor-3029\">\n\t\t\t\t<div class=\"elementor-element elementor-element-5c1f69c2 e-flex e-con-boxed e-con e-parent\" data-id=\"5c1f69c2\" data-element_type=\"container\" data-e-type=\"container\" data-settings=\"{&quot;background_background&quot;:&quot;classic&quot;}\">\n\t\t\t\t\t<div class=\"e-con-inner\">\n\t\t<div class=\"elementor-element elementor-element-46c99ca6 e-con-full e-flex e-con e-child\" data-id=\"46c99ca6\" data-element_type=\"container\" data-e-type=\"container\">\n\t\t\t\t<div class=\"elementor-element elementor-element-533983b1 elementor-widget__width-initial elementor-invisible elementor-widget elementor-widget-heading\" data-id=\"533983b1\" data-element_type=\"widget\" data-e-type=\"widget\" data-settings=\"{&quot;_animation&quot;:&quot;fadeIn&quot;,&quot;_animation_delay&quot;:&quot;200&quot;}\" data-widget_type=\"heading.default\">\n\t\t\t\t<div class=\"elementor-widget-container\">\n\t\t\t\t\t<h1 class=\"elementor-heading-title elementor-size-default\">Parroquia Santa Ana de Glew<\/h1>\t\t\t\t<\/div>\n\t\t\t\t<\/div>\n\t\t\t\t<\/div>\n\t\t<div class=\"elementor-element elementor-element-5693a123 e-con-full e-flex e-con e-child\" data-id=\"5693a123\" data-element_type=\"container\" data-e-type=\"container\">\n\t\t\t\t<div class=\"elementor-element elementor-element-28d0663f elementor-widget__width-initial elementor-absolute elementor-hidden-mobile elementor-widget elementor-widget-heading\" data-id=\"28d0663f\" data-element_type=\"widget\" data-e-type=\"widget\" data-settings=\"{&quot;_position&quot;:&quot;absolute&quot;}\" data-widget_type=\"heading.default\">\n\t\t\t\t<div class=\"elementor-widget-container\">\n\t\t\t\t\t<h2 class=\"elementor-heading-title elementor-size-default\">Construcci\u00f3n  1904<\/h2>\t\t\t\t<\/div>\n\t\t\t\t<\/div>\n\t\t\t\t<\/div>\n\t\t\t\t\t<\/div>\n\t\t\t\t<\/div>\n\t\t<div class=\"elementor-element elementor-element-31b171e6 e-flex e-con-boxed e-con e-parent\" data-id=\"31b171e6\" data-element_type=\"container\" data-e-type=\"container\" data-settings=\"{&quot;background_background&quot;:&quot;classic&quot;}\">\n\t\t\t\t\t<div class=\"e-con-inner\">\n\t\t<div class=\"elementor-element elementor-element-3f62e2ab e-con-full e-flex elementor-invisible e-con e-child\" data-id=\"3f62e2ab\" data-element_type=\"container\" data-e-type=\"container\" data-settings=\"{&quot;animation&quot;:&quot;fadeInUp&quot;,&quot;animation_delay&quot;:&quot;200&quot;}\">\n\t\t\t\t<div class=\"elementor-element elementor-element-22082cb elementor-widget elementor-widget-image\" data-id=\"22082cb\" data-element_type=\"widget\" data-e-type=\"widget\" data-widget_type=\"image.default\">\n\t\t\t\t<div class=\"elementor-widget-container\">\n\t\t\t\t\t\t\t\t\t\t\t\t\t\t\t<img fetchpriority=\"high\" decoding=\"async\" width=\"1320\" height=\"894\" src=\"https:\/\/ilomas.org.ar\/codililz\/wp-content\/uploads\/2024\/08\/36-Parroquia-Santa-Ana-de-Glew.png\" class=\"attachment-2048x2048 size-2048x2048 wp-image-3080\" alt=\"\" srcset=\"https:\/\/ilomas.org.ar\/codililz\/wp-content\/uploads\/2024\/08\/36-Parroquia-Santa-Ana-de-Glew.png 1320w, https:\/\/ilomas.org.ar\/codililz\/wp-content\/uploads\/2024\/08\/36-Parroquia-Santa-Ana-de-Glew-600x406.png 600w, https:\/\/ilomas.org.ar\/codililz\/wp-content\/uploads\/2024\/08\/36-Parroquia-Santa-Ana-de-Glew-300x203.png 300w, https:\/\/ilomas.org.ar\/codililz\/wp-content\/uploads\/2024\/08\/36-Parroquia-Santa-Ana-de-Glew-1024x694.png 1024w, https:\/\/ilomas.org.ar\/codililz\/wp-content\/uploads\/2024\/08\/36-Parroquia-Santa-Ana-de-Glew-768x520.png 768w\" sizes=\"(max-width: 1320px) 100vw, 1320px\" \/>\t\t\t\t\t\t\t\t\t\t\t\t\t\t\t<\/div>\n\t\t\t\t<\/div>\n\t\t\t\t<div class=\"elementor-element elementor-element-590da55d elementor-widget elementor-widget-heading\" data-id=\"590da55d\" data-element_type=\"widget\" data-e-type=\"widget\" data-widget_type=\"heading.default\">\n\t\t\t\t<div class=\"elementor-widget-container\">\n\t\t\t\t\t<h2 class=\"elementor-heading-title elementor-size-default\">Parroquia Santa Ana de Glew<\/h2>\t\t\t\t<\/div>\n\t\t\t\t<\/div>\n\t\t\t\t<div class=\"elementor-element elementor-element-bc3f100 elementor-widget elementor-widget-heading\" data-id=\"bc3f100\" data-element_type=\"widget\" data-e-type=\"widget\" data-widget_type=\"heading.default\">\n\t\t\t\t<div class=\"elementor-widget-container\">\n\t\t\t\t\t<h3 class=\"elementor-heading-title elementor-size-default\">Historia y Construcci\u00f3n<\/h3>\t\t\t\t<\/div>\n\t\t\t\t<\/div>\n\t\t\t\t<div class=\"elementor-element elementor-element-2f994c54 elementor-widget elementor-widget-heading\" data-id=\"2f994c54\" data-element_type=\"widget\" data-e-type=\"widget\" data-widget_type=\"heading.default\">\n\t\t\t\t<div class=\"elementor-widget-container\">\n\t\t\t\t\t<p class=\"elementor-heading-title elementor-size-default\">La Parroquia Santa Ana, ubicada en la localidad de Glew, Provincia de Buenos Aires, es uno de los templos m\u00e1s emblem\u00e1ticos de la regi\u00f3n. La construcci\u00f3n del templo comenz\u00f3 en 1904, impulsada por Vicenta del Castillo de Calvo, quien don\u00f3 el terreno y promovi\u00f3 la edificaci\u00f3n con el constructor Pablo Regazzoni. Desafortunadamente, Vicenta falleci\u00f3 en el mismo a\u00f1o en que se coloc\u00f3 la piedra fundacional, pero su prima continu\u00f3 con el proyecto, logrando la inauguraci\u00f3n del templo en 1905. La iglesia combina una estructura exterior de ladrillos a la vista con un techo a dos aguas y un interior abovedado, destac\u00e1ndose por su estilo arquitect\u00f3nico neocl\u00e1sico. <\/p>\t\t\t\t<\/div>\n\t\t\t\t<\/div>\n\t\t\t\t<\/div>\n\t\t<div class=\"elementor-element elementor-element-d94de3c e-con-full e-flex elementor-invisible e-con e-child\" data-id=\"d94de3c\" data-element_type=\"container\" data-e-type=\"container\" data-settings=\"{&quot;animation&quot;:&quot;fadeInUp&quot;,&quot;animation_delay&quot;:&quot;200&quot;}\">\n\t\t\t\t<div class=\"elementor-element elementor-element-f78816f elementor-widget elementor-widget-image\" data-id=\"f78816f\" data-element_type=\"widget\" data-e-type=\"widget\" data-widget_type=\"image.default\">\n\t\t\t\t<div class=\"elementor-widget-container\">\n\t\t\t\t\t\t\t\t\t\t\t\t\t\t\t<img decoding=\"async\" width=\"1100\" height=\"1467\" src=\"https:\/\/ilomas.org.ar\/codililz\/wp-content\/uploads\/2024\/08\/42-Parroquia-Santa-Ana-de-Glew.jpg\" class=\"attachment-2048x2048 size-2048x2048 wp-image-3086\" alt=\"\" srcset=\"https:\/\/ilomas.org.ar\/codililz\/wp-content\/uploads\/2024\/08\/42-Parroquia-Santa-Ana-de-Glew.jpg 1100w, https:\/\/ilomas.org.ar\/codililz\/wp-content\/uploads\/2024\/08\/42-Parroquia-Santa-Ana-de-Glew-600x800.jpg 600w, https:\/\/ilomas.org.ar\/codililz\/wp-content\/uploads\/2024\/08\/42-Parroquia-Santa-Ana-de-Glew-225x300.jpg 225w, https:\/\/ilomas.org.ar\/codililz\/wp-content\/uploads\/2024\/08\/42-Parroquia-Santa-Ana-de-Glew-768x1024.jpg 768w\" sizes=\"(max-width: 1100px) 100vw, 1100px\" \/>\t\t\t\t\t\t\t\t\t\t\t\t\t\t\t<\/div>\n\t\t\t\t<\/div>\n\t\t\t\t<\/div>\n\t\t\t\t\t<\/div>\n\t\t\t\t<\/div>\n\t\t<div class=\"elementor-element elementor-element-50262e0 e-flex e-con-boxed e-con e-parent\" data-id=\"50262e0\" data-element_type=\"container\" data-e-type=\"container\" data-settings=\"{&quot;background_background&quot;:&quot;classic&quot;}\">\n\t\t\t\t\t<div class=\"e-con-inner\">\n\t\t<div class=\"elementor-element elementor-element-fbbda19 e-con-full e-flex e-con e-child\" data-id=\"fbbda19\" data-element_type=\"container\" data-e-type=\"container\">\n\t\t<div class=\"elementor-element elementor-element-a0c3da1 e-con-full e-flex e-con e-child\" data-id=\"a0c3da1\" data-element_type=\"container\" data-e-type=\"container\">\n\t\t\t\t<div class=\"elementor-element elementor-element-3a2c20c elementor-widget elementor-widget-image\" data-id=\"3a2c20c\" data-element_type=\"widget\" data-e-type=\"widget\" data-widget_type=\"image.default\">\n\t\t\t\t<div class=\"elementor-widget-container\">\n\t\t\t\t\t\t\t\t\t\t\t\t\t\t\t<img decoding=\"async\" width=\"744\" height=\"849\" src=\"https:\/\/ilomas.org.ar\/codililz\/wp-content\/uploads\/2024\/08\/29-Parroquia-Santa-Ana-de-Glew.png\" class=\"attachment-large size-large wp-image-3073\" alt=\"\" srcset=\"https:\/\/ilomas.org.ar\/codililz\/wp-content\/uploads\/2024\/08\/29-Parroquia-Santa-Ana-de-Glew.png 744w, https:\/\/ilomas.org.ar\/codililz\/wp-content\/uploads\/2024\/08\/29-Parroquia-Santa-Ana-de-Glew-600x685.png 600w, https:\/\/ilomas.org.ar\/codililz\/wp-content\/uploads\/2024\/08\/29-Parroquia-Santa-Ana-de-Glew-263x300.png 263w\" sizes=\"(max-width: 744px) 100vw, 744px\" \/>\t\t\t\t\t\t\t\t\t\t\t\t\t\t\t<\/div>\n\t\t\t\t<\/div>\n\t\t\t\t<\/div>\n\t\t<div class=\"elementor-element elementor-element-b8c7ee4 e-con-full e-flex e-con e-child\" data-id=\"b8c7ee4\" data-element_type=\"container\" data-e-type=\"container\">\n\t\t<div class=\"elementor-element elementor-element-b14bea6 e-con-full e-flex elementor-invisible e-con e-child\" data-id=\"b14bea6\" data-element_type=\"container\" data-e-type=\"container\" data-settings=\"{&quot;animation&quot;:&quot;fadeIn&quot;,&quot;animation_delay&quot;:&quot;400&quot;}\">\n\t\t\t\t<div class=\"elementor-element elementor-element-caaeb38 elementor-widget elementor-widget-heading\" data-id=\"caaeb38\" data-element_type=\"widget\" data-e-type=\"widget\" data-widget_type=\"heading.default\">\n\t\t\t\t<div class=\"elementor-widget-container\">\n\t\t\t\t\t<h2 class=\"elementor-heading-title elementor-size-default\">Datos Arquitect\u00f3nicos y Art\u00edsticos<\/h2>\t\t\t\t<\/div>\n\t\t\t\t<\/div>\n\t\t\t\t<\/div>\n\t\t<div class=\"elementor-element elementor-element-0a2face e-con-full e-flex elementor-invisible e-con e-child\" data-id=\"0a2face\" data-element_type=\"container\" data-e-type=\"container\" data-settings=\"{&quot;animation&quot;:&quot;fadeIn&quot;,&quot;animation_delay&quot;:&quot;600&quot;}\">\n\t\t\t\t<div class=\"elementor-element elementor-element-c8463ff elementor-widget elementor-widget-text-editor\" data-id=\"c8463ff\" data-element_type=\"widget\" data-e-type=\"widget\" data-widget_type=\"text-editor.default\">\n\t\t\t\t<div class=\"elementor-widget-container\">\n\t\t\t\t\t\t\t\t\t<p><strong>Fachada:<\/strong> La fachada de la iglesia es sencilla pero imponente, con ladrillos a la vista y un roset\u00f3n de cristales policromados que ilumina el interior del templo. La estructura se completa con una espada\u00f1a que sostiene el campanario, una caracter\u00edstica distintiva de su dise\u00f1o arquitect\u00f3nico.<\/p><p><strong>Interior:<\/strong> El interior del templo es igualmente notable, con un techo abovedado que crea una sensaci\u00f3n de amplitud y solemnidad. Seis claraboyas laterales y el roset\u00f3n proporcionan una iluminaci\u00f3n natural que resalta los frescos de Ra\u00fal Soldi. Los arcos que enmarcan los frescos a\u00f1aden elegancia y estructura al espacio.<\/p><p><strong>Campanario:<\/strong> La espada\u00f1a con el campanario es un elemento clave de la iglesia. Las campanas han llamado a los fieles a la oraci\u00f3n durante m\u00e1s de un siglo, convirti\u00e9ndose en un s\u00edmbolo auditivo de la presencia de la iglesia en la comunidad.<\/p><h3>Patrimonio Destacado<\/h3><p>Una de las piezas m\u00e1s destacadas es el <strong>relicario de Santa Ana<\/strong>, que contiene reliquias asociadas a la santa. Este relicario es utilizado en ocasiones especiales y procesiones, y es un objeto de gran devoci\u00f3n para los fieles. La presencia de este relicario subraya la importancia de Santa Ana en la vida espiritual de la comunidad de Glew.<\/p><h4>\u00a0<\/h4>\t\t\t\t\t\t\t\t<\/div>\n\t\t\t\t<\/div>\n\t\t\t\t<\/div>\n\t\t\t\t<\/div>\n\t\t\t\t<\/div>\n\t\t\t\t\t<\/div>\n\t\t\t\t<\/div>\n\t\t<div class=\"elementor-element elementor-element-76861ed e-flex e-con-boxed e-con e-parent\" data-id=\"76861ed\" data-element_type=\"container\" data-e-type=\"container\" data-settings=\"{&quot;background_background&quot;:&quot;classic&quot;}\">\n\t\t\t\t\t<div class=\"e-con-inner\">\n\t\t<div class=\"elementor-element elementor-element-fb68d9c e-con-full e-flex elementor-invisible e-con e-child\" data-id=\"fb68d9c\" data-element_type=\"container\" data-e-type=\"container\" data-settings=\"{&quot;animation&quot;:&quot;fadeInUp&quot;,&quot;animation_delay&quot;:&quot;200&quot;}\">\n\t\t\t\t<div class=\"elementor-element elementor-element-8d33ae0 elementor-widget elementor-widget-heading\" data-id=\"8d33ae0\" data-element_type=\"widget\" data-e-type=\"widget\" data-widget_type=\"heading.default\">\n\t\t\t\t<div class=\"elementor-widget-container\">\n\t\t\t\t\t<h2 class=\"elementor-heading-title elementor-size-default\">Eventos y Celebraciones<\/h2>\t\t\t\t<\/div>\n\t\t\t\t<\/div>\n\t\t\t\t<div class=\"elementor-element elementor-element-f047c88 elementor-widget elementor-widget-heading\" data-id=\"f047c88\" data-element_type=\"widget\" data-e-type=\"widget\" data-widget_type=\"heading.default\">\n\t\t\t\t<div class=\"elementor-widget-container\">\n\t\t\t\t\t<p class=\"elementor-heading-title elementor-size-default\">La Parroquia Santa Ana es un centro activo de vida comunitaria y religiosa en Glew. Se celebran misas regulares, eventos lit\u00fargicos importantes como Semana Santa y Navidad, y diversas actividades comunitarias y culturales. Adem\u00e1s, la iglesia organiza actividades de catequesis y retiros espirituales, siendo un lugar de encuentro y cohesi\u00f3n social para la comunidad local.<\/p>\t\t\t\t<\/div>\n\t\t\t\t<\/div>\n\t\t\t\t<\/div>\n\t\t\t\t\t<\/div>\n\t\t\t\t<\/div>\n\t\t<div class=\"elementor-element elementor-element-03be86d e-flex e-con-boxed e-con e-parent\" data-id=\"03be86d\" data-element_type=\"container\" data-e-type=\"container\" data-settings=\"{&quot;background_background&quot;:&quot;classic&quot;}\">\n\t\t\t\t\t<div class=\"e-con-inner\">\n\t\t<div class=\"elementor-element elementor-element-035c164 e-con-full e-flex e-con e-child\" data-id=\"035c164\" data-element_type=\"container\" data-e-type=\"container\">\n\t\t<div class=\"elementor-element elementor-element-d7ba55a e-con-full e-flex e-con e-child\" data-id=\"d7ba55a\" data-element_type=\"container\" data-e-type=\"container\">\n\t\t\t\t<div class=\"elementor-element elementor-element-5dcb131 elementor-widget elementor-widget-image\" data-id=\"5dcb131\" data-element_type=\"widget\" data-e-type=\"widget\" data-widget_type=\"image.default\">\n\t\t\t\t<div class=\"elementor-widget-container\">\n\t\t\t\t\t\t\t\t\t\t\t\t\t\t\t<img loading=\"lazy\" decoding=\"async\" width=\"800\" height=\"407\" src=\"https:\/\/ilomas.org.ar\/codililz\/wp-content\/uploads\/2024\/08\/1-Parroquia-Santa-Ana-de-Glew-1024x521.png\" class=\"attachment-large size-large wp-image-3045\" alt=\"\" srcset=\"https:\/\/ilomas.org.ar\/codililz\/wp-content\/uploads\/2024\/08\/1-Parroquia-Santa-Ana-de-Glew-1024x521.png 1024w, https:\/\/ilomas.org.ar\/codililz\/wp-content\/uploads\/2024\/08\/1-Parroquia-Santa-Ana-de-Glew-600x305.png 600w, https:\/\/ilomas.org.ar\/codililz\/wp-content\/uploads\/2024\/08\/1-Parroquia-Santa-Ana-de-Glew-300x153.png 300w, https:\/\/ilomas.org.ar\/codililz\/wp-content\/uploads\/2024\/08\/1-Parroquia-Santa-Ana-de-Glew-768x391.png 768w, https:\/\/ilomas.org.ar\/codililz\/wp-content\/uploads\/2024\/08\/1-Parroquia-Santa-Ana-de-Glew-1536x782.png 1536w, https:\/\/ilomas.org.ar\/codililz\/wp-content\/uploads\/2024\/08\/1-Parroquia-Santa-Ana-de-Glew.png 1762w\" sizes=\"(max-width: 800px) 100vw, 800px\" \/>\t\t\t\t\t\t\t\t\t\t\t\t\t\t\t<\/div>\n\t\t\t\t<\/div>\n\t\t\t\t<div class=\"elementor-element elementor-element-1a3729c elementor-widget elementor-widget-image\" data-id=\"1a3729c\" data-element_type=\"widget\" data-e-type=\"widget\" data-widget_type=\"image.default\">\n\t\t\t\t<div class=\"elementor-widget-container\">\n\t\t\t\t\t\t\t\t\t\t\t\t\t\t\t<img loading=\"lazy\" decoding=\"async\" width=\"800\" height=\"838\" src=\"https:\/\/ilomas.org.ar\/codililz\/wp-content\/uploads\/2024\/08\/17-Parroquia-Santa-Ana-de-Glew.png\" class=\"attachment-large size-large wp-image-3061\" alt=\"\" srcset=\"https:\/\/ilomas.org.ar\/codililz\/wp-content\/uploads\/2024\/08\/17-Parroquia-Santa-Ana-de-Glew.png 849w, https:\/\/ilomas.org.ar\/codililz\/wp-content\/uploads\/2024\/08\/17-Parroquia-Santa-Ana-de-Glew-600x628.png 600w, https:\/\/ilomas.org.ar\/codililz\/wp-content\/uploads\/2024\/08\/17-Parroquia-Santa-Ana-de-Glew-287x300.png 287w, https:\/\/ilomas.org.ar\/codililz\/wp-content\/uploads\/2024\/08\/17-Parroquia-Santa-Ana-de-Glew-768x804.png 768w\" sizes=\"(max-width: 800px) 100vw, 800px\" \/>\t\t\t\t\t\t\t\t\t\t\t\t\t\t\t<\/div>\n\t\t\t\t<\/div>\n\t\t\t\t<div class=\"elementor-element elementor-element-0269e9f elementor-widget elementor-widget-image\" data-id=\"0269e9f\" data-element_type=\"widget\" data-e-type=\"widget\" data-widget_type=\"image.default\">\n\t\t\t\t<div class=\"elementor-widget-container\">\n\t\t\t\t\t\t\t\t\t\t\t\t\t\t\t<img loading=\"lazy\" decoding=\"async\" width=\"800\" height=\"480\" src=\"https:\/\/ilomas.org.ar\/codililz\/wp-content\/uploads\/2024\/08\/39-Parroquia-Santa-Ana-de-Glew.jpg\" class=\"attachment-large size-large wp-image-3083\" alt=\"\" srcset=\"https:\/\/ilomas.org.ar\/codililz\/wp-content\/uploads\/2024\/08\/39-Parroquia-Santa-Ana-de-Glew.jpg 960w, https:\/\/ilomas.org.ar\/codililz\/wp-content\/uploads\/2024\/08\/39-Parroquia-Santa-Ana-de-Glew-600x360.jpg 600w, https:\/\/ilomas.org.ar\/codililz\/wp-content\/uploads\/2024\/08\/39-Parroquia-Santa-Ana-de-Glew-300x180.jpg 300w, https:\/\/ilomas.org.ar\/codililz\/wp-content\/uploads\/2024\/08\/39-Parroquia-Santa-Ana-de-Glew-768x461.jpg 768w\" sizes=\"(max-width: 800px) 100vw, 800px\" \/>\t\t\t\t\t\t\t\t\t\t\t\t\t\t\t<\/div>\n\t\t\t\t<\/div>\n\t\t\t\t<\/div>\n\t\t<div class=\"elementor-element elementor-element-ebc4fac e-con-full e-flex e-con e-child\" data-id=\"ebc4fac\" data-element_type=\"container\" data-e-type=\"container\">\n\t\t<div class=\"elementor-element elementor-element-18de555 e-con-full e-flex elementor-invisible e-con e-child\" data-id=\"18de555\" data-element_type=\"container\" data-e-type=\"container\" data-settings=\"{&quot;animation&quot;:&quot;fadeIn&quot;,&quot;animation_delay&quot;:&quot;400&quot;}\">\n\t\t\t\t<div class=\"elementor-element elementor-element-6e7a473 elementor-widget elementor-widget-heading\" data-id=\"6e7a473\" data-element_type=\"widget\" data-e-type=\"widget\" data-widget_type=\"heading.default\">\n\t\t\t\t<div class=\"elementor-widget-container\">\n\t\t\t\t\t<h2 class=\"elementor-heading-title elementor-size-default\">Los Frescos de Ra\u00fal Soldi en la Parroquia Santa Ana de Glew<\/h2>\t\t\t\t<\/div>\n\t\t\t\t<\/div>\n\t\t\t\t<\/div>\n\t\t<div class=\"elementor-element elementor-element-0016dce e-con-full e-flex elementor-invisible e-con e-child\" data-id=\"0016dce\" data-element_type=\"container\" data-e-type=\"container\" data-settings=\"{&quot;animation&quot;:&quot;fadeIn&quot;,&quot;animation_delay&quot;:&quot;600&quot;}\">\n\t\t\t\t<div class=\"elementor-element elementor-element-98ccebe elementor-widget elementor-widget-text-editor\" data-id=\"98ccebe\" data-element_type=\"widget\" data-e-type=\"widget\" data-widget_type=\"text-editor.default\">\n\t\t\t\t<div class=\"elementor-widget-container\">\n\t\t\t\t\t\t\t\t\t<p>Uno de los patrimonios m\u00e1s destacados de la Parroquia Santa Ana son los frescos realizados por el reconocido artista argentino Ra\u00fal Soldi. Estos murales, creados entre 1953 y 1976, representan una fusi\u00f3n \u00fanica entre la espiritualidad y la vida cotidiana de Glew, y son considerados algunas de las obras m\u00e1s importantes de Soldi. La iglesia se ha convertido en un \u00edcono cultural y un lugar de peregrinaci\u00f3n para amantes del arte y la historia gracias a estos frescos.<\/p><h4>El Proceso Creativo de Soldi<\/h4><p>Ra\u00fal Soldi dedic\u00f3 23 veranos a la realizaci\u00f3n de 13 frescos que adornan las paredes internas del templo. El proceso creativo de Soldi fue arduo y meticuloso; comenzaba picando las paredes para luego revocarlas y, finalmente, aplicar las primeras pinceladas. Si comet\u00eda un error, volv\u00eda a picar la pared y comenzaba de nuevo, demostrando su compromiso y dedicaci\u00f3n al arte. Los frescos est\u00e1n ambientados en el contexto local de Glew, integrando elementos y personajes del pueblo, como molinos de viento, la biblioteca local, y la fachada de la misma iglesia.<\/p><h4>Tem\u00e1tica y Estilo<\/h4><p>Las obras de Soldi en la Parroquia Santa Ana no son simplemente decorativas; tienen una profunda carga simb\u00f3lica y educativa. Representan escenas de la vida de Santa Ana, madre de la Virgen Mar\u00eda, y otros pasajes b\u00edblicos. Los frescos destacan por sus colores vibrantes y la manera en que Soldi combina elementos religiosos con im\u00e1genes de la vida cotidiana, haciendo que la espiritualidad sea accesible y relevante para los fieles locales. Esta integraci\u00f3n de lo sagrado con lo cotidiano no solo embellece el espacio lit\u00fargico, sino que tambi\u00e9n ofrece a los fieles y visitantes una experiencia visual y espiritual profundamente enriquecedora.<\/p><h4>Impacto Cultural y Tur\u00edstico<\/h4><p>Los frescos de Ra\u00fal Soldi han transformado la Parroquia Santa Ana en un importante destino cultural y tur\u00edstico. La iglesia atrae a numerosos visitantes, no solo por su valor religioso, sino tambi\u00e9n por su importancia art\u00edstica. Los frescos de Soldi son un testimonio de c\u00f3mo el arte puede trascender su funci\u00f3n est\u00e9tica para convertirse en un medio de conexi\u00f3n entre la comunidad y su patrimonio cultural e hist\u00f3rico. La obra de Soldi en la Parroquia Santa Ana es un ejemplo de c\u00f3mo el arte puede ser un puente entre la tradici\u00f3n religiosa y la vida contempor\u00e1nea, manteniendo viva la historia y la cultura de Glew para las futuras generaciones\u200b<span class=\"\" data-state=\"closed\"><span class=\"text-token-text-secondary\"> (<\/span><a class=\"text-green-600 !no-underline\" href=\"https:\/\/www.infobae.com\/sociedad\/solidaridad\/2019\/02\/12\/iglesia-de-santa-ana-la-humilde-capilla-bonaerense-reconocida-en-el-mundo-por-los-muros-pintados-por-soldi\/\" target=\"_blank\" rel=\"noopener noreferrer\">infobae<\/a><span class=\"text-token-text-secondary\">)<\/span><\/span> .<\/p><p>Estos frescos no solo embellecen la iglesia, sino que tambi\u00e9n la han convertido en un museo vivo de arte sacro, atrayendo a visitantes de todo el mundo que vienen a admirar la obra de Soldi y a disfrutar de la serenidad y espiritualidad del lugar.<\/p>\t\t\t\t\t\t\t\t<\/div>\n\t\t\t\t<\/div>\n\t\t\t\t<\/div>\n\t\t\t\t<\/div>\n\t\t\t\t<\/div>\n\t\t\t\t\t<\/div>\n\t\t\t\t<\/div>\n\t\t<div class=\"elementor-element elementor-element-339cdd9c e-flex e-con-boxed e-con e-parent\" data-id=\"339cdd9c\" data-element_type=\"container\" data-e-type=\"container\" data-settings=\"{&quot;background_background&quot;:&quot;classic&quot;}\">\n\t\t\t\t\t<div class=\"e-con-inner\">\n\t\t<div class=\"elementor-element elementor-element-5a776dec e-flex e-con-boxed e-con e-child\" data-id=\"5a776dec\" data-element_type=\"container\" data-e-type=\"container\">\n\t\t\t\t\t<div class=\"e-con-inner\">\n\t\t<div class=\"elementor-element elementor-element-67617a49 e-con-full e-flex elementor-invisible e-con e-child\" data-id=\"67617a49\" data-element_type=\"container\" data-e-type=\"container\" data-settings=\"{&quot;animation&quot;:&quot;fadeIn&quot;,&quot;animation_delay&quot;:&quot;400&quot;}\">\n\t\t\t\t<div class=\"elementor-element elementor-element-5d912529 elementor-widget elementor-widget-heading\" data-id=\"5d912529\" data-element_type=\"widget\" data-e-type=\"widget\" data-widget_type=\"heading.default\">\n\t\t\t\t<div class=\"elementor-widget-container\">\n\t\t\t\t\t<h2 class=\"elementor-heading-title elementor-size-default\">Otras Im\u00e1genes y Obras de Car\u00e1cter Hist\u00f3rico en la Iglesia Santa Ana de Glew<\/h2>\t\t\t\t<\/div>\n\t\t\t\t<\/div>\n\t\t\t\t<div class=\"elementor-element elementor-element-5b59da29 elementor-widget elementor-widget-text-editor\" data-id=\"5b59da29\" data-element_type=\"widget\" data-e-type=\"widget\" data-widget_type=\"text-editor.default\">\n\t\t\t\t<div class=\"elementor-widget-container\">\n\t\t\t\t\t\t\t\t\t<p>La Parroquia Inmaculada Concepci\u00f3n alberga una rica colecci\u00f3n de arte sacro y mobiliario de gran valor hist\u00f3rico. A continuaci\u00f3n, se detallan algunas de las obras e im\u00e1genes m\u00e1s significativas:\u00a0<\/p>\t\t\t\t\t\t\t\t<\/div>\n\t\t\t\t<\/div>\n\t\t\t\t<\/div>\n\t\t\t\t\t<\/div>\n\t\t\t\t<\/div>\n\t\t<div class=\"elementor-element elementor-element-eb3c85c e-con-full e-flex e-con e-child\" data-id=\"eb3c85c\" data-element_type=\"container\" data-e-type=\"container\">\n\t\t<div class=\"elementor-element elementor-element-32b99ba3 e-con-full e-flex elementor-invisible e-con e-child\" data-id=\"32b99ba3\" data-element_type=\"container\" data-e-type=\"container\" data-settings=\"{&quot;animation&quot;:&quot;fadeIn&quot;,&quot;animation_delay&quot;:&quot;400&quot;,&quot;background_background&quot;:&quot;classic&quot;}\">\n\t\t\t\t<div class=\"elementor-element elementor-element-f425ab0 gallery-spacing-custom elementor-widget elementor-widget-image-gallery\" data-id=\"f425ab0\" data-element_type=\"widget\" data-e-type=\"widget\" data-widget_type=\"image-gallery.default\">\n\t\t\t\t<div class=\"elementor-widget-container\">\n\t\t\t\t\t\t\t<div class=\"elementor-image-gallery\">\n\t\t\t<div id='gallery-1' class='gallery galleryid-3029 gallery-columns-4 gallery-size-thumbnail'><figure class='gallery-item'>\n\t\t\t<div class='gallery-icon portrait'>\n\t\t\t\t<a data-elementor-open-lightbox=\"yes\" data-elementor-lightbox-slideshow=\"f425ab0\" data-elementor-lightbox-title=\"46 Parroquia Santa Ana de Glew\" data-e-action-hash=\"#elementor-action%3Aaction%3Dlightbox%26settings%3DeyJpZCI6MzA5MCwidXJsIjoiaHR0cHM6XC9cL2lsb21hcy5vcmcuYXJcL2NvZGlsaWx6XC93cC1jb250ZW50XC91cGxvYWRzXC8yMDI0XC8wOFwvNDYtUGFycm9xdWlhLVNhbnRhLUFuYS1kZS1HbGV3LmpwZyIsInNsaWRlc2hvdyI6ImY0MjVhYjAifQ%3D%3D\" href=\"https:\/\/ilomas.org.ar\/codililz\/wp-content\/uploads\/2024\/08\/46-Parroquia-Santa-Ana-de-Glew.jpg\"><img loading=\"lazy\" decoding=\"async\" width=\"150\" height=\"150\" src=\"https:\/\/ilomas.org.ar\/codililz\/wp-content\/uploads\/2024\/08\/46-Parroquia-Santa-Ana-de-Glew-150x150.jpg\" class=\"attachment-thumbnail size-thumbnail\" alt=\"\" srcset=\"https:\/\/ilomas.org.ar\/codililz\/wp-content\/uploads\/2024\/08\/46-Parroquia-Santa-Ana-de-Glew-150x150.jpg 150w, https:\/\/ilomas.org.ar\/codililz\/wp-content\/uploads\/2024\/08\/46-Parroquia-Santa-Ana-de-Glew-300x300.jpg 300w, https:\/\/ilomas.org.ar\/codililz\/wp-content\/uploads\/2024\/08\/46-Parroquia-Santa-Ana-de-Glew-100x100.jpg 100w\" sizes=\"(max-width: 150px) 100vw, 150px\" \/><\/a>\n\t\t\t<\/div><\/figure><figure class='gallery-item'>\n\t\t\t<div class='gallery-icon portrait'>\n\t\t\t\t<a data-elementor-open-lightbox=\"yes\" data-elementor-lightbox-slideshow=\"f425ab0\" data-elementor-lightbox-title=\"45 Parroquia Santa Ana de Glew\" data-e-action-hash=\"#elementor-action%3Aaction%3Dlightbox%26settings%3DeyJpZCI6MzA4OSwidXJsIjoiaHR0cHM6XC9cL2lsb21hcy5vcmcuYXJcL2NvZGlsaWx6XC93cC1jb250ZW50XC91cGxvYWRzXC8yMDI0XC8wOFwvNDUtUGFycm9xdWlhLVNhbnRhLUFuYS1kZS1HbGV3LmpwZyIsInNsaWRlc2hvdyI6ImY0MjVhYjAifQ%3D%3D\" href=\"https:\/\/ilomas.org.ar\/codililz\/wp-content\/uploads\/2024\/08\/45-Parroquia-Santa-Ana-de-Glew.jpg\"><img loading=\"lazy\" decoding=\"async\" width=\"150\" height=\"150\" src=\"https:\/\/ilomas.org.ar\/codililz\/wp-content\/uploads\/2024\/08\/45-Parroquia-Santa-Ana-de-Glew-150x150.jpg\" class=\"attachment-thumbnail size-thumbnail\" alt=\"\" srcset=\"https:\/\/ilomas.org.ar\/codililz\/wp-content\/uploads\/2024\/08\/45-Parroquia-Santa-Ana-de-Glew-150x150.jpg 150w, https:\/\/ilomas.org.ar\/codililz\/wp-content\/uploads\/2024\/08\/45-Parroquia-Santa-Ana-de-Glew-300x300.jpg 300w, https:\/\/ilomas.org.ar\/codililz\/wp-content\/uploads\/2024\/08\/45-Parroquia-Santa-Ana-de-Glew-100x100.jpg 100w\" sizes=\"(max-width: 150px) 100vw, 150px\" \/><\/a>\n\t\t\t<\/div><\/figure><figure class='gallery-item'>\n\t\t\t<div class='gallery-icon portrait'>\n\t\t\t\t<a data-elementor-open-lightbox=\"yes\" data-elementor-lightbox-slideshow=\"f425ab0\" data-elementor-lightbox-title=\"44 Parroquia Santa Ana de Glew\" data-e-action-hash=\"#elementor-action%3Aaction%3Dlightbox%26settings%3DeyJpZCI6MzA4OCwidXJsIjoiaHR0cHM6XC9cL2lsb21hcy5vcmcuYXJcL2NvZGlsaWx6XC93cC1jb250ZW50XC91cGxvYWRzXC8yMDI0XC8wOFwvNDQtUGFycm9xdWlhLVNhbnRhLUFuYS1kZS1HbGV3LmpwZyIsInNsaWRlc2hvdyI6ImY0MjVhYjAifQ%3D%3D\" href=\"https:\/\/ilomas.org.ar\/codililz\/wp-content\/uploads\/2024\/08\/44-Parroquia-Santa-Ana-de-Glew.jpg\"><img loading=\"lazy\" decoding=\"async\" width=\"150\" height=\"150\" src=\"https:\/\/ilomas.org.ar\/codililz\/wp-content\/uploads\/2024\/08\/44-Parroquia-Santa-Ana-de-Glew-150x150.jpg\" class=\"attachment-thumbnail size-thumbnail\" alt=\"\" srcset=\"https:\/\/ilomas.org.ar\/codililz\/wp-content\/uploads\/2024\/08\/44-Parroquia-Santa-Ana-de-Glew-150x150.jpg 150w, https:\/\/ilomas.org.ar\/codililz\/wp-content\/uploads\/2024\/08\/44-Parroquia-Santa-Ana-de-Glew-300x300.jpg 300w, https:\/\/ilomas.org.ar\/codililz\/wp-content\/uploads\/2024\/08\/44-Parroquia-Santa-Ana-de-Glew-100x100.jpg 100w\" sizes=\"(max-width: 150px) 100vw, 150px\" \/><\/a>\n\t\t\t<\/div><\/figure><figure class='gallery-item'>\n\t\t\t<div class='gallery-icon landscape'>\n\t\t\t\t<a data-elementor-open-lightbox=\"yes\" data-elementor-lightbox-slideshow=\"f425ab0\" data-elementor-lightbox-title=\"43 Parroquia Santa Ana de Glew\" data-e-action-hash=\"#elementor-action%3Aaction%3Dlightbox%26settings%3DeyJpZCI6MzA4NywidXJsIjoiaHR0cHM6XC9cL2lsb21hcy5vcmcuYXJcL2NvZGlsaWx6XC93cC1jb250ZW50XC91cGxvYWRzXC8yMDI0XC8wOFwvNDMtUGFycm9xdWlhLVNhbnRhLUFuYS1kZS1HbGV3LmpwZyIsInNsaWRlc2hvdyI6ImY0MjVhYjAifQ%3D%3D\" href=\"https:\/\/ilomas.org.ar\/codililz\/wp-content\/uploads\/2024\/08\/43-Parroquia-Santa-Ana-de-Glew.jpg\"><img loading=\"lazy\" decoding=\"async\" width=\"150\" height=\"150\" src=\"https:\/\/ilomas.org.ar\/codililz\/wp-content\/uploads\/2024\/08\/43-Parroquia-Santa-Ana-de-Glew-150x150.jpg\" class=\"attachment-thumbnail size-thumbnail\" alt=\"\" srcset=\"https:\/\/ilomas.org.ar\/codililz\/wp-content\/uploads\/2024\/08\/43-Parroquia-Santa-Ana-de-Glew-150x150.jpg 150w, https:\/\/ilomas.org.ar\/codililz\/wp-content\/uploads\/2024\/08\/43-Parroquia-Santa-Ana-de-Glew-300x300.jpg 300w, https:\/\/ilomas.org.ar\/codililz\/wp-content\/uploads\/2024\/08\/43-Parroquia-Santa-Ana-de-Glew-100x100.jpg 100w\" sizes=\"(max-width: 150px) 100vw, 150px\" \/><\/a>\n\t\t\t<\/div><\/figure><figure class='gallery-item'>\n\t\t\t<div class='gallery-icon landscape'>\n\t\t\t\t<a data-elementor-open-lightbox=\"yes\" data-elementor-lightbox-slideshow=\"f425ab0\" data-elementor-lightbox-title=\"41 Parroquia Santa Ana de Glew\" data-e-action-hash=\"#elementor-action%3Aaction%3Dlightbox%26settings%3DeyJpZCI6MzA4NSwidXJsIjoiaHR0cHM6XC9cL2lsb21hcy5vcmcuYXJcL2NvZGlsaWx6XC93cC1jb250ZW50XC91cGxvYWRzXC8yMDI0XC8wOFwvNDEtUGFycm9xdWlhLVNhbnRhLUFuYS1kZS1HbGV3LmpwZyIsInNsaWRlc2hvdyI6ImY0MjVhYjAifQ%3D%3D\" href=\"https:\/\/ilomas.org.ar\/codililz\/wp-content\/uploads\/2024\/08\/41-Parroquia-Santa-Ana-de-Glew.jpg\"><img loading=\"lazy\" decoding=\"async\" width=\"150\" height=\"150\" src=\"https:\/\/ilomas.org.ar\/codililz\/wp-content\/uploads\/2024\/08\/41-Parroquia-Santa-Ana-de-Glew-150x150.jpg\" class=\"attachment-thumbnail size-thumbnail\" alt=\"\" srcset=\"https:\/\/ilomas.org.ar\/codililz\/wp-content\/uploads\/2024\/08\/41-Parroquia-Santa-Ana-de-Glew-150x150.jpg 150w, https:\/\/ilomas.org.ar\/codililz\/wp-content\/uploads\/2024\/08\/41-Parroquia-Santa-Ana-de-Glew-300x300.jpg 300w, https:\/\/ilomas.org.ar\/codililz\/wp-content\/uploads\/2024\/08\/41-Parroquia-Santa-Ana-de-Glew-100x100.jpg 100w\" sizes=\"(max-width: 150px) 100vw, 150px\" \/><\/a>\n\t\t\t<\/div><\/figure><figure class='gallery-item'>\n\t\t\t<div class='gallery-icon landscape'>\n\t\t\t\t<a data-elementor-open-lightbox=\"yes\" data-elementor-lightbox-slideshow=\"f425ab0\" data-elementor-lightbox-title=\"39 Parroquia Santa Ana de Glew\" data-e-action-hash=\"#elementor-action%3Aaction%3Dlightbox%26settings%3DeyJpZCI6MzA4MywidXJsIjoiaHR0cHM6XC9cL2lsb21hcy5vcmcuYXJcL2NvZGlsaWx6XC93cC1jb250ZW50XC91cGxvYWRzXC8yMDI0XC8wOFwvMzktUGFycm9xdWlhLVNhbnRhLUFuYS1kZS1HbGV3LmpwZyIsInNsaWRlc2hvdyI6ImY0MjVhYjAifQ%3D%3D\" href=\"https:\/\/ilomas.org.ar\/codililz\/wp-content\/uploads\/2024\/08\/39-Parroquia-Santa-Ana-de-Glew.jpg\"><img loading=\"lazy\" decoding=\"async\" width=\"150\" height=\"150\" src=\"https:\/\/ilomas.org.ar\/codililz\/wp-content\/uploads\/2024\/08\/39-Parroquia-Santa-Ana-de-Glew-150x150.jpg\" class=\"attachment-thumbnail size-thumbnail\" alt=\"\" srcset=\"https:\/\/ilomas.org.ar\/codililz\/wp-content\/uploads\/2024\/08\/39-Parroquia-Santa-Ana-de-Glew-150x150.jpg 150w, https:\/\/ilomas.org.ar\/codililz\/wp-content\/uploads\/2024\/08\/39-Parroquia-Santa-Ana-de-Glew-300x300.jpg 300w, https:\/\/ilomas.org.ar\/codililz\/wp-content\/uploads\/2024\/08\/39-Parroquia-Santa-Ana-de-Glew-100x100.jpg 100w\" sizes=\"(max-width: 150px) 100vw, 150px\" \/><\/a>\n\t\t\t<\/div><\/figure><figure class='gallery-item'>\n\t\t\t<div class='gallery-icon landscape'>\n\t\t\t\t<a data-elementor-open-lightbox=\"yes\" data-elementor-lightbox-slideshow=\"f425ab0\" data-elementor-lightbox-title=\"38 Parroquia Santa Ana de Glew\" data-e-action-hash=\"#elementor-action%3Aaction%3Dlightbox%26settings%3DeyJpZCI6MzA4MiwidXJsIjoiaHR0cHM6XC9cL2lsb21hcy5vcmcuYXJcL2NvZGlsaWx6XC93cC1jb250ZW50XC91cGxvYWRzXC8yMDI0XC8wOFwvMzgtUGFycm9xdWlhLVNhbnRhLUFuYS1kZS1HbGV3LmpwZyIsInNsaWRlc2hvdyI6ImY0MjVhYjAifQ%3D%3D\" href=\"https:\/\/ilomas.org.ar\/codililz\/wp-content\/uploads\/2024\/08\/38-Parroquia-Santa-Ana-de-Glew.jpg\"><img loading=\"lazy\" decoding=\"async\" width=\"150\" height=\"150\" src=\"https:\/\/ilomas.org.ar\/codililz\/wp-content\/uploads\/2024\/08\/38-Parroquia-Santa-Ana-de-Glew-150x150.jpg\" class=\"attachment-thumbnail size-thumbnail\" alt=\"\" srcset=\"https:\/\/ilomas.org.ar\/codililz\/wp-content\/uploads\/2024\/08\/38-Parroquia-Santa-Ana-de-Glew-150x150.jpg 150w, https:\/\/ilomas.org.ar\/codililz\/wp-content\/uploads\/2024\/08\/38-Parroquia-Santa-Ana-de-Glew-300x300.jpg 300w, https:\/\/ilomas.org.ar\/codililz\/wp-content\/uploads\/2024\/08\/38-Parroquia-Santa-Ana-de-Glew-100x100.jpg 100w\" sizes=\"(max-width: 150px) 100vw, 150px\" \/><\/a>\n\t\t\t<\/div><\/figure><figure class='gallery-item'>\n\t\t\t<div class='gallery-icon landscape'>\n\t\t\t\t<a data-elementor-open-lightbox=\"yes\" data-elementor-lightbox-slideshow=\"f425ab0\" data-elementor-lightbox-title=\"34 Parroquia Santa Ana de Glew\" data-e-action-hash=\"#elementor-action%3Aaction%3Dlightbox%26settings%3DeyJpZCI6MzA3OCwidXJsIjoiaHR0cHM6XC9cL2lsb21hcy5vcmcuYXJcL2NvZGlsaWx6XC93cC1jb250ZW50XC91cGxvYWRzXC8yMDI0XC8wOFwvMzQtUGFycm9xdWlhLVNhbnRhLUFuYS1kZS1HbGV3LnBuZyIsInNsaWRlc2hvdyI6ImY0MjVhYjAifQ%3D%3D\" href=\"https:\/\/ilomas.org.ar\/codililz\/wp-content\/uploads\/2024\/08\/34-Parroquia-Santa-Ana-de-Glew.png\"><img loading=\"lazy\" decoding=\"async\" width=\"150\" height=\"150\" src=\"https:\/\/ilomas.org.ar\/codililz\/wp-content\/uploads\/2024\/08\/34-Parroquia-Santa-Ana-de-Glew-150x150.png\" class=\"attachment-thumbnail size-thumbnail\" alt=\"\" srcset=\"https:\/\/ilomas.org.ar\/codililz\/wp-content\/uploads\/2024\/08\/34-Parroquia-Santa-Ana-de-Glew-150x150.png 150w, https:\/\/ilomas.org.ar\/codililz\/wp-content\/uploads\/2024\/08\/34-Parroquia-Santa-Ana-de-Glew-300x300.png 300w, https:\/\/ilomas.org.ar\/codililz\/wp-content\/uploads\/2024\/08\/34-Parroquia-Santa-Ana-de-Glew-100x100.png 100w\" sizes=\"(max-width: 150px) 100vw, 150px\" \/><\/a>\n\t\t\t<\/div><\/figure><figure class='gallery-item'>\n\t\t\t<div class='gallery-icon landscape'>\n\t\t\t\t<a data-elementor-open-lightbox=\"yes\" data-elementor-lightbox-slideshow=\"f425ab0\" data-elementor-lightbox-title=\"33 Parroquia Santa Ana de Glew\" data-e-action-hash=\"#elementor-action%3Aaction%3Dlightbox%26settings%3DeyJpZCI6MzA3NywidXJsIjoiaHR0cHM6XC9cL2lsb21hcy5vcmcuYXJcL2NvZGlsaWx6XC93cC1jb250ZW50XC91cGxvYWRzXC8yMDI0XC8wOFwvMzMtUGFycm9xdWlhLVNhbnRhLUFuYS1kZS1HbGV3LnBuZyIsInNsaWRlc2hvdyI6ImY0MjVhYjAifQ%3D%3D\" href=\"https:\/\/ilomas.org.ar\/codililz\/wp-content\/uploads\/2024\/08\/33-Parroquia-Santa-Ana-de-Glew.png\"><img loading=\"lazy\" decoding=\"async\" width=\"150\" height=\"150\" src=\"https:\/\/ilomas.org.ar\/codililz\/wp-content\/uploads\/2024\/08\/33-Parroquia-Santa-Ana-de-Glew-150x150.png\" class=\"attachment-thumbnail size-thumbnail\" alt=\"\" srcset=\"https:\/\/ilomas.org.ar\/codililz\/wp-content\/uploads\/2024\/08\/33-Parroquia-Santa-Ana-de-Glew-150x150.png 150w, https:\/\/ilomas.org.ar\/codililz\/wp-content\/uploads\/2024\/08\/33-Parroquia-Santa-Ana-de-Glew-300x300.png 300w, https:\/\/ilomas.org.ar\/codililz\/wp-content\/uploads\/2024\/08\/33-Parroquia-Santa-Ana-de-Glew-100x100.png 100w\" sizes=\"(max-width: 150px) 100vw, 150px\" \/><\/a>\n\t\t\t<\/div><\/figure><figure class='gallery-item'>\n\t\t\t<div class='gallery-icon portrait'>\n\t\t\t\t<a data-elementor-open-lightbox=\"yes\" data-elementor-lightbox-slideshow=\"f425ab0\" data-elementor-lightbox-title=\"31 Parroquia Santa Ana de Glew\" data-e-action-hash=\"#elementor-action%3Aaction%3Dlightbox%26settings%3DeyJpZCI6MzA3NSwidXJsIjoiaHR0cHM6XC9cL2lsb21hcy5vcmcuYXJcL2NvZGlsaWx6XC93cC1jb250ZW50XC91cGxvYWRzXC8yMDI0XC8wOFwvMzEtUGFycm9xdWlhLVNhbnRhLUFuYS1kZS1HbGV3LnBuZyIsInNsaWRlc2hvdyI6ImY0MjVhYjAifQ%3D%3D\" href=\"https:\/\/ilomas.org.ar\/codililz\/wp-content\/uploads\/2024\/08\/31-Parroquia-Santa-Ana-de-Glew.png\"><img loading=\"lazy\" decoding=\"async\" width=\"150\" height=\"150\" src=\"https:\/\/ilomas.org.ar\/codililz\/wp-content\/uploads\/2024\/08\/31-Parroquia-Santa-Ana-de-Glew-150x150.png\" class=\"attachment-thumbnail size-thumbnail\" alt=\"\" srcset=\"https:\/\/ilomas.org.ar\/codililz\/wp-content\/uploads\/2024\/08\/31-Parroquia-Santa-Ana-de-Glew-150x150.png 150w, https:\/\/ilomas.org.ar\/codililz\/wp-content\/uploads\/2024\/08\/31-Parroquia-Santa-Ana-de-Glew-300x300.png 300w, https:\/\/ilomas.org.ar\/codililz\/wp-content\/uploads\/2024\/08\/31-Parroquia-Santa-Ana-de-Glew-100x100.png 100w\" sizes=\"(max-width: 150px) 100vw, 150px\" \/><\/a>\n\t\t\t<\/div><\/figure><figure class='gallery-item'>\n\t\t\t<div class='gallery-icon landscape'>\n\t\t\t\t<a data-elementor-open-lightbox=\"yes\" data-elementor-lightbox-slideshow=\"f425ab0\" data-elementor-lightbox-title=\"30 Parroquia Santa Ana de Glew\" data-e-action-hash=\"#elementor-action%3Aaction%3Dlightbox%26settings%3DeyJpZCI6MzA3NCwidXJsIjoiaHR0cHM6XC9cL2lsb21hcy5vcmcuYXJcL2NvZGlsaWx6XC93cC1jb250ZW50XC91cGxvYWRzXC8yMDI0XC8wOFwvMzAtUGFycm9xdWlhLVNhbnRhLUFuYS1kZS1HbGV3LnBuZyIsInNsaWRlc2hvdyI6ImY0MjVhYjAifQ%3D%3D\" href=\"https:\/\/ilomas.org.ar\/codililz\/wp-content\/uploads\/2024\/08\/30-Parroquia-Santa-Ana-de-Glew.png\"><img loading=\"lazy\" decoding=\"async\" width=\"150\" height=\"150\" src=\"https:\/\/ilomas.org.ar\/codililz\/wp-content\/uploads\/2024\/08\/30-Parroquia-Santa-Ana-de-Glew-150x150.png\" class=\"attachment-thumbnail size-thumbnail\" alt=\"\" srcset=\"https:\/\/ilomas.org.ar\/codililz\/wp-content\/uploads\/2024\/08\/30-Parroquia-Santa-Ana-de-Glew-150x150.png 150w, https:\/\/ilomas.org.ar\/codililz\/wp-content\/uploads\/2024\/08\/30-Parroquia-Santa-Ana-de-Glew-300x300.png 300w, https:\/\/ilomas.org.ar\/codililz\/wp-content\/uploads\/2024\/08\/30-Parroquia-Santa-Ana-de-Glew-100x100.png 100w\" sizes=\"(max-width: 150px) 100vw, 150px\" \/><\/a>\n\t\t\t<\/div><\/figure><figure class='gallery-item'>\n\t\t\t<div class='gallery-icon portrait'>\n\t\t\t\t<a data-elementor-open-lightbox=\"yes\" data-elementor-lightbox-slideshow=\"f425ab0\" data-elementor-lightbox-title=\"29 Parroquia Santa Ana de Glew\" data-e-action-hash=\"#elementor-action%3Aaction%3Dlightbox%26settings%3DeyJpZCI6MzA3MywidXJsIjoiaHR0cHM6XC9cL2lsb21hcy5vcmcuYXJcL2NvZGlsaWx6XC93cC1jb250ZW50XC91cGxvYWRzXC8yMDI0XC8wOFwvMjktUGFycm9xdWlhLVNhbnRhLUFuYS1kZS1HbGV3LnBuZyIsInNsaWRlc2hvdyI6ImY0MjVhYjAifQ%3D%3D\" href=\"https:\/\/ilomas.org.ar\/codililz\/wp-content\/uploads\/2024\/08\/29-Parroquia-Santa-Ana-de-Glew.png\"><img loading=\"lazy\" decoding=\"async\" width=\"150\" height=\"150\" src=\"https:\/\/ilomas.org.ar\/codililz\/wp-content\/uploads\/2024\/08\/29-Parroquia-Santa-Ana-de-Glew-150x150.png\" class=\"attachment-thumbnail size-thumbnail\" alt=\"\" srcset=\"https:\/\/ilomas.org.ar\/codililz\/wp-content\/uploads\/2024\/08\/29-Parroquia-Santa-Ana-de-Glew-150x150.png 150w, https:\/\/ilomas.org.ar\/codililz\/wp-content\/uploads\/2024\/08\/29-Parroquia-Santa-Ana-de-Glew-300x300.png 300w, https:\/\/ilomas.org.ar\/codililz\/wp-content\/uploads\/2024\/08\/29-Parroquia-Santa-Ana-de-Glew-100x100.png 100w\" sizes=\"(max-width: 150px) 100vw, 150px\" \/><\/a>\n\t\t\t<\/div><\/figure><figure class='gallery-item'>\n\t\t\t<div class='gallery-icon landscape'>\n\t\t\t\t<a data-elementor-open-lightbox=\"yes\" data-elementor-lightbox-slideshow=\"f425ab0\" data-elementor-lightbox-title=\"28 Parroquia Santa Ana de Glew\" data-e-action-hash=\"#elementor-action%3Aaction%3Dlightbox%26settings%3DeyJpZCI6MzA3MiwidXJsIjoiaHR0cHM6XC9cL2lsb21hcy5vcmcuYXJcL2NvZGlsaWx6XC93cC1jb250ZW50XC91cGxvYWRzXC8yMDI0XC8wOFwvMjgtUGFycm9xdWlhLVNhbnRhLUFuYS1kZS1HbGV3LnBuZyIsInNsaWRlc2hvdyI6ImY0MjVhYjAifQ%3D%3D\" href=\"https:\/\/ilomas.org.ar\/codililz\/wp-content\/uploads\/2024\/08\/28-Parroquia-Santa-Ana-de-Glew.png\"><img loading=\"lazy\" decoding=\"async\" width=\"150\" height=\"150\" src=\"https:\/\/ilomas.org.ar\/codililz\/wp-content\/uploads\/2024\/08\/28-Parroquia-Santa-Ana-de-Glew-150x150.png\" class=\"attachment-thumbnail size-thumbnail\" alt=\"\" srcset=\"https:\/\/ilomas.org.ar\/codililz\/wp-content\/uploads\/2024\/08\/28-Parroquia-Santa-Ana-de-Glew-150x150.png 150w, https:\/\/ilomas.org.ar\/codililz\/wp-content\/uploads\/2024\/08\/28-Parroquia-Santa-Ana-de-Glew-300x300.png 300w, https:\/\/ilomas.org.ar\/codililz\/wp-content\/uploads\/2024\/08\/28-Parroquia-Santa-Ana-de-Glew-100x100.png 100w\" sizes=\"(max-width: 150px) 100vw, 150px\" \/><\/a>\n\t\t\t<\/div><\/figure><figure class='gallery-item'>\n\t\t\t<div class='gallery-icon landscape'>\n\t\t\t\t<a data-elementor-open-lightbox=\"yes\" data-elementor-lightbox-slideshow=\"f425ab0\" data-elementor-lightbox-title=\"26 Parroquia Santa Ana de Glew\" data-e-action-hash=\"#elementor-action%3Aaction%3Dlightbox%26settings%3DeyJpZCI6MzA3MCwidXJsIjoiaHR0cHM6XC9cL2lsb21hcy5vcmcuYXJcL2NvZGlsaWx6XC93cC1jb250ZW50XC91cGxvYWRzXC8yMDI0XC8wOFwvMjYtUGFycm9xdWlhLVNhbnRhLUFuYS1kZS1HbGV3LnBuZyIsInNsaWRlc2hvdyI6ImY0MjVhYjAifQ%3D%3D\" href=\"https:\/\/ilomas.org.ar\/codililz\/wp-content\/uploads\/2024\/08\/26-Parroquia-Santa-Ana-de-Glew.png\"><img loading=\"lazy\" decoding=\"async\" width=\"150\" height=\"150\" src=\"https:\/\/ilomas.org.ar\/codililz\/wp-content\/uploads\/2024\/08\/26-Parroquia-Santa-Ana-de-Glew-150x150.png\" class=\"attachment-thumbnail size-thumbnail\" alt=\"\" srcset=\"https:\/\/ilomas.org.ar\/codililz\/wp-content\/uploads\/2024\/08\/26-Parroquia-Santa-Ana-de-Glew-150x150.png 150w, https:\/\/ilomas.org.ar\/codililz\/wp-content\/uploads\/2024\/08\/26-Parroquia-Santa-Ana-de-Glew-300x300.png 300w, https:\/\/ilomas.org.ar\/codililz\/wp-content\/uploads\/2024\/08\/26-Parroquia-Santa-Ana-de-Glew-100x100.png 100w\" sizes=\"(max-width: 150px) 100vw, 150px\" \/><\/a>\n\t\t\t<\/div><\/figure><figure class='gallery-item'>\n\t\t\t<div class='gallery-icon portrait'>\n\t\t\t\t<a data-elementor-open-lightbox=\"yes\" data-elementor-lightbox-slideshow=\"f425ab0\" data-elementor-lightbox-title=\"25 Parroquia Santa Ana de Glew\" data-e-action-hash=\"#elementor-action%3Aaction%3Dlightbox%26settings%3DeyJpZCI6MzA2OSwidXJsIjoiaHR0cHM6XC9cL2lsb21hcy5vcmcuYXJcL2NvZGlsaWx6XC93cC1jb250ZW50XC91cGxvYWRzXC8yMDI0XC8wOFwvMjUtUGFycm9xdWlhLVNhbnRhLUFuYS1kZS1HbGV3LnBuZyIsInNsaWRlc2hvdyI6ImY0MjVhYjAifQ%3D%3D\" href=\"https:\/\/ilomas.org.ar\/codililz\/wp-content\/uploads\/2024\/08\/25-Parroquia-Santa-Ana-de-Glew.png\"><img loading=\"lazy\" decoding=\"async\" width=\"150\" height=\"150\" src=\"https:\/\/ilomas.org.ar\/codililz\/wp-content\/uploads\/2024\/08\/25-Parroquia-Santa-Ana-de-Glew-150x150.png\" class=\"attachment-thumbnail size-thumbnail\" alt=\"\" srcset=\"https:\/\/ilomas.org.ar\/codililz\/wp-content\/uploads\/2024\/08\/25-Parroquia-Santa-Ana-de-Glew-150x150.png 150w, https:\/\/ilomas.org.ar\/codililz\/wp-content\/uploads\/2024\/08\/25-Parroquia-Santa-Ana-de-Glew-300x300.png 300w, https:\/\/ilomas.org.ar\/codililz\/wp-content\/uploads\/2024\/08\/25-Parroquia-Santa-Ana-de-Glew-100x100.png 100w\" sizes=\"(max-width: 150px) 100vw, 150px\" \/><\/a>\n\t\t\t<\/div><\/figure><figure class='gallery-item'>\n\t\t\t<div class='gallery-icon landscape'>\n\t\t\t\t<a data-elementor-open-lightbox=\"yes\" data-elementor-lightbox-slideshow=\"f425ab0\" data-elementor-lightbox-title=\"23 Parroquia Santa Ana de Glew\" data-e-action-hash=\"#elementor-action%3Aaction%3Dlightbox%26settings%3DeyJpZCI6MzA2NywidXJsIjoiaHR0cHM6XC9cL2lsb21hcy5vcmcuYXJcL2NvZGlsaWx6XC93cC1jb250ZW50XC91cGxvYWRzXC8yMDI0XC8wOFwvMjMtUGFycm9xdWlhLVNhbnRhLUFuYS1kZS1HbGV3LnBuZyIsInNsaWRlc2hvdyI6ImY0MjVhYjAifQ%3D%3D\" href=\"https:\/\/ilomas.org.ar\/codililz\/wp-content\/uploads\/2024\/08\/23-Parroquia-Santa-Ana-de-Glew.png\"><img loading=\"lazy\" decoding=\"async\" width=\"150\" height=\"150\" src=\"https:\/\/ilomas.org.ar\/codililz\/wp-content\/uploads\/2024\/08\/23-Parroquia-Santa-Ana-de-Glew-150x150.png\" class=\"attachment-thumbnail size-thumbnail\" alt=\"\" srcset=\"https:\/\/ilomas.org.ar\/codililz\/wp-content\/uploads\/2024\/08\/23-Parroquia-Santa-Ana-de-Glew-150x150.png 150w, https:\/\/ilomas.org.ar\/codililz\/wp-content\/uploads\/2024\/08\/23-Parroquia-Santa-Ana-de-Glew-300x300.png 300w, https:\/\/ilomas.org.ar\/codililz\/wp-content\/uploads\/2024\/08\/23-Parroquia-Santa-Ana-de-Glew-100x100.png 100w\" sizes=\"(max-width: 150px) 100vw, 150px\" \/><\/a>\n\t\t\t<\/div><\/figure><figure class='gallery-item'>\n\t\t\t<div class='gallery-icon portrait'>\n\t\t\t\t<a data-elementor-open-lightbox=\"yes\" data-elementor-lightbox-slideshow=\"f425ab0\" data-elementor-lightbox-title=\"20 Parroquia Santa Ana de Glew\" data-e-action-hash=\"#elementor-action%3Aaction%3Dlightbox%26settings%3DeyJpZCI6MzA2NCwidXJsIjoiaHR0cHM6XC9cL2lsb21hcy5vcmcuYXJcL2NvZGlsaWx6XC93cC1jb250ZW50XC91cGxvYWRzXC8yMDI0XC8wOFwvMjAtUGFycm9xdWlhLVNhbnRhLUFuYS1kZS1HbGV3LnBuZyIsInNsaWRlc2hvdyI6ImY0MjVhYjAifQ%3D%3D\" href=\"https:\/\/ilomas.org.ar\/codililz\/wp-content\/uploads\/2024\/08\/20-Parroquia-Santa-Ana-de-Glew.png\"><img loading=\"lazy\" decoding=\"async\" width=\"150\" height=\"150\" src=\"https:\/\/ilomas.org.ar\/codililz\/wp-content\/uploads\/2024\/08\/20-Parroquia-Santa-Ana-de-Glew-150x150.png\" class=\"attachment-thumbnail size-thumbnail\" alt=\"\" srcset=\"https:\/\/ilomas.org.ar\/codililz\/wp-content\/uploads\/2024\/08\/20-Parroquia-Santa-Ana-de-Glew-150x150.png 150w, https:\/\/ilomas.org.ar\/codililz\/wp-content\/uploads\/2024\/08\/20-Parroquia-Santa-Ana-de-Glew-300x300.png 300w, https:\/\/ilomas.org.ar\/codililz\/wp-content\/uploads\/2024\/08\/20-Parroquia-Santa-Ana-de-Glew-100x100.png 100w\" sizes=\"(max-width: 150px) 100vw, 150px\" \/><\/a>\n\t\t\t<\/div><\/figure><figure class='gallery-item'>\n\t\t\t<div class='gallery-icon portrait'>\n\t\t\t\t<a data-elementor-open-lightbox=\"yes\" data-elementor-lightbox-slideshow=\"f425ab0\" data-elementor-lightbox-title=\"15 Parroquia Santa Ana de Glew\" data-e-action-hash=\"#elementor-action%3Aaction%3Dlightbox%26settings%3DeyJpZCI6MzA1OSwidXJsIjoiaHR0cHM6XC9cL2lsb21hcy5vcmcuYXJcL2NvZGlsaWx6XC93cC1jb250ZW50XC91cGxvYWRzXC8yMDI0XC8wOFwvMTUtUGFycm9xdWlhLVNhbnRhLUFuYS1kZS1HbGV3LnBuZyIsInNsaWRlc2hvdyI6ImY0MjVhYjAifQ%3D%3D\" href=\"https:\/\/ilomas.org.ar\/codililz\/wp-content\/uploads\/2024\/08\/15-Parroquia-Santa-Ana-de-Glew.png\"><img loading=\"lazy\" decoding=\"async\" width=\"150\" height=\"150\" src=\"https:\/\/ilomas.org.ar\/codililz\/wp-content\/uploads\/2024\/08\/15-Parroquia-Santa-Ana-de-Glew-150x150.png\" class=\"attachment-thumbnail size-thumbnail\" alt=\"\" srcset=\"https:\/\/ilomas.org.ar\/codililz\/wp-content\/uploads\/2024\/08\/15-Parroquia-Santa-Ana-de-Glew-150x150.png 150w, https:\/\/ilomas.org.ar\/codililz\/wp-content\/uploads\/2024\/08\/15-Parroquia-Santa-Ana-de-Glew-300x300.png 300w, https:\/\/ilomas.org.ar\/codililz\/wp-content\/uploads\/2024\/08\/15-Parroquia-Santa-Ana-de-Glew-100x100.png 100w\" sizes=\"(max-width: 150px) 100vw, 150px\" \/><\/a>\n\t\t\t<\/div><\/figure><figure class='gallery-item'>\n\t\t\t<div class='gallery-icon landscape'>\n\t\t\t\t<a data-elementor-open-lightbox=\"yes\" data-elementor-lightbox-slideshow=\"f425ab0\" data-elementor-lightbox-title=\"13 Parroquia Santa Ana de Glew\" data-e-action-hash=\"#elementor-action%3Aaction%3Dlightbox%26settings%3DeyJpZCI6MzA1NywidXJsIjoiaHR0cHM6XC9cL2lsb21hcy5vcmcuYXJcL2NvZGlsaWx6XC93cC1jb250ZW50XC91cGxvYWRzXC8yMDI0XC8wOFwvMTMtUGFycm9xdWlhLVNhbnRhLUFuYS1kZS1HbGV3LnBuZyIsInNsaWRlc2hvdyI6ImY0MjVhYjAifQ%3D%3D\" href=\"https:\/\/ilomas.org.ar\/codililz\/wp-content\/uploads\/2024\/08\/13-Parroquia-Santa-Ana-de-Glew.png\"><img loading=\"lazy\" decoding=\"async\" width=\"150\" height=\"150\" src=\"https:\/\/ilomas.org.ar\/codililz\/wp-content\/uploads\/2024\/08\/13-Parroquia-Santa-Ana-de-Glew-150x150.png\" class=\"attachment-thumbnail size-thumbnail\" alt=\"\" srcset=\"https:\/\/ilomas.org.ar\/codililz\/wp-content\/uploads\/2024\/08\/13-Parroquia-Santa-Ana-de-Glew-150x150.png 150w, https:\/\/ilomas.org.ar\/codililz\/wp-content\/uploads\/2024\/08\/13-Parroquia-Santa-Ana-de-Glew-300x300.png 300w, https:\/\/ilomas.org.ar\/codililz\/wp-content\/uploads\/2024\/08\/13-Parroquia-Santa-Ana-de-Glew-100x100.png 100w\" sizes=\"(max-width: 150px) 100vw, 150px\" \/><\/a>\n\t\t\t<\/div><\/figure><figure class='gallery-item'>\n\t\t\t<div class='gallery-icon landscape'>\n\t\t\t\t<a data-elementor-open-lightbox=\"yes\" data-elementor-lightbox-slideshow=\"f425ab0\" data-elementor-lightbox-title=\"4 Parroquia Santa Ana de Glew\" data-e-action-hash=\"#elementor-action%3Aaction%3Dlightbox%26settings%3DeyJpZCI6MzA0OCwidXJsIjoiaHR0cHM6XC9cL2lsb21hcy5vcmcuYXJcL2NvZGlsaWx6XC93cC1jb250ZW50XC91cGxvYWRzXC8yMDI0XC8wOFwvNC1QYXJyb3F1aWEtU2FudGEtQW5hLWRlLUdsZXcucG5nIiwic2xpZGVzaG93IjoiZjQyNWFiMCJ9\" href=\"https:\/\/ilomas.org.ar\/codililz\/wp-content\/uploads\/2024\/08\/4-Parroquia-Santa-Ana-de-Glew.png\"><img loading=\"lazy\" decoding=\"async\" width=\"150\" height=\"150\" src=\"https:\/\/ilomas.org.ar\/codililz\/wp-content\/uploads\/2024\/08\/4-Parroquia-Santa-Ana-de-Glew-150x150.png\" class=\"attachment-thumbnail size-thumbnail\" alt=\"\" srcset=\"https:\/\/ilomas.org.ar\/codililz\/wp-content\/uploads\/2024\/08\/4-Parroquia-Santa-Ana-de-Glew-150x150.png 150w, https:\/\/ilomas.org.ar\/codililz\/wp-content\/uploads\/2024\/08\/4-Parroquia-Santa-Ana-de-Glew-300x300.png 300w, https:\/\/ilomas.org.ar\/codililz\/wp-content\/uploads\/2024\/08\/4-Parroquia-Santa-Ana-de-Glew-100x100.png 100w\" sizes=\"(max-width: 150px) 100vw, 150px\" \/><\/a>\n\t\t\t<\/div><\/figure><figure class='gallery-item'>\n\t\t\t<div class='gallery-icon landscape'>\n\t\t\t\t<a data-elementor-open-lightbox=\"yes\" data-elementor-lightbox-slideshow=\"f425ab0\" data-elementor-lightbox-title=\"5 Parroquia Santa Ana de Glew\" data-e-action-hash=\"#elementor-action%3Aaction%3Dlightbox%26settings%3DeyJpZCI6MzA0OSwidXJsIjoiaHR0cHM6XC9cL2lsb21hcy5vcmcuYXJcL2NvZGlsaWx6XC93cC1jb250ZW50XC91cGxvYWRzXC8yMDI0XC8wOFwvNS1QYXJyb3F1aWEtU2FudGEtQW5hLWRlLUdsZXcucG5nIiwic2xpZGVzaG93IjoiZjQyNWFiMCJ9\" href=\"https:\/\/ilomas.org.ar\/codililz\/wp-content\/uploads\/2024\/08\/5-Parroquia-Santa-Ana-de-Glew.png\"><img loading=\"lazy\" decoding=\"async\" width=\"150\" height=\"150\" src=\"https:\/\/ilomas.org.ar\/codililz\/wp-content\/uploads\/2024\/08\/5-Parroquia-Santa-Ana-de-Glew-150x150.png\" class=\"attachment-thumbnail size-thumbnail\" alt=\"\" srcset=\"https:\/\/ilomas.org.ar\/codililz\/wp-content\/uploads\/2024\/08\/5-Parroquia-Santa-Ana-de-Glew-150x150.png 150w, https:\/\/ilomas.org.ar\/codililz\/wp-content\/uploads\/2024\/08\/5-Parroquia-Santa-Ana-de-Glew-300x300.png 300w, https:\/\/ilomas.org.ar\/codililz\/wp-content\/uploads\/2024\/08\/5-Parroquia-Santa-Ana-de-Glew-100x100.png 100w\" sizes=\"(max-width: 150px) 100vw, 150px\" \/><\/a>\n\t\t\t<\/div><\/figure><figure class='gallery-item'>\n\t\t\t<div class='gallery-icon portrait'>\n\t\t\t\t<a data-elementor-open-lightbox=\"yes\" data-elementor-lightbox-slideshow=\"f425ab0\" data-elementor-lightbox-title=\"6 Parroquia Santa Ana de Glew\" data-e-action-hash=\"#elementor-action%3Aaction%3Dlightbox%26settings%3DeyJpZCI6MzA1MCwidXJsIjoiaHR0cHM6XC9cL2lsb21hcy5vcmcuYXJcL2NvZGlsaWx6XC93cC1jb250ZW50XC91cGxvYWRzXC8yMDI0XC8wOFwvNi1QYXJyb3F1aWEtU2FudGEtQW5hLWRlLUdsZXcucG5nIiwic2xpZGVzaG93IjoiZjQyNWFiMCJ9\" href=\"https:\/\/ilomas.org.ar\/codililz\/wp-content\/uploads\/2024\/08\/6-Parroquia-Santa-Ana-de-Glew.png\"><img loading=\"lazy\" decoding=\"async\" width=\"150\" height=\"150\" src=\"https:\/\/ilomas.org.ar\/codililz\/wp-content\/uploads\/2024\/08\/6-Parroquia-Santa-Ana-de-Glew-150x150.png\" class=\"attachment-thumbnail size-thumbnail\" alt=\"\" srcset=\"https:\/\/ilomas.org.ar\/codililz\/wp-content\/uploads\/2024\/08\/6-Parroquia-Santa-Ana-de-Glew-150x150.png 150w, https:\/\/ilomas.org.ar\/codililz\/wp-content\/uploads\/2024\/08\/6-Parroquia-Santa-Ana-de-Glew-300x300.png 300w, https:\/\/ilomas.org.ar\/codililz\/wp-content\/uploads\/2024\/08\/6-Parroquia-Santa-Ana-de-Glew-100x100.png 100w\" sizes=\"(max-width: 150px) 100vw, 150px\" \/><\/a>\n\t\t\t<\/div><\/figure><figure class='gallery-item'>\n\t\t\t<div class='gallery-icon portrait'>\n\t\t\t\t<a data-elementor-open-lightbox=\"yes\" data-elementor-lightbox-slideshow=\"f425ab0\" data-elementor-lightbox-title=\"7 Parroquia Santa Ana de Glew\" data-e-action-hash=\"#elementor-action%3Aaction%3Dlightbox%26settings%3DeyJpZCI6MzA1MSwidXJsIjoiaHR0cHM6XC9cL2lsb21hcy5vcmcuYXJcL2NvZGlsaWx6XC93cC1jb250ZW50XC91cGxvYWRzXC8yMDI0XC8wOFwvNy1QYXJyb3F1aWEtU2FudGEtQW5hLWRlLUdsZXcucG5nIiwic2xpZGVzaG93IjoiZjQyNWFiMCJ9\" href=\"https:\/\/ilomas.org.ar\/codililz\/wp-content\/uploads\/2024\/08\/7-Parroquia-Santa-Ana-de-Glew.png\"><img loading=\"lazy\" decoding=\"async\" width=\"150\" height=\"150\" src=\"https:\/\/ilomas.org.ar\/codililz\/wp-content\/uploads\/2024\/08\/7-Parroquia-Santa-Ana-de-Glew-150x150.png\" class=\"attachment-thumbnail size-thumbnail\" alt=\"\" srcset=\"https:\/\/ilomas.org.ar\/codililz\/wp-content\/uploads\/2024\/08\/7-Parroquia-Santa-Ana-de-Glew-150x150.png 150w, https:\/\/ilomas.org.ar\/codililz\/wp-content\/uploads\/2024\/08\/7-Parroquia-Santa-Ana-de-Glew-300x300.png 300w, https:\/\/ilomas.org.ar\/codililz\/wp-content\/uploads\/2024\/08\/7-Parroquia-Santa-Ana-de-Glew-100x100.png 100w\" sizes=\"(max-width: 150px) 100vw, 150px\" \/><\/a>\n\t\t\t<\/div><\/figure><figure class='gallery-item'>\n\t\t\t<div class='gallery-icon landscape'>\n\t\t\t\t<a data-elementor-open-lightbox=\"yes\" data-elementor-lightbox-slideshow=\"f425ab0\" data-elementor-lightbox-title=\"9 Parroquia Santa Ana de Glew\" data-e-action-hash=\"#elementor-action%3Aaction%3Dlightbox%26settings%3DeyJpZCI6MzA1MywidXJsIjoiaHR0cHM6XC9cL2lsb21hcy5vcmcuYXJcL2NvZGlsaWx6XC93cC1jb250ZW50XC91cGxvYWRzXC8yMDI0XC8wOFwvOS1QYXJyb3F1aWEtU2FudGEtQW5hLWRlLUdsZXcucG5nIiwic2xpZGVzaG93IjoiZjQyNWFiMCJ9\" href=\"https:\/\/ilomas.org.ar\/codililz\/wp-content\/uploads\/2024\/08\/9-Parroquia-Santa-Ana-de-Glew.png\"><img loading=\"lazy\" decoding=\"async\" width=\"150\" height=\"150\" src=\"https:\/\/ilomas.org.ar\/codililz\/wp-content\/uploads\/2024\/08\/9-Parroquia-Santa-Ana-de-Glew-150x150.png\" class=\"attachment-thumbnail size-thumbnail\" alt=\"\" srcset=\"https:\/\/ilomas.org.ar\/codililz\/wp-content\/uploads\/2024\/08\/9-Parroquia-Santa-Ana-de-Glew-150x150.png 150w, https:\/\/ilomas.org.ar\/codililz\/wp-content\/uploads\/2024\/08\/9-Parroquia-Santa-Ana-de-Glew-300x300.png 300w, https:\/\/ilomas.org.ar\/codililz\/wp-content\/uploads\/2024\/08\/9-Parroquia-Santa-Ana-de-Glew-100x100.png 100w\" sizes=\"(max-width: 150px) 100vw, 150px\" \/><\/a>\n\t\t\t<\/div><\/figure><figure class='gallery-item'>\n\t\t\t<div class='gallery-icon landscape'>\n\t\t\t\t<a data-elementor-open-lightbox=\"yes\" data-elementor-lightbox-slideshow=\"f425ab0\" data-elementor-lightbox-title=\"10 Parroquia Santa Ana de Glew\" data-e-action-hash=\"#elementor-action%3Aaction%3Dlightbox%26settings%3DeyJpZCI6MzA1NCwidXJsIjoiaHR0cHM6XC9cL2lsb21hcy5vcmcuYXJcL2NvZGlsaWx6XC93cC1jb250ZW50XC91cGxvYWRzXC8yMDI0XC8wOFwvMTAtUGFycm9xdWlhLVNhbnRhLUFuYS1kZS1HbGV3LnBuZyIsInNsaWRlc2hvdyI6ImY0MjVhYjAifQ%3D%3D\" href=\"https:\/\/ilomas.org.ar\/codililz\/wp-content\/uploads\/2024\/08\/10-Parroquia-Santa-Ana-de-Glew.png\"><img loading=\"lazy\" decoding=\"async\" width=\"150\" height=\"150\" src=\"https:\/\/ilomas.org.ar\/codililz\/wp-content\/uploads\/2024\/08\/10-Parroquia-Santa-Ana-de-Glew-150x150.png\" class=\"attachment-thumbnail size-thumbnail\" alt=\"\" srcset=\"https:\/\/ilomas.org.ar\/codililz\/wp-content\/uploads\/2024\/08\/10-Parroquia-Santa-Ana-de-Glew-150x150.png 150w, https:\/\/ilomas.org.ar\/codililz\/wp-content\/uploads\/2024\/08\/10-Parroquia-Santa-Ana-de-Glew-300x300.png 300w, https:\/\/ilomas.org.ar\/codililz\/wp-content\/uploads\/2024\/08\/10-Parroquia-Santa-Ana-de-Glew-100x100.png 100w\" sizes=\"(max-width: 150px) 100vw, 150px\" \/><\/a>\n\t\t\t<\/div><\/figure><figure class='gallery-item'>\n\t\t\t<div class='gallery-icon landscape'>\n\t\t\t\t<a data-elementor-open-lightbox=\"yes\" data-elementor-lightbox-slideshow=\"f425ab0\" data-elementor-lightbox-title=\"11 Parroquia Santa Ana de Glew\" data-e-action-hash=\"#elementor-action%3Aaction%3Dlightbox%26settings%3DeyJpZCI6MzA1NSwidXJsIjoiaHR0cHM6XC9cL2lsb21hcy5vcmcuYXJcL2NvZGlsaWx6XC93cC1jb250ZW50XC91cGxvYWRzXC8yMDI0XC8wOFwvMTEtUGFycm9xdWlhLVNhbnRhLUFuYS1kZS1HbGV3LnBuZyIsInNsaWRlc2hvdyI6ImY0MjVhYjAifQ%3D%3D\" href=\"https:\/\/ilomas.org.ar\/codililz\/wp-content\/uploads\/2024\/08\/11-Parroquia-Santa-Ana-de-Glew.png\"><img loading=\"lazy\" decoding=\"async\" width=\"150\" height=\"150\" src=\"https:\/\/ilomas.org.ar\/codililz\/wp-content\/uploads\/2024\/08\/11-Parroquia-Santa-Ana-de-Glew-150x150.png\" class=\"attachment-thumbnail size-thumbnail\" alt=\"\" srcset=\"https:\/\/ilomas.org.ar\/codililz\/wp-content\/uploads\/2024\/08\/11-Parroquia-Santa-Ana-de-Glew-150x150.png 150w, https:\/\/ilomas.org.ar\/codililz\/wp-content\/uploads\/2024\/08\/11-Parroquia-Santa-Ana-de-Glew-300x300.png 300w, https:\/\/ilomas.org.ar\/codililz\/wp-content\/uploads\/2024\/08\/11-Parroquia-Santa-Ana-de-Glew-100x100.png 100w\" sizes=\"(max-width: 150px) 100vw, 150px\" \/><\/a>\n\t\t\t<\/div><\/figure><figure class='gallery-item'>\n\t\t\t<div class='gallery-icon landscape'>\n\t\t\t\t<a data-elementor-open-lightbox=\"yes\" data-elementor-lightbox-slideshow=\"f425ab0\" data-elementor-lightbox-title=\"12 Parroquia Santa Ana de Glew\" data-e-action-hash=\"#elementor-action%3Aaction%3Dlightbox%26settings%3DeyJpZCI6MzA1NiwidXJsIjoiaHR0cHM6XC9cL2lsb21hcy5vcmcuYXJcL2NvZGlsaWx6XC93cC1jb250ZW50XC91cGxvYWRzXC8yMDI0XC8wOFwvMTItUGFycm9xdWlhLVNhbnRhLUFuYS1kZS1HbGV3LnBuZyIsInNsaWRlc2hvdyI6ImY0MjVhYjAifQ%3D%3D\" href=\"https:\/\/ilomas.org.ar\/codililz\/wp-content\/uploads\/2024\/08\/12-Parroquia-Santa-Ana-de-Glew.png\"><img loading=\"lazy\" decoding=\"async\" width=\"150\" height=\"150\" src=\"https:\/\/ilomas.org.ar\/codililz\/wp-content\/uploads\/2024\/08\/12-Parroquia-Santa-Ana-de-Glew-150x150.png\" class=\"attachment-thumbnail size-thumbnail\" alt=\"\" srcset=\"https:\/\/ilomas.org.ar\/codililz\/wp-content\/uploads\/2024\/08\/12-Parroquia-Santa-Ana-de-Glew-150x150.png 150w, https:\/\/ilomas.org.ar\/codililz\/wp-content\/uploads\/2024\/08\/12-Parroquia-Santa-Ana-de-Glew-300x300.png 300w, https:\/\/ilomas.org.ar\/codililz\/wp-content\/uploads\/2024\/08\/12-Parroquia-Santa-Ana-de-Glew-100x100.png 100w\" sizes=\"(max-width: 150px) 100vw, 150px\" \/><\/a>\n\t\t\t<\/div><\/figure><figure class='gallery-item'>\n\t\t\t<div class='gallery-icon landscape'>\n\t\t\t\t<a data-elementor-open-lightbox=\"yes\" data-elementor-lightbox-slideshow=\"f425ab0\" data-elementor-lightbox-title=\"27 Parroquia Santa Ana de Glew\" data-e-action-hash=\"#elementor-action%3Aaction%3Dlightbox%26settings%3DeyJpZCI6MzA3MSwidXJsIjoiaHR0cHM6XC9cL2lsb21hcy5vcmcuYXJcL2NvZGlsaWx6XC93cC1jb250ZW50XC91cGxvYWRzXC8yMDI0XC8wOFwvMjctUGFycm9xdWlhLVNhbnRhLUFuYS1kZS1HbGV3LnBuZyIsInNsaWRlc2hvdyI6ImY0MjVhYjAifQ%3D%3D\" href=\"https:\/\/ilomas.org.ar\/codililz\/wp-content\/uploads\/2024\/08\/27-Parroquia-Santa-Ana-de-Glew.png\"><img loading=\"lazy\" decoding=\"async\" width=\"150\" height=\"150\" src=\"https:\/\/ilomas.org.ar\/codililz\/wp-content\/uploads\/2024\/08\/27-Parroquia-Santa-Ana-de-Glew-150x150.png\" class=\"attachment-thumbnail size-thumbnail\" alt=\"\" srcset=\"https:\/\/ilomas.org.ar\/codililz\/wp-content\/uploads\/2024\/08\/27-Parroquia-Santa-Ana-de-Glew-150x150.png 150w, https:\/\/ilomas.org.ar\/codililz\/wp-content\/uploads\/2024\/08\/27-Parroquia-Santa-Ana-de-Glew-300x300.png 300w, https:\/\/ilomas.org.ar\/codililz\/wp-content\/uploads\/2024\/08\/27-Parroquia-Santa-Ana-de-Glew-100x100.png 100w\" sizes=\"(max-width: 150px) 100vw, 150px\" \/><\/a>\n\t\t\t<\/div><\/figure>\n\t\t<\/div>\n\t\t<\/div>\n\t\t\t\t\t\t<\/div>\n\t\t\t\t<\/div>\n\t\t\t\t<\/div>\n\t\t<div class=\"elementor-element elementor-element-92f07fa e-con-full e-flex elementor-invisible e-con e-child\" data-id=\"92f07fa\" data-element_type=\"container\" data-e-type=\"container\" data-settings=\"{&quot;animation&quot;:&quot;fadeIn&quot;,&quot;animation_delay&quot;:&quot;400&quot;,&quot;background_background&quot;:&quot;classic&quot;}\">\n\t\t\t\t<div class=\"elementor-element elementor-element-3e705e7 elementor-widget elementor-widget-text-editor\" data-id=\"3e705e7\" data-element_type=\"widget\" data-e-type=\"widget\" data-widget_type=\"text-editor.default\">\n\t\t\t\t<div class=\"elementor-widget-container\">\n\t\t\t\t\t\t\t\t\t<h4>Im\u00e1genes Religiosas<\/h4><ol><li><p><strong>Imagen de Santa Ana con la Virgen Mar\u00eda Ni\u00f1a:<\/strong><\/p><ul><li>Una de las im\u00e1genes m\u00e1s veneradas en la iglesia es la representaci\u00f3n de Santa Ana con la Virgen Mar\u00eda ni\u00f1a. Esta escultura, situada en un altar lateral, destaca por su delicada talla en madera y su importancia devocional para los fieles. La imagen refleja la ense\u00f1anza y el cuidado de Santa Ana hacia su hija, preparando el camino para la llegada de Jes\u00fas.<\/li><\/ul><\/li><li><p><strong>Crucifijo del Altar Mayor:<\/strong><\/p><ul><li>El altar mayor de la iglesia cuenta con un imponente crucifijo que data de la \u00e9poca de la inauguraci\u00f3n del templo. Este crucifijo es un punto focal durante las celebraciones lit\u00fargicas y tiene un gran valor hist\u00f3rico por su antig\u00fcedad y la calidad de su manufactura.<\/li><\/ul><\/li><\/ol><h4>Obras de Arte y Decoraciones<\/h4><ol><li><p><strong>V\u00eda Crucis:<\/strong><\/p><ul><li>La iglesia posee un V\u00eda Crucis compuesto por 14 estaciones, cada una representada por peque\u00f1as esculturas y relieves detallados. Estas estaciones no solo son utilizadas durante el tiempo de Cuaresma y Viernes Santo, sino que tambi\u00e9n sirven como una herramienta educativa y de meditaci\u00f3n para los fieles a lo largo del a\u00f1o.<\/li><\/ul><\/li><li><p><strong>Pinturas de Santos y M\u00e1rtires:<\/strong><\/p><ul><li>En diferentes partes del templo, se pueden encontrar pinturas que representan a varios santos y m\u00e1rtires de la Iglesia Cat\u00f3lica. Estas obras, aunque menos conocidas que los frescos de Soldi, son igualmente importantes para la comunidad, proporcionando inspiraci\u00f3n y recordando la vida y sacrificio de estos personajes hist\u00f3ricos.<\/li><\/ul><\/li><\/ol><h4>Arte Sacro y Mobiliario Hist\u00f3rico<\/h4><ol><li><p><strong>P\u00falpito Tallado:<\/strong><\/p><ul><li>El p\u00falpito de la iglesia, utilizado para las homil\u00edas y lecturas durante la misa, es una pieza de arte sacro exquisitamente tallada en madera. Este p\u00falpito es un ejemplo del detallado trabajo artesanal de la \u00e9poca y ha sido conservado cuidadosamente para mantener su integridad y belleza.<\/li><\/ul><\/li><li><p><strong>Confesionarios Antiguos:<\/strong><\/p><ul><li>Los confesionarios de madera, situados a lo largo de las paredes laterales, son parte del mobiliario original del templo. Estos confesionarios, decorados con detalles intrincados, han sido testigos de innumerables confesiones y actos de reconciliaci\u00f3n a lo largo de m\u00e1s de un siglo.<\/li><\/ul><\/li><\/ol>\t\t\t\t\t\t\t\t<\/div>\n\t\t\t\t<\/div>\n\t\t\t\t<\/div>\n\t\t\t\t<\/div>\n\t\t\t\t\t<\/div>\n\t\t\t\t<\/div>\n\t\t<div class=\"elementor-element elementor-element-66095266 e-flex e-con-boxed e-con e-parent\" data-id=\"66095266\" data-element_type=\"container\" data-e-type=\"container\" data-settings=\"{&quot;background_background&quot;:&quot;classic&quot;}\">\n\t\t\t\t\t<div class=\"e-con-inner\">\n\t\t<div class=\"elementor-element elementor-element-48dab392 e-con-full e-flex e-con e-child\" data-id=\"48dab392\" data-element_type=\"container\" data-e-type=\"container\" data-settings=\"{&quot;background_background&quot;:&quot;classic&quot;}\">\n\t\t<div class=\"elementor-element elementor-element-54a964ba e-con-full e-flex e-con e-child\" data-id=\"54a964ba\" data-element_type=\"container\" data-e-type=\"container\">\n\t\t\t\t<div class=\"elementor-element elementor-element-1996621a elementor-invisible elementor-widget elementor-widget-heading\" data-id=\"1996621a\" data-element_type=\"widget\" data-e-type=\"widget\" data-settings=\"{&quot;_animation&quot;:&quot;fadeIn&quot;,&quot;_animation_delay&quot;:&quot;200&quot;}\" data-widget_type=\"heading.default\">\n\t\t\t\t<div class=\"elementor-widget-container\">\n\t\t\t\t\t<h2 class=\"elementor-heading-title elementor-size-default\"><a href=\"https:\/\/ilomas.org.ar\/\/solicita-un-taller-de-formacion-en-tu-comunidad\/\">Solicita un Taller de Formaci\u00f3n en tu Comunidad<\/a><\/h2>\t\t\t\t<\/div>\n\t\t\t\t<\/div>\n\t\t\t\t<div class=\"elementor-element elementor-element-55b48429 elementor-tablet-align-center elementor-invisible elementor-widget elementor-widget-button\" data-id=\"55b48429\" data-element_type=\"widget\" data-e-type=\"widget\" data-settings=\"{&quot;_animation&quot;:&quot;fadeInUp&quot;,&quot;_animation_delay&quot;:&quot;400&quot;}\" data-widget_type=\"button.default\">\n\t\t\t\t<div class=\"elementor-widget-container\">\n\t\t\t\t\t\t\t\t\t<div class=\"elementor-button-wrapper\">\n\t\t\t\t\t<a class=\"elementor-button elementor-button-link elementor-size-sm elementor-animation-shrink\" href=\"https:\/\/ilomas.org.ar\/\/solicita-un-taller-de-formacion-en-tu-comunidad\/\">\n\t\t\t\t\t\t<span class=\"elementor-button-content-wrapper\">\n\t\t\t\t\t\t\t\t\t<span class=\"elementor-button-text\">Contactanos<\/span>\n\t\t\t\t\t<\/span>\n\t\t\t\t\t<\/a>\n\t\t\t\t<\/div>\n\t\t\t\t\t\t\t\t<\/div>\n\t\t\t\t<\/div>\n\t\t\t\t<\/div>\n\t\t\t\t<\/div>\n\t\t\t\t\t<\/div>\n\t\t\t\t<\/div>\n\t\t\t\t<\/div>\n\t\t","protected":false},"excerpt":{"rendered":"<p>Parroquia Santa Ana de Glew Construcci\u00f3n 1904 Parroquia Santa Ana de Glew Historia y Construcci\u00f3n La Parroquia Santa Ana, ubicada en la localidad de Glew, Provincia de Buenos Aires, es uno de los templos m\u00e1s emblem\u00e1ticos de la regi\u00f3n. La construcci\u00f3n del templo comenz\u00f3 en 1904, impulsada por Vicenta del Castillo de Calvo, quien don\u00f3 [&hellip;]<\/p>\n","protected":false},"author":2,"featured_media":3080,"parent":0,"menu_order":0,"comment_status":"closed","ping_status":"closed","template":"elementor_header_footer","meta":{"footnotes":""},"class_list":["post-3029","page","type-page","status-publish","has-post-thumbnail","hentry"],"_links":{"self":[{"href":"https:\/\/ilomas.org.ar\/codililz\/wp-json\/wp\/v2\/pages\/3029","targetHints":{"allow":["GET"]}}],"collection":[{"href":"https:\/\/ilomas.org.ar\/codililz\/wp-json\/wp\/v2\/pages"}],"about":[{"href":"https:\/\/ilomas.org.ar\/codililz\/wp-json\/wp\/v2\/types\/page"}],"author":[{"embeddable":true,"href":"https:\/\/ilomas.org.ar\/codililz\/wp-json\/wp\/v2\/users\/2"}],"replies":[{"embeddable":true,"href":"https:\/\/ilomas.org.ar\/codililz\/wp-json\/wp\/v2\/comments?post=3029"}],"version-history":[{"count":39,"href":"https:\/\/ilomas.org.ar\/codililz\/wp-json\/wp\/v2\/pages\/3029\/revisions"}],"predecessor-version":[{"id":3138,"href":"https:\/\/ilomas.org.ar\/codililz\/wp-json\/wp\/v2\/pages\/3029\/revisions\/3138"}],"wp:featuredmedia":[{"embeddable":true,"href":"https:\/\/ilomas.org.ar\/codililz\/wp-json\/wp\/v2\/media\/3080"}],"wp:attachment":[{"href":"https:\/\/ilomas.org.ar\/codililz\/wp-json\/wp\/v2\/media?parent=3029"}],"curies":[{"name":"wp","href":"https:\/\/api.w.org\/{rel}","templated":true}]}}