{"id":3292,"date":"2024-08-13T00:27:15","date_gmt":"2024-08-12T21:27:15","guid":{"rendered":"https:\/\/ilomas.org.ar\/codililz\/?page_id=3292"},"modified":"2024-08-13T03:17:57","modified_gmt":"2024-08-13T00:17:57","slug":"homilias-dominicales","status":"publish","type":"page","link":"https:\/\/ilomas.org.ar\/codililz\/homilias-dominicales\/","title":{"rendered":"Homil\u00edas"},"content":{"rendered":"\t\t<div data-elementor-type=\"wp-page\" data-elementor-id=\"3292\" class=\"elementor elementor-3292\">\n\t\t\t\t<div class=\"elementor-element elementor-element-42969f5 e-flex e-con-boxed e-con e-parent\" data-id=\"42969f5\" data-element_type=\"container\" data-e-type=\"container\" data-settings=\"{&quot;background_background&quot;:&quot;classic&quot;}\">\n\t\t\t\t\t<div class=\"e-con-inner\">\n\t\t<div class=\"elementor-element elementor-element-6991da6 e-con-full e-flex e-con e-child\" data-id=\"6991da6\" data-element_type=\"container\" data-e-type=\"container\">\n\t\t\t\t<div class=\"elementor-element elementor-element-2b1cdcc elementor-widget__width-initial elementor-invisible elementor-widget elementor-widget-heading\" data-id=\"2b1cdcc\" data-element_type=\"widget\" data-e-type=\"widget\" data-settings=\"{&quot;_animation&quot;:&quot;fadeIn&quot;,&quot;_animation_delay&quot;:&quot;200&quot;}\" data-widget_type=\"heading.default\">\n\t\t\t\t<div class=\"elementor-widget-container\">\n\t\t\t\t\t<h1 class=\"elementor-heading-title elementor-size-default\">Homil\u00edas<\/h1>\t\t\t\t<\/div>\n\t\t\t\t<\/div>\n\t\t\t\t<\/div>\n\t\t<div class=\"elementor-element elementor-element-f95100c e-con-full e-flex e-con e-child\" data-id=\"f95100c\" data-element_type=\"container\" data-e-type=\"container\">\n\t\t\t\t<div class=\"elementor-element elementor-element-6fc1a07 elementor-widget elementor-widget-heading\" data-id=\"6fc1a07\" data-element_type=\"widget\" data-e-type=\"widget\" data-widget_type=\"heading.default\">\n\t\t\t\t<div class=\"elementor-widget-container\">\n\t\t\t\t\t<h2 class=\"elementor-heading-title elementor-size-default\">Liturgia de los Padres de la Iglesia<\/h2>\t\t\t\t<\/div>\n\t\t\t\t<\/div>\n\t\t\t\t<\/div>\n\t\t\t\t\t<\/div>\n\t\t\t\t<\/div>\n\t\t<div class=\"elementor-element elementor-element-f9132e1 e-flex e-con-boxed e-con e-parent\" data-id=\"f9132e1\" data-element_type=\"container\" data-e-type=\"container\" data-settings=\"{&quot;background_background&quot;:&quot;classic&quot;}\">\n\t\t\t\t\t<div class=\"e-con-inner\">\n\t\t<div class=\"elementor-element elementor-element-22f4040 e-con-full e-flex e-con e-child\" data-id=\"22f4040\" data-element_type=\"container\" data-e-type=\"container\">\n\t\t<div class=\"elementor-element elementor-element-93ee0c9 e-con-full e-flex elementor-invisible e-con e-child\" data-id=\"93ee0c9\" data-element_type=\"container\" data-e-type=\"container\" data-settings=\"{&quot;animation&quot;:&quot;fadeInUp&quot;,&quot;animation_delay&quot;:&quot;200&quot;}\">\n\t\t\t\t<div class=\"elementor-element elementor-element-9ef6e45 elementor-widget elementor-widget-heading\" data-id=\"9ef6e45\" data-element_type=\"widget\" data-e-type=\"widget\" data-widget_type=\"heading.default\">\n\t\t\t\t<div class=\"elementor-widget-container\">\n\t\t\t\t\t<h2 class=\"elementor-heading-title elementor-size-default\">Homil\u00edas de Monse\u00f1or.  Jorge R. Lugones SJ<\/h2>\t\t\t\t<\/div>\n\t\t\t\t<\/div>\n\t\t\t\t<div class=\"elementor-element elementor-element-b09b1cd elementor-widget elementor-widget-heading\" data-id=\"b09b1cd\" data-element_type=\"widget\" data-e-type=\"widget\" data-widget_type=\"heading.default\">\n\t\t\t\t<div class=\"elementor-widget-container\">\n\t\t\t\t\t<h3 class=\"elementor-heading-title elementor-size-default\">Obispo de la di\u00f3cesis de Lomas de Zamora<\/h3>\t\t\t\t<\/div>\n\t\t\t\t<\/div>\n\t\t\t\t<div class=\"elementor-element elementor-element-cfe3a2a elementor-hidden-tablet elementor-hidden-mobile elementor-widget elementor-widget-shortcode\" data-id=\"cfe3a2a\" data-element_type=\"widget\" data-e-type=\"widget\" id=\"documentosMagisterio\" data-widget_type=\"shortcode.default\">\n\t\t\t\t<div class=\"elementor-widget-container\">\n\t\t\t\t\t\t\t<div class=\"elementor-shortcode\"><div id=\"filebird-document-library\"><div class=\"njt-fbdl\" data-json=\"{&quot;request&quot;:{&quot;pagination&quot;:{&quot;current&quot;:1,&quot;limit&quot;:10},&quot;search&quot;:&quot;&quot;,&quot;orderBy&quot;:&quot;post_modified&quot;,&quot;orderType&quot;:&quot;ASC&quot;,&quot;selectedFolder&quot;:[&quot;jfqkN+Sd6O6t6G7xxqTgTQ==&quot;]},&quot;title&quot;:&quot;2024&quot;,&quot;column&quot;:3,&quot;layout&quot;:&quot;list&quot;}\"><\/div><\/div>\n<\/div>\n\t\t\t\t\t\t<\/div>\n\t\t\t\t<\/div>\n\t\t\t\t<div class=\"elementor-element elementor-element-a29a86b elementor-hidden-desktop elementor-widget elementor-widget-shortcode\" data-id=\"a29a86b\" data-element_type=\"widget\" data-e-type=\"widget\" data-widget_type=\"shortcode.default\">\n\t\t\t\t<div class=\"elementor-widget-container\">\n\t\t\t\t\t\t\t<div class=\"elementor-shortcode\"><div id=\"filebird-document-library\"><div class=\"njt-fbdl\" data-json=\"{&quot;request&quot;:{&quot;pagination&quot;:{&quot;current&quot;:1,&quot;limit&quot;:10},&quot;search&quot;:&quot;&quot;,&quot;orderBy&quot;:&quot;post_title&quot;,&quot;orderType&quot;:&quot;ASC&quot;,&quot;selectedFolder&quot;:[&quot;jfqkN+Sd6O6t6G7xxqTgTQ==&quot;]},&quot;title&quot;:&quot;2024&quot;,&quot;column&quot;:2,&quot;layout&quot;:&quot;grid&quot;}\"><\/div><\/div>\n<\/div>\n\t\t\t\t\t\t<\/div>\n\t\t\t\t<\/div>\n\t\t\t\t<\/div>\n\t\t\t\t<\/div>\n\t\t\t\t\t<\/div>\n\t\t\t\t<\/div>\n\t\t\t\t<\/div>\n\t\t","protected":false},"excerpt":{"rendered":"<p>Homil\u00edas Liturgia de los Padres de la Iglesia Homil\u00edas de Monse\u00f1or. Jorge R. Lugones SJ Obispo de la di\u00f3cesis de Lomas de Zamora<\/p>\n","protected":false},"author":2,"featured_media":0,"parent":0,"menu_order":0,"comment_status":"closed","ping_status":"closed","template":"elementor_header_footer","meta":{"footnotes":""},"class_list":["post-3292","page","type-page","status-publish","hentry"],"_links":{"self":[{"href":"https:\/\/ilomas.org.ar\/codililz\/wp-json\/wp\/v2\/pages\/3292","targetHints":{"allow":["GET"]}}],"collection":[{"href":"https:\/\/ilomas.org.ar\/codililz\/wp-json\/wp\/v2\/pages"}],"about":[{"href":"https:\/\/ilomas.org.ar\/codililz\/wp-json\/wp\/v2\/types\/page"}],"author":[{"embeddable":true,"href":"https:\/\/ilomas.org.ar\/codililz\/wp-json\/wp\/v2\/users\/2"}],"replies":[{"embeddable":true,"href":"https:\/\/ilomas.org.ar\/codililz\/wp-json\/wp\/v2\/comments?post=3292"}],"version-history":[{"count":45,"href":"https:\/\/ilomas.org.ar\/codililz\/wp-json\/wp\/v2\/pages\/3292\/revisions"}],"predecessor-version":[{"id":3372,"href":"https:\/\/ilomas.org.ar\/codililz\/wp-json\/wp\/v2\/pages\/3292\/revisions\/3372"}],"wp:attachment":[{"href":"https:\/\/ilomas.org.ar\/codililz\/wp-json\/wp\/v2\/media?parent=3292"}],"curies":[{"name":"wp","href":"https:\/\/api.w.org\/{rel}","templated":true}]}}